{"id":10,"date":"2010-11-30T20:45:42","date_gmt":"2010-11-30T20:45:42","guid":{"rendered":"http:\/\/rfv-ellefeld.vps6852.alfahosting-vps.de\/?page_id=10"},"modified":"2025-09-05T19:05:02","modified_gmt":"2025-09-05T19:05:02","slug":"vereinsgalerie","status":"publish","type":"page","link":"https:\/\/www.reitverein-ellefeld.de\/?page_id=10","title":{"rendered":"Galerie"},"content":{"rendered":"\n<p><span style=\"font-size: small;\">Hier k\u00f6nnt ihr euch Fotos der verschiedenen Veranstaltungen anschauen! Falls jemand mit einem Bild nicht einverstanden ist, oder zuf\u00e4llig mit auf einem Bild vorkommt, dies aber nicht m\u00f6chte, der schreibe bitte eine Email \u00fcber unser <a href=\"https:\/\/www.reitverein-ellefeld.de\/?page_id=414\">Kontaktformular<\/a> oder melde sich direkt bei unserem Verein.<\/span><\/p>\n\n\n\n<h2 class=\"wp-block-heading\">25. und 26. Januar 2025: Unterrichtseinheit zu Sitz und Einwirkung mit Romy Anton-Eger<\/h2>\n\n\n\n<p>Am vergangenen Wochenende waren Sportmatte, Schwimmnudel, bunte kleine B\u00e4lle und der Balimo-Hocker die gefragten Utensilien in der Reithalle. Es fand eine Unterrichtseinheit zu &#8222;Sitz &amp; Einwirkung&#8220; mit Romy Anton-Eger statt. Sie lehrt im Bereich &#8222;Bewegungslehre nach Eckart Meyners&#8220;.<\/p>\n\n\n\n<p>Die Chance nutzen einige Vereinsmitglieder um sich beim Reiten weiter verbessern zu k\u00f6nnen und den Blick nochmals auf ein paar Schwierigkeiten zu lenken und L\u00f6sungsans\u00e4tze mit Romy erarbeiten zu k\u00f6nnen. Auch Trainer des Vereins, wie zum Beispiel Gunter Sch\u00f6niger, lie\u00dfen es sich nicht nehmen und nutzen diese Weiterbildungsm\u00f6glichkeit f\u00fcr sich. Bei diesem Training werden nach einem Vorreiten, um den aktuellen Stand von Reiter und Pferd abzurufen, vom Reiter gezielte \u00dcbungen am Boden durchgef\u00fchrt, um die k\u00f6rperlichen Ver\u00e4nderungen im Anschluss auf dem Pferder\u00fccken zu sp\u00fcren und damit noch feiner mit dem Pferd arbeiten zu k\u00f6nnen. Ein sehr lehrreicher und interessanter Tag, der so einige neue Eindr\u00fccke und Verbesserungen f\u00fcr das kommende Training gebracht hat.<\/p>\n\n\n\n<figure class=\"wp-block-gallery has-nested-images columns-default is-cropped wp-block-gallery-1 is-layout-flex\">\n<figure class=\"wp-block-image size-large\"><a href=\"https:\/\/www.reitverein-ellefeld.de\/wp-content\/uploads\/475318859_899056809108849_2099033353700968505_n-1.jpg\"><img decoding=\"async\" loading=\"lazy\" width=\"1024\" height=\"1024\" data-id=\"63424\"  src=\"https:\/\/www.reitverein-ellefeld.de\/wp-content\/uploads\/475318859_899056809108849_2099033353700968505_n-1-1024x1024.jpg\" alt=\"\" class=\"wp-image-63424\" srcset=\"https:\/\/www.reitverein-ellefeld.de\/wp-content\/uploads\/475318859_899056809108849_2099033353700968505_n-1-1024x1024.jpg 1024w, https:\/\/www.reitverein-ellefeld.de\/wp-content\/uploads\/475318859_899056809108849_2099033353700968505_n-1-300x300.jpg 300w, https:\/\/www.reitverein-ellefeld.de\/wp-content\/uploads\/475318859_899056809108849_2099033353700968505_n-1-150x150.jpg 150w, https:\/\/www.reitverein-ellefeld.de\/wp-content\/uploads\/475318859_899056809108849_2099033353700968505_n-1-768x768.jpg 768w, https:\/\/www.reitverein-ellefeld.de\/wp-content\/uploads\/475318859_899056809108849_2099033353700968505_n-1.jpg 1440w\" sizes=\"(max-width: 1024px) 100vw, 1024px\" \/><\/a><\/figure>\n\n\n\n<figure class=\"wp-block-image size-large\"><a href=\"https:\/\/www.reitverein-ellefeld.de\/wp-content\/uploads\/475183271_899056822442181_2259586678909419400_n-1.jpg\"><img decoding=\"async\" loading=\"lazy\" width=\"1024\" height=\"1024\" data-id=\"63425\"  src=\"https:\/\/www.reitverein-ellefeld.de\/wp-content\/uploads\/475183271_899056822442181_2259586678909419400_n-1-1024x1024.jpg\" alt=\"\" class=\"wp-image-63425\" srcset=\"https:\/\/www.reitverein-ellefeld.de\/wp-content\/uploads\/475183271_899056822442181_2259586678909419400_n-1-1024x1024.jpg 1024w, https:\/\/www.reitverein-ellefeld.de\/wp-content\/uploads\/475183271_899056822442181_2259586678909419400_n-1-300x300.jpg 300w, https:\/\/www.reitverein-ellefeld.de\/wp-content\/uploads\/475183271_899056822442181_2259586678909419400_n-1-150x150.jpg 150w, https:\/\/www.reitverein-ellefeld.de\/wp-content\/uploads\/475183271_899056822442181_2259586678909419400_n-1-768x768.jpg 768w, https:\/\/www.reitverein-ellefeld.de\/wp-content\/uploads\/475183271_899056822442181_2259586678909419400_n-1.jpg 1440w\" sizes=\"(max-width: 1024px) 100vw, 1024px\" \/><\/a><\/figure>\n\n\n\n<figure class=\"wp-block-image size-large\"><a href=\"https:\/\/www.reitverein-ellefeld.de\/wp-content\/uploads\/475348595_899056825775514_7806118204784141634_n-1.jpg\"><img decoding=\"async\" loading=\"lazy\" width=\"1024\" height=\"1024\" data-id=\"63426\"  src=\"https:\/\/www.reitverein-ellefeld.de\/wp-content\/uploads\/475348595_899056825775514_7806118204784141634_n-1-1024x1024.jpg\" alt=\"\" class=\"wp-image-63426\" srcset=\"https:\/\/www.reitverein-ellefeld.de\/wp-content\/uploads\/475348595_899056825775514_7806118204784141634_n-1-1024x1024.jpg 1024w, https:\/\/www.reitverein-ellefeld.de\/wp-content\/uploads\/475348595_899056825775514_7806118204784141634_n-1-300x300.jpg 300w, https:\/\/www.reitverein-ellefeld.de\/wp-content\/uploads\/475348595_899056825775514_7806118204784141634_n-1-150x150.jpg 150w, https:\/\/www.reitverein-ellefeld.de\/wp-content\/uploads\/475348595_899056825775514_7806118204784141634_n-1-768x768.jpg 768w, https:\/\/www.reitverein-ellefeld.de\/wp-content\/uploads\/475348595_899056825775514_7806118204784141634_n-1.jpg 1440w\" sizes=\"(max-width: 1024px) 100vw, 1024px\" \/><\/a><\/figure>\n\n\n\n<figure class=\"wp-block-image size-large\"><a href=\"https:\/\/www.reitverein-ellefeld.de\/wp-content\/uploads\/475439208_899056819108848_4511145157559028340_n-1.jpg\"><img decoding=\"async\" loading=\"lazy\" width=\"1024\" height=\"1024\" data-id=\"63429\"  src=\"https:\/\/www.reitverein-ellefeld.de\/wp-content\/uploads\/475439208_899056819108848_4511145157559028340_n-1-1024x1024.jpg\" alt=\"\" class=\"wp-image-63429\" srcset=\"https:\/\/www.reitverein-ellefeld.de\/wp-content\/uploads\/475439208_899056819108848_4511145157559028340_n-1-1024x1024.jpg 1024w, https:\/\/www.reitverein-ellefeld.de\/wp-content\/uploads\/475439208_899056819108848_4511145157559028340_n-1-300x300.jpg 300w, https:\/\/www.reitverein-ellefeld.de\/wp-content\/uploads\/475439208_899056819108848_4511145157559028340_n-1-150x150.jpg 150w, https:\/\/www.reitverein-ellefeld.de\/wp-content\/uploads\/475439208_899056819108848_4511145157559028340_n-1-768x768.jpg 768w, https:\/\/www.reitverein-ellefeld.de\/wp-content\/uploads\/475439208_899056819108848_4511145157559028340_n-1.jpg 1440w\" sizes=\"(max-width: 1024px) 100vw, 1024px\" \/><\/a><\/figure>\n\n\n\n<figure class=\"wp-block-image size-large\"><a href=\"https:\/\/www.reitverein-ellefeld.de\/wp-content\/uploads\/475318857_899056815775515_7687652597623099401_n-1.jpg\"><img decoding=\"async\" loading=\"lazy\" width=\"1024\" height=\"1024\" data-id=\"63428\"  src=\"https:\/\/www.reitverein-ellefeld.de\/wp-content\/uploads\/475318857_899056815775515_7687652597623099401_n-1-1024x1024.jpg\" alt=\"\" class=\"wp-image-63428\" srcset=\"https:\/\/www.reitverein-ellefeld.de\/wp-content\/uploads\/475318857_899056815775515_7687652597623099401_n-1-1024x1024.jpg 1024w, https:\/\/www.reitverein-ellefeld.de\/wp-content\/uploads\/475318857_899056815775515_7687652597623099401_n-1-300x300.jpg 300w, https:\/\/www.reitverein-ellefeld.de\/wp-content\/uploads\/475318857_899056815775515_7687652597623099401_n-1-150x150.jpg 150w, https:\/\/www.reitverein-ellefeld.de\/wp-content\/uploads\/475318857_899056815775515_7687652597623099401_n-1-768x768.jpg 768w, https:\/\/www.reitverein-ellefeld.de\/wp-content\/uploads\/475318857_899056815775515_7687652597623099401_n-1.jpg 1440w\" sizes=\"(max-width: 1024px) 100vw, 1024px\" \/><\/a><\/figure>\n\n\n\n<figure class=\"wp-block-image size-large\"><a href=\"https:\/\/www.reitverein-ellefeld.de\/wp-content\/uploads\/475317079_899056812442182_5402552733293868017_n.jpg\"><img decoding=\"async\" loading=\"lazy\" width=\"1024\" height=\"1024\" data-id=\"63427\"  src=\"https:\/\/www.reitverein-ellefeld.de\/wp-content\/uploads\/475317079_899056812442182_5402552733293868017_n-1024x1024.jpg\" alt=\"\" class=\"wp-image-63427\" srcset=\"https:\/\/www.reitverein-ellefeld.de\/wp-content\/uploads\/475317079_899056812442182_5402552733293868017_n-1024x1024.jpg 1024w, https:\/\/www.reitverein-ellefeld.de\/wp-content\/uploads\/475317079_899056812442182_5402552733293868017_n-300x300.jpg 300w, https:\/\/www.reitverein-ellefeld.de\/wp-content\/uploads\/475317079_899056812442182_5402552733293868017_n-150x150.jpg 150w, https:\/\/www.reitverein-ellefeld.de\/wp-content\/uploads\/475317079_899056812442182_5402552733293868017_n-768x768.jpg 768w, https:\/\/www.reitverein-ellefeld.de\/wp-content\/uploads\/475317079_899056812442182_5402552733293868017_n.jpg 1440w\" sizes=\"(max-width: 1024px) 100vw, 1024px\" \/><\/a><\/figure>\n<\/figure>\n\n\n\n<h2 class=\"wp-block-heading\">13. Dezember 2024: Weihnachtsfeier<\/h2>\n\n\n\n<p>In geselliger Runde fand am 13.12. unsere diesj\u00e4hrige Weihnachtsfeier in der Trollsch\u00e4nke in Rodewisch statt. Es wurden Erinnerungen des fast vergangenen Jahres ausgetauscht, Ideen f\u00fcr das kommende Jubil\u00e4umsjahr gesammelt und vor allem die gemeinsame Zeit genossen. Jedes Vereinsmitglied erhielt au\u00dferdem noch ein Brettchen mit dem Logo des Vereins als Geschenk.<\/p>\n\n\n\n<figure class=\"wp-block-gallery has-nested-images columns-default is-cropped wp-block-gallery-3 is-layout-flex\">\n<figure class=\"wp-block-image size-large\"><a href=\"https:\/\/www.reitverein-ellefeld.de\/wp-content\/uploads\/470222117_868262918854905_7373493835524833754_n.jpg\"><img decoding=\"async\" loading=\"lazy\" width=\"1024\" height=\"1024\" data-id=\"63395\"  src=\"https:\/\/www.reitverein-ellefeld.de\/wp-content\/uploads\/470222117_868262918854905_7373493835524833754_n-1024x1024.jpg\" alt=\"\" class=\"wp-image-63395\" srcset=\"https:\/\/www.reitverein-ellefeld.de\/wp-content\/uploads\/470222117_868262918854905_7373493835524833754_n-1024x1024.jpg 1024w, https:\/\/www.reitverein-ellefeld.de\/wp-content\/uploads\/470222117_868262918854905_7373493835524833754_n-300x300.jpg 300w, https:\/\/www.reitverein-ellefeld.de\/wp-content\/uploads\/470222117_868262918854905_7373493835524833754_n-150x150.jpg 150w, https:\/\/www.reitverein-ellefeld.de\/wp-content\/uploads\/470222117_868262918854905_7373493835524833754_n-768x768.jpg 768w, https:\/\/www.reitverein-ellefeld.de\/wp-content\/uploads\/470222117_868262918854905_7373493835524833754_n.jpg 1440w\" sizes=\"(max-width: 1024px) 100vw, 1024px\" \/><\/a><\/figure>\n\n\n\n<figure class=\"wp-block-image size-large\"><a href=\"https:\/\/www.reitverein-ellefeld.de\/wp-content\/uploads\/470150528_868262912188239_1050993959341814998_n.jpg\"><img decoding=\"async\" loading=\"lazy\" width=\"1024\" height=\"1024\" data-id=\"63394\"  src=\"https:\/\/www.reitverein-ellefeld.de\/wp-content\/uploads\/470150528_868262912188239_1050993959341814998_n-1024x1024.jpg\" alt=\"\" class=\"wp-image-63394\" srcset=\"https:\/\/www.reitverein-ellefeld.de\/wp-content\/uploads\/470150528_868262912188239_1050993959341814998_n-1024x1024.jpg 1024w, https:\/\/www.reitverein-ellefeld.de\/wp-content\/uploads\/470150528_868262912188239_1050993959341814998_n-300x300.jpg 300w, https:\/\/www.reitverein-ellefeld.de\/wp-content\/uploads\/470150528_868262912188239_1050993959341814998_n-150x150.jpg 150w, https:\/\/www.reitverein-ellefeld.de\/wp-content\/uploads\/470150528_868262912188239_1050993959341814998_n-768x768.jpg 768w, https:\/\/www.reitverein-ellefeld.de\/wp-content\/uploads\/470150528_868262912188239_1050993959341814998_n.jpg 1440w\" sizes=\"(max-width: 1024px) 100vw, 1024px\" \/><\/a><\/figure>\n\n\n\n<figure class=\"wp-block-image size-large\"><a href=\"https:\/\/www.reitverein-ellefeld.de\/wp-content\/uploads\/470217911_868262908854906_4766775044534416688_n.jpg\"><img decoding=\"async\" loading=\"lazy\" width=\"1024\" height=\"1024\" data-id=\"63392\"  src=\"https:\/\/www.reitverein-ellefeld.de\/wp-content\/uploads\/470217911_868262908854906_4766775044534416688_n-1024x1024.jpg\" alt=\"\" class=\"wp-image-63392\" srcset=\"https:\/\/www.reitverein-ellefeld.de\/wp-content\/uploads\/470217911_868262908854906_4766775044534416688_n-1024x1024.jpg 1024w, https:\/\/www.reitverein-ellefeld.de\/wp-content\/uploads\/470217911_868262908854906_4766775044534416688_n-300x300.jpg 300w, https:\/\/www.reitverein-ellefeld.de\/wp-content\/uploads\/470217911_868262908854906_4766775044534416688_n-150x150.jpg 150w, https:\/\/www.reitverein-ellefeld.de\/wp-content\/uploads\/470217911_868262908854906_4766775044534416688_n-768x768.jpg 768w, https:\/\/www.reitverein-ellefeld.de\/wp-content\/uploads\/470217911_868262908854906_4766775044534416688_n.jpg 1440w\" sizes=\"(max-width: 1024px) 100vw, 1024px\" \/><\/a><\/figure>\n<\/figure>\n\n\n\n<h2 class=\"wp-block-heading\">1. Dezember 2024: M\u00e4rchenumzug <\/h2>\n\n\n\n<p>Traditionell am 1.Advent veranstaltete der Pferdesportverein Auerbach wieder den beliebten M\u00e4rchenumzug durch die Innenstadt von Auerbach. Erneut waren wieder einige Vereinsmitglieder schick hergerichtet und kost\u00fcmiert als Reiter oder Fu\u00dfvolk dabei. Auch ein Kremser mit dem &#8222;Wolf und den 7 Gei\u00dflein&#8220;, gefahren von Philipp Sch\u00f6niger sowie ein Marathonwagen, an dessen Leinen Arndt Sch\u00f6niger sa\u00df, kamen aus Ellefeld um die M\u00e4rchenwelt den Zuschauern zu pr\u00e4sentieren. Eine tolle Tradition, an der hoffentlich noch lange festgehalten wird.<\/p>\n\n\n\n<figure class=\"wp-block-gallery has-nested-images columns-default is-cropped wp-block-gallery-5 is-layout-flex\">\n<figure class=\"wp-block-image size-large\"><a href=\"https:\/\/www.reitverein-ellefeld.de\/wp-content\/uploads\/469047252_862047026143161_3532327751431648100_n.jpg\"><img decoding=\"async\" loading=\"lazy\" width=\"1024\" height=\"1024\" data-id=\"63396\"  src=\"https:\/\/www.reitverein-ellefeld.de\/wp-content\/uploads\/469047252_862047026143161_3532327751431648100_n-1024x1024.jpg\" alt=\"\" class=\"wp-image-63396\" srcset=\"https:\/\/www.reitverein-ellefeld.de\/wp-content\/uploads\/469047252_862047026143161_3532327751431648100_n-1024x1024.jpg 1024w, https:\/\/www.reitverein-ellefeld.de\/wp-content\/uploads\/469047252_862047026143161_3532327751431648100_n-300x300.jpg 300w, https:\/\/www.reitverein-ellefeld.de\/wp-content\/uploads\/469047252_862047026143161_3532327751431648100_n-150x150.jpg 150w, https:\/\/www.reitverein-ellefeld.de\/wp-content\/uploads\/469047252_862047026143161_3532327751431648100_n-768x768.jpg 768w, https:\/\/www.reitverein-ellefeld.de\/wp-content\/uploads\/469047252_862047026143161_3532327751431648100_n.jpg 1440w\" sizes=\"(max-width: 1024px) 100vw, 1024px\" \/><\/a><\/figure>\n\n\n\n<figure class=\"wp-block-image size-large\"><a href=\"https:\/\/www.reitverein-ellefeld.de\/wp-content\/uploads\/469119411_862047016143162_3861597361434782068_n.jpg\"><img decoding=\"async\" loading=\"lazy\" width=\"1024\" height=\"1024\" data-id=\"63402\"  src=\"https:\/\/www.reitverein-ellefeld.de\/wp-content\/uploads\/469119411_862047016143162_3861597361434782068_n-1024x1024.jpg\" alt=\"\" class=\"wp-image-63402\" srcset=\"https:\/\/www.reitverein-ellefeld.de\/wp-content\/uploads\/469119411_862047016143162_3861597361434782068_n-1024x1024.jpg 1024w, https:\/\/www.reitverein-ellefeld.de\/wp-content\/uploads\/469119411_862047016143162_3861597361434782068_n-300x300.jpg 300w, https:\/\/www.reitverein-ellefeld.de\/wp-content\/uploads\/469119411_862047016143162_3861597361434782068_n-150x150.jpg 150w, https:\/\/www.reitverein-ellefeld.de\/wp-content\/uploads\/469119411_862047016143162_3861597361434782068_n-768x768.jpg 768w, https:\/\/www.reitverein-ellefeld.de\/wp-content\/uploads\/469119411_862047016143162_3861597361434782068_n.jpg 1440w\" sizes=\"(max-width: 1024px) 100vw, 1024px\" \/><\/a><\/figure>\n\n\n\n<figure class=\"wp-block-image size-large\"><a href=\"https:\/\/www.reitverein-ellefeld.de\/wp-content\/uploads\/469143185_862047012809829_3843088632185741355_n.jpg\"><img decoding=\"async\" loading=\"lazy\" width=\"1024\" height=\"1024\" data-id=\"63403\"  src=\"https:\/\/www.reitverein-ellefeld.de\/wp-content\/uploads\/469143185_862047012809829_3843088632185741355_n-1024x1024.jpg\" alt=\"\" class=\"wp-image-63403\" srcset=\"https:\/\/www.reitverein-ellefeld.de\/wp-content\/uploads\/469143185_862047012809829_3843088632185741355_n-1024x1024.jpg 1024w, https:\/\/www.reitverein-ellefeld.de\/wp-content\/uploads\/469143185_862047012809829_3843088632185741355_n-300x300.jpg 300w, https:\/\/www.reitverein-ellefeld.de\/wp-content\/uploads\/469143185_862047012809829_3843088632185741355_n-150x150.jpg 150w, https:\/\/www.reitverein-ellefeld.de\/wp-content\/uploads\/469143185_862047012809829_3843088632185741355_n-768x768.jpg 768w, https:\/\/www.reitverein-ellefeld.de\/wp-content\/uploads\/469143185_862047012809829_3843088632185741355_n.jpg 1440w\" sizes=\"(max-width: 1024px) 100vw, 1024px\" \/><\/a><\/figure>\n\n\n\n<figure class=\"wp-block-image size-large\"><a href=\"https:\/\/www.reitverein-ellefeld.de\/wp-content\/uploads\/469258861_862047032809827_3146090499195145810_n.jpg\"><img decoding=\"async\" loading=\"lazy\" width=\"1024\" height=\"1024\" data-id=\"63399\"  src=\"https:\/\/www.reitverein-ellefeld.de\/wp-content\/uploads\/469258861_862047032809827_3146090499195145810_n-1024x1024.jpg\" alt=\"\" class=\"wp-image-63399\" srcset=\"https:\/\/www.reitverein-ellefeld.de\/wp-content\/uploads\/469258861_862047032809827_3146090499195145810_n-1024x1024.jpg 1024w, https:\/\/www.reitverein-ellefeld.de\/wp-content\/uploads\/469258861_862047032809827_3146090499195145810_n-300x300.jpg 300w, https:\/\/www.reitverein-ellefeld.de\/wp-content\/uploads\/469258861_862047032809827_3146090499195145810_n-150x150.jpg 150w, https:\/\/www.reitverein-ellefeld.de\/wp-content\/uploads\/469258861_862047032809827_3146090499195145810_n-768x768.jpg 768w, https:\/\/www.reitverein-ellefeld.de\/wp-content\/uploads\/469258861_862047032809827_3146090499195145810_n.jpg 1440w\" sizes=\"(max-width: 1024px) 100vw, 1024px\" \/><\/a><\/figure>\n\n\n\n<figure class=\"wp-block-image size-large\"><a href=\"https:\/\/www.reitverein-ellefeld.de\/wp-content\/uploads\/469270791_862047009476496_6010986868286796130_n.jpg\"><img decoding=\"async\" loading=\"lazy\" width=\"1024\" height=\"1024\" data-id=\"63397\"  src=\"https:\/\/www.reitverein-ellefeld.de\/wp-content\/uploads\/469270791_862047009476496_6010986868286796130_n-1024x1024.jpg\" alt=\"\" class=\"wp-image-63397\" srcset=\"https:\/\/www.reitverein-ellefeld.de\/wp-content\/uploads\/469270791_862047009476496_6010986868286796130_n-1024x1024.jpg 1024w, https:\/\/www.reitverein-ellefeld.de\/wp-content\/uploads\/469270791_862047009476496_6010986868286796130_n-300x300.jpg 300w, https:\/\/www.reitverein-ellefeld.de\/wp-content\/uploads\/469270791_862047009476496_6010986868286796130_n-150x150.jpg 150w, https:\/\/www.reitverein-ellefeld.de\/wp-content\/uploads\/469270791_862047009476496_6010986868286796130_n-768x768.jpg 768w, https:\/\/www.reitverein-ellefeld.de\/wp-content\/uploads\/469270791_862047009476496_6010986868286796130_n.jpg 1440w\" sizes=\"(max-width: 1024px) 100vw, 1024px\" \/><\/a><\/figure>\n\n\n\n<figure class=\"wp-block-image size-large\"><a href=\"https:\/\/www.reitverein-ellefeld.de\/wp-content\/uploads\/469348137_862047019476495_4408747823016690281_n.jpg\"><img decoding=\"async\" loading=\"lazy\" width=\"1024\" height=\"1024\" data-id=\"63401\"  src=\"https:\/\/www.reitverein-ellefeld.de\/wp-content\/uploads\/469348137_862047019476495_4408747823016690281_n-1024x1024.jpg\" alt=\"\" class=\"wp-image-63401\" srcset=\"https:\/\/www.reitverein-ellefeld.de\/wp-content\/uploads\/469348137_862047019476495_4408747823016690281_n-1024x1024.jpg 1024w, https:\/\/www.reitverein-ellefeld.de\/wp-content\/uploads\/469348137_862047019476495_4408747823016690281_n-300x300.jpg 300w, https:\/\/www.reitverein-ellefeld.de\/wp-content\/uploads\/469348137_862047019476495_4408747823016690281_n-150x150.jpg 150w, https:\/\/www.reitverein-ellefeld.de\/wp-content\/uploads\/469348137_862047019476495_4408747823016690281_n-768x768.jpg 768w, https:\/\/www.reitverein-ellefeld.de\/wp-content\/uploads\/469348137_862047019476495_4408747823016690281_n.jpg 1440w\" sizes=\"(max-width: 1024px) 100vw, 1024px\" \/><\/a><\/figure>\n\n\n\n<figure class=\"wp-block-image size-large\"><a href=\"https:\/\/www.reitverein-ellefeld.de\/wp-content\/uploads\/469450322_862047022809828_8528456159394741581_n.jpg\"><img decoding=\"async\" loading=\"lazy\" width=\"1024\" height=\"1024\" data-id=\"63398\"  src=\"https:\/\/www.reitverein-ellefeld.de\/wp-content\/uploads\/469450322_862047022809828_8528456159394741581_n-1024x1024.jpg\" alt=\"\" class=\"wp-image-63398\" srcset=\"https:\/\/www.reitverein-ellefeld.de\/wp-content\/uploads\/469450322_862047022809828_8528456159394741581_n-1024x1024.jpg 1024w, https:\/\/www.reitverein-ellefeld.de\/wp-content\/uploads\/469450322_862047022809828_8528456159394741581_n-300x300.jpg 300w, https:\/\/www.reitverein-ellefeld.de\/wp-content\/uploads\/469450322_862047022809828_8528456159394741581_n-150x150.jpg 150w, https:\/\/www.reitverein-ellefeld.de\/wp-content\/uploads\/469450322_862047022809828_8528456159394741581_n-768x768.jpg 768w, https:\/\/www.reitverein-ellefeld.de\/wp-content\/uploads\/469450322_862047022809828_8528456159394741581_n.jpg 1440w\" sizes=\"(max-width: 1024px) 100vw, 1024px\" \/><\/a><\/figure>\n\n\n\n<figure class=\"wp-block-image size-large\"><a href=\"https:\/\/www.reitverein-ellefeld.de\/wp-content\/uploads\/nmireagiaregoi.jpg\"><img decoding=\"async\" loading=\"lazy\" width=\"1024\" height=\"1024\" data-id=\"63400\"  src=\"https:\/\/www.reitverein-ellefeld.de\/wp-content\/uploads\/nmireagiaregoi-1024x1024.jpg\" alt=\"\" class=\"wp-image-63400\" srcset=\"https:\/\/www.reitverein-ellefeld.de\/wp-content\/uploads\/nmireagiaregoi-1024x1024.jpg 1024w, https:\/\/www.reitverein-ellefeld.de\/wp-content\/uploads\/nmireagiaregoi-300x300.jpg 300w, https:\/\/www.reitverein-ellefeld.de\/wp-content\/uploads\/nmireagiaregoi-150x150.jpg 150w, https:\/\/www.reitverein-ellefeld.de\/wp-content\/uploads\/nmireagiaregoi-768x768.jpg 768w, https:\/\/www.reitverein-ellefeld.de\/wp-content\/uploads\/nmireagiaregoi.jpg 1440w\" sizes=\"(max-width: 1024px) 100vw, 1024px\" \/><\/a><\/figure>\n<\/figure>\n\n\n\n<h2 class=\"wp-block-heading\">13. Oktober 2024: Reitturnier zur Ellefelder Kirmes mit FINALE des VOGTLAND CUP<\/h2>\n\n\n\n<p>Unser traditionelles Kirmes-Turnier ist wieder einmal erfolgreich zuende gegangen, hier gibt es ein paar Impressionen:<\/p>\n\n\n\n<figure class=\"wp-block-gallery has-nested-images columns-default is-cropped wp-block-gallery-7 is-layout-flex\">\n<figure class=\"wp-block-image size-large\"><a href=\"https:\/\/www.reitverein-ellefeld.de\/wp-content\/uploads\/463459028_829230916091439_2069690080259909293_n-1.jpg\"><img decoding=\"async\" loading=\"lazy\" width=\"1024\" height=\"1024\" data-id=\"63365\"  src=\"https:\/\/www.reitverein-ellefeld.de\/wp-content\/uploads\/463459028_829230916091439_2069690080259909293_n-1-1024x1024.jpg\" alt=\"\" class=\"wp-image-63365\" srcset=\"https:\/\/www.reitverein-ellefeld.de\/wp-content\/uploads\/463459028_829230916091439_2069690080259909293_n-1-1024x1024.jpg 1024w, https:\/\/www.reitverein-ellefeld.de\/wp-content\/uploads\/463459028_829230916091439_2069690080259909293_n-1-300x300.jpg 300w, https:\/\/www.reitverein-ellefeld.de\/wp-content\/uploads\/463459028_829230916091439_2069690080259909293_n-1-150x150.jpg 150w, https:\/\/www.reitverein-ellefeld.de\/wp-content\/uploads\/463459028_829230916091439_2069690080259909293_n-1-768x768.jpg 768w, https:\/\/www.reitverein-ellefeld.de\/wp-content\/uploads\/463459028_829230916091439_2069690080259909293_n-1.jpg 1440w\" sizes=\"(max-width: 1024px) 100vw, 1024px\" \/><\/a><\/figure>\n\n\n\n<figure class=\"wp-block-image size-large\"><a href=\"https:\/\/www.reitverein-ellefeld.de\/wp-content\/uploads\/463606346_829230726091458_2058727659652708516_n.jpg\"><img decoding=\"async\" loading=\"lazy\" width=\"600\" height=\"600\" data-id=\"63366\"  src=\"https:\/\/www.reitverein-ellefeld.de\/wp-content\/uploads\/463606346_829230726091458_2058727659652708516_n.jpg\" alt=\"\" class=\"wp-image-63366\" srcset=\"https:\/\/www.reitverein-ellefeld.de\/wp-content\/uploads\/463606346_829230726091458_2058727659652708516_n.jpg 600w, https:\/\/www.reitverein-ellefeld.de\/wp-content\/uploads\/463606346_829230726091458_2058727659652708516_n-300x300.jpg 300w, https:\/\/www.reitverein-ellefeld.de\/wp-content\/uploads\/463606346_829230726091458_2058727659652708516_n-150x150.jpg 150w\" sizes=\"(max-width: 600px) 100vw, 600px\" \/><\/a><\/figure>\n\n\n\n<figure class=\"wp-block-image size-large\"><a href=\"https:\/\/www.reitverein-ellefeld.de\/wp-content\/uploads\/463626419_829230749424789_6770059961714786433_n.jpg\"><img decoding=\"async\" loading=\"lazy\" width=\"1024\" height=\"1024\" data-id=\"63367\"  src=\"https:\/\/www.reitverein-ellefeld.de\/wp-content\/uploads\/463626419_829230749424789_6770059961714786433_n-1024x1024.jpg\" alt=\"\" class=\"wp-image-63367\" srcset=\"https:\/\/www.reitverein-ellefeld.de\/wp-content\/uploads\/463626419_829230749424789_6770059961714786433_n-1024x1024.jpg 1024w, https:\/\/www.reitverein-ellefeld.de\/wp-content\/uploads\/463626419_829230749424789_6770059961714786433_n-300x300.jpg 300w, https:\/\/www.reitverein-ellefeld.de\/wp-content\/uploads\/463626419_829230749424789_6770059961714786433_n-150x150.jpg 150w, https:\/\/www.reitverein-ellefeld.de\/wp-content\/uploads\/463626419_829230749424789_6770059961714786433_n-768x768.jpg 768w, https:\/\/www.reitverein-ellefeld.de\/wp-content\/uploads\/463626419_829230749424789_6770059961714786433_n.jpg 1440w\" sizes=\"(max-width: 1024px) 100vw, 1024px\" \/><\/a><\/figure>\n\n\n\n<figure class=\"wp-block-image size-large\"><a href=\"https:\/\/www.reitverein-ellefeld.de\/wp-content\/uploads\/464417757_835568502124347_717044974473842055_n.jpg\"><img decoding=\"async\" loading=\"lazy\" width=\"1000\" height=\"750\" data-id=\"63368\"  src=\"https:\/\/www.reitverein-ellefeld.de\/wp-content\/uploads\/464417757_835568502124347_717044974473842055_n.jpg\" alt=\"\" class=\"wp-image-63368\" srcset=\"https:\/\/www.reitverein-ellefeld.de\/wp-content\/uploads\/464417757_835568502124347_717044974473842055_n.jpg 1000w, https:\/\/www.reitverein-ellefeld.de\/wp-content\/uploads\/464417757_835568502124347_717044974473842055_n-300x225.jpg 300w, https:\/\/www.reitverein-ellefeld.de\/wp-content\/uploads\/464417757_835568502124347_717044974473842055_n-768x576.jpg 768w\" sizes=\"(max-width: 1000px) 100vw, 1000px\" \/><\/a><\/figure>\n\n\n\n<figure class=\"wp-block-image size-large\"><a href=\"https:\/\/www.reitverein-ellefeld.de\/wp-content\/uploads\/464450002_835576862123511_898356723415407802_n.jpg\"><img decoding=\"async\" loading=\"lazy\" width=\"1024\" height=\"768\" data-id=\"63369\"  src=\"https:\/\/www.reitverein-ellefeld.de\/wp-content\/uploads\/464450002_835576862123511_898356723415407802_n-1024x768.jpg\" alt=\"\" class=\"wp-image-63369\" srcset=\"https:\/\/www.reitverein-ellefeld.de\/wp-content\/uploads\/464450002_835576862123511_898356723415407802_n-1024x768.jpg 1024w, https:\/\/www.reitverein-ellefeld.de\/wp-content\/uploads\/464450002_835576862123511_898356723415407802_n-300x225.jpg 300w, https:\/\/www.reitverein-ellefeld.de\/wp-content\/uploads\/464450002_835576862123511_898356723415407802_n-768x576.jpg 768w, https:\/\/www.reitverein-ellefeld.de\/wp-content\/uploads\/464450002_835576862123511_898356723415407802_n-1536x1152.jpg 1536w, https:\/\/www.reitverein-ellefeld.de\/wp-content\/uploads\/464450002_835576862123511_898356723415407802_n.jpg 2048w\" sizes=\"(max-width: 1024px) 100vw, 1024px\" \/><\/a><\/figure>\n\n\n\n<figure class=\"wp-block-image size-large\"><a href=\"https:\/\/www.reitverein-ellefeld.de\/wp-content\/uploads\/464502781_835574705457060_1778722728221258414_n.jpg\"><img decoding=\"async\" loading=\"lazy\" width=\"1024\" height=\"768\" data-id=\"63370\"  src=\"https:\/\/www.reitverein-ellefeld.de\/wp-content\/uploads\/464502781_835574705457060_1778722728221258414_n-1024x768.jpg\" alt=\"\" class=\"wp-image-63370\" srcset=\"https:\/\/www.reitverein-ellefeld.de\/wp-content\/uploads\/464502781_835574705457060_1778722728221258414_n-1024x768.jpg 1024w, https:\/\/www.reitverein-ellefeld.de\/wp-content\/uploads\/464502781_835574705457060_1778722728221258414_n-300x225.jpg 300w, https:\/\/www.reitverein-ellefeld.de\/wp-content\/uploads\/464502781_835574705457060_1778722728221258414_n-768x576.jpg 768w, https:\/\/www.reitverein-ellefeld.de\/wp-content\/uploads\/464502781_835574705457060_1778722728221258414_n-1536x1152.jpg 1536w, https:\/\/www.reitverein-ellefeld.de\/wp-content\/uploads\/464502781_835574705457060_1778722728221258414_n.jpg 2048w\" sizes=\"(max-width: 1024px) 100vw, 1024px\" \/><\/a><\/figure>\n\n\n\n<figure class=\"wp-block-image size-large\"><a href=\"https:\/\/www.reitverein-ellefeld.de\/wp-content\/uploads\/464524327_835568145457716_5873013798989453970_n.jpg\"><img decoding=\"async\" loading=\"lazy\" width=\"736\" height=\"1000\" data-id=\"63371\"  src=\"https:\/\/www.reitverein-ellefeld.de\/wp-content\/uploads\/464524327_835568145457716_5873013798989453970_n.jpg\" alt=\"\" class=\"wp-image-63371\" srcset=\"https:\/\/www.reitverein-ellefeld.de\/wp-content\/uploads\/464524327_835568145457716_5873013798989453970_n.jpg 736w, https:\/\/www.reitverein-ellefeld.de\/wp-content\/uploads\/464524327_835568145457716_5873013798989453970_n-221x300.jpg 221w\" sizes=\"(max-width: 736px) 100vw, 736px\" \/><\/a><\/figure>\n\n\n\n<figure class=\"wp-block-image size-large\"><a href=\"https:\/\/www.reitverein-ellefeld.de\/wp-content\/uploads\/464562782_835571238790740_5658450002239987804_n.jpg\"><img decoding=\"async\" loading=\"lazy\" width=\"1024\" height=\"768\" data-id=\"63372\"  src=\"https:\/\/www.reitverein-ellefeld.de\/wp-content\/uploads\/464562782_835571238790740_5658450002239987804_n-1024x768.jpg\" alt=\"\" class=\"wp-image-63372\" srcset=\"https:\/\/www.reitverein-ellefeld.de\/wp-content\/uploads\/464562782_835571238790740_5658450002239987804_n-1024x768.jpg 1024w, https:\/\/www.reitverein-ellefeld.de\/wp-content\/uploads\/464562782_835571238790740_5658450002239987804_n-300x225.jpg 300w, https:\/\/www.reitverein-ellefeld.de\/wp-content\/uploads\/464562782_835571238790740_5658450002239987804_n-768x576.jpg 768w, https:\/\/www.reitverein-ellefeld.de\/wp-content\/uploads\/464562782_835571238790740_5658450002239987804_n-1536x1152.jpg 1536w, https:\/\/www.reitverein-ellefeld.de\/wp-content\/uploads\/464562782_835571238790740_5658450002239987804_n.jpg 2048w\" sizes=\"(max-width: 1024px) 100vw, 1024px\" \/><\/a><\/figure>\n\n\n\n<figure class=\"wp-block-image size-large\"><a href=\"https:\/\/www.reitverein-ellefeld.de\/wp-content\/uploads\/464581172_835571732124024_4355816908843035667_n.jpg\"><img decoding=\"async\" loading=\"lazy\" width=\"1024\" height=\"768\" data-id=\"63373\"  src=\"https:\/\/www.reitverein-ellefeld.de\/wp-content\/uploads\/464581172_835571732124024_4355816908843035667_n-1024x768.jpg\" alt=\"\" class=\"wp-image-63373\" srcset=\"https:\/\/www.reitverein-ellefeld.de\/wp-content\/uploads\/464581172_835571732124024_4355816908843035667_n-1024x768.jpg 1024w, https:\/\/www.reitverein-ellefeld.de\/wp-content\/uploads\/464581172_835571732124024_4355816908843035667_n-300x225.jpg 300w, https:\/\/www.reitverein-ellefeld.de\/wp-content\/uploads\/464581172_835571732124024_4355816908843035667_n-768x576.jpg 768w, https:\/\/www.reitverein-ellefeld.de\/wp-content\/uploads\/464581172_835571732124024_4355816908843035667_n-1536x1152.jpg 1536w, https:\/\/www.reitverein-ellefeld.de\/wp-content\/uploads\/464581172_835571732124024_4355816908843035667_n.jpg 2048w\" sizes=\"(max-width: 1024px) 100vw, 1024px\" \/><\/a><\/figure>\n\n\n\n<figure class=\"wp-block-image size-large\"><a href=\"https:\/\/www.reitverein-ellefeld.de\/wp-content\/uploads\/465217157_839360731745124_8234549489420364727_n.jpg\"><img decoding=\"async\" loading=\"lazy\" width=\"1024\" height=\"1024\" data-id=\"63374\"  src=\"https:\/\/www.reitverein-ellefeld.de\/wp-content\/uploads\/465217157_839360731745124_8234549489420364727_n-1024x1024.jpg\" alt=\"\" class=\"wp-image-63374\" srcset=\"https:\/\/www.reitverein-ellefeld.de\/wp-content\/uploads\/465217157_839360731745124_8234549489420364727_n-1024x1024.jpg 1024w, https:\/\/www.reitverein-ellefeld.de\/wp-content\/uploads\/465217157_839360731745124_8234549489420364727_n-300x300.jpg 300w, https:\/\/www.reitverein-ellefeld.de\/wp-content\/uploads\/465217157_839360731745124_8234549489420364727_n-150x150.jpg 150w, https:\/\/www.reitverein-ellefeld.de\/wp-content\/uploads\/465217157_839360731745124_8234549489420364727_n-768x768.jpg 768w, https:\/\/www.reitverein-ellefeld.de\/wp-content\/uploads\/465217157_839360731745124_8234549489420364727_n.jpg 1440w\" sizes=\"(max-width: 1024px) 100vw, 1024px\" \/><\/a><\/figure>\n\n\n\n<figure class=\"wp-block-image size-large\"><a href=\"https:\/\/www.reitverein-ellefeld.de\/wp-content\/uploads\/465238366_838623458485518_536114730202358352_n.jpg\"><img decoding=\"async\" loading=\"lazy\" width=\"1024\" height=\"683\" data-id=\"63375\"  src=\"https:\/\/www.reitverein-ellefeld.de\/wp-content\/uploads\/465238366_838623458485518_536114730202358352_n-1024x683.jpg\" alt=\"\" class=\"wp-image-63375\" srcset=\"https:\/\/www.reitverein-ellefeld.de\/wp-content\/uploads\/465238366_838623458485518_536114730202358352_n-1024x683.jpg 1024w, https:\/\/www.reitverein-ellefeld.de\/wp-content\/uploads\/465238366_838623458485518_536114730202358352_n-300x200.jpg 300w, https:\/\/www.reitverein-ellefeld.de\/wp-content\/uploads\/465238366_838623458485518_536114730202358352_n-768x512.jpg 768w, https:\/\/www.reitverein-ellefeld.de\/wp-content\/uploads\/465238366_838623458485518_536114730202358352_n-1536x1024.jpg 1536w, https:\/\/www.reitverein-ellefeld.de\/wp-content\/uploads\/465238366_838623458485518_536114730202358352_n.jpg 2048w\" sizes=\"(max-width: 1024px) 100vw, 1024px\" \/><\/a><\/figure>\n\n\n\n<figure class=\"wp-block-image size-large\"><a href=\"https:\/\/www.reitverein-ellefeld.de\/wp-content\/uploads\/465408624_839360748411789_5551134863490026078_n.jpg\"><img decoding=\"async\" loading=\"lazy\" width=\"1024\" height=\"1024\" data-id=\"63376\"  src=\"https:\/\/www.reitverein-ellefeld.de\/wp-content\/uploads\/465408624_839360748411789_5551134863490026078_n-1024x1024.jpg\" alt=\"\" class=\"wp-image-63376\" srcset=\"https:\/\/www.reitverein-ellefeld.de\/wp-content\/uploads\/465408624_839360748411789_5551134863490026078_n-1024x1024.jpg 1024w, https:\/\/www.reitverein-ellefeld.de\/wp-content\/uploads\/465408624_839360748411789_5551134863490026078_n-300x300.jpg 300w, https:\/\/www.reitverein-ellefeld.de\/wp-content\/uploads\/465408624_839360748411789_5551134863490026078_n-150x150.jpg 150w, https:\/\/www.reitverein-ellefeld.de\/wp-content\/uploads\/465408624_839360748411789_5551134863490026078_n-768x768.jpg 768w, https:\/\/www.reitverein-ellefeld.de\/wp-content\/uploads\/465408624_839360748411789_5551134863490026078_n.jpg 1440w\" sizes=\"(max-width: 1024px) 100vw, 1024px\" \/><\/a><\/figure>\n<\/figure>\n\n\n\n<p>Zum ersten Mal wurde in der Saison 2024 dieser Cup ausgeschrieben und initiiert vom Vogtl\u00e4ndischen Reiterbund. Auf f\u00fcnf verschiedenen Turnieren des Vogtlandes gab es Wertungspr\u00fcfungen, die jeweils aus einem Dressur -und Springwettbewerb bestanden. Drei Wertungspr\u00fcfungen mussten mindestens geritten werden, um in die Finalwertung zu gelangen. Das Finale fand dann bei unserem Breitensportturnier statt.<\/p>\n\n\n\n<p>Siegerin dieser Turnierserie wurde Cosma Stella M\u00fcller mit Crisu vom Dorfst\u00e4dter Pferdesportverein. An zweiter Stelle platzierte sich Jessica Weidinger mit Amicella vom Dorfst\u00e4dter Pferdesportverein und der dritte Platz geh\u00f6rte Tabea Jost auf Sabina von der Pferdesportgemeinschaft Oberlosa.<\/p>\n\n\n\n<p>Die Siegerehrung lie\u00df es sich Holger Liebold, Vorsitzender des Vogtl\u00e4ndischen Reiterbundes, nicht nehmen und gratulierte zusammen mit Gunter Sch\u00f6niger der Siegerin und den Platzierten.<\/p>\n\n\n\n<figure class=\"wp-block-gallery has-nested-images columns-default is-cropped wp-block-gallery-9 is-layout-flex\">\n<figure class=\"wp-block-image size-large\"><a href=\"https:\/\/www.reitverein-ellefeld.de\/wp-content\/uploads\/464520155_835534368794427_6902919652815104965_n-1.jpg\"><img decoding=\"async\" loading=\"lazy\" width=\"1024\" height=\"1024\" data-id=\"63363\"  src=\"https:\/\/www.reitverein-ellefeld.de\/wp-content\/uploads\/464520155_835534368794427_6902919652815104965_n-1-1024x1024.jpg\" alt=\"\" class=\"wp-image-63363\" srcset=\"https:\/\/www.reitverein-ellefeld.de\/wp-content\/uploads\/464520155_835534368794427_6902919652815104965_n-1-1024x1024.jpg 1024w, https:\/\/www.reitverein-ellefeld.de\/wp-content\/uploads\/464520155_835534368794427_6902919652815104965_n-1-300x300.jpg 300w, https:\/\/www.reitverein-ellefeld.de\/wp-content\/uploads\/464520155_835534368794427_6902919652815104965_n-1-150x150.jpg 150w, https:\/\/www.reitverein-ellefeld.de\/wp-content\/uploads\/464520155_835534368794427_6902919652815104965_n-1-768x768.jpg 768w, https:\/\/www.reitverein-ellefeld.de\/wp-content\/uploads\/464520155_835534368794427_6902919652815104965_n-1.jpg 1440w\" sizes=\"(max-width: 1024px) 100vw, 1024px\" \/><\/a><\/figure>\n<\/figure>\n\n\n\n<p>F\u00fcr seine langj\u00e4hrige Treue und Unterst\u00fctzung erhielt Hans Ulrich &#8222;Ulli&#8220; Gr\u00f6ner die Ehrenmitgliedschaft in unserem RFV Ellefeld e.V. &#8211; er ist zwar noch keine 100 Jahre, wie \u00fcbrigens unser Verein im n\u00e4chsten Jahr wird, aber der geb\u00fcrtige Ellefelder ist seit Jahrzehnten Schrittmacher und Wegbereiter im Pferdesport regional und \u00fcberregional. Unser herzlicher Gl\u00fcckwunsch!<\/p>\n\n\n\n<p>Desweiteren ging auch ein gro\u00dfer Dank an Ivonne Kropf, die auch seit einigen Jahren unser Kirmesturnier als Richterin unterst\u00fctzt und unsere F\u00f6rderlehrg\u00e4nge immer wieder lehrreich werden l\u00e4sst.<\/p>\n\n\n\n<figure class=\"wp-block-image size-large\"><a href=\"https:\/\/www.reitverein-ellefeld.de\/wp-content\/uploads\/464201953_832084549139409_717384167473002195_n.jpg\"><img decoding=\"async\" loading=\"lazy\" width=\"1024\" height=\"351\" src=\"https:\/\/www.reitverein-ellefeld.de\/wp-content\/uploads\/464201953_832084549139409_717384167473002195_n-1024x351.jpg\" alt=\"\" class=\"wp-image-63361\" srcset=\"https:\/\/www.reitverein-ellefeld.de\/wp-content\/uploads\/464201953_832084549139409_717384167473002195_n-1024x351.jpg 1024w, https:\/\/www.reitverein-ellefeld.de\/wp-content\/uploads\/464201953_832084549139409_717384167473002195_n-300x103.jpg 300w, https:\/\/www.reitverein-ellefeld.de\/wp-content\/uploads\/464201953_832084549139409_717384167473002195_n-768x263.jpg 768w, https:\/\/www.reitverein-ellefeld.de\/wp-content\/uploads\/464201953_832084549139409_717384167473002195_n.jpg 1440w\" sizes=\"(max-width: 1024px) 100vw, 1024px\" \/><\/a><\/figure>\n\n\n\n<p>Viele weitere Fotos vom Turnier findet ihr auf unserer <a href=\"https:\/\/www.facebook.com\/ReitUndFahrvereinEllelfeld\/\">Facebook-Seite.<\/a><\/p>\n\n\n\n<h2 class=\"wp-block-heading\">in Bad Elster 2024<\/h2>\n\n\n\n<p>Traditionell am Pfingstsonntag fand zum 19. Mal die Equipage in Bad Elster statt. Am Vormittag war die Pr\u00e4sentation und Rundfahrt der Gespanne wieder der gro\u00dfe Anziehungspunkt f\u00fcr die Zuschauer. Philipp Sch\u00f6niger, 1. Vorsitzender des Reit-und Fahrverein Ellefeld e.V., nahm auch daran teil. Als einer der Wenigen fuhr er im Viersp\u00e4nner vor. Angespannt hatte er drei schick aufgemachte Pr\u00e4mienstuten und den Pr\u00e4mienhengst Mylord. Nach der Runde durch Bad Elster und der dortigen Pr\u00e4sentation ging es weiter ins benachbarte A\u015b , wo sich die Gespanne ebenso nochmal pr\u00e4sentieren durften. Eine tolle Veranstaltung, die immer wieder neu begeistert !<\/p>\n\n\n\n<figure class=\"wp-block-gallery has-nested-images columns-default is-cropped wp-block-gallery-11 is-layout-flex\">\n<figure class=\"wp-block-image size-large\"><a href=\"https:\/\/www.reitverein-ellefeld.de\/wp-content\/uploads\/440964915_737851238562741_1508553315860723098_n.jpg\"><img decoding=\"async\" loading=\"lazy\" width=\"1024\" height=\"1024\" data-id=\"63307\"  src=\"https:\/\/www.reitverein-ellefeld.de\/wp-content\/uploads\/440964915_737851238562741_1508553315860723098_n-1024x1024.jpg\" alt=\"\" class=\"wp-image-63307\" srcset=\"https:\/\/www.reitverein-ellefeld.de\/wp-content\/uploads\/440964915_737851238562741_1508553315860723098_n-1024x1024.jpg 1024w, https:\/\/www.reitverein-ellefeld.de\/wp-content\/uploads\/440964915_737851238562741_1508553315860723098_n-300x300.jpg 300w, https:\/\/www.reitverein-ellefeld.de\/wp-content\/uploads\/440964915_737851238562741_1508553315860723098_n-150x150.jpg 150w, https:\/\/www.reitverein-ellefeld.de\/wp-content\/uploads\/440964915_737851238562741_1508553315860723098_n-768x768.jpg 768w, https:\/\/www.reitverein-ellefeld.de\/wp-content\/uploads\/440964915_737851238562741_1508553315860723098_n.jpg 1365w\" sizes=\"(max-width: 1024px) 100vw, 1024px\" \/><\/a><\/figure>\n\n\n\n<figure class=\"wp-block-image size-large\"><a href=\"https:\/\/www.reitverein-ellefeld.de\/wp-content\/uploads\/443843316_737851181896080_7066666164164404526_n.jpg\"><img decoding=\"async\" loading=\"lazy\" width=\"1024\" height=\"1024\" data-id=\"63310\"  src=\"https:\/\/www.reitverein-ellefeld.de\/wp-content\/uploads\/443843316_737851181896080_7066666164164404526_n-1024x1024.jpg\" alt=\"\" class=\"wp-image-63310\" srcset=\"https:\/\/www.reitverein-ellefeld.de\/wp-content\/uploads\/443843316_737851181896080_7066666164164404526_n-1024x1024.jpg 1024w, https:\/\/www.reitverein-ellefeld.de\/wp-content\/uploads\/443843316_737851181896080_7066666164164404526_n-300x300.jpg 300w, https:\/\/www.reitverein-ellefeld.de\/wp-content\/uploads\/443843316_737851181896080_7066666164164404526_n-150x150.jpg 150w, https:\/\/www.reitverein-ellefeld.de\/wp-content\/uploads\/443843316_737851181896080_7066666164164404526_n-768x768.jpg 768w, https:\/\/www.reitverein-ellefeld.de\/wp-content\/uploads\/443843316_737851181896080_7066666164164404526_n.jpg 1200w\" sizes=\"(max-width: 1024px) 100vw, 1024px\" \/><\/a><\/figure>\n\n\n\n<figure class=\"wp-block-image size-large\"><a href=\"https:\/\/www.reitverein-ellefeld.de\/wp-content\/uploads\/444151187_737851258562739_5059233169946476933_n.jpg\"><img decoding=\"async\" loading=\"lazy\" width=\"1024\" height=\"1024\" data-id=\"63308\"  src=\"https:\/\/www.reitverein-ellefeld.de\/wp-content\/uploads\/444151187_737851258562739_5059233169946476933_n-1024x1024.jpg\" alt=\"\" class=\"wp-image-63308\" srcset=\"https:\/\/www.reitverein-ellefeld.de\/wp-content\/uploads\/444151187_737851258562739_5059233169946476933_n-1024x1024.jpg 1024w, https:\/\/www.reitverein-ellefeld.de\/wp-content\/uploads\/444151187_737851258562739_5059233169946476933_n-300x300.jpg 300w, https:\/\/www.reitverein-ellefeld.de\/wp-content\/uploads\/444151187_737851258562739_5059233169946476933_n-150x150.jpg 150w, https:\/\/www.reitverein-ellefeld.de\/wp-content\/uploads\/444151187_737851258562739_5059233169946476933_n-768x768.jpg 768w, https:\/\/www.reitverein-ellefeld.de\/wp-content\/uploads\/444151187_737851258562739_5059233169946476933_n.jpg 1200w\" sizes=\"(max-width: 1024px) 100vw, 1024px\" \/><\/a><\/figure>\n\n\n\n<figure class=\"wp-block-image size-large\"><a href=\"https:\/\/www.reitverein-ellefeld.de\/wp-content\/uploads\/445011323_737851215229410_9047514033179306231_n.jpg\"><img decoding=\"async\" loading=\"lazy\" width=\"879\" height=\"879\" data-id=\"63309\"  src=\"https:\/\/www.reitverein-ellefeld.de\/wp-content\/uploads\/445011323_737851215229410_9047514033179306231_n.jpg\" alt=\"\" class=\"wp-image-63309\" srcset=\"https:\/\/www.reitverein-ellefeld.de\/wp-content\/uploads\/445011323_737851215229410_9047514033179306231_n.jpg 879w, https:\/\/www.reitverein-ellefeld.de\/wp-content\/uploads\/445011323_737851215229410_9047514033179306231_n-300x300.jpg 300w, https:\/\/www.reitverein-ellefeld.de\/wp-content\/uploads\/445011323_737851215229410_9047514033179306231_n-150x150.jpg 150w, https:\/\/www.reitverein-ellefeld.de\/wp-content\/uploads\/445011323_737851215229410_9047514033179306231_n-768x768.jpg 768w\" sizes=\"(max-width: 879px) 100vw, 879px\" \/><\/a><\/figure>\n<\/figure>\n\n\n\n<h2 class=\"wp-block-heading\">Kinder- und Jugendtag 2024<\/h2>\n\n\n\n<p>Am 1 .Mai fand wieder der Kinder- und Jugendtag des RFV Ellefeld e.V. statt. Dieser soll Reitsch\u00fclern und interessierten Kindern und Jugendlichen die Chance bieten sich auch nochmal intensiver mit den Basics des Reitens zu besch\u00e4ftigen. In verschiedenen Stationen wurde das richtige Putzen der Pferde, die Pflege und der Aufbau des Sattelzeugs ge\u00fcbt, verinnerlicht und erkl\u00e4rt. Zus\u00e4tzlich gab es noch eine tolle und anschauliche \u00dcbersicht \u00fcber die Haltung und F\u00fctterung des Pferdes. Am Ende wurden zusammen mit Gunter Sch\u00f6niger Techniken zum &#8222;richtigen&#8220; Fallen ge\u00fcbt. W\u00e4hrend des Tages gab es nat\u00fcrlich auch besser Verpflegung mit Kaffee und Kuchen. Ein gelungener Nachmittag bei bestem Wetter.<\/p>\n\n\n\n<figure class=\"wp-block-gallery has-nested-images columns-default is-cropped wp-block-gallery-13 is-layout-flex\">\n<figure class=\"wp-block-image size-large\"><a href=\"https:\/\/www.reitverein-ellefeld.de\/wp-content\/uploads\/440570908_725246209823244_5790127398075345056_n.jpg\"><img decoding=\"async\" loading=\"lazy\" width=\"1024\" height=\"1024\" data-id=\"63311\"  src=\"https:\/\/www.reitverein-ellefeld.de\/wp-content\/uploads\/440570908_725246209823244_5790127398075345056_n-1024x1024.jpg\" alt=\"\" class=\"wp-image-63311\" srcset=\"https:\/\/www.reitverein-ellefeld.de\/wp-content\/uploads\/440570908_725246209823244_5790127398075345056_n-1024x1024.jpg 1024w, https:\/\/www.reitverein-ellefeld.de\/wp-content\/uploads\/440570908_725246209823244_5790127398075345056_n-300x300.jpg 300w, https:\/\/www.reitverein-ellefeld.de\/wp-content\/uploads\/440570908_725246209823244_5790127398075345056_n-150x150.jpg 150w, https:\/\/www.reitverein-ellefeld.de\/wp-content\/uploads\/440570908_725246209823244_5790127398075345056_n-768x768.jpg 768w, https:\/\/www.reitverein-ellefeld.de\/wp-content\/uploads\/440570908_725246209823244_5790127398075345056_n.jpg 1440w\" sizes=\"(max-width: 1024px) 100vw, 1024px\" \/><\/a><\/figure>\n\n\n\n<figure class=\"wp-block-image size-large\"><a href=\"https:\/\/www.reitverein-ellefeld.de\/wp-content\/uploads\/440571948_725246226489909_7809531144518848879_n.jpg\"><img decoding=\"async\" loading=\"lazy\" width=\"1024\" height=\"1024\" data-id=\"63312\"  src=\"https:\/\/www.reitverein-ellefeld.de\/wp-content\/uploads\/440571948_725246226489909_7809531144518848879_n-1024x1024.jpg\" alt=\"\" class=\"wp-image-63312\" srcset=\"https:\/\/www.reitverein-ellefeld.de\/wp-content\/uploads\/440571948_725246226489909_7809531144518848879_n-1024x1024.jpg 1024w, https:\/\/www.reitverein-ellefeld.de\/wp-content\/uploads\/440571948_725246226489909_7809531144518848879_n-300x300.jpg 300w, https:\/\/www.reitverein-ellefeld.de\/wp-content\/uploads\/440571948_725246226489909_7809531144518848879_n-150x150.jpg 150w, https:\/\/www.reitverein-ellefeld.de\/wp-content\/uploads\/440571948_725246226489909_7809531144518848879_n-768x768.jpg 768w, https:\/\/www.reitverein-ellefeld.de\/wp-content\/uploads\/440571948_725246226489909_7809531144518848879_n.jpg 1440w\" sizes=\"(max-width: 1024px) 100vw, 1024px\" \/><\/a><\/figure>\n\n\n\n<figure class=\"wp-block-image size-large\"><a href=\"https:\/\/www.reitverein-ellefeld.de\/wp-content\/uploads\/440577411_725246229823242_8622514541892391714_n.jpg\"><img decoding=\"async\" loading=\"lazy\" width=\"1024\" height=\"1024\" data-id=\"63316\"  src=\"https:\/\/www.reitverein-ellefeld.de\/wp-content\/uploads\/440577411_725246229823242_8622514541892391714_n-1024x1024.jpg\" alt=\"\" class=\"wp-image-63316\" srcset=\"https:\/\/www.reitverein-ellefeld.de\/wp-content\/uploads\/440577411_725246229823242_8622514541892391714_n-1024x1024.jpg 1024w, https:\/\/www.reitverein-ellefeld.de\/wp-content\/uploads\/440577411_725246229823242_8622514541892391714_n-300x300.jpg 300w, https:\/\/www.reitverein-ellefeld.de\/wp-content\/uploads\/440577411_725246229823242_8622514541892391714_n-150x150.jpg 150w, https:\/\/www.reitverein-ellefeld.de\/wp-content\/uploads\/440577411_725246229823242_8622514541892391714_n-768x768.jpg 768w, https:\/\/www.reitverein-ellefeld.de\/wp-content\/uploads\/440577411_725246229823242_8622514541892391714_n.jpg 1440w\" sizes=\"(max-width: 1024px) 100vw, 1024px\" \/><\/a><\/figure>\n\n\n\n<figure class=\"wp-block-image size-large\"><a href=\"https:\/\/www.reitverein-ellefeld.de\/wp-content\/uploads\/440602800_725246216489910_2123367274745450648_n.jpg\"><img decoding=\"async\" loading=\"lazy\" width=\"1024\" height=\"1024\" data-id=\"63313\"  src=\"https:\/\/www.reitverein-ellefeld.de\/wp-content\/uploads\/440602800_725246216489910_2123367274745450648_n-1024x1024.jpg\" alt=\"\" class=\"wp-image-63313\" srcset=\"https:\/\/www.reitverein-ellefeld.de\/wp-content\/uploads\/440602800_725246216489910_2123367274745450648_n-1024x1024.jpg 1024w, https:\/\/www.reitverein-ellefeld.de\/wp-content\/uploads\/440602800_725246216489910_2123367274745450648_n-300x300.jpg 300w, https:\/\/www.reitverein-ellefeld.de\/wp-content\/uploads\/440602800_725246216489910_2123367274745450648_n-150x150.jpg 150w, https:\/\/www.reitverein-ellefeld.de\/wp-content\/uploads\/440602800_725246216489910_2123367274745450648_n-768x768.jpg 768w, https:\/\/www.reitverein-ellefeld.de\/wp-content\/uploads\/440602800_725246216489910_2123367274745450648_n.jpg 1200w\" sizes=\"(max-width: 1024px) 100vw, 1024px\" \/><\/a><\/figure>\n\n\n\n<figure class=\"wp-block-image size-large\"><a href=\"https:\/\/www.reitverein-ellefeld.de\/wp-content\/uploads\/440975304_725246233156575_6216265069265426045_n.jpg\"><img decoding=\"async\" loading=\"lazy\" width=\"1024\" height=\"1024\" data-id=\"63314\"  src=\"https:\/\/www.reitverein-ellefeld.de\/wp-content\/uploads\/440975304_725246233156575_6216265069265426045_n-1024x1024.jpg\" alt=\"\" class=\"wp-image-63314\" srcset=\"https:\/\/www.reitverein-ellefeld.de\/wp-content\/uploads\/440975304_725246233156575_6216265069265426045_n-1024x1024.jpg 1024w, https:\/\/www.reitverein-ellefeld.de\/wp-content\/uploads\/440975304_725246233156575_6216265069265426045_n-300x300.jpg 300w, https:\/\/www.reitverein-ellefeld.de\/wp-content\/uploads\/440975304_725246233156575_6216265069265426045_n-150x150.jpg 150w, https:\/\/www.reitverein-ellefeld.de\/wp-content\/uploads\/440975304_725246233156575_6216265069265426045_n-768x768.jpg 768w, https:\/\/www.reitverein-ellefeld.de\/wp-content\/uploads\/440975304_725246233156575_6216265069265426045_n.jpg 1440w\" sizes=\"(max-width: 1024px) 100vw, 1024px\" \/><\/a><\/figure>\n\n\n\n<figure class=\"wp-block-image size-large\"><a href=\"https:\/\/www.reitverein-ellefeld.de\/wp-content\/uploads\/441021617_725246206489911_8644503053480099645_n.jpg\"><img decoding=\"async\" loading=\"lazy\" width=\"1024\" height=\"1024\" data-id=\"63315\"  src=\"https:\/\/www.reitverein-ellefeld.de\/wp-content\/uploads\/441021617_725246206489911_8644503053480099645_n-1024x1024.jpg\" alt=\"\" class=\"wp-image-63315\" srcset=\"https:\/\/www.reitverein-ellefeld.de\/wp-content\/uploads\/441021617_725246206489911_8644503053480099645_n-1024x1024.jpg 1024w, https:\/\/www.reitverein-ellefeld.de\/wp-content\/uploads\/441021617_725246206489911_8644503053480099645_n-300x300.jpg 300w, https:\/\/www.reitverein-ellefeld.de\/wp-content\/uploads\/441021617_725246206489911_8644503053480099645_n-150x150.jpg 150w, https:\/\/www.reitverein-ellefeld.de\/wp-content\/uploads\/441021617_725246206489911_8644503053480099645_n-768x768.jpg 768w, https:\/\/www.reitverein-ellefeld.de\/wp-content\/uploads\/441021617_725246206489911_8644503053480099645_n.jpg 1440w\" sizes=\"(max-width: 1024px) 100vw, 1024px\" \/><\/a><\/figure>\n<\/figure>\n\n\n\n<h2 class=\"wp-block-heading\">Fohlentaufe 2024<\/h2>\n\n\n\n<p>Vier Fohlen der Rasse S\u00e4chsisch-th\u00fcringisches Schweres Warmblut wurden am 30. April traditionell zum H\u00f6henfeuer von Arndt Sch\u00f6niger getauft.<\/p>\n\n\n\n<p>Zwei Stutfohlen mit den Namen<\/p>\n\n\n\n<p>Apache (aus Afrika von Mylord) und<\/p>\n\n\n\n<p>Abba (aus Anmut von Mylord) <\/p>\n\n\n\n<p>Ebenso wie die beiden Hengste<\/p>\n\n\n\n<p>Einstein ( aus Aphrodite von Eleve ) und<\/p>\n\n\n\n<p>Elvis (aus Apfelbl\u00fcte von Eleve).<\/p>\n\n\n\n<p>Ebenso wurden die beiden Reitsch\u00fclerinnnen Nora und Emma f\u00fcr ihre guten reiterlichen Leistungen geehrt.<\/p>\n\n\n\n<p>Wir bedanken uns bei allen interessierten Zuschauern und freuen uns schon jetzt auf das n\u00e4chste Jahr.<\/p>\n\n\n\n<figure class=\"wp-block-gallery has-nested-images columns-default is-cropped wp-block-gallery-15 is-layout-flex\">\n<figure class=\"wp-block-image size-large\"><a href=\"https:\/\/www.reitverein-ellefeld.de\/wp-content\/uploads\/440388164_725240576490474_5780200360203094663_n.jpg\"><img decoding=\"async\" loading=\"lazy\" width=\"1024\" height=\"1024\" data-id=\"63319\"  src=\"https:\/\/www.reitverein-ellefeld.de\/wp-content\/uploads\/440388164_725240576490474_5780200360203094663_n-1024x1024.jpg\" alt=\"\" class=\"wp-image-63319\" srcset=\"https:\/\/www.reitverein-ellefeld.de\/wp-content\/uploads\/440388164_725240576490474_5780200360203094663_n-1024x1024.jpg 1024w, https:\/\/www.reitverein-ellefeld.de\/wp-content\/uploads\/440388164_725240576490474_5780200360203094663_n-300x300.jpg 300w, https:\/\/www.reitverein-ellefeld.de\/wp-content\/uploads\/440388164_725240576490474_5780200360203094663_n-150x150.jpg 150w, https:\/\/www.reitverein-ellefeld.de\/wp-content\/uploads\/440388164_725240576490474_5780200360203094663_n-768x768.jpg 768w, https:\/\/www.reitverein-ellefeld.de\/wp-content\/uploads\/440388164_725240576490474_5780200360203094663_n.jpg 1440w\" sizes=\"(max-width: 1024px) 100vw, 1024px\" \/><\/a><\/figure>\n\n\n\n<figure class=\"wp-block-image size-large\"><a href=\"https:\/\/www.reitverein-ellefeld.de\/wp-content\/uploads\/440577640_725240503157148_7619538698753988124_n.jpg\"><img decoding=\"async\" loading=\"lazy\" width=\"1024\" height=\"1024\" data-id=\"63320\"  src=\"https:\/\/www.reitverein-ellefeld.de\/wp-content\/uploads\/440577640_725240503157148_7619538698753988124_n-1024x1024.jpg\" alt=\"\" class=\"wp-image-63320\" srcset=\"https:\/\/www.reitverein-ellefeld.de\/wp-content\/uploads\/440577640_725240503157148_7619538698753988124_n-1024x1024.jpg 1024w, https:\/\/www.reitverein-ellefeld.de\/wp-content\/uploads\/440577640_725240503157148_7619538698753988124_n-300x300.jpg 300w, https:\/\/www.reitverein-ellefeld.de\/wp-content\/uploads\/440577640_725240503157148_7619538698753988124_n-150x150.jpg 150w, https:\/\/www.reitverein-ellefeld.de\/wp-content\/uploads\/440577640_725240503157148_7619538698753988124_n-768x768.jpg 768w, https:\/\/www.reitverein-ellefeld.de\/wp-content\/uploads\/440577640_725240503157148_7619538698753988124_n.jpg 1440w\" sizes=\"(max-width: 1024px) 100vw, 1024px\" \/><\/a><\/figure>\n\n\n\n<figure class=\"wp-block-image size-large\"><a href=\"https:\/\/www.reitverein-ellefeld.de\/wp-content\/uploads\/440578256_725240479823817_8798753545100523919_n.jpg\"><img decoding=\"async\" loading=\"lazy\" width=\"1024\" height=\"1024\" data-id=\"63322\"  src=\"https:\/\/www.reitverein-ellefeld.de\/wp-content\/uploads\/440578256_725240479823817_8798753545100523919_n-1024x1024.jpg\" alt=\"\" class=\"wp-image-63322\" srcset=\"https:\/\/www.reitverein-ellefeld.de\/wp-content\/uploads\/440578256_725240479823817_8798753545100523919_n-1024x1024.jpg 1024w, https:\/\/www.reitverein-ellefeld.de\/wp-content\/uploads\/440578256_725240479823817_8798753545100523919_n-300x300.jpg 300w, https:\/\/www.reitverein-ellefeld.de\/wp-content\/uploads\/440578256_725240479823817_8798753545100523919_n-150x150.jpg 150w, https:\/\/www.reitverein-ellefeld.de\/wp-content\/uploads\/440578256_725240479823817_8798753545100523919_n-768x768.jpg 768w, https:\/\/www.reitverein-ellefeld.de\/wp-content\/uploads\/440578256_725240479823817_8798753545100523919_n.jpg 1440w\" sizes=\"(max-width: 1024px) 100vw, 1024px\" \/><\/a><\/figure>\n\n\n\n<figure class=\"wp-block-image size-large\"><a href=\"https:\/\/www.reitverein-ellefeld.de\/wp-content\/uploads\/440582197_725240523157146_2279713777493767858_n.jpg\"><img decoding=\"async\" loading=\"lazy\" width=\"1024\" height=\"1024\" data-id=\"63324\"  src=\"https:\/\/www.reitverein-ellefeld.de\/wp-content\/uploads\/440582197_725240523157146_2279713777493767858_n-1024x1024.jpg\" alt=\"\" class=\"wp-image-63324\" srcset=\"https:\/\/www.reitverein-ellefeld.de\/wp-content\/uploads\/440582197_725240523157146_2279713777493767858_n-1024x1024.jpg 1024w, https:\/\/www.reitverein-ellefeld.de\/wp-content\/uploads\/440582197_725240523157146_2279713777493767858_n-300x300.jpg 300w, https:\/\/www.reitverein-ellefeld.de\/wp-content\/uploads\/440582197_725240523157146_2279713777493767858_n-150x150.jpg 150w, https:\/\/www.reitverein-ellefeld.de\/wp-content\/uploads\/440582197_725240523157146_2279713777493767858_n-768x768.jpg 768w, https:\/\/www.reitverein-ellefeld.de\/wp-content\/uploads\/440582197_725240523157146_2279713777493767858_n.jpg 1440w\" sizes=\"(max-width: 1024px) 100vw, 1024px\" \/><\/a><\/figure>\n\n\n\n<figure class=\"wp-block-image size-large\"><a href=\"https:\/\/www.reitverein-ellefeld.de\/wp-content\/uploads\/440607365_725240459823819_171124956381407607_n.jpg\"><img decoding=\"async\" loading=\"lazy\" width=\"1024\" height=\"1024\" data-id=\"63323\"  src=\"https:\/\/www.reitverein-ellefeld.de\/wp-content\/uploads\/440607365_725240459823819_171124956381407607_n-1024x1024.jpg\" alt=\"\" class=\"wp-image-63323\" srcset=\"https:\/\/www.reitverein-ellefeld.de\/wp-content\/uploads\/440607365_725240459823819_171124956381407607_n-1024x1024.jpg 1024w, https:\/\/www.reitverein-ellefeld.de\/wp-content\/uploads\/440607365_725240459823819_171124956381407607_n-300x300.jpg 300w, https:\/\/www.reitverein-ellefeld.de\/wp-content\/uploads\/440607365_725240459823819_171124956381407607_n-150x150.jpg 150w, https:\/\/www.reitverein-ellefeld.de\/wp-content\/uploads\/440607365_725240459823819_171124956381407607_n-768x768.jpg 768w, https:\/\/www.reitverein-ellefeld.de\/wp-content\/uploads\/440607365_725240459823819_171124956381407607_n.jpg 1440w\" sizes=\"(max-width: 1024px) 100vw, 1024px\" \/><\/a><\/figure>\n\n\n\n<figure class=\"wp-block-image size-large\"><a href=\"https:\/\/www.reitverein-ellefeld.de\/wp-content\/uploads\/440805613_725240396490492_1771137538763182776_n.jpg\"><img decoding=\"async\" loading=\"lazy\" width=\"1024\" height=\"1024\" data-id=\"63321\"  src=\"https:\/\/www.reitverein-ellefeld.de\/wp-content\/uploads\/440805613_725240396490492_1771137538763182776_n-1024x1024.jpg\" alt=\"\" class=\"wp-image-63321\" srcset=\"https:\/\/www.reitverein-ellefeld.de\/wp-content\/uploads\/440805613_725240396490492_1771137538763182776_n-1024x1024.jpg 1024w, https:\/\/www.reitverein-ellefeld.de\/wp-content\/uploads\/440805613_725240396490492_1771137538763182776_n-300x300.jpg 300w, https:\/\/www.reitverein-ellefeld.de\/wp-content\/uploads\/440805613_725240396490492_1771137538763182776_n-150x150.jpg 150w, https:\/\/www.reitverein-ellefeld.de\/wp-content\/uploads\/440805613_725240396490492_1771137538763182776_n-768x768.jpg 768w, https:\/\/www.reitverein-ellefeld.de\/wp-content\/uploads\/440805613_725240396490492_1771137538763182776_n.jpg 1440w\" sizes=\"(max-width: 1024px) 100vw, 1024px\" \/><\/a><\/figure>\n\n\n\n<figure class=\"wp-block-image size-large\"><a href=\"https:\/\/www.reitverein-ellefeld.de\/wp-content\/uploads\/441457596_725240436490488_1066521134478531241_n.jpg\"><img decoding=\"async\" loading=\"lazy\" width=\"1024\" height=\"1024\" data-id=\"63325\"  src=\"https:\/\/www.reitverein-ellefeld.de\/wp-content\/uploads\/441457596_725240436490488_1066521134478531241_n-1024x1024.jpg\" alt=\"\" class=\"wp-image-63325\" srcset=\"https:\/\/www.reitverein-ellefeld.de\/wp-content\/uploads\/441457596_725240436490488_1066521134478531241_n-1024x1024.jpg 1024w, https:\/\/www.reitverein-ellefeld.de\/wp-content\/uploads\/441457596_725240436490488_1066521134478531241_n-300x300.jpg 300w, https:\/\/www.reitverein-ellefeld.de\/wp-content\/uploads\/441457596_725240436490488_1066521134478531241_n-150x150.jpg 150w, https:\/\/www.reitverein-ellefeld.de\/wp-content\/uploads\/441457596_725240436490488_1066521134478531241_n-768x768.jpg 768w, https:\/\/www.reitverein-ellefeld.de\/wp-content\/uploads\/441457596_725240436490488_1066521134478531241_n.jpg 1440w\" sizes=\"(max-width: 1024px) 100vw, 1024px\" \/><\/a><\/figure>\n<\/figure>\n\n\n\n<h2 class=\"wp-block-heading\">RFV-F\u00f6rderlehrgang 2024<\/h2>\n\n\n\n<p>Die teilnehmenden Vereinsmitglieder nutzen das Angebot zahlreich und konnten so mit finanzieller Unterst\u00fctzung durch den Reit-und Fahrverein Ellefeld lehrreiche Reitstunden genie\u00dfen. Das Training wurde von Ivonne Kropf geleitet und es wurde 3 Tage lang in verschiedenen Gruppen am Sitz der Reiter und der Rittigkeit der Pferde gearbeitet. Gymnastikreihen und Trab-und Galoppstangen unterst\u00fctzen das Training und forderten Geschicklichkeit von Reiter und Pferden. <\/p>\n\n\n\n<figure class=\"wp-block-image size-large\"><a href=\"https:\/\/www.reitverein-ellefeld.de\/wp-content\/uploads\/434723357_704294741918391_2472963128030414857_n.jpg\"><img decoding=\"async\" loading=\"lazy\" width=\"1024\" height=\"1024\" src=\"https:\/\/www.reitverein-ellefeld.de\/wp-content\/uploads\/434723357_704294741918391_2472963128030414857_n-1024x1024.jpg\" alt=\"\" class=\"wp-image-63273\" srcset=\"https:\/\/www.reitverein-ellefeld.de\/wp-content\/uploads\/434723357_704294741918391_2472963128030414857_n-1024x1024.jpg 1024w, https:\/\/www.reitverein-ellefeld.de\/wp-content\/uploads\/434723357_704294741918391_2472963128030414857_n-300x300.jpg 300w, https:\/\/www.reitverein-ellefeld.de\/wp-content\/uploads\/434723357_704294741918391_2472963128030414857_n-150x150.jpg 150w, https:\/\/www.reitverein-ellefeld.de\/wp-content\/uploads\/434723357_704294741918391_2472963128030414857_n-768x768.jpg 768w, https:\/\/www.reitverein-ellefeld.de\/wp-content\/uploads\/434723357_704294741918391_2472963128030414857_n.jpg 1440w\" sizes=\"(max-width: 1024px) 100vw, 1024px\" \/><\/a><\/figure>\n\n\n\n<h2 class=\"wp-block-heading\">7. S\u00e4chsisch-Th\u00fcringische Jungz\u00fcchterwettebewerb<\/h2>\n\n\n\n<p>Am 16. M\u00e4rz 2024 fand der 7. S\u00e4chsisch-th\u00fcringische Jungz\u00fcchterwettbewerb auf der Messe Reiten-Jagen-Fischen in Erfurt statt. Auch einige Vereinsmitglieder des RFV Ellefeld waren dort am Start und vertraten erfolgreich den PZV Vogtland.<\/p>\n\n\n\n<p>In den Teildisziplinen Vormustern , Theorie und Exterieurbeurteilung mussten die Teilnehmer ihr K\u00f6nnen unter Beweis stellen. Hocherfolgreich war dabei unter Anderem auch Florentine Sch\u00f6niger , die in ihrer Altersklasse den 5. Platz unter 51 Startern belegte und beste in der Theorie war.<\/p>\n\n\n\n<p>Herzlichen Gl\u00fcckwunsch!<\/p>\n\n\n\n<figure class=\"wp-block-image size-large\"><a href=\"https:\/\/www.reitverein-ellefeld.de\/wp-content\/uploads\/433486436_703185282029337_610470604899541569_n.jpg\"><img decoding=\"async\" loading=\"lazy\" width=\"1024\" height=\"768\" src=\"https:\/\/www.reitverein-ellefeld.de\/wp-content\/uploads\/433486436_703185282029337_610470604899541569_n-1024x768.jpg\" alt=\"\" class=\"wp-image-63272\" srcset=\"https:\/\/www.reitverein-ellefeld.de\/wp-content\/uploads\/433486436_703185282029337_610470604899541569_n-1024x768.jpg 1024w, https:\/\/www.reitverein-ellefeld.de\/wp-content\/uploads\/433486436_703185282029337_610470604899541569_n-300x225.jpg 300w, https:\/\/www.reitverein-ellefeld.de\/wp-content\/uploads\/433486436_703185282029337_610470604899541569_n-768x576.jpg 768w, https:\/\/www.reitverein-ellefeld.de\/wp-content\/uploads\/433486436_703185282029337_610470604899541569_n-1536x1152.jpg 1536w, https:\/\/www.reitverein-ellefeld.de\/wp-content\/uploads\/433486436_703185282029337_610470604899541569_n.jpg 1600w\" sizes=\"(max-width: 1024px) 100vw, 1024px\" \/><\/a><\/figure>\n\n\n\n<h2 class=\"wp-block-heading\">M\u00e4rchenumzug 2023<\/h2>\n\n\n\n<p>Traditionsgem\u00e4\u00df war es am 1. Advent schon wieder soweit und es fand der M\u00e4rchenumzug in Auerbach statt, organisiert vom Pferdesportverein Sorga.<\/p>\n\n\n\n<p>Bei sch\u00f6nstem winterlichen Wetter ging es vom Hofaupark aus quer durch die Innenstadt, in der zahlreiche Zuschauer die geschm\u00fcckten und kost\u00fcmierten Reiter , Gespanne und Fu\u00dfg\u00e4nger bestaunen konnten.<\/p>\n\n\n\n<p>Auch der Reit- und Fahrverein Ellefeld nahm wieder teil und gestaltete mit 2 Gespannen und zahlreichen Reitern einige Schaubilder und M\u00e4rchen. Der Wolf und die 7 Gei\u00dflein waren dabei genauso vertreten, wie auch Engel, J\u00e4ger, Prinzen oder Harry Potter.<\/p>\n\n\n\n<figure class=\"wp-block-gallery has-nested-images columns-default is-cropped wp-block-gallery-17 is-layout-flex\">\n<figure class=\"wp-block-image size-large\"><a href=\"https:\/\/www.reitverein-ellefeld.de\/wp-content\/uploads\/393362778_641138728233993_6245680591028924864_n.jpg\"><img decoding=\"async\" loading=\"lazy\" width=\"1024\" height=\"1024\" data-id=\"63262\"  src=\"https:\/\/www.reitverein-ellefeld.de\/wp-content\/uploads\/393362778_641138728233993_6245680591028924864_n-1024x1024.jpg\" alt=\"\" class=\"wp-image-63262\" srcset=\"https:\/\/www.reitverein-ellefeld.de\/wp-content\/uploads\/393362778_641138728233993_6245680591028924864_n-1024x1024.jpg 1024w, https:\/\/www.reitverein-ellefeld.de\/wp-content\/uploads\/393362778_641138728233993_6245680591028924864_n-300x300.jpg 300w, https:\/\/www.reitverein-ellefeld.de\/wp-content\/uploads\/393362778_641138728233993_6245680591028924864_n-150x150.jpg 150w, https:\/\/www.reitverein-ellefeld.de\/wp-content\/uploads\/393362778_641138728233993_6245680591028924864_n-768x768.jpg 768w, https:\/\/www.reitverein-ellefeld.de\/wp-content\/uploads\/393362778_641138728233993_6245680591028924864_n.jpg 1440w\" sizes=\"(max-width: 1024px) 100vw, 1024px\" \/><\/a><\/figure>\n\n\n\n<figure class=\"wp-block-image size-large\"><a href=\"https:\/\/www.reitverein-ellefeld.de\/wp-content\/uploads\/393736526_641138744900658_6927738190235296601_n.jpg\"><img decoding=\"async\" loading=\"lazy\" width=\"1024\" height=\"1024\" data-id=\"63263\"  src=\"https:\/\/www.reitverein-ellefeld.de\/wp-content\/uploads\/393736526_641138744900658_6927738190235296601_n-1024x1024.jpg\" alt=\"\" class=\"wp-image-63263\" srcset=\"https:\/\/www.reitverein-ellefeld.de\/wp-content\/uploads\/393736526_641138744900658_6927738190235296601_n-1024x1024.jpg 1024w, https:\/\/www.reitverein-ellefeld.de\/wp-content\/uploads\/393736526_641138744900658_6927738190235296601_n-300x300.jpg 300w, https:\/\/www.reitverein-ellefeld.de\/wp-content\/uploads\/393736526_641138744900658_6927738190235296601_n-150x150.jpg 150w, https:\/\/www.reitverein-ellefeld.de\/wp-content\/uploads\/393736526_641138744900658_6927738190235296601_n-768x768.jpg 768w, https:\/\/www.reitverein-ellefeld.de\/wp-content\/uploads\/393736526_641138744900658_6927738190235296601_n.jpg 1366w\" sizes=\"(max-width: 1024px) 100vw, 1024px\" \/><\/a><\/figure>\n\n\n\n<figure class=\"wp-block-image size-large\"><a href=\"https:\/\/www.reitverein-ellefeld.de\/wp-content\/uploads\/408195197_641138741567325_7399234692313307065_n.jpg\"><img decoding=\"async\" loading=\"lazy\" width=\"1024\" height=\"1024\" data-id=\"63267\"  src=\"https:\/\/www.reitverein-ellefeld.de\/wp-content\/uploads\/408195197_641138741567325_7399234692313307065_n-1024x1024.jpg\" alt=\"\" class=\"wp-image-63267\" srcset=\"https:\/\/www.reitverein-ellefeld.de\/wp-content\/uploads\/408195197_641138741567325_7399234692313307065_n-1024x1024.jpg 1024w, https:\/\/www.reitverein-ellefeld.de\/wp-content\/uploads\/408195197_641138741567325_7399234692313307065_n-300x300.jpg 300w, https:\/\/www.reitverein-ellefeld.de\/wp-content\/uploads\/408195197_641138741567325_7399234692313307065_n-150x150.jpg 150w, https:\/\/www.reitverein-ellefeld.de\/wp-content\/uploads\/408195197_641138741567325_7399234692313307065_n-768x768.jpg 768w, https:\/\/www.reitverein-ellefeld.de\/wp-content\/uploads\/408195197_641138741567325_7399234692313307065_n.jpg 1440w\" sizes=\"(max-width: 1024px) 100vw, 1024px\" \/><\/a><\/figure>\n\n\n\n<figure class=\"wp-block-image size-large\"><a href=\"https:\/\/www.reitverein-ellefeld.de\/wp-content\/uploads\/408236589_641138731567326_684401327226644014_n.jpg\"><img decoding=\"async\" loading=\"lazy\" width=\"1024\" height=\"1024\" data-id=\"63269\"  src=\"https:\/\/www.reitverein-ellefeld.de\/wp-content\/uploads\/408236589_641138731567326_684401327226644014_n-1024x1024.jpg\" alt=\"\" class=\"wp-image-63269\" srcset=\"https:\/\/www.reitverein-ellefeld.de\/wp-content\/uploads\/408236589_641138731567326_684401327226644014_n-1024x1024.jpg 1024w, https:\/\/www.reitverein-ellefeld.de\/wp-content\/uploads\/408236589_641138731567326_684401327226644014_n-300x300.jpg 300w, https:\/\/www.reitverein-ellefeld.de\/wp-content\/uploads\/408236589_641138731567326_684401327226644014_n-150x150.jpg 150w, https:\/\/www.reitverein-ellefeld.de\/wp-content\/uploads\/408236589_641138731567326_684401327226644014_n-768x768.jpg 768w, https:\/\/www.reitverein-ellefeld.de\/wp-content\/uploads\/408236589_641138731567326_684401327226644014_n.jpg 1440w\" sizes=\"(max-width: 1024px) 100vw, 1024px\" \/><\/a><\/figure>\n\n\n\n<figure class=\"wp-block-image size-large\"><a href=\"https:\/\/www.reitverein-ellefeld.de\/wp-content\/uploads\/408254447_641138724900660_2448592059220000129_n.jpg\"><img decoding=\"async\" loading=\"lazy\" width=\"1024\" height=\"1024\" data-id=\"63266\"  src=\"https:\/\/www.reitverein-ellefeld.de\/wp-content\/uploads\/408254447_641138724900660_2448592059220000129_n-1024x1024.jpg\" alt=\"\" class=\"wp-image-63266\" srcset=\"https:\/\/www.reitverein-ellefeld.de\/wp-content\/uploads\/408254447_641138724900660_2448592059220000129_n-1024x1024.jpg 1024w, https:\/\/www.reitverein-ellefeld.de\/wp-content\/uploads\/408254447_641138724900660_2448592059220000129_n-300x300.jpg 300w, https:\/\/www.reitverein-ellefeld.de\/wp-content\/uploads\/408254447_641138724900660_2448592059220000129_n-150x150.jpg 150w, https:\/\/www.reitverein-ellefeld.de\/wp-content\/uploads\/408254447_641138724900660_2448592059220000129_n-768x768.jpg 768w, https:\/\/www.reitverein-ellefeld.de\/wp-content\/uploads\/408254447_641138724900660_2448592059220000129_n.jpg 1440w\" sizes=\"(max-width: 1024px) 100vw, 1024px\" \/><\/a><\/figure>\n\n\n\n<figure class=\"wp-block-image size-large\"><a href=\"https:\/\/www.reitverein-ellefeld.de\/wp-content\/uploads\/408261374_641138738233992_8375308805530162960_n.jpg\"><img decoding=\"async\" loading=\"lazy\" width=\"1024\" height=\"1024\" data-id=\"63265\"  src=\"https:\/\/www.reitverein-ellefeld.de\/wp-content\/uploads\/408261374_641138738233992_8375308805530162960_n-1024x1024.jpg\" alt=\"\" class=\"wp-image-63265\" srcset=\"https:\/\/www.reitverein-ellefeld.de\/wp-content\/uploads\/408261374_641138738233992_8375308805530162960_n-1024x1024.jpg 1024w, https:\/\/www.reitverein-ellefeld.de\/wp-content\/uploads\/408261374_641138738233992_8375308805530162960_n-300x300.jpg 300w, https:\/\/www.reitverein-ellefeld.de\/wp-content\/uploads\/408261374_641138738233992_8375308805530162960_n-150x150.jpg 150w, https:\/\/www.reitverein-ellefeld.de\/wp-content\/uploads\/408261374_641138738233992_8375308805530162960_n-768x768.jpg 768w, https:\/\/www.reitverein-ellefeld.de\/wp-content\/uploads\/408261374_641138738233992_8375308805530162960_n.jpg 1440w\" sizes=\"(max-width: 1024px) 100vw, 1024px\" \/><\/a><\/figure>\n\n\n\n<figure class=\"wp-block-image size-large\"><a href=\"https:\/\/www.reitverein-ellefeld.de\/wp-content\/uploads\/408286075_641138734900659_6135834479525920782_n.jpg\"><img decoding=\"async\" loading=\"lazy\" width=\"1024\" height=\"1024\" data-id=\"63264\"  src=\"https:\/\/www.reitverein-ellefeld.de\/wp-content\/uploads\/408286075_641138734900659_6135834479525920782_n-1024x1024.jpg\" alt=\"\" class=\"wp-image-63264\" srcset=\"https:\/\/www.reitverein-ellefeld.de\/wp-content\/uploads\/408286075_641138734900659_6135834479525920782_n-1024x1024.jpg 1024w, https:\/\/www.reitverein-ellefeld.de\/wp-content\/uploads\/408286075_641138734900659_6135834479525920782_n-300x300.jpg 300w, https:\/\/www.reitverein-ellefeld.de\/wp-content\/uploads\/408286075_641138734900659_6135834479525920782_n-150x150.jpg 150w, https:\/\/www.reitverein-ellefeld.de\/wp-content\/uploads\/408286075_641138734900659_6135834479525920782_n-768x768.jpg 768w, https:\/\/www.reitverein-ellefeld.de\/wp-content\/uploads\/408286075_641138734900659_6135834479525920782_n.jpg 1440w\" sizes=\"(max-width: 1024px) 100vw, 1024px\" \/><\/a><\/figure>\n\n\n\n<figure class=\"wp-block-image size-large\"><a href=\"https:\/\/www.reitverein-ellefeld.de\/wp-content\/uploads\/408296102_641138718233994_6585764787181590123_n.jpg\"><img decoding=\"async\" loading=\"lazy\" width=\"1024\" height=\"1024\" data-id=\"63270\"  src=\"https:\/\/www.reitverein-ellefeld.de\/wp-content\/uploads\/408296102_641138718233994_6585764787181590123_n-1024x1024.jpg\" alt=\"\" class=\"wp-image-63270\" srcset=\"https:\/\/www.reitverein-ellefeld.de\/wp-content\/uploads\/408296102_641138718233994_6585764787181590123_n-1024x1024.jpg 1024w, https:\/\/www.reitverein-ellefeld.de\/wp-content\/uploads\/408296102_641138718233994_6585764787181590123_n-300x300.jpg 300w, https:\/\/www.reitverein-ellefeld.de\/wp-content\/uploads\/408296102_641138718233994_6585764787181590123_n-150x150.jpg 150w, https:\/\/www.reitverein-ellefeld.de\/wp-content\/uploads\/408296102_641138718233994_6585764787181590123_n-768x768.jpg 768w, https:\/\/www.reitverein-ellefeld.de\/wp-content\/uploads\/408296102_641138718233994_6585764787181590123_n.jpg 1440w\" sizes=\"(max-width: 1024px) 100vw, 1024px\" \/><\/a><\/figure>\n\n\n\n<figure class=\"wp-block-image size-large\"><a href=\"https:\/\/www.reitverein-ellefeld.de\/wp-content\/uploads\/408312374_641138721567327_1184534695328460704_n.jpg\"><img decoding=\"async\" loading=\"lazy\" width=\"1024\" height=\"1024\" data-id=\"63268\"  src=\"https:\/\/www.reitverein-ellefeld.de\/wp-content\/uploads\/408312374_641138721567327_1184534695328460704_n-1024x1024.jpg\" alt=\"\" class=\"wp-image-63268\" srcset=\"https:\/\/www.reitverein-ellefeld.de\/wp-content\/uploads\/408312374_641138721567327_1184534695328460704_n-1024x1024.jpg 1024w, https:\/\/www.reitverein-ellefeld.de\/wp-content\/uploads\/408312374_641138721567327_1184534695328460704_n-300x300.jpg 300w, https:\/\/www.reitverein-ellefeld.de\/wp-content\/uploads\/408312374_641138721567327_1184534695328460704_n-150x150.jpg 150w, https:\/\/www.reitverein-ellefeld.de\/wp-content\/uploads\/408312374_641138721567327_1184534695328460704_n-768x768.jpg 768w, https:\/\/www.reitverein-ellefeld.de\/wp-content\/uploads\/408312374_641138721567327_1184534695328460704_n.jpg 1440w\" sizes=\"(max-width: 1024px) 100vw, 1024px\" \/><\/a><\/figure>\n<\/figure>\n\n\n\n<h2 class=\"wp-block-heading\">Breitensportliche Reitveranstaltung zur Ellefelder Kirmes 2023<\/h2>\n\n\n\n<p>Trotz nasskalten Wetters haben sich die Reiter und Zuschauer nicht die Laune verderben lassen und einen tollen Turniertag erlebt. Zahlreiche weitere Fotos findet ihr auf unserer Facebook-Seite.<\/p>\n\n\n\n<figure class=\"wp-block-gallery has-nested-images columns-default is-cropped wp-block-gallery-19 is-layout-flex\">\n<figure class=\"wp-block-image size-large\"><a href=\"https:\/\/www.reitverein-ellefeld.de\/wp-content\/uploads\/Kirmesturnier-1.jpg\"><img decoding=\"async\" loading=\"lazy\" width=\"1024\" height=\"686\" data-id=\"63239\"  src=\"https:\/\/www.reitverein-ellefeld.de\/wp-content\/uploads\/Kirmesturnier-1-1024x686.jpg\" alt=\"\" class=\"wp-image-63239\" srcset=\"https:\/\/www.reitverein-ellefeld.de\/wp-content\/uploads\/Kirmesturnier-1-1024x686.jpg 1024w, https:\/\/www.reitverein-ellefeld.de\/wp-content\/uploads\/Kirmesturnier-1-300x201.jpg 300w, https:\/\/www.reitverein-ellefeld.de\/wp-content\/uploads\/Kirmesturnier-1-768x514.jpg 768w, https:\/\/www.reitverein-ellefeld.de\/wp-content\/uploads\/Kirmesturnier-1-1536x1028.jpg 1536w, https:\/\/www.reitverein-ellefeld.de\/wp-content\/uploads\/Kirmesturnier-1.jpg 2048w\" sizes=\"(max-width: 1024px) 100vw, 1024px\" \/><\/a><\/figure>\n\n\n\n<figure class=\"wp-block-image size-large\"><a href=\"https:\/\/www.reitverein-ellefeld.de\/wp-content\/uploads\/Kirmesturnier-2.jpg\"><img decoding=\"async\" loading=\"lazy\" width=\"1024\" height=\"686\" data-id=\"63242\"  src=\"https:\/\/www.reitverein-ellefeld.de\/wp-content\/uploads\/Kirmesturnier-2-1024x686.jpg\" alt=\"\" class=\"wp-image-63242\" srcset=\"https:\/\/www.reitverein-ellefeld.de\/wp-content\/uploads\/Kirmesturnier-2-1024x686.jpg 1024w, https:\/\/www.reitverein-ellefeld.de\/wp-content\/uploads\/Kirmesturnier-2-300x201.jpg 300w, https:\/\/www.reitverein-ellefeld.de\/wp-content\/uploads\/Kirmesturnier-2-768x514.jpg 768w, https:\/\/www.reitverein-ellefeld.de\/wp-content\/uploads\/Kirmesturnier-2-1536x1028.jpg 1536w, https:\/\/www.reitverein-ellefeld.de\/wp-content\/uploads\/Kirmesturnier-2.jpg 2048w\" sizes=\"(max-width: 1024px) 100vw, 1024px\" \/><\/a><\/figure>\n\n\n\n<figure class=\"wp-block-image size-large\"><a href=\"https:\/\/www.reitverein-ellefeld.de\/wp-content\/uploads\/Kirmesturnier-3.jpg\"><img decoding=\"async\" loading=\"lazy\" width=\"1024\" height=\"686\" data-id=\"63240\"  src=\"https:\/\/www.reitverein-ellefeld.de\/wp-content\/uploads\/Kirmesturnier-3-1024x686.jpg\" alt=\"\" class=\"wp-image-63240\" srcset=\"https:\/\/www.reitverein-ellefeld.de\/wp-content\/uploads\/Kirmesturnier-3-1024x686.jpg 1024w, https:\/\/www.reitverein-ellefeld.de\/wp-content\/uploads\/Kirmesturnier-3-300x201.jpg 300w, https:\/\/www.reitverein-ellefeld.de\/wp-content\/uploads\/Kirmesturnier-3-768x514.jpg 768w, https:\/\/www.reitverein-ellefeld.de\/wp-content\/uploads\/Kirmesturnier-3-1536x1028.jpg 1536w, https:\/\/www.reitverein-ellefeld.de\/wp-content\/uploads\/Kirmesturnier-3.jpg 2048w\" sizes=\"(max-width: 1024px) 100vw, 1024px\" \/><\/a><\/figure>\n\n\n\n<figure class=\"wp-block-image size-large\"><a href=\"https:\/\/www.reitverein-ellefeld.de\/wp-content\/uploads\/Kirmesturnier-4.jpg\"><img decoding=\"async\" loading=\"lazy\" width=\"1024\" height=\"686\" data-id=\"63241\"  src=\"https:\/\/www.reitverein-ellefeld.de\/wp-content\/uploads\/Kirmesturnier-4-1024x686.jpg\" alt=\"\" class=\"wp-image-63241\" srcset=\"https:\/\/www.reitverein-ellefeld.de\/wp-content\/uploads\/Kirmesturnier-4-1024x686.jpg 1024w, https:\/\/www.reitverein-ellefeld.de\/wp-content\/uploads\/Kirmesturnier-4-300x201.jpg 300w, https:\/\/www.reitverein-ellefeld.de\/wp-content\/uploads\/Kirmesturnier-4-768x514.jpg 768w, https:\/\/www.reitverein-ellefeld.de\/wp-content\/uploads\/Kirmesturnier-4-1536x1028.jpg 1536w, https:\/\/www.reitverein-ellefeld.de\/wp-content\/uploads\/Kirmesturnier-4.jpg 2048w\" sizes=\"(max-width: 1024px) 100vw, 1024px\" \/><\/a><\/figure>\n\n\n\n<figure class=\"wp-block-image size-large\"><a href=\"https:\/\/www.reitverein-ellefeld.de\/wp-content\/uploads\/Kirmesturnier-5.jpg\"><img decoding=\"async\" loading=\"lazy\" width=\"1024\" height=\"686\" data-id=\"63253\"  src=\"https:\/\/www.reitverein-ellefeld.de\/wp-content\/uploads\/Kirmesturnier-5-1024x686.jpg\" alt=\"\" class=\"wp-image-63253\" srcset=\"https:\/\/www.reitverein-ellefeld.de\/wp-content\/uploads\/Kirmesturnier-5-1024x686.jpg 1024w, https:\/\/www.reitverein-ellefeld.de\/wp-content\/uploads\/Kirmesturnier-5-300x201.jpg 300w, https:\/\/www.reitverein-ellefeld.de\/wp-content\/uploads\/Kirmesturnier-5-768x514.jpg 768w, https:\/\/www.reitverein-ellefeld.de\/wp-content\/uploads\/Kirmesturnier-5-1536x1028.jpg 1536w, https:\/\/www.reitverein-ellefeld.de\/wp-content\/uploads\/Kirmesturnier-5.jpg 2048w\" sizes=\"(max-width: 1024px) 100vw, 1024px\" \/><\/a><\/figure>\n\n\n\n<figure class=\"wp-block-image size-large\"><a href=\"https:\/\/www.reitverein-ellefeld.de\/wp-content\/uploads\/Kirmesturnier-6.jpg\"><img decoding=\"async\" loading=\"lazy\" width=\"1024\" height=\"686\" data-id=\"63252\"  src=\"https:\/\/www.reitverein-ellefeld.de\/wp-content\/uploads\/Kirmesturnier-6-1024x686.jpg\" alt=\"\" class=\"wp-image-63252\" srcset=\"https:\/\/www.reitverein-ellefeld.de\/wp-content\/uploads\/Kirmesturnier-6-1024x686.jpg 1024w, https:\/\/www.reitverein-ellefeld.de\/wp-content\/uploads\/Kirmesturnier-6-300x201.jpg 300w, https:\/\/www.reitverein-ellefeld.de\/wp-content\/uploads\/Kirmesturnier-6-768x514.jpg 768w, https:\/\/www.reitverein-ellefeld.de\/wp-content\/uploads\/Kirmesturnier-6-1536x1028.jpg 1536w, https:\/\/www.reitverein-ellefeld.de\/wp-content\/uploads\/Kirmesturnier-6.jpg 2048w\" sizes=\"(max-width: 1024px) 100vw, 1024px\" \/><\/a><\/figure>\n\n\n\n<figure class=\"wp-block-image size-large\"><a href=\"https:\/\/www.reitverein-ellefeld.de\/wp-content\/uploads\/Kirmesturnier-7.jpg\"><img decoding=\"async\" loading=\"lazy\" width=\"1024\" height=\"686\" data-id=\"63243\"  src=\"https:\/\/www.reitverein-ellefeld.de\/wp-content\/uploads\/Kirmesturnier-7-1024x686.jpg\" alt=\"\" class=\"wp-image-63243\" srcset=\"https:\/\/www.reitverein-ellefeld.de\/wp-content\/uploads\/Kirmesturnier-7-1024x686.jpg 1024w, https:\/\/www.reitverein-ellefeld.de\/wp-content\/uploads\/Kirmesturnier-7-300x201.jpg 300w, https:\/\/www.reitverein-ellefeld.de\/wp-content\/uploads\/Kirmesturnier-7-768x514.jpg 768w, https:\/\/www.reitverein-ellefeld.de\/wp-content\/uploads\/Kirmesturnier-7-1536x1028.jpg 1536w, https:\/\/www.reitverein-ellefeld.de\/wp-content\/uploads\/Kirmesturnier-7.jpg 2048w\" sizes=\"(max-width: 1024px) 100vw, 1024px\" \/><\/a><\/figure>\n\n\n\n<figure class=\"wp-block-image size-large\"><a href=\"https:\/\/www.reitverein-ellefeld.de\/wp-content\/uploads\/Kirmesturnier-8.jpg\"><img decoding=\"async\" loading=\"lazy\" width=\"1024\" height=\"686\" data-id=\"63248\"  src=\"https:\/\/www.reitverein-ellefeld.de\/wp-content\/uploads\/Kirmesturnier-8-1024x686.jpg\" alt=\"\" class=\"wp-image-63248\" srcset=\"https:\/\/www.reitverein-ellefeld.de\/wp-content\/uploads\/Kirmesturnier-8-1024x686.jpg 1024w, https:\/\/www.reitverein-ellefeld.de\/wp-content\/uploads\/Kirmesturnier-8-300x201.jpg 300w, https:\/\/www.reitverein-ellefeld.de\/wp-content\/uploads\/Kirmesturnier-8-768x514.jpg 768w, https:\/\/www.reitverein-ellefeld.de\/wp-content\/uploads\/Kirmesturnier-8-1536x1028.jpg 1536w, https:\/\/www.reitverein-ellefeld.de\/wp-content\/uploads\/Kirmesturnier-8.jpg 2048w\" sizes=\"(max-width: 1024px) 100vw, 1024px\" \/><\/a><\/figure>\n\n\n\n<figure class=\"wp-block-image size-large\"><a href=\"https:\/\/www.reitverein-ellefeld.de\/wp-content\/uploads\/Kirmesturnier-9.jpg\"><img decoding=\"async\" loading=\"lazy\" width=\"1024\" height=\"686\" data-id=\"63247\"  src=\"https:\/\/www.reitverein-ellefeld.de\/wp-content\/uploads\/Kirmesturnier-9-1024x686.jpg\" alt=\"\" class=\"wp-image-63247\" srcset=\"https:\/\/www.reitverein-ellefeld.de\/wp-content\/uploads\/Kirmesturnier-9-1024x686.jpg 1024w, https:\/\/www.reitverein-ellefeld.de\/wp-content\/uploads\/Kirmesturnier-9-300x201.jpg 300w, https:\/\/www.reitverein-ellefeld.de\/wp-content\/uploads\/Kirmesturnier-9-768x514.jpg 768w, https:\/\/www.reitverein-ellefeld.de\/wp-content\/uploads\/Kirmesturnier-9-1536x1028.jpg 1536w, https:\/\/www.reitverein-ellefeld.de\/wp-content\/uploads\/Kirmesturnier-9.jpg 2048w\" sizes=\"(max-width: 1024px) 100vw, 1024px\" \/><\/a><\/figure>\n\n\n\n<figure class=\"wp-block-image size-large\"><a href=\"https:\/\/www.reitverein-ellefeld.de\/wp-content\/uploads\/Kirmesturnier-10.jpg\"><img decoding=\"async\" loading=\"lazy\" width=\"1024\" height=\"686\" data-id=\"63244\"  src=\"https:\/\/www.reitverein-ellefeld.de\/wp-content\/uploads\/Kirmesturnier-10-1024x686.jpg\" alt=\"\" class=\"wp-image-63244\" srcset=\"https:\/\/www.reitverein-ellefeld.de\/wp-content\/uploads\/Kirmesturnier-10-1024x686.jpg 1024w, https:\/\/www.reitverein-ellefeld.de\/wp-content\/uploads\/Kirmesturnier-10-300x201.jpg 300w, https:\/\/www.reitverein-ellefeld.de\/wp-content\/uploads\/Kirmesturnier-10-768x514.jpg 768w, https:\/\/www.reitverein-ellefeld.de\/wp-content\/uploads\/Kirmesturnier-10-1536x1028.jpg 1536w, https:\/\/www.reitverein-ellefeld.de\/wp-content\/uploads\/Kirmesturnier-10.jpg 2048w\" sizes=\"(max-width: 1024px) 100vw, 1024px\" \/><\/a><\/figure>\n\n\n\n<figure class=\"wp-block-image size-large\"><a href=\"https:\/\/www.reitverein-ellefeld.de\/wp-content\/uploads\/Kirmesturnier-11.jpg\"><img decoding=\"async\" loading=\"lazy\" width=\"686\" height=\"1024\" data-id=\"63251\"  src=\"https:\/\/www.reitverein-ellefeld.de\/wp-content\/uploads\/Kirmesturnier-11-686x1024.jpg\" alt=\"\" class=\"wp-image-63251\" srcset=\"https:\/\/www.reitverein-ellefeld.de\/wp-content\/uploads\/Kirmesturnier-11-686x1024.jpg 686w, https:\/\/www.reitverein-ellefeld.de\/wp-content\/uploads\/Kirmesturnier-11-201x300.jpg 201w, https:\/\/www.reitverein-ellefeld.de\/wp-content\/uploads\/Kirmesturnier-11-768x1147.jpg 768w, https:\/\/www.reitverein-ellefeld.de\/wp-content\/uploads\/Kirmesturnier-11-1028x1536.jpg 1028w, https:\/\/www.reitverein-ellefeld.de\/wp-content\/uploads\/Kirmesturnier-11.jpg 1371w\" sizes=\"(max-width: 686px) 100vw, 686px\" \/><\/a><\/figure>\n\n\n\n<figure class=\"wp-block-image size-large\"><a href=\"https:\/\/www.reitverein-ellefeld.de\/wp-content\/uploads\/Kirmesturnier-12.jpg\"><img decoding=\"async\" loading=\"lazy\" width=\"686\" height=\"1024\" data-id=\"63256\"  src=\"https:\/\/www.reitverein-ellefeld.de\/wp-content\/uploads\/Kirmesturnier-12-686x1024.jpg\" alt=\"\" class=\"wp-image-63256\" srcset=\"https:\/\/www.reitverein-ellefeld.de\/wp-content\/uploads\/Kirmesturnier-12-686x1024.jpg 686w, https:\/\/www.reitverein-ellefeld.de\/wp-content\/uploads\/Kirmesturnier-12-201x300.jpg 201w, https:\/\/www.reitverein-ellefeld.de\/wp-content\/uploads\/Kirmesturnier-12-768x1147.jpg 768w, https:\/\/www.reitverein-ellefeld.de\/wp-content\/uploads\/Kirmesturnier-12-1028x1536.jpg 1028w, https:\/\/www.reitverein-ellefeld.de\/wp-content\/uploads\/Kirmesturnier-12.jpg 1371w\" sizes=\"(max-width: 686px) 100vw, 686px\" \/><\/a><\/figure>\n\n\n\n<figure class=\"wp-block-image size-large\"><a href=\"https:\/\/www.reitverein-ellefeld.de\/wp-content\/uploads\/Kirmesturnier-13.jpg\"><img decoding=\"async\" loading=\"lazy\" width=\"1024\" height=\"686\" data-id=\"63254\"  src=\"https:\/\/www.reitverein-ellefeld.de\/wp-content\/uploads\/Kirmesturnier-13-1024x686.jpg\" alt=\"\" class=\"wp-image-63254\" srcset=\"https:\/\/www.reitverein-ellefeld.de\/wp-content\/uploads\/Kirmesturnier-13-1024x686.jpg 1024w, https:\/\/www.reitverein-ellefeld.de\/wp-content\/uploads\/Kirmesturnier-13-300x201.jpg 300w, https:\/\/www.reitverein-ellefeld.de\/wp-content\/uploads\/Kirmesturnier-13-768x514.jpg 768w, https:\/\/www.reitverein-ellefeld.de\/wp-content\/uploads\/Kirmesturnier-13-1536x1028.jpg 1536w, https:\/\/www.reitverein-ellefeld.de\/wp-content\/uploads\/Kirmesturnier-13.jpg 2048w\" sizes=\"(max-width: 1024px) 100vw, 1024px\" \/><\/a><\/figure>\n\n\n\n<figure class=\"wp-block-image size-large\"><a href=\"https:\/\/www.reitverein-ellefeld.de\/wp-content\/uploads\/Kirmesturnier-14.jpg\"><img decoding=\"async\" loading=\"lazy\" width=\"1024\" height=\"686\" data-id=\"63260\"  src=\"https:\/\/www.reitverein-ellefeld.de\/wp-content\/uploads\/Kirmesturnier-14-1024x686.jpg\" alt=\"\" class=\"wp-image-63260\" srcset=\"https:\/\/www.reitverein-ellefeld.de\/wp-content\/uploads\/Kirmesturnier-14-1024x686.jpg 1024w, https:\/\/www.reitverein-ellefeld.de\/wp-content\/uploads\/Kirmesturnier-14-300x201.jpg 300w, https:\/\/www.reitverein-ellefeld.de\/wp-content\/uploads\/Kirmesturnier-14-768x514.jpg 768w, https:\/\/www.reitverein-ellefeld.de\/wp-content\/uploads\/Kirmesturnier-14-1536x1028.jpg 1536w, https:\/\/www.reitverein-ellefeld.de\/wp-content\/uploads\/Kirmesturnier-14.jpg 2048w\" sizes=\"(max-width: 1024px) 100vw, 1024px\" \/><\/a><\/figure>\n\n\n\n<figure class=\"wp-block-image size-large\"><a href=\"https:\/\/www.reitverein-ellefeld.de\/wp-content\/uploads\/Kirmesturnier-15.jpg\"><img decoding=\"async\" loading=\"lazy\" width=\"1024\" height=\"686\" data-id=\"63259\"  src=\"https:\/\/www.reitverein-ellefeld.de\/wp-content\/uploads\/Kirmesturnier-15-1024x686.jpg\" alt=\"\" class=\"wp-image-63259\" srcset=\"https:\/\/www.reitverein-ellefeld.de\/wp-content\/uploads\/Kirmesturnier-15-1024x686.jpg 1024w, https:\/\/www.reitverein-ellefeld.de\/wp-content\/uploads\/Kirmesturnier-15-300x201.jpg 300w, https:\/\/www.reitverein-ellefeld.de\/wp-content\/uploads\/Kirmesturnier-15-768x514.jpg 768w, https:\/\/www.reitverein-ellefeld.de\/wp-content\/uploads\/Kirmesturnier-15-1536x1028.jpg 1536w, https:\/\/www.reitverein-ellefeld.de\/wp-content\/uploads\/Kirmesturnier-15.jpg 2048w\" sizes=\"(max-width: 1024px) 100vw, 1024px\" \/><\/a><\/figure>\n\n\n\n<figure class=\"wp-block-image size-large\"><a href=\"https:\/\/www.reitverein-ellefeld.de\/wp-content\/uploads\/Kirmesturnier-16.jpg\"><img decoding=\"async\" loading=\"lazy\" width=\"1024\" height=\"686\" data-id=\"63249\"  src=\"https:\/\/www.reitverein-ellefeld.de\/wp-content\/uploads\/Kirmesturnier-16-1024x686.jpg\" alt=\"\" class=\"wp-image-63249\" srcset=\"https:\/\/www.reitverein-ellefeld.de\/wp-content\/uploads\/Kirmesturnier-16-1024x686.jpg 1024w, https:\/\/www.reitverein-ellefeld.de\/wp-content\/uploads\/Kirmesturnier-16-300x201.jpg 300w, https:\/\/www.reitverein-ellefeld.de\/wp-content\/uploads\/Kirmesturnier-16-768x514.jpg 768w, https:\/\/www.reitverein-ellefeld.de\/wp-content\/uploads\/Kirmesturnier-16-1536x1028.jpg 1536w, https:\/\/www.reitverein-ellefeld.de\/wp-content\/uploads\/Kirmesturnier-16.jpg 2048w\" sizes=\"(max-width: 1024px) 100vw, 1024px\" \/><\/a><\/figure>\n\n\n\n<figure class=\"wp-block-image size-large\"><a href=\"https:\/\/www.reitverein-ellefeld.de\/wp-content\/uploads\/Kirmesturnier-17.jpg\"><img decoding=\"async\" loading=\"lazy\" width=\"1024\" height=\"686\" data-id=\"63255\"  src=\"https:\/\/www.reitverein-ellefeld.de\/wp-content\/uploads\/Kirmesturnier-17-1024x686.jpg\" alt=\"\" class=\"wp-image-63255\" srcset=\"https:\/\/www.reitverein-ellefeld.de\/wp-content\/uploads\/Kirmesturnier-17-1024x686.jpg 1024w, https:\/\/www.reitverein-ellefeld.de\/wp-content\/uploads\/Kirmesturnier-17-300x201.jpg 300w, https:\/\/www.reitverein-ellefeld.de\/wp-content\/uploads\/Kirmesturnier-17-768x514.jpg 768w, https:\/\/www.reitverein-ellefeld.de\/wp-content\/uploads\/Kirmesturnier-17-1536x1028.jpg 1536w, https:\/\/www.reitverein-ellefeld.de\/wp-content\/uploads\/Kirmesturnier-17.jpg 2048w\" sizes=\"(max-width: 1024px) 100vw, 1024px\" \/><\/a><\/figure>\n\n\n\n<figure class=\"wp-block-image size-large\"><a href=\"https:\/\/www.reitverein-ellefeld.de\/wp-content\/uploads\/Kirmesturnier-18.jpg\"><img decoding=\"async\" loading=\"lazy\" width=\"1024\" height=\"686\" data-id=\"63245\"  src=\"https:\/\/www.reitverein-ellefeld.de\/wp-content\/uploads\/Kirmesturnier-18-1024x686.jpg\" alt=\"\" class=\"wp-image-63245\" srcset=\"https:\/\/www.reitverein-ellefeld.de\/wp-content\/uploads\/Kirmesturnier-18-1024x686.jpg 1024w, https:\/\/www.reitverein-ellefeld.de\/wp-content\/uploads\/Kirmesturnier-18-300x201.jpg 300w, https:\/\/www.reitverein-ellefeld.de\/wp-content\/uploads\/Kirmesturnier-18-768x514.jpg 768w, https:\/\/www.reitverein-ellefeld.de\/wp-content\/uploads\/Kirmesturnier-18-1536x1028.jpg 1536w, https:\/\/www.reitverein-ellefeld.de\/wp-content\/uploads\/Kirmesturnier-18.jpg 2048w\" sizes=\"(max-width: 1024px) 100vw, 1024px\" \/><\/a><\/figure>\n\n\n\n<figure class=\"wp-block-image size-large\"><a href=\"https:\/\/www.reitverein-ellefeld.de\/wp-content\/uploads\/Kirmesturnier-19.jpg\"><img decoding=\"async\" loading=\"lazy\" width=\"1024\" height=\"686\" data-id=\"63238\"  src=\"https:\/\/www.reitverein-ellefeld.de\/wp-content\/uploads\/Kirmesturnier-19-1024x686.jpg\" alt=\"\" class=\"wp-image-63238\" srcset=\"https:\/\/www.reitverein-ellefeld.de\/wp-content\/uploads\/Kirmesturnier-19-1024x686.jpg 1024w, https:\/\/www.reitverein-ellefeld.de\/wp-content\/uploads\/Kirmesturnier-19-300x201.jpg 300w, https:\/\/www.reitverein-ellefeld.de\/wp-content\/uploads\/Kirmesturnier-19-768x514.jpg 768w, https:\/\/www.reitverein-ellefeld.de\/wp-content\/uploads\/Kirmesturnier-19-1536x1028.jpg 1536w, https:\/\/www.reitverein-ellefeld.de\/wp-content\/uploads\/Kirmesturnier-19.jpg 2048w\" sizes=\"(max-width: 1024px) 100vw, 1024px\" \/><\/a><\/figure>\n\n\n\n<figure class=\"wp-block-image size-large\"><a href=\"https:\/\/www.reitverein-ellefeld.de\/wp-content\/uploads\/Kirmesturnier-20.jpg\"><img decoding=\"async\" loading=\"lazy\" width=\"1024\" height=\"686\" data-id=\"63258\"  src=\"https:\/\/www.reitverein-ellefeld.de\/wp-content\/uploads\/Kirmesturnier-20-1024x686.jpg\" alt=\"\" class=\"wp-image-63258\" srcset=\"https:\/\/www.reitverein-ellefeld.de\/wp-content\/uploads\/Kirmesturnier-20-1024x686.jpg 1024w, https:\/\/www.reitverein-ellefeld.de\/wp-content\/uploads\/Kirmesturnier-20-300x201.jpg 300w, https:\/\/www.reitverein-ellefeld.de\/wp-content\/uploads\/Kirmesturnier-20-768x514.jpg 768w, https:\/\/www.reitverein-ellefeld.de\/wp-content\/uploads\/Kirmesturnier-20-1536x1028.jpg 1536w, https:\/\/www.reitverein-ellefeld.de\/wp-content\/uploads\/Kirmesturnier-20.jpg 2048w\" sizes=\"(max-width: 1024px) 100vw, 1024px\" \/><\/a><\/figure>\n\n\n\n<figure class=\"wp-block-image size-large\"><a href=\"https:\/\/www.reitverein-ellefeld.de\/wp-content\/uploads\/Kirmesturnier-21.jpg\"><img decoding=\"async\" loading=\"lazy\" width=\"1024\" height=\"686\" data-id=\"63250\"  src=\"https:\/\/www.reitverein-ellefeld.de\/wp-content\/uploads\/Kirmesturnier-21-1024x686.jpg\" alt=\"\" class=\"wp-image-63250\" srcset=\"https:\/\/www.reitverein-ellefeld.de\/wp-content\/uploads\/Kirmesturnier-21-1024x686.jpg 1024w, https:\/\/www.reitverein-ellefeld.de\/wp-content\/uploads\/Kirmesturnier-21-300x201.jpg 300w, https:\/\/www.reitverein-ellefeld.de\/wp-content\/uploads\/Kirmesturnier-21-768x514.jpg 768w, https:\/\/www.reitverein-ellefeld.de\/wp-content\/uploads\/Kirmesturnier-21-1536x1028.jpg 1536w, https:\/\/www.reitverein-ellefeld.de\/wp-content\/uploads\/Kirmesturnier-21.jpg 2048w\" sizes=\"(max-width: 1024px) 100vw, 1024px\" \/><\/a><\/figure>\n\n\n\n<figure class=\"wp-block-image size-large\"><a href=\"https:\/\/www.reitverein-ellefeld.de\/wp-content\/uploads\/Kirmesturnier-22.jpg\"><img decoding=\"async\" loading=\"lazy\" width=\"1024\" height=\"686\" data-id=\"63237\"  src=\"https:\/\/www.reitverein-ellefeld.de\/wp-content\/uploads\/Kirmesturnier-22-1024x686.jpg\" alt=\"\" class=\"wp-image-63237\" srcset=\"https:\/\/www.reitverein-ellefeld.de\/wp-content\/uploads\/Kirmesturnier-22-1024x686.jpg 1024w, https:\/\/www.reitverein-ellefeld.de\/wp-content\/uploads\/Kirmesturnier-22-300x201.jpg 300w, https:\/\/www.reitverein-ellefeld.de\/wp-content\/uploads\/Kirmesturnier-22-768x514.jpg 768w, https:\/\/www.reitverein-ellefeld.de\/wp-content\/uploads\/Kirmesturnier-22-1536x1028.jpg 1536w, https:\/\/www.reitverein-ellefeld.de\/wp-content\/uploads\/Kirmesturnier-22.jpg 2048w\" sizes=\"(max-width: 1024px) 100vw, 1024px\" \/><\/a><\/figure>\n\n\n\n<figure class=\"wp-block-image size-large\"><a href=\"https:\/\/www.reitverein-ellefeld.de\/wp-content\/uploads\/Kirmesturnier-23.jpg\"><img decoding=\"async\" loading=\"lazy\" width=\"1024\" height=\"686\" data-id=\"63257\"  src=\"https:\/\/www.reitverein-ellefeld.de\/wp-content\/uploads\/Kirmesturnier-23-1024x686.jpg\" alt=\"\" class=\"wp-image-63257\" srcset=\"https:\/\/www.reitverein-ellefeld.de\/wp-content\/uploads\/Kirmesturnier-23-1024x686.jpg 1024w, https:\/\/www.reitverein-ellefeld.de\/wp-content\/uploads\/Kirmesturnier-23-300x201.jpg 300w, https:\/\/www.reitverein-ellefeld.de\/wp-content\/uploads\/Kirmesturnier-23-768x514.jpg 768w, https:\/\/www.reitverein-ellefeld.de\/wp-content\/uploads\/Kirmesturnier-23-1536x1028.jpg 1536w, https:\/\/www.reitverein-ellefeld.de\/wp-content\/uploads\/Kirmesturnier-23.jpg 2048w\" sizes=\"(max-width: 1024px) 100vw, 1024px\" \/><\/a><\/figure>\n\n\n\n<figure class=\"wp-block-image size-large\"><a href=\"https:\/\/www.reitverein-ellefeld.de\/wp-content\/uploads\/Kirmesturnier-24.jpg\"><img decoding=\"async\" loading=\"lazy\" width=\"1024\" height=\"686\" data-id=\"63246\"  src=\"https:\/\/www.reitverein-ellefeld.de\/wp-content\/uploads\/Kirmesturnier-24-1024x686.jpg\" alt=\"\" class=\"wp-image-63246\" srcset=\"https:\/\/www.reitverein-ellefeld.de\/wp-content\/uploads\/Kirmesturnier-24-1024x686.jpg 1024w, https:\/\/www.reitverein-ellefeld.de\/wp-content\/uploads\/Kirmesturnier-24-300x201.jpg 300w, https:\/\/www.reitverein-ellefeld.de\/wp-content\/uploads\/Kirmesturnier-24-768x514.jpg 768w, https:\/\/www.reitverein-ellefeld.de\/wp-content\/uploads\/Kirmesturnier-24-1536x1028.jpg 1536w, https:\/\/www.reitverein-ellefeld.de\/wp-content\/uploads\/Kirmesturnier-24.jpg 2048w\" sizes=\"(max-width: 1024px) 100vw, 1024px\" \/><\/a><\/figure>\n<\/figure>\n\n\n\n<h2 class=\"wp-block-heading\">Kinder- und Jugendtag 2023<\/h2>\n\n\n\n<p>Der 1. Mai stand beim Reit- und Fahrverein Ellefeld wieder einmal im Zeichen der Jugend. An verschiedenen Stationen wurde den interessierten Kinder und Jugendlichen das Putzen und Pflegen der Pferde und deren Ausr\u00fcstung und dazugeh\u00f6rige Pflege nahe gebracht. Gunter Sch\u00f6niger widmete sich dann auch noch dem Thema &#8222;Falltraining&#8220; und zeigte die wichtigsten Punkte, die man bedenken muss ,wenn das Pferd seinen Reiter doch einmal verlieren sollte. Mit mutigen Spr\u00fcngen ins Stroh konnten die Kinder die Technik dann auch noch ausprobieren.<\/p>\n\n\n\n<p>W\u00e4hrend des Nachmittags hatte man auch immer die M\u00f6glichkeit sich mit einem St\u00fcck Kuchen zu st\u00e4rken. So konnte ein toller und lehrreicher Nachmittag am Stall bei bestem Wetter verbracht werden. <\/p>\n\n\n\n<p>Danke an alle Interessieren und an alle flei\u00dfigen Helfer und Kuchenb\u00e4cker.<\/p>\n\n\n\n<figure class=\"wp-block-gallery has-nested-images columns-default is-cropped wp-block-gallery-21 is-layout-flex\">\n<figure class=\"wp-block-image size-large\"><a href=\"https:\/\/www.reitverein-ellefeld.de\/wp-content\/uploads\/344857608_6112290662151624_1438976909378394915_n.jpg\"><img decoding=\"async\" loading=\"lazy\" width=\"1024\" height=\"1024\" data-id=\"63197\"  src=\"https:\/\/www.reitverein-ellefeld.de\/wp-content\/uploads\/344857608_6112290662151624_1438976909378394915_n-1024x1024.jpg\" alt=\"\" class=\"wp-image-63197\" srcset=\"https:\/\/www.reitverein-ellefeld.de\/wp-content\/uploads\/344857608_6112290662151624_1438976909378394915_n-1024x1024.jpg 1024w, https:\/\/www.reitverein-ellefeld.de\/wp-content\/uploads\/344857608_6112290662151624_1438976909378394915_n-300x300.jpg 300w, https:\/\/www.reitverein-ellefeld.de\/wp-content\/uploads\/344857608_6112290662151624_1438976909378394915_n-150x150.jpg 150w, https:\/\/www.reitverein-ellefeld.de\/wp-content\/uploads\/344857608_6112290662151624_1438976909378394915_n-768x768.jpg 768w, https:\/\/www.reitverein-ellefeld.de\/wp-content\/uploads\/344857608_6112290662151624_1438976909378394915_n.jpg 1440w\" sizes=\"(max-width: 1024px) 100vw, 1024px\" \/><\/a><\/figure>\n\n\n\n<figure class=\"wp-block-image size-large\"><a href=\"https:\/\/www.reitverein-ellefeld.de\/wp-content\/uploads\/344833649_801533531593488_8373683358940012012_n.jpg\"><img decoding=\"async\" loading=\"lazy\" width=\"1024\" height=\"1024\" data-id=\"63196\"  src=\"https:\/\/www.reitverein-ellefeld.de\/wp-content\/uploads\/344833649_801533531593488_8373683358940012012_n-1024x1024.jpg\" alt=\"\" class=\"wp-image-63196\" srcset=\"https:\/\/www.reitverein-ellefeld.de\/wp-content\/uploads\/344833649_801533531593488_8373683358940012012_n-1024x1024.jpg 1024w, https:\/\/www.reitverein-ellefeld.de\/wp-content\/uploads\/344833649_801533531593488_8373683358940012012_n-300x300.jpg 300w, https:\/\/www.reitverein-ellefeld.de\/wp-content\/uploads\/344833649_801533531593488_8373683358940012012_n-150x150.jpg 150w, https:\/\/www.reitverein-ellefeld.de\/wp-content\/uploads\/344833649_801533531593488_8373683358940012012_n-768x768.jpg 768w, https:\/\/www.reitverein-ellefeld.de\/wp-content\/uploads\/344833649_801533531593488_8373683358940012012_n.jpg 1440w\" sizes=\"(max-width: 1024px) 100vw, 1024px\" \/><\/a><\/figure>\n\n\n\n<figure class=\"wp-block-image size-large\"><a href=\"https:\/\/www.reitverein-ellefeld.de\/wp-content\/uploads\/344831972_994231411956874_754114308942243013_n.jpg\"><img decoding=\"async\" loading=\"lazy\" width=\"1024\" height=\"1024\" data-id=\"63195\"  src=\"https:\/\/www.reitverein-ellefeld.de\/wp-content\/uploads\/344831972_994231411956874_754114308942243013_n-1024x1024.jpg\" alt=\"\" class=\"wp-image-63195\" srcset=\"https:\/\/www.reitverein-ellefeld.de\/wp-content\/uploads\/344831972_994231411956874_754114308942243013_n-1024x1024.jpg 1024w, https:\/\/www.reitverein-ellefeld.de\/wp-content\/uploads\/344831972_994231411956874_754114308942243013_n-300x300.jpg 300w, https:\/\/www.reitverein-ellefeld.de\/wp-content\/uploads\/344831972_994231411956874_754114308942243013_n-150x150.jpg 150w, https:\/\/www.reitverein-ellefeld.de\/wp-content\/uploads\/344831972_994231411956874_754114308942243013_n-768x768.jpg 768w, https:\/\/www.reitverein-ellefeld.de\/wp-content\/uploads\/344831972_994231411956874_754114308942243013_n.jpg 1440w\" sizes=\"(max-width: 1024px) 100vw, 1024px\" \/><\/a><\/figure>\n\n\n\n<figure class=\"wp-block-image size-large\"><a href=\"https:\/\/www.reitverein-ellefeld.de\/wp-content\/uploads\/344830748_530364615977450_3538004424755251129_n.jpg\"><img decoding=\"async\" loading=\"lazy\" width=\"1024\" height=\"1024\" data-id=\"63194\"  src=\"https:\/\/www.reitverein-ellefeld.de\/wp-content\/uploads\/344830748_530364615977450_3538004424755251129_n-1024x1024.jpg\" alt=\"\" class=\"wp-image-63194\" srcset=\"https:\/\/www.reitverein-ellefeld.de\/wp-content\/uploads\/344830748_530364615977450_3538004424755251129_n-1024x1024.jpg 1024w, https:\/\/www.reitverein-ellefeld.de\/wp-content\/uploads\/344830748_530364615977450_3538004424755251129_n-300x300.jpg 300w, https:\/\/www.reitverein-ellefeld.de\/wp-content\/uploads\/344830748_530364615977450_3538004424755251129_n-150x150.jpg 150w, https:\/\/www.reitverein-ellefeld.de\/wp-content\/uploads\/344830748_530364615977450_3538004424755251129_n-768x768.jpg 768w, https:\/\/www.reitverein-ellefeld.de\/wp-content\/uploads\/344830748_530364615977450_3538004424755251129_n.jpg 1440w\" sizes=\"(max-width: 1024px) 100vw, 1024px\" \/><\/a><\/figure>\n\n\n\n<figure class=\"wp-block-image size-large\"><a href=\"https:\/\/www.reitverein-ellefeld.de\/wp-content\/uploads\/344810549_3080473642255691_4037804164650964838_n.jpg\"><img decoding=\"async\" loading=\"lazy\" width=\"1024\" height=\"1024\" data-id=\"63193\"  src=\"https:\/\/www.reitverein-ellefeld.de\/wp-content\/uploads\/344810549_3080473642255691_4037804164650964838_n-1024x1024.jpg\" alt=\"\" class=\"wp-image-63193\" srcset=\"https:\/\/www.reitverein-ellefeld.de\/wp-content\/uploads\/344810549_3080473642255691_4037804164650964838_n-1024x1024.jpg 1024w, https:\/\/www.reitverein-ellefeld.de\/wp-content\/uploads\/344810549_3080473642255691_4037804164650964838_n-300x300.jpg 300w, https:\/\/www.reitverein-ellefeld.de\/wp-content\/uploads\/344810549_3080473642255691_4037804164650964838_n-150x150.jpg 150w, https:\/\/www.reitverein-ellefeld.de\/wp-content\/uploads\/344810549_3080473642255691_4037804164650964838_n-768x768.jpg 768w, https:\/\/www.reitverein-ellefeld.de\/wp-content\/uploads\/344810549_3080473642255691_4037804164650964838_n.jpg 1368w\" sizes=\"(max-width: 1024px) 100vw, 1024px\" \/><\/a><\/figure>\n\n\n\n<figure class=\"wp-block-image size-large\"><a href=\"https:\/\/www.reitverein-ellefeld.de\/wp-content\/uploads\/344810108_1294294301466685_3934388069650193963_n.jpg\"><img decoding=\"async\" loading=\"lazy\" width=\"1024\" height=\"1024\" data-id=\"63192\"  src=\"https:\/\/www.reitverein-ellefeld.de\/wp-content\/uploads\/344810108_1294294301466685_3934388069650193963_n-1024x1024.jpg\" alt=\"\" class=\"wp-image-63192\" srcset=\"https:\/\/www.reitverein-ellefeld.de\/wp-content\/uploads\/344810108_1294294301466685_3934388069650193963_n-1024x1024.jpg 1024w, https:\/\/www.reitverein-ellefeld.de\/wp-content\/uploads\/344810108_1294294301466685_3934388069650193963_n-300x300.jpg 300w, https:\/\/www.reitverein-ellefeld.de\/wp-content\/uploads\/344810108_1294294301466685_3934388069650193963_n-150x150.jpg 150w, https:\/\/www.reitverein-ellefeld.de\/wp-content\/uploads\/344810108_1294294301466685_3934388069650193963_n-768x768.jpg 768w, https:\/\/www.reitverein-ellefeld.de\/wp-content\/uploads\/344810108_1294294301466685_3934388069650193963_n.jpg 1440w\" sizes=\"(max-width: 1024px) 100vw, 1024px\" \/><\/a><\/figure>\n<\/figure>\n\n\n\n<h2 class=\"wp-block-heading\">Fohlentaufe zum H\u00f6henfeuer 2023<\/h2>\n\n\n\n<p>Schon fast zur Tradition geworden ist die abendliche Fohlentaufe am 30. April. <\/p>\n\n\n\n<p>Dieses Jahr wurden feierlich die Namen von 6 Fohlen verk\u00fcndet. Dabei waren: Murphy, Caballero, Loverboy, Amadea, Aurelia und Alia. <\/p>\n\n\n\n<p>Nach diesem unterhaltsamen Part kam danach etwas G\u00e4nsehautfeeling auf. Die 21 j\u00e4hrige Stute Attika wurde offiziell aus dem aktiven Zuchtbetrieb der Sch\u00f6niger GbR verabschiedet. Zehn gesunde Fohlen brachte sie auf dem Hof zur Welt, auf dem sie nun einfach nur noch Pferd sein darf. <\/p>\n\n\n\n<figure class=\"wp-block-gallery has-nested-images columns-default is-cropped wp-block-gallery-23 is-layout-flex\">\n<figure class=\"wp-block-image size-large\"><a href=\"https:\/\/www.reitverein-ellefeld.de\/wp-content\/uploads\/344182979_784855403246637_5568716768627723244_n.jpg\"><img decoding=\"async\" loading=\"lazy\" width=\"720\" height=\"720\" data-id=\"63199\"  src=\"https:\/\/www.reitverein-ellefeld.de\/wp-content\/uploads\/344182979_784855403246637_5568716768627723244_n.jpg\" alt=\"\" class=\"wp-image-63199\" srcset=\"https:\/\/www.reitverein-ellefeld.de\/wp-content\/uploads\/344182979_784855403246637_5568716768627723244_n.jpg 720w, https:\/\/www.reitverein-ellefeld.de\/wp-content\/uploads\/344182979_784855403246637_5568716768627723244_n-300x300.jpg 300w, https:\/\/www.reitverein-ellefeld.de\/wp-content\/uploads\/344182979_784855403246637_5568716768627723244_n-150x150.jpg 150w\" sizes=\"(max-width: 720px) 100vw, 720px\" \/><\/a><\/figure>\n\n\n\n<figure class=\"wp-block-image size-large\"><a href=\"https:\/\/www.reitverein-ellefeld.de\/wp-content\/uploads\/344200178_957564945429930_8579630699004613448_n.jpg\"><img decoding=\"async\" loading=\"lazy\" width=\"720\" height=\"720\" data-id=\"63198\"  src=\"https:\/\/www.reitverein-ellefeld.de\/wp-content\/uploads\/344200178_957564945429930_8579630699004613448_n.jpg\" alt=\"\" class=\"wp-image-63198\" srcset=\"https:\/\/www.reitverein-ellefeld.de\/wp-content\/uploads\/344200178_957564945429930_8579630699004613448_n.jpg 720w, https:\/\/www.reitverein-ellefeld.de\/wp-content\/uploads\/344200178_957564945429930_8579630699004613448_n-300x300.jpg 300w, https:\/\/www.reitverein-ellefeld.de\/wp-content\/uploads\/344200178_957564945429930_8579630699004613448_n-150x150.jpg 150w\" sizes=\"(max-width: 720px) 100vw, 720px\" \/><\/a><\/figure>\n\n\n\n<figure class=\"wp-block-image size-large\"><a href=\"https:\/\/www.reitverein-ellefeld.de\/wp-content\/uploads\/344269297_612830793832450_5374640105891570454_n.jpg\"><img decoding=\"async\" loading=\"lazy\" width=\"720\" height=\"720\" data-id=\"63201\"  src=\"https:\/\/www.reitverein-ellefeld.de\/wp-content\/uploads\/344269297_612830793832450_5374640105891570454_n.jpg\" alt=\"\" class=\"wp-image-63201\" srcset=\"https:\/\/www.reitverein-ellefeld.de\/wp-content\/uploads\/344269297_612830793832450_5374640105891570454_n.jpg 720w, https:\/\/www.reitverein-ellefeld.de\/wp-content\/uploads\/344269297_612830793832450_5374640105891570454_n-300x300.jpg 300w, https:\/\/www.reitverein-ellefeld.de\/wp-content\/uploads\/344269297_612830793832450_5374640105891570454_n-150x150.jpg 150w\" sizes=\"(max-width: 720px) 100vw, 720px\" \/><\/a><\/figure>\n\n\n\n<figure class=\"wp-block-image size-large\"><a href=\"https:\/\/www.reitverein-ellefeld.de\/wp-content\/uploads\/344578547_987308312478698_2278681302019436431_n.jpg\"><img decoding=\"async\" loading=\"lazy\" width=\"720\" height=\"720\" data-id=\"63200\"  src=\"https:\/\/www.reitverein-ellefeld.de\/wp-content\/uploads\/344578547_987308312478698_2278681302019436431_n.jpg\" alt=\"\" class=\"wp-image-63200\" srcset=\"https:\/\/www.reitverein-ellefeld.de\/wp-content\/uploads\/344578547_987308312478698_2278681302019436431_n.jpg 720w, https:\/\/www.reitverein-ellefeld.de\/wp-content\/uploads\/344578547_987308312478698_2278681302019436431_n-300x300.jpg 300w, https:\/\/www.reitverein-ellefeld.de\/wp-content\/uploads\/344578547_987308312478698_2278681302019436431_n-150x150.jpg 150w\" sizes=\"(max-width: 720px) 100vw, 720px\" \/><\/a><\/figure>\n\n\n\n<figure class=\"wp-block-image size-large\"><a href=\"https:\/\/www.reitverein-ellefeld.de\/wp-content\/uploads\/344800409_1265181874204587_4163507226759842190_n.jpg\"><img decoding=\"async\" loading=\"lazy\" width=\"720\" height=\"720\" data-id=\"63202\"  src=\"https:\/\/www.reitverein-ellefeld.de\/wp-content\/uploads\/344800409_1265181874204587_4163507226759842190_n.jpg\" alt=\"\" class=\"wp-image-63202\" srcset=\"https:\/\/www.reitverein-ellefeld.de\/wp-content\/uploads\/344800409_1265181874204587_4163507226759842190_n.jpg 720w, https:\/\/www.reitverein-ellefeld.de\/wp-content\/uploads\/344800409_1265181874204587_4163507226759842190_n-300x300.jpg 300w, https:\/\/www.reitverein-ellefeld.de\/wp-content\/uploads\/344800409_1265181874204587_4163507226759842190_n-150x150.jpg 150w\" sizes=\"(max-width: 720px) 100vw, 720px\" \/><\/a><\/figure>\n\n\n\n<figure class=\"wp-block-image size-large\"><a href=\"https:\/\/www.reitverein-ellefeld.de\/wp-content\/uploads\/344821214_1238761450344533_884029611952488232_n.jpg\"><img decoding=\"async\" loading=\"lazy\" width=\"720\" height=\"720\" data-id=\"63203\"  src=\"https:\/\/www.reitverein-ellefeld.de\/wp-content\/uploads\/344821214_1238761450344533_884029611952488232_n.jpg\" alt=\"\" class=\"wp-image-63203\" srcset=\"https:\/\/www.reitverein-ellefeld.de\/wp-content\/uploads\/344821214_1238761450344533_884029611952488232_n.jpg 720w, https:\/\/www.reitverein-ellefeld.de\/wp-content\/uploads\/344821214_1238761450344533_884029611952488232_n-300x300.jpg 300w, https:\/\/www.reitverein-ellefeld.de\/wp-content\/uploads\/344821214_1238761450344533_884029611952488232_n-150x150.jpg 150w\" sizes=\"(max-width: 720px) 100vw, 720px\" \/><\/a><\/figure>\n<\/figure>\n\n\n\n<h2 class=\"wp-block-heading\">Arbeitseinsatz <\/h2>\n\n\n\n<p>Am 23. April 2023 fand der Arbeitseinsatz des RFV Ellefeld in Vorbereitung auf das H\u00f6henfeuer und den Kinder-und Jugendtag statt. Viele flei\u00dfige H\u00e4nde halfen bei den verschiedenen Aufgaben mit, so dass das Gel\u00e4nde bereit f\u00fcr den Fr\u00fchling gemacht wurde. Nat\u00fcrlich d\u00fcrfte im Anschluss auch eine leckere St\u00e4rkung nicht fehlen. Danke an die vielen Helfer!<\/p>\n\n\n\n<figure class=\"wp-block-gallery has-nested-images columns-default is-cropped wp-block-gallery-25 is-layout-flex\">\n<figure class=\"wp-block-image size-large\"><a href=\"https:\/\/www.reitverein-ellefeld.de\/wp-content\/uploads\/342997420_6306434656084702_5917307805328588642_n.jpg\"><img decoding=\"async\" loading=\"lazy\" width=\"1024\" height=\"1024\" data-id=\"63207\"  src=\"https:\/\/www.reitverein-ellefeld.de\/wp-content\/uploads\/342997420_6306434656084702_5917307805328588642_n-1024x1024.jpg\" alt=\"\" class=\"wp-image-63207\" srcset=\"https:\/\/www.reitverein-ellefeld.de\/wp-content\/uploads\/342997420_6306434656084702_5917307805328588642_n-1024x1024.jpg 1024w, https:\/\/www.reitverein-ellefeld.de\/wp-content\/uploads\/342997420_6306434656084702_5917307805328588642_n-300x300.jpg 300w, https:\/\/www.reitverein-ellefeld.de\/wp-content\/uploads\/342997420_6306434656084702_5917307805328588642_n-150x150.jpg 150w, https:\/\/www.reitverein-ellefeld.de\/wp-content\/uploads\/342997420_6306434656084702_5917307805328588642_n-768x768.jpg 768w, https:\/\/www.reitverein-ellefeld.de\/wp-content\/uploads\/342997420_6306434656084702_5917307805328588642_n.jpg 1200w\" sizes=\"(max-width: 1024px) 100vw, 1024px\" \/><\/a><\/figure>\n\n\n\n<figure class=\"wp-block-image size-large\"><a href=\"https:\/\/www.reitverein-ellefeld.de\/wp-content\/uploads\/343159521_697945572330972_6858909426720735056_n.jpg\"><img decoding=\"async\" loading=\"lazy\" width=\"1024\" height=\"1024\" data-id=\"63210\"  src=\"https:\/\/www.reitverein-ellefeld.de\/wp-content\/uploads\/343159521_697945572330972_6858909426720735056_n-1024x1024.jpg\" alt=\"\" class=\"wp-image-63210\" srcset=\"https:\/\/www.reitverein-ellefeld.de\/wp-content\/uploads\/343159521_697945572330972_6858909426720735056_n-1024x1024.jpg 1024w, https:\/\/www.reitverein-ellefeld.de\/wp-content\/uploads\/343159521_697945572330972_6858909426720735056_n-300x300.jpg 300w, https:\/\/www.reitverein-ellefeld.de\/wp-content\/uploads\/343159521_697945572330972_6858909426720735056_n-150x150.jpg 150w, https:\/\/www.reitverein-ellefeld.de\/wp-content\/uploads\/343159521_697945572330972_6858909426720735056_n-768x768.jpg 768w, https:\/\/www.reitverein-ellefeld.de\/wp-content\/uploads\/343159521_697945572330972_6858909426720735056_n.jpg 1200w\" sizes=\"(max-width: 1024px) 100vw, 1024px\" \/><\/a><\/figure>\n\n\n\n<figure class=\"wp-block-image size-large\"><a href=\"https:\/\/www.reitverein-ellefeld.de\/wp-content\/uploads\/343171824_752612186560536_6924347461311239071_n.jpg\"><img decoding=\"async\" loading=\"lazy\" width=\"1024\" height=\"1024\" data-id=\"63206\"  src=\"https:\/\/www.reitverein-ellefeld.de\/wp-content\/uploads\/343171824_752612186560536_6924347461311239071_n-1024x1024.jpg\" alt=\"\" class=\"wp-image-63206\" srcset=\"https:\/\/www.reitverein-ellefeld.de\/wp-content\/uploads\/343171824_752612186560536_6924347461311239071_n-1024x1024.jpg 1024w, https:\/\/www.reitverein-ellefeld.de\/wp-content\/uploads\/343171824_752612186560536_6924347461311239071_n-300x300.jpg 300w, https:\/\/www.reitverein-ellefeld.de\/wp-content\/uploads\/343171824_752612186560536_6924347461311239071_n-150x150.jpg 150w, https:\/\/www.reitverein-ellefeld.de\/wp-content\/uploads\/343171824_752612186560536_6924347461311239071_n-768x768.jpg 768w, https:\/\/www.reitverein-ellefeld.de\/wp-content\/uploads\/343171824_752612186560536_6924347461311239071_n.jpg 1200w\" sizes=\"(max-width: 1024px) 100vw, 1024px\" \/><\/a><\/figure>\n\n\n\n<figure class=\"wp-block-image size-large\"><a href=\"https:\/\/www.reitverein-ellefeld.de\/wp-content\/uploads\/343301945_9512708688769766_2381782222111443741_n.jpg\"><img decoding=\"async\" loading=\"lazy\" width=\"1024\" height=\"1024\" data-id=\"63205\"  src=\"https:\/\/www.reitverein-ellefeld.de\/wp-content\/uploads\/343301945_9512708688769766_2381782222111443741_n-1024x1024.jpg\" alt=\"\" class=\"wp-image-63205\" srcset=\"https:\/\/www.reitverein-ellefeld.de\/wp-content\/uploads\/343301945_9512708688769766_2381782222111443741_n-1024x1024.jpg 1024w, https:\/\/www.reitverein-ellefeld.de\/wp-content\/uploads\/343301945_9512708688769766_2381782222111443741_n-300x300.jpg 300w, https:\/\/www.reitverein-ellefeld.de\/wp-content\/uploads\/343301945_9512708688769766_2381782222111443741_n-150x150.jpg 150w, https:\/\/www.reitverein-ellefeld.de\/wp-content\/uploads\/343301945_9512708688769766_2381782222111443741_n-768x768.jpg 768w, https:\/\/www.reitverein-ellefeld.de\/wp-content\/uploads\/343301945_9512708688769766_2381782222111443741_n.jpg 1200w\" sizes=\"(max-width: 1024px) 100vw, 1024px\" \/><\/a><\/figure>\n\n\n\n<figure class=\"wp-block-image size-large\"><a href=\"https:\/\/www.reitverein-ellefeld.de\/wp-content\/uploads\/343309212_236513749035196_5173051239372455164_n.jpg\"><img decoding=\"async\" loading=\"lazy\" width=\"1024\" height=\"1024\" data-id=\"63208\"  src=\"https:\/\/www.reitverein-ellefeld.de\/wp-content\/uploads\/343309212_236513749035196_5173051239372455164_n-1024x1024.jpg\" alt=\"\" class=\"wp-image-63208\" srcset=\"https:\/\/www.reitverein-ellefeld.de\/wp-content\/uploads\/343309212_236513749035196_5173051239372455164_n-1024x1024.jpg 1024w, https:\/\/www.reitverein-ellefeld.de\/wp-content\/uploads\/343309212_236513749035196_5173051239372455164_n-300x300.jpg 300w, https:\/\/www.reitverein-ellefeld.de\/wp-content\/uploads\/343309212_236513749035196_5173051239372455164_n-150x150.jpg 150w, https:\/\/www.reitverein-ellefeld.de\/wp-content\/uploads\/343309212_236513749035196_5173051239372455164_n-768x768.jpg 768w, https:\/\/www.reitverein-ellefeld.de\/wp-content\/uploads\/343309212_236513749035196_5173051239372455164_n.jpg 1200w\" sizes=\"(max-width: 1024px) 100vw, 1024px\" \/><\/a><\/figure>\n\n\n\n<figure class=\"wp-block-image size-large\"><a href=\"https:\/\/www.reitverein-ellefeld.de\/wp-content\/uploads\/343320690_210555261778854_51886482481421271_n.jpg\"><img decoding=\"async\" loading=\"lazy\" width=\"1024\" height=\"1024\" data-id=\"63209\"  src=\"https:\/\/www.reitverein-ellefeld.de\/wp-content\/uploads\/343320690_210555261778854_51886482481421271_n-1024x1024.jpg\" alt=\"\" class=\"wp-image-63209\" srcset=\"https:\/\/www.reitverein-ellefeld.de\/wp-content\/uploads\/343320690_210555261778854_51886482481421271_n-1024x1024.jpg 1024w, https:\/\/www.reitverein-ellefeld.de\/wp-content\/uploads\/343320690_210555261778854_51886482481421271_n-300x300.jpg 300w, https:\/\/www.reitverein-ellefeld.de\/wp-content\/uploads\/343320690_210555261778854_51886482481421271_n-150x150.jpg 150w, https:\/\/www.reitverein-ellefeld.de\/wp-content\/uploads\/343320690_210555261778854_51886482481421271_n-768x768.jpg 768w, https:\/\/www.reitverein-ellefeld.de\/wp-content\/uploads\/343320690_210555261778854_51886482481421271_n.jpg 1200w\" sizes=\"(max-width: 1024px) 100vw, 1024px\" \/><\/a><\/figure>\n\n\n\n<figure class=\"wp-block-image size-large\"><a href=\"https:\/\/www.reitverein-ellefeld.de\/wp-content\/uploads\/343390464_1413741446080567_5162829427724190342_n.jpg\"><img decoding=\"async\" loading=\"lazy\" width=\"1024\" height=\"1024\" data-id=\"63211\"  src=\"https:\/\/www.reitverein-ellefeld.de\/wp-content\/uploads\/343390464_1413741446080567_5162829427724190342_n-1024x1024.jpg\" alt=\"\" class=\"wp-image-63211\" srcset=\"https:\/\/www.reitverein-ellefeld.de\/wp-content\/uploads\/343390464_1413741446080567_5162829427724190342_n-1024x1024.jpg 1024w, https:\/\/www.reitverein-ellefeld.de\/wp-content\/uploads\/343390464_1413741446080567_5162829427724190342_n-300x300.jpg 300w, https:\/\/www.reitverein-ellefeld.de\/wp-content\/uploads\/343390464_1413741446080567_5162829427724190342_n-150x150.jpg 150w, https:\/\/www.reitverein-ellefeld.de\/wp-content\/uploads\/343390464_1413741446080567_5162829427724190342_n-768x768.jpg 768w, https:\/\/www.reitverein-ellefeld.de\/wp-content\/uploads\/343390464_1413741446080567_5162829427724190342_n.jpg 1200w\" sizes=\"(max-width: 1024px) 100vw, 1024px\" \/><\/a><\/figure>\n\n\n\n<figure class=\"wp-block-image size-large\"><a href=\"https:\/\/www.reitverein-ellefeld.de\/wp-content\/uploads\/343399631_909230026954208_1358993282806643430_n.jpg\"><img decoding=\"async\" loading=\"lazy\" width=\"1024\" height=\"1024\" data-id=\"63212\"  src=\"https:\/\/www.reitverein-ellefeld.de\/wp-content\/uploads\/343399631_909230026954208_1358993282806643430_n-1024x1024.jpg\" alt=\"\" class=\"wp-image-63212\" srcset=\"https:\/\/www.reitverein-ellefeld.de\/wp-content\/uploads\/343399631_909230026954208_1358993282806643430_n-1024x1024.jpg 1024w, https:\/\/www.reitverein-ellefeld.de\/wp-content\/uploads\/343399631_909230026954208_1358993282806643430_n-300x300.jpg 300w, https:\/\/www.reitverein-ellefeld.de\/wp-content\/uploads\/343399631_909230026954208_1358993282806643430_n-150x150.jpg 150w, https:\/\/www.reitverein-ellefeld.de\/wp-content\/uploads\/343399631_909230026954208_1358993282806643430_n-768x768.jpg 768w, https:\/\/www.reitverein-ellefeld.de\/wp-content\/uploads\/343399631_909230026954208_1358993282806643430_n.jpg 1200w\" sizes=\"(max-width: 1024px) 100vw, 1024px\" \/><\/a><\/figure>\n<\/figure>\n\n\n\n<h2 class=\"wp-block-heading\">Ausflug zu den Hengstparaden Moritzburg 2022<\/h2>\n\n\n\n<p>\n\nAm vergangenen Sonntag war ein gro\u00dfer Teil der Mitglieder des Reit-und Fahrverein Ellefeld on Tour. <\/p>\n\n\n\n<p> Der Vereinsausflug f\u00fchrte sie nach Moritzburg zu der traditionellen Hengstparade des Landgest\u00fctes Moritzburg . Angefangen von der Stallbesichtigung ,hin zur traditionsreichen Vorstellung der gro\u00dfen Anzahl an erfolgreichen Deckhengsten  bei Dressurquadrille, Fahrquadrille, Push-Ball Spiel , die Vorstellung der Polizeireiterstaffel und noch vielen anderen sehenswerten Vorstellungen konnten die Zuschauer die Hengstparade in vollen Z\u00fcgen genie\u00dfen. Nat\u00fcrlich konnte auch die Teilnahme von Tim S\u00fc\u00df an einigen Schaubildern bestaunt werden, ein langj\u00e4hriges Vereinsmitglied und aktuell Lehrling des Landesgest\u00fctes. Der Ausflug konnte auch finanziell durch den Reitverein unterst\u00fctzt werden und die Freude auf die n\u00e4chste gemeinschaftliche Veranstaltung w\u00e4chst bereits.  <\/p>\n\n\n\n<figure class=\"wp-block-gallery has-nested-images columns-default is-cropped wp-block-gallery-27 is-layout-flex\">\n<figure class=\"wp-block-image size-large\"><img decoding=\"async\" data-id=\"60904\"  src=\"https:\/\/www.reitverein-ellefeld.de\/\/wp-content\/uploads\/307011940_5312310642211267_2675699590635452576_n.jpg\" alt=\"\" class=\"wp-image-60904\"\/><\/figure>\n\n\n\n<figure class=\"wp-block-image size-large\"><img decoding=\"async\" data-id=\"60905\"  src=\"https:\/\/www.reitverein-ellefeld.de\/\/wp-content\/uploads\/307321365_5312310555544609_4551611042423531227_n.jpg\" alt=\"\" class=\"wp-image-60905\"\/><\/figure>\n\n\n\n<figure class=\"wp-block-image size-large\"><img decoding=\"async\" data-id=\"60903\"  src=\"https:\/\/www.reitverein-ellefeld.de\/\/wp-content\/uploads\/306903650_5312311335544531_2132657171945583228_n-1024x768.jpg\" alt=\"\" class=\"wp-image-60903\"\/><\/figure>\n<\/figure>\n\n\n\n<h2 class=\"wp-block-heading\">Reitturnier Lengenfeld 2022 <\/h2>\n\n\n\n<p> Es ist schon eine bekannte Tradition,  dass zum Einmarsch aller Teilnehmer am Sonntag die Ehreng\u00e4ste von Familie Sch\u00f6niger eingefahren werden. So auch dieses Jahr wieder. An den Leinen von Arndt Sch\u00f6niger: Der erfolgreiche Zuchthengst der Rasse Schweres Warmblut der Familie, Mylord, angespannt zusammen mit der Stute Amelie.  <\/p>\n\n\n\n<figure class=\"wp-block-gallery has-nested-images columns-default is-cropped wp-block-gallery-29 is-layout-flex\">\n<figure class=\"wp-block-image size-large\"><img decoding=\"async\" data-id=\"60912\"  src=\"https:\/\/www.reitverein-ellefeld.de\/\/wp-content\/uploads\/Lengenfeld-1024x683.jpg\" alt=\"\" class=\"wp-image-60912\"\/><\/figure>\n<\/figure>\n\n\n\n<h2 class=\"wp-block-heading\"> Erfal-Stiftung unterst\u00fctzt den Reit- und Fahrverein <\/h2>\n\n\n\n<p> Die Erfal-Stiftung unterst\u00fctzt den Reit- und Fahrverein mit 500 Euro. Aktuell trainieren im Verein rund 40 Kinder und Jugendliche und 25 Erwachsene im freizeitsportlichen Reiten. Das Hauptt\u00e4tigkeitsfeld liegt bei der Nachwuchsf\u00f6rderung und im Breitensportbereich. <\/p>\n\n\n\n<p>Regelm\u00e4\u00dfig finden zum allt\u00e4glichen Training besondere Lehrg\u00e4nge bei namhaften Trainern statt, welche auch Reiter umliegender Vereine rege besuchen. Zudem organisiert der Verein j\u00e4hrlich ein Breitensportturnier, dieses Jahr am 16. Oktober, das weit \u00fcber die vogtl\u00e4ndischen Grenzen hinaus bekannt und beliebt ist. <\/p>\n\n\n\n<p>Mit dem Preisgeld soll die Qualit\u00e4t dieser recht einzigartigen Veranstaltung ausgebaut werden. Weil die Kampfrichter ebenfalls ordentliche Bedingungen brauchen, soll das Geld f\u00fcr Kampfrichterst\u00fchle, die auch im Au\u00dfenbereich nutzbar sind und einen wetterfesten Unterbau am Rande des Reitplatzes verwendet werden. \n\n<\/p>\n\n\n\n<figure class=\"wp-block-gallery has-nested-images columns-default is-cropped wp-block-gallery-31 is-layout-flex\">\n<figure class=\"wp-block-image size-large\"><img decoding=\"async\" data-id=\"60920\"  src=\"https:\/\/www.reitverein-ellefeld.de\/\/wp-content\/uploads\/300370128_1260303768070877_1283253935758257447_n-1024x766.jpg\" alt=\"\" class=\"wp-image-60920\"\/><\/figure>\n\n\n\n<figure class=\"wp-block-image size-large\"><img decoding=\"async\" data-id=\"60921\"  src=\"https:\/\/www.reitverein-ellefeld.de\/\/wp-content\/uploads\/300794326_1260303788070875_454381432488533056_n-1024x766.jpg\" alt=\"\" class=\"wp-image-60921\"\/><\/figure>\n\n\n\n<figure class=\"wp-block-image size-large\"><img decoding=\"async\" data-id=\"60922\"  src=\"https:\/\/www.reitverein-ellefeld.de\/\/wp-content\/uploads\/300820217_1260303804737540_6846205493324284349_n-1024x766.jpg\" alt=\"\" class=\"wp-image-60922\"\/><\/figure>\n<\/figure>\n\n\n\n<p>Flutlichtreiten und Fohlentaufe<\/p>\n\n\n\n<p>In diesem Jahr konnte die Fohlentaufe nach zwei Jahren Pause endlich wieder am 30.04.22 zum H\u00f6henfeuer stattfinden. Der Reit-und Fahrverein Ellefeld und Umgebung e.V. freute sich \u00fcber viele Zuschauer und Interessierte bei dieser kleinen Veranstaltung. Das Highlight des Abends waren wohl die 5 kleinen Fohlen , die feierlich ihre Namen erhalten haben.  Sie tragen nun die Namen Maestro, Arina, Malitz, Amulett und Marlon. Nicht zu vergessen aber auch die K\u00fcr von Sabrina und Fantasie, bei der nur mit Hilfe eines Halsringes zur Musik getanzt wurde. Auch Selina zeigte mit der Stute Attika ein paar spannende Einblicke in die Ausbildung der Pferde und Reiter im Bezug auf den Springsport. Und nicht zu vergessen die Ehrung von drei langj\u00e4hrigen Mitgliedern und Reitern des Vereins,  die f\u00fcr ihre Entwicklung im Umgang mit dem Pferd und der Reitlehre von Gunter Sch\u00f6niger geehrt wurden. Ein sch\u00f6ner Abend f\u00fcr alle Beteiligten und wir hoffen ganz sehr, dass diese Veranstaltung der Auftakt f\u00fcr wieder viele weitere war! <\/p>\n\n\n\n<figure class=\"wp-block-gallery has-nested-images columns-default is-cropped wp-block-gallery-33 is-layout-flex\">\n<figure class=\"wp-block-image size-large\"><img decoding=\"async\" data-id=\"60926\"  src=\"https:\/\/www.reitverein-ellefeld.de\/\/wp-content\/uploads\/279845192_4930335767075425_6811956817984407439_n-1024x1024.jpg\" alt=\"\" class=\"wp-image-60926\"\/><\/figure>\n\n\n\n<figure class=\"wp-block-image size-large\"><img decoding=\"async\" data-id=\"60927\"  src=\"https:\/\/www.reitverein-ellefeld.de\/\/wp-content\/uploads\/279872523_4930335753742093_2992203003049908164_n-1024x1024.jpg\" alt=\"\" class=\"wp-image-60927\"\/><\/figure>\n\n\n\n<figure class=\"wp-block-image size-large\"><img decoding=\"async\" data-id=\"60928\"  src=\"https:\/\/www.reitverein-ellefeld.de\/\/wp-content\/uploads\/279958109_4930335770408758_4608333911303969470_n.jpg\" alt=\"\" class=\"wp-image-60928\"\/><\/figure>\n\n\n\n<figure class=\"wp-block-image size-large\"><img decoding=\"async\" data-id=\"60929\"  src=\"https:\/\/www.reitverein-ellefeld.de\/\/wp-content\/uploads\/279964072_4930335757075426_977027463013058396_n-1.jpg\" alt=\"\" class=\"wp-image-60929\"\/><\/figure>\n\n\n\n<figure class=\"wp-block-image size-large\"><img decoding=\"async\" data-id=\"60930\"  src=\"https:\/\/www.reitverein-ellefeld.de\/\/wp-content\/uploads\/279967568_4930335760408759_8521456958296551741_n-1024x1024.jpg\" alt=\"\" class=\"wp-image-60930\"\/><\/figure>\n\n\n\n<figure class=\"wp-block-image size-large\"><img decoding=\"async\" data-id=\"60931\"  src=\"https:\/\/www.reitverein-ellefeld.de\/\/wp-content\/uploads\/279975982_4930335750408760_4121673084582348839_n.jpg\" alt=\"\" class=\"wp-image-60931\"\/><\/figure>\n<\/figure>\n\n\n\n<h2 class=\"wp-block-heading\"><strong>Pferdeseminare 2020 &#8211; Wissen rund ums Pferd<\/strong><\/h2>\n\n\n\n<p>Mit \u00dcbungsterminen von Januar bis M\u00e4rz wurden unseren jungen Reitern Kenntnisse und F\u00e4higkeiten rund um den Partner Pferd vermittelt. Neben umfangreichen Theorieb\u00f6gen stehen Pferdebeurteilung und F\u00fchren von Pferden auf dem Programm. Die Pferdeseminare werden vom Dachverein Pferdezuchtverein Vogtland e.V. begleitet und finden gemeinsam bei wechselnden Pferdeh\u00f6fen des Vogtlandes statt. Spezielle Schulungen bei Tierarzt, Sattler, Schmied, Pferdetransport und Gest\u00fctswesen erg\u00e4nzen die j\u00e4hrliche Seminarreihe. F\u00fcr die Teilnehmer stellen die sog. Jungz\u00fcchterwettbewerbe in J\u00f6\u00dfnitz (Vogtlandkreis) und zur Messe Reiten-Jagen-Fischen in Erfurt (Sachsen und Th\u00fcringen) tolle H\u00f6hepunkte dar. Mitmachen k\u00f6nnen alle pferdebegeisterten zwischen 6 und 25 Jahren, unabh\u00e4ngig von Stammverein und Vorkenntnissen.<\/p>\n\n\n\n<figure class=\"wp-block-gallery has-nested-images columns-3 is-cropped wp-block-gallery-35 is-layout-flex\">\n<figure class=\"wp-block-image size-large\"><a href=\"https:\/\/www.reitverein-ellefeld.de\/?attachment_id=2997\"><img decoding=\"async\" loading=\"lazy\" width=\"768\" height=\"1024\" data-id=\"2997\"  src=\"https:\/\/www.reitverein-ellefeld.de\/wp-content\/uploads\/Pferdeseminare2-768x1024.jpg\" alt=\"\" class=\"wp-image-2997\" srcset=\"https:\/\/www.reitverein-ellefeld.de\/wp-content\/uploads\/Pferdeseminare2-768x1024.jpg 768w, https:\/\/www.reitverein-ellefeld.de\/wp-content\/uploads\/Pferdeseminare2-225x300.jpg 225w, https:\/\/www.reitverein-ellefeld.de\/wp-content\/uploads\/Pferdeseminare2.jpg 960w\" sizes=\"(max-width: 768px) 100vw, 768px\" \/><\/a><\/figure>\n\n\n\n<figure class=\"wp-block-image size-large\"><a href=\"https:\/\/www.reitverein-ellefeld.de\/?attachment_id=2996\"><img decoding=\"async\" loading=\"lazy\" width=\"1024\" height=\"768\" data-id=\"2996\"  src=\"https:\/\/www.reitverein-ellefeld.de\/wp-content\/uploads\/Pferdeseminare1-1024x768.jpg\" alt=\"\" class=\"wp-image-2996\" srcset=\"https:\/\/www.reitverein-ellefeld.de\/wp-content\/uploads\/Pferdeseminare1-1024x768.jpg 1024w, https:\/\/www.reitverein-ellefeld.de\/wp-content\/uploads\/Pferdeseminare1-300x225.jpg 300w, https:\/\/www.reitverein-ellefeld.de\/wp-content\/uploads\/Pferdeseminare1-768x576.jpg 768w, https:\/\/www.reitverein-ellefeld.de\/wp-content\/uploads\/Pferdeseminare1-1536x1152.jpg 1536w, https:\/\/www.reitverein-ellefeld.de\/wp-content\/uploads\/Pferdeseminare1-2048x1536.jpg 2048w\" sizes=\"(max-width: 1024px) 100vw, 1024px\" \/><\/a><\/figure>\n\n\n\n<figure class=\"wp-block-image size-large\"><a href=\"https:\/\/www.reitverein-ellefeld.de\/?attachment_id=2999\"><img decoding=\"async\" loading=\"lazy\" width=\"1024\" height=\"768\" data-id=\"2999\"  src=\"https:\/\/www.reitverein-ellefeld.de\/wp-content\/uploads\/Pferdeseminare4-1024x768.jpg\" alt=\"\" class=\"wp-image-2999\" srcset=\"https:\/\/www.reitverein-ellefeld.de\/wp-content\/uploads\/Pferdeseminare4-1024x768.jpg 1024w, https:\/\/www.reitverein-ellefeld.de\/wp-content\/uploads\/Pferdeseminare4-300x225.jpg 300w, https:\/\/www.reitverein-ellefeld.de\/wp-content\/uploads\/Pferdeseminare4-768x576.jpg 768w, https:\/\/www.reitverein-ellefeld.de\/wp-content\/uploads\/Pferdeseminare4-1536x1152.jpg 1536w, https:\/\/www.reitverein-ellefeld.de\/wp-content\/uploads\/Pferdeseminare4.jpg 2046w\" sizes=\"(max-width: 1024px) 100vw, 1024px\" \/><\/a><\/figure>\n\n\n\n<figure class=\"wp-block-image size-large\"><a href=\"https:\/\/www.reitverein-ellefeld.de\/?attachment_id=2998\"><img decoding=\"async\" loading=\"lazy\" width=\"1024\" height=\"768\" data-id=\"2998\"  src=\"https:\/\/www.reitverein-ellefeld.de\/wp-content\/uploads\/Pferdeseminare3-1024x768.jpg\" alt=\"\" class=\"wp-image-2998\" srcset=\"https:\/\/www.reitverein-ellefeld.de\/wp-content\/uploads\/Pferdeseminare3-1024x768.jpg 1024w, https:\/\/www.reitverein-ellefeld.de\/wp-content\/uploads\/Pferdeseminare3-300x225.jpg 300w, https:\/\/www.reitverein-ellefeld.de\/wp-content\/uploads\/Pferdeseminare3-768x576.jpg 768w, https:\/\/www.reitverein-ellefeld.de\/wp-content\/uploads\/Pferdeseminare3.jpg 1489w\" sizes=\"(max-width: 1024px) 100vw, 1024px\" \/><\/a><\/figure>\n<\/figure>\n\n\n\n<h3 class=\"wp-block-heading\"><strong>20. Oktober 2019: Herbstausritt<\/strong><\/h3>\n\n\n\n<p>Bei bestem Wetter war der RFV heute zum j\u00e4hrlichen Herbstausritt unterwegs. Durch die wunderbare Herbstlandschaft ging es nach Hammerbr\u00fccke zur Familie Voigtmann. Nach einer Rast weiter durch die W\u00e4lder und zur\u00fcck nach Ellefeld.<\/p>\n\n\n\n<figure class=\"wp-block-gallery has-nested-images columns-3 is-cropped wp-block-gallery-37 is-layout-flex\">\n<figure class=\"wp-block-image size-large\"><a href=\"https:\/\/www.reitverein-ellefeld.de\/?attachment_id=2916\"><img decoding=\"async\" loading=\"lazy\" width=\"497\" height=\"1024\" data-id=\"2916\"  src=\"https:\/\/www.reitverein-ellefeld.de\/wp-content\/uploads\/AINP7902-497x1024.jpg\" alt=\"\" class=\"wp-image-2916\" srcset=\"https:\/\/www.reitverein-ellefeld.de\/wp-content\/uploads\/AINP7902-497x1024.jpg 497w, https:\/\/www.reitverein-ellefeld.de\/wp-content\/uploads\/AINP7902-146x300.jpg 146w, https:\/\/www.reitverein-ellefeld.de\/wp-content\/uploads\/AINP7902-768x1581.jpg 768w, https:\/\/www.reitverein-ellefeld.de\/wp-content\/uploads\/AINP7902.jpg 777w\" sizes=\"(max-width: 497px) 100vw, 497px\" \/><\/a><\/figure>\n\n\n\n<figure class=\"wp-block-image size-large\"><a href=\"https:\/\/www.reitverein-ellefeld.de\/?attachment_id=2917\"><img decoding=\"async\" loading=\"lazy\" width=\"657\" height=\"1024\" data-id=\"2917\"  src=\"https:\/\/www.reitverein-ellefeld.de\/wp-content\/uploads\/BIOA3345-657x1024.jpg\" alt=\"\" class=\"wp-image-2917\" srcset=\"https:\/\/www.reitverein-ellefeld.de\/wp-content\/uploads\/BIOA3345-657x1024.jpg 657w, https:\/\/www.reitverein-ellefeld.de\/wp-content\/uploads\/BIOA3345-193x300.jpg 193w, https:\/\/www.reitverein-ellefeld.de\/wp-content\/uploads\/BIOA3345-768x1196.jpg 768w, https:\/\/www.reitverein-ellefeld.de\/wp-content\/uploads\/BIOA3345.jpg 1027w\" sizes=\"(max-width: 657px) 100vw, 657px\" \/><\/a><\/figure>\n\n\n\n<figure class=\"wp-block-image size-large\"><a href=\"https:\/\/www.reitverein-ellefeld.de\/?attachment_id=2918\"><img decoding=\"async\" loading=\"lazy\" width=\"497\" height=\"1024\" data-id=\"2918\"  src=\"https:\/\/www.reitverein-ellefeld.de\/wp-content\/uploads\/DAUA4860-497x1024.jpg\" alt=\"\" class=\"wp-image-2918\" srcset=\"https:\/\/www.reitverein-ellefeld.de\/wp-content\/uploads\/DAUA4860-497x1024.jpg 497w, https:\/\/www.reitverein-ellefeld.de\/wp-content\/uploads\/DAUA4860-146x300.jpg 146w, https:\/\/www.reitverein-ellefeld.de\/wp-content\/uploads\/DAUA4860-768x1581.jpg 768w, https:\/\/www.reitverein-ellefeld.de\/wp-content\/uploads\/DAUA4860.jpg 777w\" sizes=\"(max-width: 497px) 100vw, 497px\" \/><\/a><\/figure>\n\n\n\n<figure class=\"wp-block-image size-large\"><a href=\"https:\/\/www.reitverein-ellefeld.de\/?attachment_id=2919\"><img decoding=\"async\" loading=\"lazy\" width=\"497\" height=\"1024\" data-id=\"2919\"  src=\"https:\/\/www.reitverein-ellefeld.de\/wp-content\/uploads\/DIUB6776-497x1024.jpg\" alt=\"\" class=\"wp-image-2919\" srcset=\"https:\/\/www.reitverein-ellefeld.de\/wp-content\/uploads\/DIUB6776-497x1024.jpg 497w, https:\/\/www.reitverein-ellefeld.de\/wp-content\/uploads\/DIUB6776-146x300.jpg 146w, https:\/\/www.reitverein-ellefeld.de\/wp-content\/uploads\/DIUB6776-768x1581.jpg 768w, https:\/\/www.reitverein-ellefeld.de\/wp-content\/uploads\/DIUB6776.jpg 777w\" sizes=\"(max-width: 497px) 100vw, 497px\" \/><\/a><\/figure>\n\n\n\n<figure class=\"wp-block-image size-large\"><a href=\"https:\/\/www.reitverein-ellefeld.de\/?attachment_id=2920\"><img decoding=\"async\" loading=\"lazy\" width=\"497\" height=\"1024\" data-id=\"2920\"  src=\"https:\/\/www.reitverein-ellefeld.de\/wp-content\/uploads\/DPQJ2123-497x1024.jpg\" alt=\"\" class=\"wp-image-2920\" srcset=\"https:\/\/www.reitverein-ellefeld.de\/wp-content\/uploads\/DPQJ2123-497x1024.jpg 497w, https:\/\/www.reitverein-ellefeld.de\/wp-content\/uploads\/DPQJ2123-146x300.jpg 146w, https:\/\/www.reitverein-ellefeld.de\/wp-content\/uploads\/DPQJ2123-768x1581.jpg 768w, https:\/\/www.reitverein-ellefeld.de\/wp-content\/uploads\/DPQJ2123.jpg 777w\" sizes=\"(max-width: 497px) 100vw, 497px\" \/><\/a><\/figure>\n\n\n\n<figure class=\"wp-block-image size-large\"><a href=\"https:\/\/www.reitverein-ellefeld.de\/?attachment_id=2921\"><img decoding=\"async\" loading=\"lazy\" width=\"497\" height=\"1024\" data-id=\"2921\"  src=\"https:\/\/www.reitverein-ellefeld.de\/wp-content\/uploads\/DTOM5110-497x1024.jpg\" alt=\"\" class=\"wp-image-2921\" srcset=\"https:\/\/www.reitverein-ellefeld.de\/wp-content\/uploads\/DTOM5110-497x1024.jpg 497w, https:\/\/www.reitverein-ellefeld.de\/wp-content\/uploads\/DTOM5110-146x300.jpg 146w, https:\/\/www.reitverein-ellefeld.de\/wp-content\/uploads\/DTOM5110-768x1581.jpg 768w, https:\/\/www.reitverein-ellefeld.de\/wp-content\/uploads\/DTOM5110.jpg 777w\" sizes=\"(max-width: 497px) 100vw, 497px\" \/><\/a><\/figure>\n\n\n\n<figure class=\"wp-block-image size-large\"><a href=\"https:\/\/www.reitverein-ellefeld.de\/?attachment_id=2922\"><img decoding=\"async\" loading=\"lazy\" width=\"497\" height=\"1024\" data-id=\"2922\"  src=\"https:\/\/www.reitverein-ellefeld.de\/wp-content\/uploads\/FJTJ2731-497x1024.jpg\" alt=\"\" class=\"wp-image-2922\" srcset=\"https:\/\/www.reitverein-ellefeld.de\/wp-content\/uploads\/FJTJ2731-497x1024.jpg 497w, https:\/\/www.reitverein-ellefeld.de\/wp-content\/uploads\/FJTJ2731-146x300.jpg 146w, https:\/\/www.reitverein-ellefeld.de\/wp-content\/uploads\/FJTJ2731-768x1581.jpg 768w, https:\/\/www.reitverein-ellefeld.de\/wp-content\/uploads\/FJTJ2731.jpg 777w\" sizes=\"(max-width: 497px) 100vw, 497px\" \/><\/a><\/figure>\n\n\n\n<figure class=\"wp-block-image size-large\"><a href=\"https:\/\/www.reitverein-ellefeld.de\/?attachment_id=2923\"><img decoding=\"async\" loading=\"lazy\" width=\"497\" height=\"1024\" data-id=\"2923\"  src=\"https:\/\/www.reitverein-ellefeld.de\/wp-content\/uploads\/GFJZ3086-497x1024.jpg\" alt=\"\" class=\"wp-image-2923\" srcset=\"https:\/\/www.reitverein-ellefeld.de\/wp-content\/uploads\/GFJZ3086-497x1024.jpg 497w, https:\/\/www.reitverein-ellefeld.de\/wp-content\/uploads\/GFJZ3086-146x300.jpg 146w, https:\/\/www.reitverein-ellefeld.de\/wp-content\/uploads\/GFJZ3086-768x1581.jpg 768w, https:\/\/www.reitverein-ellefeld.de\/wp-content\/uploads\/GFJZ3086.jpg 777w\" sizes=\"(max-width: 497px) 100vw, 497px\" \/><\/a><\/figure>\n\n\n\n<figure class=\"wp-block-image size-large\"><a href=\"https:\/\/www.reitverein-ellefeld.de\/?attachment_id=2924\"><img decoding=\"async\" loading=\"lazy\" width=\"497\" height=\"1024\" data-id=\"2924\"  src=\"https:\/\/www.reitverein-ellefeld.de\/wp-content\/uploads\/GTRU6348-497x1024.jpg\" alt=\"\" class=\"wp-image-2924\" srcset=\"https:\/\/www.reitverein-ellefeld.de\/wp-content\/uploads\/GTRU6348-497x1024.jpg 497w, https:\/\/www.reitverein-ellefeld.de\/wp-content\/uploads\/GTRU6348-146x300.jpg 146w, https:\/\/www.reitverein-ellefeld.de\/wp-content\/uploads\/GTRU6348-768x1581.jpg 768w, https:\/\/www.reitverein-ellefeld.de\/wp-content\/uploads\/GTRU6348.jpg 777w\" sizes=\"(max-width: 497px) 100vw, 497px\" \/><\/a><\/figure>\n\n\n\n<figure class=\"wp-block-image size-large\"><a href=\"https:\/\/www.reitverein-ellefeld.de\/?attachment_id=2925\"><img decoding=\"async\" loading=\"lazy\" width=\"497\" height=\"1024\" data-id=\"2925\"  src=\"https:\/\/www.reitverein-ellefeld.de\/wp-content\/uploads\/HYXE3955-497x1024.jpg\" alt=\"\" class=\"wp-image-2925\" srcset=\"https:\/\/www.reitverein-ellefeld.de\/wp-content\/uploads\/HYXE3955-497x1024.jpg 497w, https:\/\/www.reitverein-ellefeld.de\/wp-content\/uploads\/HYXE3955-146x300.jpg 146w, https:\/\/www.reitverein-ellefeld.de\/wp-content\/uploads\/HYXE3955-768x1581.jpg 768w, https:\/\/www.reitverein-ellefeld.de\/wp-content\/uploads\/HYXE3955.jpg 777w\" sizes=\"(max-width: 497px) 100vw, 497px\" \/><\/a><\/figure>\n\n\n\n<figure class=\"wp-block-image size-large\"><a href=\"https:\/\/www.reitverein-ellefeld.de\/?attachment_id=2926\"><img decoding=\"async\" loading=\"lazy\" width=\"768\" height=\"1024\" data-id=\"2926\"  src=\"https:\/\/www.reitverein-ellefeld.de\/wp-content\/uploads\/IADK7850-768x1024.jpg\" alt=\"\" class=\"wp-image-2926\" srcset=\"https:\/\/www.reitverein-ellefeld.de\/wp-content\/uploads\/IADK7850-768x1024.jpg 768w, https:\/\/www.reitverein-ellefeld.de\/wp-content\/uploads\/IADK7850-225x300.jpg 225w, https:\/\/www.reitverein-ellefeld.de\/wp-content\/uploads\/IADK7850.jpg 1200w\" sizes=\"(max-width: 768px) 100vw, 768px\" \/><\/a><\/figure>\n\n\n\n<figure class=\"wp-block-image size-large\"><a href=\"https:\/\/www.reitverein-ellefeld.de\/?attachment_id=2927\"><img decoding=\"async\" loading=\"lazy\" width=\"497\" height=\"1024\" data-id=\"2927\"  src=\"https:\/\/www.reitverein-ellefeld.de\/wp-content\/uploads\/IDJP7496-497x1024.jpg\" alt=\"\" class=\"wp-image-2927\" srcset=\"https:\/\/www.reitverein-ellefeld.de\/wp-content\/uploads\/IDJP7496-497x1024.jpg 497w, https:\/\/www.reitverein-ellefeld.de\/wp-content\/uploads\/IDJP7496-146x300.jpg 146w, https:\/\/www.reitverein-ellefeld.de\/wp-content\/uploads\/IDJP7496-768x1581.jpg 768w, https:\/\/www.reitverein-ellefeld.de\/wp-content\/uploads\/IDJP7496.jpg 777w\" sizes=\"(max-width: 497px) 100vw, 497px\" \/><\/a><\/figure>\n\n\n\n<figure class=\"wp-block-image size-large\"><a href=\"https:\/\/www.reitverein-ellefeld.de\/?attachment_id=2928\"><img decoding=\"async\" loading=\"lazy\" width=\"497\" height=\"1024\" data-id=\"2928\"  src=\"https:\/\/www.reitverein-ellefeld.de\/wp-content\/uploads\/IEEP7715-497x1024.jpg\" alt=\"\" class=\"wp-image-2928\" srcset=\"https:\/\/www.reitverein-ellefeld.de\/wp-content\/uploads\/IEEP7715-497x1024.jpg 497w, https:\/\/www.reitverein-ellefeld.de\/wp-content\/uploads\/IEEP7715-146x300.jpg 146w, https:\/\/www.reitverein-ellefeld.de\/wp-content\/uploads\/IEEP7715-768x1581.jpg 768w, https:\/\/www.reitverein-ellefeld.de\/wp-content\/uploads\/IEEP7715.jpg 777w\" sizes=\"(max-width: 497px) 100vw, 497px\" \/><\/a><\/figure>\n\n\n\n<figure class=\"wp-block-image size-large\"><a href=\"https:\/\/www.reitverein-ellefeld.de\/?attachment_id=2929\"><img decoding=\"async\" loading=\"lazy\" width=\"497\" height=\"1024\" data-id=\"2929\"  src=\"https:\/\/www.reitverein-ellefeld.de\/wp-content\/uploads\/IPOC3451-497x1024.jpg\" alt=\"\" class=\"wp-image-2929\" srcset=\"https:\/\/www.reitverein-ellefeld.de\/wp-content\/uploads\/IPOC3451-497x1024.jpg 497w, https:\/\/www.reitverein-ellefeld.de\/wp-content\/uploads\/IPOC3451-146x300.jpg 146w, https:\/\/www.reitverein-ellefeld.de\/wp-content\/uploads\/IPOC3451-768x1581.jpg 768w, https:\/\/www.reitverein-ellefeld.de\/wp-content\/uploads\/IPOC3451.jpg 777w\" sizes=\"(max-width: 497px) 100vw, 497px\" \/><\/a><\/figure>\n\n\n\n<figure class=\"wp-block-image size-large\"><a href=\"https:\/\/www.reitverein-ellefeld.de\/?attachment_id=2930\"><img decoding=\"async\" loading=\"lazy\" width=\"497\" height=\"1024\" data-id=\"2930\"  src=\"https:\/\/www.reitverein-ellefeld.de\/wp-content\/uploads\/JLIX6494-497x1024.jpg\" alt=\"\" class=\"wp-image-2930\" srcset=\"https:\/\/www.reitverein-ellefeld.de\/wp-content\/uploads\/JLIX6494-497x1024.jpg 497w, https:\/\/www.reitverein-ellefeld.de\/wp-content\/uploads\/JLIX6494-146x300.jpg 146w, https:\/\/www.reitverein-ellefeld.de\/wp-content\/uploads\/JLIX6494-768x1581.jpg 768w, https:\/\/www.reitverein-ellefeld.de\/wp-content\/uploads\/JLIX6494.jpg 777w\" sizes=\"(max-width: 497px) 100vw, 497px\" \/><\/a><\/figure>\n\n\n\n<figure class=\"wp-block-image size-large\"><a href=\"https:\/\/www.reitverein-ellefeld.de\/?attachment_id=2931\"><img decoding=\"async\" loading=\"lazy\" width=\"497\" height=\"1024\" data-id=\"2931\"  src=\"https:\/\/www.reitverein-ellefeld.de\/wp-content\/uploads\/JNDV2844-497x1024.jpg\" alt=\"\" class=\"wp-image-2931\" srcset=\"https:\/\/www.reitverein-ellefeld.de\/wp-content\/uploads\/JNDV2844-497x1024.jpg 497w, https:\/\/www.reitverein-ellefeld.de\/wp-content\/uploads\/JNDV2844-146x300.jpg 146w, https:\/\/www.reitverein-ellefeld.de\/wp-content\/uploads\/JNDV2844-768x1581.jpg 768w, https:\/\/www.reitverein-ellefeld.de\/wp-content\/uploads\/JNDV2844.jpg 777w\" sizes=\"(max-width: 497px) 100vw, 497px\" \/><\/a><\/figure>\n\n\n\n<figure class=\"wp-block-image size-large\"><a href=\"https:\/\/www.reitverein-ellefeld.de\/?attachment_id=2932\"><img decoding=\"async\" loading=\"lazy\" width=\"497\" height=\"1024\" data-id=\"2932\"  src=\"https:\/\/www.reitverein-ellefeld.de\/wp-content\/uploads\/JOIW1876-497x1024.jpg\" alt=\"\" class=\"wp-image-2932\" srcset=\"https:\/\/www.reitverein-ellefeld.de\/wp-content\/uploads\/JOIW1876-497x1024.jpg 497w, https:\/\/www.reitverein-ellefeld.de\/wp-content\/uploads\/JOIW1876-146x300.jpg 146w, https:\/\/www.reitverein-ellefeld.de\/wp-content\/uploads\/JOIW1876-768x1581.jpg 768w, https:\/\/www.reitverein-ellefeld.de\/wp-content\/uploads\/JOIW1876.jpg 777w\" sizes=\"(max-width: 497px) 100vw, 497px\" \/><\/a><\/figure>\n\n\n\n<figure class=\"wp-block-image size-large\"><a href=\"https:\/\/www.reitverein-ellefeld.de\/?attachment_id=2933\"><img decoding=\"async\" loading=\"lazy\" width=\"497\" height=\"1024\" data-id=\"2933\"  src=\"https:\/\/www.reitverein-ellefeld.de\/wp-content\/uploads\/JYQS8826-497x1024.jpg\" alt=\"\" class=\"wp-image-2933\" srcset=\"https:\/\/www.reitverein-ellefeld.de\/wp-content\/uploads\/JYQS8826-497x1024.jpg 497w, https:\/\/www.reitverein-ellefeld.de\/wp-content\/uploads\/JYQS8826-146x300.jpg 146w, https:\/\/www.reitverein-ellefeld.de\/wp-content\/uploads\/JYQS8826-768x1581.jpg 768w, https:\/\/www.reitverein-ellefeld.de\/wp-content\/uploads\/JYQS8826.jpg 777w\" sizes=\"(max-width: 497px) 100vw, 497px\" \/><\/a><\/figure>\n\n\n\n<figure class=\"wp-block-image size-large\"><a href=\"https:\/\/www.reitverein-ellefeld.de\/?attachment_id=2934\"><img decoding=\"async\" loading=\"lazy\" width=\"497\" height=\"1024\" data-id=\"2934\"  src=\"https:\/\/www.reitverein-ellefeld.de\/wp-content\/uploads\/KTNQ9982-497x1024.jpg\" alt=\"\" class=\"wp-image-2934\" srcset=\"https:\/\/www.reitverein-ellefeld.de\/wp-content\/uploads\/KTNQ9982-497x1024.jpg 497w, https:\/\/www.reitverein-ellefeld.de\/wp-content\/uploads\/KTNQ9982-146x300.jpg 146w, https:\/\/www.reitverein-ellefeld.de\/wp-content\/uploads\/KTNQ9982-768x1581.jpg 768w, https:\/\/www.reitverein-ellefeld.de\/wp-content\/uploads\/KTNQ9982.jpg 777w\" sizes=\"(max-width: 497px) 100vw, 497px\" \/><\/a><\/figure>\n\n\n\n<figure class=\"wp-block-image size-large\"><a href=\"https:\/\/www.reitverein-ellefeld.de\/?attachment_id=2935\"><img decoding=\"async\" loading=\"lazy\" width=\"497\" height=\"1024\" data-id=\"2935\"  src=\"https:\/\/www.reitverein-ellefeld.de\/wp-content\/uploads\/KWDT9170-497x1024.jpg\" alt=\"\" class=\"wp-image-2935\" srcset=\"https:\/\/www.reitverein-ellefeld.de\/wp-content\/uploads\/KWDT9170-497x1024.jpg 497w, https:\/\/www.reitverein-ellefeld.de\/wp-content\/uploads\/KWDT9170-146x300.jpg 146w, https:\/\/www.reitverein-ellefeld.de\/wp-content\/uploads\/KWDT9170-768x1581.jpg 768w, https:\/\/www.reitverein-ellefeld.de\/wp-content\/uploads\/KWDT9170.jpg 777w\" sizes=\"(max-width: 497px) 100vw, 497px\" \/><\/a><\/figure>\n\n\n\n<figure class=\"wp-block-image size-large\"><a href=\"https:\/\/www.reitverein-ellefeld.de\/?attachment_id=2936\"><img decoding=\"async\" loading=\"lazy\" width=\"497\" height=\"1024\" data-id=\"2936\"  src=\"https:\/\/www.reitverein-ellefeld.de\/wp-content\/uploads\/MUJC5339-497x1024.jpg\" alt=\"\" class=\"wp-image-2936\" srcset=\"https:\/\/www.reitverein-ellefeld.de\/wp-content\/uploads\/MUJC5339-497x1024.jpg 497w, https:\/\/www.reitverein-ellefeld.de\/wp-content\/uploads\/MUJC5339-146x300.jpg 146w, https:\/\/www.reitverein-ellefeld.de\/wp-content\/uploads\/MUJC5339-768x1581.jpg 768w, https:\/\/www.reitverein-ellefeld.de\/wp-content\/uploads\/MUJC5339.jpg 777w\" sizes=\"(max-width: 497px) 100vw, 497px\" \/><\/a><\/figure>\n\n\n\n<figure class=\"wp-block-image size-large\"><a href=\"https:\/\/www.reitverein-ellefeld.de\/?attachment_id=2937\"><img decoding=\"async\" loading=\"lazy\" width=\"497\" height=\"1024\" data-id=\"2937\"  src=\"https:\/\/www.reitverein-ellefeld.de\/wp-content\/uploads\/NCTE7364-497x1024.jpg\" alt=\"\" class=\"wp-image-2937\" srcset=\"https:\/\/www.reitverein-ellefeld.de\/wp-content\/uploads\/NCTE7364-497x1024.jpg 497w, https:\/\/www.reitverein-ellefeld.de\/wp-content\/uploads\/NCTE7364-146x300.jpg 146w, https:\/\/www.reitverein-ellefeld.de\/wp-content\/uploads\/NCTE7364-768x1581.jpg 768w, https:\/\/www.reitverein-ellefeld.de\/wp-content\/uploads\/NCTE7364.jpg 777w\" sizes=\"(max-width: 497px) 100vw, 497px\" \/><\/a><\/figure>\n\n\n\n<figure class=\"wp-block-image size-large\"><a href=\"https:\/\/www.reitverein-ellefeld.de\/?attachment_id=2938\"><img decoding=\"async\" loading=\"lazy\" width=\"497\" height=\"1024\" data-id=\"2938\"  src=\"https:\/\/www.reitverein-ellefeld.de\/wp-content\/uploads\/NJVX9841-497x1024.jpg\" alt=\"\" class=\"wp-image-2938\" srcset=\"https:\/\/www.reitverein-ellefeld.de\/wp-content\/uploads\/NJVX9841-497x1024.jpg 497w, https:\/\/www.reitverein-ellefeld.de\/wp-content\/uploads\/NJVX9841-146x300.jpg 146w, https:\/\/www.reitverein-ellefeld.de\/wp-content\/uploads\/NJVX9841-768x1581.jpg 768w, https:\/\/www.reitverein-ellefeld.de\/wp-content\/uploads\/NJVX9841.jpg 777w\" sizes=\"(max-width: 497px) 100vw, 497px\" \/><\/a><\/figure>\n\n\n\n<figure class=\"wp-block-image size-large\"><a href=\"https:\/\/www.reitverein-ellefeld.de\/?attachment_id=2939\"><img decoding=\"async\" loading=\"lazy\" width=\"497\" height=\"1024\" data-id=\"2939\"  src=\"https:\/\/www.reitverein-ellefeld.de\/wp-content\/uploads\/OCEE1754-497x1024.jpg\" alt=\"\" class=\"wp-image-2939\" srcset=\"https:\/\/www.reitverein-ellefeld.de\/wp-content\/uploads\/OCEE1754-497x1024.jpg 497w, https:\/\/www.reitverein-ellefeld.de\/wp-content\/uploads\/OCEE1754-146x300.jpg 146w, https:\/\/www.reitverein-ellefeld.de\/wp-content\/uploads\/OCEE1754-768x1581.jpg 768w, https:\/\/www.reitverein-ellefeld.de\/wp-content\/uploads\/OCEE1754.jpg 777w\" sizes=\"(max-width: 497px) 100vw, 497px\" \/><\/a><\/figure>\n\n\n\n<figure class=\"wp-block-image size-large\"><a href=\"https:\/\/www.reitverein-ellefeld.de\/?attachment_id=2940\"><img decoding=\"async\" loading=\"lazy\" width=\"497\" height=\"1024\" data-id=\"2940\"  src=\"https:\/\/www.reitverein-ellefeld.de\/wp-content\/uploads\/OWED3545-497x1024.jpg\" alt=\"\" class=\"wp-image-2940\" srcset=\"https:\/\/www.reitverein-ellefeld.de\/wp-content\/uploads\/OWED3545-497x1024.jpg 497w, https:\/\/www.reitverein-ellefeld.de\/wp-content\/uploads\/OWED3545-146x300.jpg 146w, https:\/\/www.reitverein-ellefeld.de\/wp-content\/uploads\/OWED3545-768x1581.jpg 768w, https:\/\/www.reitverein-ellefeld.de\/wp-content\/uploads\/OWED3545.jpg 777w\" sizes=\"(max-width: 497px) 100vw, 497px\" \/><\/a><\/figure>\n\n\n\n<figure class=\"wp-block-image size-large\"><a href=\"https:\/\/www.reitverein-ellefeld.de\/?attachment_id=2941\"><img decoding=\"async\" loading=\"lazy\" width=\"497\" height=\"1024\" data-id=\"2941\"  src=\"https:\/\/www.reitverein-ellefeld.de\/wp-content\/uploads\/PIDO9793-497x1024.jpg\" alt=\"\" class=\"wp-image-2941\" srcset=\"https:\/\/www.reitverein-ellefeld.de\/wp-content\/uploads\/PIDO9793-497x1024.jpg 497w, https:\/\/www.reitverein-ellefeld.de\/wp-content\/uploads\/PIDO9793-146x300.jpg 146w, https:\/\/www.reitverein-ellefeld.de\/wp-content\/uploads\/PIDO9793-768x1581.jpg 768w, https:\/\/www.reitverein-ellefeld.de\/wp-content\/uploads\/PIDO9793.jpg 777w\" sizes=\"(max-width: 497px) 100vw, 497px\" \/><\/a><\/figure>\n\n\n\n<figure class=\"wp-block-image size-large\"><a href=\"https:\/\/www.reitverein-ellefeld.de\/?attachment_id=2942\"><img decoding=\"async\" loading=\"lazy\" width=\"497\" height=\"1024\" data-id=\"2942\"  src=\"https:\/\/www.reitverein-ellefeld.de\/wp-content\/uploads\/PLOR8201-497x1024.jpg\" alt=\"\" class=\"wp-image-2942\" srcset=\"https:\/\/www.reitverein-ellefeld.de\/wp-content\/uploads\/PLOR8201-497x1024.jpg 497w, https:\/\/www.reitverein-ellefeld.de\/wp-content\/uploads\/PLOR8201-146x300.jpg 146w, https:\/\/www.reitverein-ellefeld.de\/wp-content\/uploads\/PLOR8201-768x1581.jpg 768w, https:\/\/www.reitverein-ellefeld.de\/wp-content\/uploads\/PLOR8201.jpg 777w\" sizes=\"(max-width: 497px) 100vw, 497px\" \/><\/a><\/figure>\n\n\n\n<figure class=\"wp-block-image size-large\"><a href=\"https:\/\/www.reitverein-ellefeld.de\/?attachment_id=2943\"><img decoding=\"async\" loading=\"lazy\" width=\"497\" height=\"1024\" data-id=\"2943\"  src=\"https:\/\/www.reitverein-ellefeld.de\/wp-content\/uploads\/RDSX9764-497x1024.jpg\" alt=\"\" class=\"wp-image-2943\" srcset=\"https:\/\/www.reitverein-ellefeld.de\/wp-content\/uploads\/RDSX9764-497x1024.jpg 497w, https:\/\/www.reitverein-ellefeld.de\/wp-content\/uploads\/RDSX9764-146x300.jpg 146w, https:\/\/www.reitverein-ellefeld.de\/wp-content\/uploads\/RDSX9764-768x1581.jpg 768w, https:\/\/www.reitverein-ellefeld.de\/wp-content\/uploads\/RDSX9764.jpg 777w\" sizes=\"(max-width: 497px) 100vw, 497px\" \/><\/a><\/figure>\n\n\n\n<figure class=\"wp-block-image size-large\"><a href=\"https:\/\/www.reitverein-ellefeld.de\/?attachment_id=2944\"><img decoding=\"async\" loading=\"lazy\" width=\"497\" height=\"1024\" data-id=\"2944\"  src=\"https:\/\/www.reitverein-ellefeld.de\/wp-content\/uploads\/RWLL3787-497x1024.jpg\" alt=\"\" class=\"wp-image-2944\" srcset=\"https:\/\/www.reitverein-ellefeld.de\/wp-content\/uploads\/RWLL3787-497x1024.jpg 497w, https:\/\/www.reitverein-ellefeld.de\/wp-content\/uploads\/RWLL3787-146x300.jpg 146w, https:\/\/www.reitverein-ellefeld.de\/wp-content\/uploads\/RWLL3787-768x1581.jpg 768w, https:\/\/www.reitverein-ellefeld.de\/wp-content\/uploads\/RWLL3787.jpg 777w\" sizes=\"(max-width: 497px) 100vw, 497px\" \/><\/a><\/figure>\n\n\n\n<figure class=\"wp-block-image size-large\"><a href=\"https:\/\/www.reitverein-ellefeld.de\/?attachment_id=2945\"><img decoding=\"async\" loading=\"lazy\" width=\"497\" height=\"1024\" data-id=\"2945\"  src=\"https:\/\/www.reitverein-ellefeld.de\/wp-content\/uploads\/TJYY2887-497x1024.jpg\" alt=\"\" class=\"wp-image-2945\" srcset=\"https:\/\/www.reitverein-ellefeld.de\/wp-content\/uploads\/TJYY2887-497x1024.jpg 497w, https:\/\/www.reitverein-ellefeld.de\/wp-content\/uploads\/TJYY2887-146x300.jpg 146w, https:\/\/www.reitverein-ellefeld.de\/wp-content\/uploads\/TJYY2887-768x1581.jpg 768w, https:\/\/www.reitverein-ellefeld.de\/wp-content\/uploads\/TJYY2887.jpg 777w\" sizes=\"(max-width: 497px) 100vw, 497px\" \/><\/a><\/figure>\n\n\n\n<figure class=\"wp-block-image size-large\"><a href=\"https:\/\/www.reitverein-ellefeld.de\/?attachment_id=2946\"><img decoding=\"async\" loading=\"lazy\" width=\"497\" height=\"1024\" data-id=\"2946\"  src=\"https:\/\/www.reitverein-ellefeld.de\/wp-content\/uploads\/TWCC7542-497x1024.jpg\" alt=\"\" class=\"wp-image-2946\" srcset=\"https:\/\/www.reitverein-ellefeld.de\/wp-content\/uploads\/TWCC7542-497x1024.jpg 497w, https:\/\/www.reitverein-ellefeld.de\/wp-content\/uploads\/TWCC7542-146x300.jpg 146w, https:\/\/www.reitverein-ellefeld.de\/wp-content\/uploads\/TWCC7542-768x1581.jpg 768w, https:\/\/www.reitverein-ellefeld.de\/wp-content\/uploads\/TWCC7542.jpg 777w\" sizes=\"(max-width: 497px) 100vw, 497px\" \/><\/a><\/figure>\n\n\n\n<figure class=\"wp-block-image size-large\"><a href=\"https:\/\/www.reitverein-ellefeld.de\/?attachment_id=2947\"><img decoding=\"async\" loading=\"lazy\" width=\"497\" height=\"1024\" data-id=\"2947\"  src=\"https:\/\/www.reitverein-ellefeld.de\/wp-content\/uploads\/UDKT8713-497x1024.jpg\" alt=\"\" class=\"wp-image-2947\" srcset=\"https:\/\/www.reitverein-ellefeld.de\/wp-content\/uploads\/UDKT8713-497x1024.jpg 497w, https:\/\/www.reitverein-ellefeld.de\/wp-content\/uploads\/UDKT8713-146x300.jpg 146w, https:\/\/www.reitverein-ellefeld.de\/wp-content\/uploads\/UDKT8713-768x1581.jpg 768w, https:\/\/www.reitverein-ellefeld.de\/wp-content\/uploads\/UDKT8713.jpg 777w\" sizes=\"(max-width: 497px) 100vw, 497px\" \/><\/a><\/figure>\n\n\n\n<figure class=\"wp-block-image size-large\"><a href=\"https:\/\/www.reitverein-ellefeld.de\/?attachment_id=2949\"><img decoding=\"async\" loading=\"lazy\" width=\"497\" height=\"1024\" data-id=\"2949\"  src=\"https:\/\/www.reitverein-ellefeld.de\/wp-content\/uploads\/USHH9639-497x1024.jpg\" alt=\"\" class=\"wp-image-2949\" srcset=\"https:\/\/www.reitverein-ellefeld.de\/wp-content\/uploads\/USHH9639-497x1024.jpg 497w, https:\/\/www.reitverein-ellefeld.de\/wp-content\/uploads\/USHH9639-146x300.jpg 146w, https:\/\/www.reitverein-ellefeld.de\/wp-content\/uploads\/USHH9639-768x1581.jpg 768w, https:\/\/www.reitverein-ellefeld.de\/wp-content\/uploads\/USHH9639.jpg 777w\" sizes=\"(max-width: 497px) 100vw, 497px\" \/><\/a><\/figure>\n\n\n\n<figure class=\"wp-block-image size-large\"><a href=\"https:\/\/www.reitverein-ellefeld.de\/?attachment_id=2950\"><img decoding=\"async\" loading=\"lazy\" width=\"1024\" height=\"768\" data-id=\"2950\"  src=\"https:\/\/www.reitverein-ellefeld.de\/wp-content\/uploads\/USTF7331-1024x768.jpg\" alt=\"\" class=\"wp-image-2950\" srcset=\"https:\/\/www.reitverein-ellefeld.de\/wp-content\/uploads\/USTF7331-1024x768.jpg 1024w, https:\/\/www.reitverein-ellefeld.de\/wp-content\/uploads\/USTF7331-300x225.jpg 300w, https:\/\/www.reitverein-ellefeld.de\/wp-content\/uploads\/USTF7331-768x576.jpg 768w, https:\/\/www.reitverein-ellefeld.de\/wp-content\/uploads\/USTF7331.jpg 1600w\" sizes=\"(max-width: 1024px) 100vw, 1024px\" \/><\/a><\/figure>\n\n\n\n<figure class=\"wp-block-image size-large\"><a href=\"https:\/\/www.reitverein-ellefeld.de\/?attachment_id=2951\"><img decoding=\"async\" loading=\"lazy\" width=\"497\" height=\"1024\" data-id=\"2951\"  src=\"https:\/\/www.reitverein-ellefeld.de\/wp-content\/uploads\/VFIV0780-497x1024.jpg\" alt=\"\" class=\"wp-image-2951\" srcset=\"https:\/\/www.reitverein-ellefeld.de\/wp-content\/uploads\/VFIV0780-497x1024.jpg 497w, https:\/\/www.reitverein-ellefeld.de\/wp-content\/uploads\/VFIV0780-146x300.jpg 146w, https:\/\/www.reitverein-ellefeld.de\/wp-content\/uploads\/VFIV0780-768x1581.jpg 768w, https:\/\/www.reitverein-ellefeld.de\/wp-content\/uploads\/VFIV0780.jpg 777w\" sizes=\"(max-width: 497px) 100vw, 497px\" \/><\/a><\/figure>\n\n\n\n<figure class=\"wp-block-image size-large\"><a href=\"https:\/\/www.reitverein-ellefeld.de\/?attachment_id=2952\"><img decoding=\"async\" loading=\"lazy\" width=\"768\" height=\"1024\" data-id=\"2952\"  src=\"https:\/\/www.reitverein-ellefeld.de\/wp-content\/uploads\/VIYY8716-768x1024.jpg\" alt=\"\" class=\"wp-image-2952\" srcset=\"https:\/\/www.reitverein-ellefeld.de\/wp-content\/uploads\/VIYY8716-768x1024.jpg 768w, https:\/\/www.reitverein-ellefeld.de\/wp-content\/uploads\/VIYY8716-225x300.jpg 225w, https:\/\/www.reitverein-ellefeld.de\/wp-content\/uploads\/VIYY8716.jpg 1200w\" sizes=\"(max-width: 768px) 100vw, 768px\" \/><\/a><\/figure>\n\n\n\n<figure class=\"wp-block-image size-large\"><a href=\"https:\/\/www.reitverein-ellefeld.de\/?attachment_id=2953\"><img decoding=\"async\" loading=\"lazy\" width=\"1024\" height=\"497\" data-id=\"2953\"  src=\"https:\/\/www.reitverein-ellefeld.de\/wp-content\/uploads\/WIQI4151-1024x497.jpg\" alt=\"\" class=\"wp-image-2953\" srcset=\"https:\/\/www.reitverein-ellefeld.de\/wp-content\/uploads\/WIQI4151-1024x497.jpg 1024w, https:\/\/www.reitverein-ellefeld.de\/wp-content\/uploads\/WIQI4151-300x146.jpg 300w, https:\/\/www.reitverein-ellefeld.de\/wp-content\/uploads\/WIQI4151-768x373.jpg 768w, https:\/\/www.reitverein-ellefeld.de\/wp-content\/uploads\/WIQI4151.jpg 1600w\" sizes=\"(max-width: 1024px) 100vw, 1024px\" \/><\/a><\/figure>\n\n\n\n<figure class=\"wp-block-image size-large\"><a href=\"https:\/\/www.reitverein-ellefeld.de\/?attachment_id=2954\"><img decoding=\"async\" loading=\"lazy\" width=\"497\" height=\"1024\" data-id=\"2954\"  src=\"https:\/\/www.reitverein-ellefeld.de\/wp-content\/uploads\/XDLD2379-497x1024.jpg\" alt=\"\" class=\"wp-image-2954\" srcset=\"https:\/\/www.reitverein-ellefeld.de\/wp-content\/uploads\/XDLD2379-497x1024.jpg 497w, https:\/\/www.reitverein-ellefeld.de\/wp-content\/uploads\/XDLD2379-146x300.jpg 146w, https:\/\/www.reitverein-ellefeld.de\/wp-content\/uploads\/XDLD2379-768x1581.jpg 768w, https:\/\/www.reitverein-ellefeld.de\/wp-content\/uploads\/XDLD2379.jpg 777w\" sizes=\"(max-width: 497px) 100vw, 497px\" \/><\/a><\/figure>\n\n\n\n<figure class=\"wp-block-image size-large\"><a href=\"https:\/\/www.reitverein-ellefeld.de\/?attachment_id=2955\"><img decoding=\"async\" loading=\"lazy\" width=\"497\" height=\"1024\" data-id=\"2955\"  src=\"https:\/\/www.reitverein-ellefeld.de\/wp-content\/uploads\/XTBV5520-497x1024.jpg\" alt=\"\" class=\"wp-image-2955\" srcset=\"https:\/\/www.reitverein-ellefeld.de\/wp-content\/uploads\/XTBV5520-497x1024.jpg 497w, https:\/\/www.reitverein-ellefeld.de\/wp-content\/uploads\/XTBV5520-146x300.jpg 146w, https:\/\/www.reitverein-ellefeld.de\/wp-content\/uploads\/XTBV5520-768x1581.jpg 768w, https:\/\/www.reitverein-ellefeld.de\/wp-content\/uploads\/XTBV5520.jpg 777w\" sizes=\"(max-width: 497px) 100vw, 497px\" \/><\/a><\/figure>\n\n\n\n<figure class=\"wp-block-image size-large\"><a href=\"https:\/\/www.reitverein-ellefeld.de\/?attachment_id=2956\"><img decoding=\"async\" loading=\"lazy\" width=\"497\" height=\"1024\" data-id=\"2956\"  src=\"https:\/\/www.reitverein-ellefeld.de\/wp-content\/uploads\/YCAQ2827-497x1024.jpg\" alt=\"\" class=\"wp-image-2956\" srcset=\"https:\/\/www.reitverein-ellefeld.de\/wp-content\/uploads\/YCAQ2827-497x1024.jpg 497w, https:\/\/www.reitverein-ellefeld.de\/wp-content\/uploads\/YCAQ2827-146x300.jpg 146w, https:\/\/www.reitverein-ellefeld.de\/wp-content\/uploads\/YCAQ2827-768x1581.jpg 768w, https:\/\/www.reitverein-ellefeld.de\/wp-content\/uploads\/YCAQ2827.jpg 777w\" sizes=\"(max-width: 497px) 100vw, 497px\" \/><\/a><\/figure>\n<\/figure>\n\n\n\n<h3 class=\"wp-block-heading\"><strong>13. Oktober 2019: Breitensportturnier zur Ellefelder Kirmes<br><\/strong><\/h3>\n\n\n\n<p>Bei bestem Wetter hat wieder unser j\u00e4hrliches Breitensport-Kirmesturnier stattgefunden. Fast 2000 Fotos von den einzelnen Wettbewerben findet ihr auf Facebook <a href=\"https:\/\/de-de.facebook.com\/ReitUndFahrvereinEllelfeld\">HIER<\/a>.<\/p>\n\n\n\n<figure class=\"wp-block-gallery has-nested-images columns-3 is-cropped wp-block-gallery-39 is-layout-flex\">\n<figure class=\"wp-block-image size-large\"><a href=\"https:\/\/www.reitverein-ellefeld.de\/?attachment_id=2958\"><img decoding=\"async\" loading=\"lazy\" width=\"960\" height=\"640\" data-id=\"2958\"  src=\"https:\/\/www.reitverein-ellefeld.de\/wp-content\/uploads\/72643258_2418289994946694_1641360866433564672_n.jpg\" alt=\"\" class=\"wp-image-2958\" srcset=\"https:\/\/www.reitverein-ellefeld.de\/wp-content\/uploads\/72643258_2418289994946694_1641360866433564672_n.jpg 960w, https:\/\/www.reitverein-ellefeld.de\/wp-content\/uploads\/72643258_2418289994946694_1641360866433564672_n-300x200.jpg 300w, https:\/\/www.reitverein-ellefeld.de\/wp-content\/uploads\/72643258_2418289994946694_1641360866433564672_n-768x512.jpg 768w\" sizes=\"(max-width: 960px) 100vw, 960px\" \/><\/a><\/figure>\n\n\n\n<figure class=\"wp-block-image size-large\"><a href=\"https:\/\/www.reitverein-ellefeld.de\/?attachment_id=2959\"><img decoding=\"async\" loading=\"lazy\" width=\"960\" height=\"640\" data-id=\"2959\"  src=\"https:\/\/www.reitverein-ellefeld.de\/wp-content\/uploads\/72691098_2418290244946669_5460453212035219456_n.jpg\" alt=\"\" class=\"wp-image-2959\" srcset=\"https:\/\/www.reitverein-ellefeld.de\/wp-content\/uploads\/72691098_2418290244946669_5460453212035219456_n.jpg 960w, https:\/\/www.reitverein-ellefeld.de\/wp-content\/uploads\/72691098_2418290244946669_5460453212035219456_n-300x200.jpg 300w, https:\/\/www.reitverein-ellefeld.de\/wp-content\/uploads\/72691098_2418290244946669_5460453212035219456_n-768x512.jpg 768w\" sizes=\"(max-width: 960px) 100vw, 960px\" \/><\/a><\/figure>\n\n\n\n<figure class=\"wp-block-image size-large\"><a href=\"https:\/\/www.reitverein-ellefeld.de\/?attachment_id=2960\"><img decoding=\"async\" loading=\"lazy\" width=\"960\" height=\"640\" data-id=\"2960\"  src=\"https:\/\/www.reitverein-ellefeld.de\/wp-content\/uploads\/72691108_2418290141613346_4398145153617887232_n.jpg\" alt=\"\" class=\"wp-image-2960\" srcset=\"https:\/\/www.reitverein-ellefeld.de\/wp-content\/uploads\/72691108_2418290141613346_4398145153617887232_n.jpg 960w, https:\/\/www.reitverein-ellefeld.de\/wp-content\/uploads\/72691108_2418290141613346_4398145153617887232_n-300x200.jpg 300w, https:\/\/www.reitverein-ellefeld.de\/wp-content\/uploads\/72691108_2418290141613346_4398145153617887232_n-768x512.jpg 768w\" sizes=\"(max-width: 960px) 100vw, 960px\" \/><\/a><\/figure>\n\n\n\n<figure class=\"wp-block-image size-large\"><a href=\"https:\/\/www.reitverein-ellefeld.de\/?attachment_id=2961\"><img decoding=\"async\" loading=\"lazy\" width=\"960\" height=\"640\" data-id=\"2961\"  src=\"https:\/\/www.reitverein-ellefeld.de\/wp-content\/uploads\/72700869_2418286501613710_5411305128172978176_n.jpg\" alt=\"\" class=\"wp-image-2961\" srcset=\"https:\/\/www.reitverein-ellefeld.de\/wp-content\/uploads\/72700869_2418286501613710_5411305128172978176_n.jpg 960w, https:\/\/www.reitverein-ellefeld.de\/wp-content\/uploads\/72700869_2418286501613710_5411305128172978176_n-300x200.jpg 300w, https:\/\/www.reitverein-ellefeld.de\/wp-content\/uploads\/72700869_2418286501613710_5411305128172978176_n-768x512.jpg 768w\" sizes=\"(max-width: 960px) 100vw, 960px\" \/><\/a><\/figure>\n\n\n\n<figure class=\"wp-block-image size-large\"><a href=\"https:\/\/www.reitverein-ellefeld.de\/?attachment_id=2962\"><img decoding=\"async\" loading=\"lazy\" width=\"960\" height=\"640\" data-id=\"2962\"  src=\"https:\/\/www.reitverein-ellefeld.de\/wp-content\/uploads\/72899505_2418289794946714_7272152266679779328_n.jpg\" alt=\"\" class=\"wp-image-2962\" srcset=\"https:\/\/www.reitverein-ellefeld.de\/wp-content\/uploads\/72899505_2418289794946714_7272152266679779328_n.jpg 960w, https:\/\/www.reitverein-ellefeld.de\/wp-content\/uploads\/72899505_2418289794946714_7272152266679779328_n-300x200.jpg 300w, https:\/\/www.reitverein-ellefeld.de\/wp-content\/uploads\/72899505_2418289794946714_7272152266679779328_n-768x512.jpg 768w\" sizes=\"(max-width: 960px) 100vw, 960px\" \/><\/a><\/figure>\n\n\n\n<figure class=\"wp-block-image size-large\"><a href=\"https:\/\/www.reitverein-ellefeld.de\/?attachment_id=2963\"><img decoding=\"async\" loading=\"lazy\" width=\"960\" height=\"224\" data-id=\"2963\"  src=\"https:\/\/www.reitverein-ellefeld.de\/wp-content\/uploads\/72900802_2418288611613499_5423588541366009856_n.jpg\" alt=\"\" class=\"wp-image-2963\" srcset=\"https:\/\/www.reitverein-ellefeld.de\/wp-content\/uploads\/72900802_2418288611613499_5423588541366009856_n.jpg 960w, https:\/\/www.reitverein-ellefeld.de\/wp-content\/uploads\/72900802_2418288611613499_5423588541366009856_n-300x70.jpg 300w, https:\/\/www.reitverein-ellefeld.de\/wp-content\/uploads\/72900802_2418288611613499_5423588541366009856_n-768x179.jpg 768w\" sizes=\"(max-width: 960px) 100vw, 960px\" \/><\/a><\/figure>\n\n\n\n<figure class=\"wp-block-image size-large\"><a href=\"https:\/\/www.reitverein-ellefeld.de\/?attachment_id=2964\"><img decoding=\"async\" loading=\"lazy\" width=\"960\" height=\"640\" data-id=\"2964\"  src=\"https:\/\/www.reitverein-ellefeld.de\/wp-content\/uploads\/72994674_2418292894946404_2531287453193469952_n.jpg\" alt=\"\" class=\"wp-image-2964\" srcset=\"https:\/\/www.reitverein-ellefeld.de\/wp-content\/uploads\/72994674_2418292894946404_2531287453193469952_n.jpg 960w, https:\/\/www.reitverein-ellefeld.de\/wp-content\/uploads\/72994674_2418292894946404_2531287453193469952_n-300x200.jpg 300w, https:\/\/www.reitverein-ellefeld.de\/wp-content\/uploads\/72994674_2418292894946404_2531287453193469952_n-768x512.jpg 768w\" sizes=\"(max-width: 960px) 100vw, 960px\" \/><\/a><\/figure>\n\n\n\n<figure class=\"wp-block-image size-large\"><a href=\"https:\/\/www.reitverein-ellefeld.de\/?attachment_id=2965\"><img decoding=\"async\" loading=\"lazy\" width=\"960\" height=\"640\" data-id=\"2965\"  src=\"https:\/\/www.reitverein-ellefeld.de\/wp-content\/uploads\/73006528_2418290778279949_98192220925984768_n.jpg\" alt=\"\" class=\"wp-image-2965\" srcset=\"https:\/\/www.reitverein-ellefeld.de\/wp-content\/uploads\/73006528_2418290778279949_98192220925984768_n.jpg 960w, https:\/\/www.reitverein-ellefeld.de\/wp-content\/uploads\/73006528_2418290778279949_98192220925984768_n-300x200.jpg 300w, https:\/\/www.reitverein-ellefeld.de\/wp-content\/uploads\/73006528_2418290778279949_98192220925984768_n-768x512.jpg 768w\" sizes=\"(max-width: 960px) 100vw, 960px\" \/><\/a><\/figure>\n\n\n\n<figure class=\"wp-block-image size-large\"><a href=\"https:\/\/www.reitverein-ellefeld.de\/?attachment_id=2966\"><img decoding=\"async\" loading=\"lazy\" width=\"960\" height=\"384\" data-id=\"2966\"  src=\"https:\/\/www.reitverein-ellefeld.de\/wp-content\/uploads\/73472764_2418291348279892_7616195833037324288_n.jpg\" alt=\"\" class=\"wp-image-2966\" srcset=\"https:\/\/www.reitverein-ellefeld.de\/wp-content\/uploads\/73472764_2418291348279892_7616195833037324288_n.jpg 960w, https:\/\/www.reitverein-ellefeld.de\/wp-content\/uploads\/73472764_2418291348279892_7616195833037324288_n-300x120.jpg 300w, https:\/\/www.reitverein-ellefeld.de\/wp-content\/uploads\/73472764_2418291348279892_7616195833037324288_n-768x307.jpg 768w\" sizes=\"(max-width: 960px) 100vw, 960px\" \/><\/a><\/figure>\n\n\n\n<figure class=\"wp-block-image size-large\"><a href=\"https:\/\/www.reitverein-ellefeld.de\/?attachment_id=2967\"><img decoding=\"async\" loading=\"lazy\" width=\"960\" height=\"640\" data-id=\"2967\"  src=\"https:\/\/www.reitverein-ellefeld.de\/wp-content\/uploads\/73497851_2418286301613730_6016450240469532672_n.jpg\" alt=\"\" class=\"wp-image-2967\" srcset=\"https:\/\/www.reitverein-ellefeld.de\/wp-content\/uploads\/73497851_2418286301613730_6016450240469532672_n.jpg 960w, https:\/\/www.reitverein-ellefeld.de\/wp-content\/uploads\/73497851_2418286301613730_6016450240469532672_n-300x200.jpg 300w, https:\/\/www.reitverein-ellefeld.de\/wp-content\/uploads\/73497851_2418286301613730_6016450240469532672_n-768x512.jpg 768w\" sizes=\"(max-width: 960px) 100vw, 960px\" \/><\/a><\/figure>\n\n\n\n<figure class=\"wp-block-image size-large\"><a href=\"https:\/\/www.reitverein-ellefeld.de\/?attachment_id=2968\"><img decoding=\"async\" loading=\"lazy\" width=\"960\" height=\"640\" data-id=\"2968\"  src=\"https:\/\/www.reitverein-ellefeld.de\/wp-content\/uploads\/73498075_2418291101613250_1582836190359322624_n.jpg\" alt=\"\" class=\"wp-image-2968\" srcset=\"https:\/\/www.reitverein-ellefeld.de\/wp-content\/uploads\/73498075_2418291101613250_1582836190359322624_n.jpg 960w, https:\/\/www.reitverein-ellefeld.de\/wp-content\/uploads\/73498075_2418291101613250_1582836190359322624_n-300x200.jpg 300w, https:\/\/www.reitverein-ellefeld.de\/wp-content\/uploads\/73498075_2418291101613250_1582836190359322624_n-768x512.jpg 768w\" sizes=\"(max-width: 960px) 100vw, 960px\" \/><\/a><\/figure>\n\n\n\n<figure class=\"wp-block-image size-large\"><a href=\"https:\/\/www.reitverein-ellefeld.de\/?attachment_id=2969\"><img decoding=\"async\" loading=\"lazy\" width=\"960\" height=\"384\" data-id=\"2969\"  src=\"https:\/\/www.reitverein-ellefeld.de\/wp-content\/uploads\/74234622_2418286604947033_6661110851480584192_n.jpg\" alt=\"\" class=\"wp-image-2969\" srcset=\"https:\/\/www.reitverein-ellefeld.de\/wp-content\/uploads\/74234622_2418286604947033_6661110851480584192_n.jpg 960w, https:\/\/www.reitverein-ellefeld.de\/wp-content\/uploads\/74234622_2418286604947033_6661110851480584192_n-300x120.jpg 300w, https:\/\/www.reitverein-ellefeld.de\/wp-content\/uploads\/74234622_2418286604947033_6661110851480584192_n-768x307.jpg 768w\" sizes=\"(max-width: 960px) 100vw, 960px\" \/><\/a><\/figure>\n\n\n\n<figure class=\"wp-block-image size-large\"><a href=\"https:\/\/www.reitverein-ellefeld.de\/?attachment_id=2970\"><img decoding=\"async\" loading=\"lazy\" width=\"960\" height=\"640\" data-id=\"2970\"  src=\"https:\/\/www.reitverein-ellefeld.de\/wp-content\/uploads\/74344681_2418289661613394_7733711184842457088_n.jpg\" alt=\"\" class=\"wp-image-2970\" srcset=\"https:\/\/www.reitverein-ellefeld.de\/wp-content\/uploads\/74344681_2418289661613394_7733711184842457088_n.jpg 960w, https:\/\/www.reitverein-ellefeld.de\/wp-content\/uploads\/74344681_2418289661613394_7733711184842457088_n-300x200.jpg 300w, https:\/\/www.reitverein-ellefeld.de\/wp-content\/uploads\/74344681_2418289661613394_7733711184842457088_n-768x512.jpg 768w\" sizes=\"(max-width: 960px) 100vw, 960px\" \/><\/a><\/figure>\n\n\n\n<figure class=\"wp-block-image size-large\"><a href=\"https:\/\/www.reitverein-ellefeld.de\/?attachment_id=2971\"><img decoding=\"async\" loading=\"lazy\" width=\"960\" height=\"640\" data-id=\"2971\"  src=\"https:\/\/www.reitverein-ellefeld.de\/wp-content\/uploads\/74372793_2418291024946591_6001797517157597184_n.jpg\" alt=\"\" class=\"wp-image-2971\" srcset=\"https:\/\/www.reitverein-ellefeld.de\/wp-content\/uploads\/74372793_2418291024946591_6001797517157597184_n.jpg 960w, https:\/\/www.reitverein-ellefeld.de\/wp-content\/uploads\/74372793_2418291024946591_6001797517157597184_n-300x200.jpg 300w, https:\/\/www.reitverein-ellefeld.de\/wp-content\/uploads\/74372793_2418291024946591_6001797517157597184_n-768x512.jpg 768w\" sizes=\"(max-width: 960px) 100vw, 960px\" \/><\/a><\/figure>\n\n\n\n<figure class=\"wp-block-image size-large\"><a href=\"https:\/\/www.reitverein-ellefeld.de\/?attachment_id=2972\"><img decoding=\"async\" loading=\"lazy\" width=\"960\" height=\"640\" data-id=\"2972\"  src=\"https:\/\/www.reitverein-ellefeld.de\/wp-content\/uploads\/74470428_2418286348280392_7355356314463109120_n.jpg\" alt=\"\" class=\"wp-image-2972\" srcset=\"https:\/\/www.reitverein-ellefeld.de\/wp-content\/uploads\/74470428_2418286348280392_7355356314463109120_n.jpg 960w, https:\/\/www.reitverein-ellefeld.de\/wp-content\/uploads\/74470428_2418286348280392_7355356314463109120_n-300x200.jpg 300w, https:\/\/www.reitverein-ellefeld.de\/wp-content\/uploads\/74470428_2418286348280392_7355356314463109120_n-768x512.jpg 768w\" sizes=\"(max-width: 960px) 100vw, 960px\" \/><\/a><\/figure>\n\n\n\n<figure class=\"wp-block-image size-large\"><a href=\"https:\/\/www.reitverein-ellefeld.de\/?attachment_id=2973\"><img decoding=\"async\" loading=\"lazy\" width=\"960\" height=\"640\" data-id=\"2973\"  src=\"https:\/\/www.reitverein-ellefeld.de\/wp-content\/uploads\/74586075_2418289921613368_6815009017279021056_n.jpg\" alt=\"\" class=\"wp-image-2973\" srcset=\"https:\/\/www.reitverein-ellefeld.de\/wp-content\/uploads\/74586075_2418289921613368_6815009017279021056_n.jpg 960w, https:\/\/www.reitverein-ellefeld.de\/wp-content\/uploads\/74586075_2418289921613368_6815009017279021056_n-300x200.jpg 300w, https:\/\/www.reitverein-ellefeld.de\/wp-content\/uploads\/74586075_2418289921613368_6815009017279021056_n-768x512.jpg 768w\" sizes=\"(max-width: 960px) 100vw, 960px\" \/><\/a><\/figure>\n\n\n\n<figure class=\"wp-block-image size-large\"><a href=\"https:\/\/www.reitverein-ellefeld.de\/?attachment_id=2974\"><img decoding=\"async\" loading=\"lazy\" width=\"960\" height=\"640\" data-id=\"2974\"  src=\"https:\/\/www.reitverein-ellefeld.de\/wp-content\/uploads\/75246643_2418289694946724_3820147773685104640_n.jpg\" alt=\"\" class=\"wp-image-2974\" srcset=\"https:\/\/www.reitverein-ellefeld.de\/wp-content\/uploads\/75246643_2418289694946724_3820147773685104640_n.jpg 960w, https:\/\/www.reitverein-ellefeld.de\/wp-content\/uploads\/75246643_2418289694946724_3820147773685104640_n-300x200.jpg 300w, https:\/\/www.reitverein-ellefeld.de\/wp-content\/uploads\/75246643_2418289694946724_3820147773685104640_n-768x512.jpg 768w\" sizes=\"(max-width: 960px) 100vw, 960px\" \/><\/a><\/figure>\n<\/figure>\n\n\n\n<h3 class=\"wp-block-heading\"><strong>29. September 2019: Turniererfolge<br><\/strong><\/h3>\n\n\n\n<p>Am vergangenen Wochenende konnten sich Ronja Kuhlee mit Quelle Delicouse im E-Stilspringen sowie Emi M\u00fcller auf Amore Mio im A*-Springen jeweils den 4.Platz holen. F\u00fcr Emi und Amore war es die erste gemeinsame A*-Platzierung. Herzlichen Gl\u00fcckwunsch!<\/p>\n\n\n\n<figure class=\"wp-block-gallery has-nested-images columns-3 is-cropped wp-block-gallery-41 is-layout-flex\">\n<figure class=\"wp-block-image size-large\"><a href=\"https:\/\/www.reitverein-ellefeld.de\/?attachment_id=2691\"><img decoding=\"async\" loading=\"lazy\" width=\"768\" height=\"960\" data-id=\"2691\"  src=\"https:\/\/www.reitverein-ellefeld.de\/wp-content\/uploads\/Ronja.jpg\" alt=\"\" class=\"wp-image-2691\" srcset=\"https:\/\/www.reitverein-ellefeld.de\/wp-content\/uploads\/Ronja.jpg 768w, https:\/\/www.reitverein-ellefeld.de\/wp-content\/uploads\/Ronja-240x300.jpg 240w\" sizes=\"(max-width: 768px) 100vw, 768px\" \/><\/a><\/figure>\n\n\n\n<figure class=\"wp-block-image size-large\"><a href=\"https:\/\/www.reitverein-ellefeld.de\/?attachment_id=2689\"><img decoding=\"async\" loading=\"lazy\" width=\"461\" height=\"576\" data-id=\"2689\"  src=\"https:\/\/www.reitverein-ellefeld.de\/wp-content\/uploads\/Emi.jpg\" alt=\"\" class=\"wp-image-2689\" srcset=\"https:\/\/www.reitverein-ellefeld.de\/wp-content\/uploads\/Emi.jpg 461w, https:\/\/www.reitverein-ellefeld.de\/wp-content\/uploads\/Emi-240x300.jpg 240w\" sizes=\"(max-width: 461px) 100vw, 461px\" \/><\/a><\/figure>\n<\/figure>\n\n\n\n<h3 class=\"wp-block-heading\"><strong>20. September 2019: Turniererfolge<\/strong><\/h3>\n\n\n\n<p>Am Freitag konnte Tim S\u00fcss mit der Stute Amore Mio ein A**-Springen in Seelitz f\u00fcr sich entscheiden. Herzlichen Gl\u00fcckwunsch zum Sieg!<\/p>\n\n\n\n<figure class=\"wp-block-gallery has-nested-images columns-3 is-cropped wp-block-gallery-43 is-layout-flex\">\n<figure class=\"wp-block-image size-large\"><a href=\"https:\/\/www.reitverein-ellefeld.de\/?attachment_id=2693\"><img decoding=\"async\" loading=\"lazy\" width=\"960\" height=\"960\" data-id=\"2693\"  src=\"https:\/\/www.reitverein-ellefeld.de\/wp-content\/uploads\/Tim-1.jpg\" alt=\"\" class=\"wp-image-2693\" srcset=\"https:\/\/www.reitverein-ellefeld.de\/wp-content\/uploads\/Tim-1.jpg 960w, https:\/\/www.reitverein-ellefeld.de\/wp-content\/uploads\/Tim-1-150x150.jpg 150w, https:\/\/www.reitverein-ellefeld.de\/wp-content\/uploads\/Tim-1-300x300.jpg 300w, https:\/\/www.reitverein-ellefeld.de\/wp-content\/uploads\/Tim-1-768x768.jpg 768w\" sizes=\"(max-width: 960px) 100vw, 960px\" \/><\/a><\/figure>\n\n\n\n<figure class=\"wp-block-image size-large\"><a href=\"https:\/\/www.reitverein-ellefeld.de\/?attachment_id=2694\"><img decoding=\"async\" loading=\"lazy\" width=\"899\" height=\"899\" data-id=\"2694\"  src=\"https:\/\/www.reitverein-ellefeld.de\/wp-content\/uploads\/Tim-2.jpg\" alt=\"\" class=\"wp-image-2694\" srcset=\"https:\/\/www.reitverein-ellefeld.de\/wp-content\/uploads\/Tim-2.jpg 899w, https:\/\/www.reitverein-ellefeld.de\/wp-content\/uploads\/Tim-2-150x150.jpg 150w, https:\/\/www.reitverein-ellefeld.de\/wp-content\/uploads\/Tim-2-300x300.jpg 300w, https:\/\/www.reitverein-ellefeld.de\/wp-content\/uploads\/Tim-2-768x768.jpg 768w\" sizes=\"(max-width: 899px) 100vw, 899px\" \/><\/a><\/figure>\n<\/figure>\n\n\n\n<figure class=\"wp-block-gallery has-nested-images columns-3 is-cropped wp-block-gallery-45 is-layout-flex\">\n<figure class=\"wp-block-image size-large\"><a href=\"https:\/\/www.reitverein-ellefeld.de\/?attachment_id=2706\"><img decoding=\"async\" loading=\"lazy\" width=\"960\" height=\"960\" data-id=\"2706\"  src=\"https:\/\/www.reitverein-ellefeld.de\/wp-content\/uploads\/64245796_2187178404724522_917092327921549312_n.jpg\" alt=\"\" class=\"wp-image-2706\" srcset=\"https:\/\/www.reitverein-ellefeld.de\/wp-content\/uploads\/64245796_2187178404724522_917092327921549312_n.jpg 960w, https:\/\/www.reitverein-ellefeld.de\/wp-content\/uploads\/64245796_2187178404724522_917092327921549312_n-150x150.jpg 150w, https:\/\/www.reitverein-ellefeld.de\/wp-content\/uploads\/64245796_2187178404724522_917092327921549312_n-300x300.jpg 300w, https:\/\/www.reitverein-ellefeld.de\/wp-content\/uploads\/64245796_2187178404724522_917092327921549312_n-768x768.jpg 768w\" sizes=\"(max-width: 960px) 100vw, 960px\" \/><\/a><\/figure>\n\n\n\n<figure class=\"wp-block-image size-large\"><a href=\"https:\/\/www.reitverein-ellefeld.de\/?attachment_id=2707\"><img decoding=\"async\" loading=\"lazy\" width=\"960\" height=\"960\" data-id=\"2707\"  src=\"https:\/\/www.reitverein-ellefeld.de\/wp-content\/uploads\/64322712_2187178034724559_9051900565688156160_n.jpg\" alt=\"\" class=\"wp-image-2707\" srcset=\"https:\/\/www.reitverein-ellefeld.de\/wp-content\/uploads\/64322712_2187178034724559_9051900565688156160_n.jpg 960w, https:\/\/www.reitverein-ellefeld.de\/wp-content\/uploads\/64322712_2187178034724559_9051900565688156160_n-150x150.jpg 150w, https:\/\/www.reitverein-ellefeld.de\/wp-content\/uploads\/64322712_2187178034724559_9051900565688156160_n-300x300.jpg 300w, https:\/\/www.reitverein-ellefeld.de\/wp-content\/uploads\/64322712_2187178034724559_9051900565688156160_n-768x768.jpg 768w\" sizes=\"(max-width: 960px) 100vw, 960px\" \/><\/a><\/figure>\n\n\n\n<figure class=\"wp-block-image size-large\"><a href=\"https:\/\/www.reitverein-ellefeld.de\/?attachment_id=2708\"><img decoding=\"async\" loading=\"lazy\" width=\"960\" height=\"960\" data-id=\"2708\"  src=\"https:\/\/www.reitverein-ellefeld.de\/wp-content\/uploads\/64401430_2187178688057827_879350032225009664_n.jpg\" alt=\"\" class=\"wp-image-2708\" srcset=\"https:\/\/www.reitverein-ellefeld.de\/wp-content\/uploads\/64401430_2187178688057827_879350032225009664_n.jpg 960w, https:\/\/www.reitverein-ellefeld.de\/wp-content\/uploads\/64401430_2187178688057827_879350032225009664_n-150x150.jpg 150w, https:\/\/www.reitverein-ellefeld.de\/wp-content\/uploads\/64401430_2187178688057827_879350032225009664_n-300x300.jpg 300w, https:\/\/www.reitverein-ellefeld.de\/wp-content\/uploads\/64401430_2187178688057827_879350032225009664_n-768x768.jpg 768w\" sizes=\"(max-width: 960px) 100vw, 960px\" \/><\/a><\/figure>\n\n\n\n<figure class=\"wp-block-image size-large\"><a href=\"https:\/\/www.reitverein-ellefeld.de\/?attachment_id=2709\"><img decoding=\"async\" loading=\"lazy\" width=\"960\" height=\"960\" data-id=\"2709\"  src=\"https:\/\/www.reitverein-ellefeld.de\/wp-content\/uploads\/64507182_2187177891391240_3598537906571968512_n.jpg\" alt=\"\" class=\"wp-image-2709\" srcset=\"https:\/\/www.reitverein-ellefeld.de\/wp-content\/uploads\/64507182_2187177891391240_3598537906571968512_n.jpg 960w, https:\/\/www.reitverein-ellefeld.de\/wp-content\/uploads\/64507182_2187177891391240_3598537906571968512_n-150x150.jpg 150w, https:\/\/www.reitverein-ellefeld.de\/wp-content\/uploads\/64507182_2187177891391240_3598537906571968512_n-300x300.jpg 300w, https:\/\/www.reitverein-ellefeld.de\/wp-content\/uploads\/64507182_2187177891391240_3598537906571968512_n-768x768.jpg 768w\" sizes=\"(max-width: 960px) 100vw, 960px\" \/><\/a><\/figure>\n\n\n\n<figure class=\"wp-block-image size-large\"><a href=\"https:\/\/www.reitverein-ellefeld.de\/?attachment_id=2710\"><img decoding=\"async\" loading=\"lazy\" width=\"960\" height=\"960\" data-id=\"2710\"  src=\"https:\/\/www.reitverein-ellefeld.de\/wp-content\/uploads\/64525185_2187178218057874_1173200806875234304_n.jpg\" alt=\"\" class=\"wp-image-2710\" srcset=\"https:\/\/www.reitverein-ellefeld.de\/wp-content\/uploads\/64525185_2187178218057874_1173200806875234304_n.jpg 960w, https:\/\/www.reitverein-ellefeld.de\/wp-content\/uploads\/64525185_2187178218057874_1173200806875234304_n-150x150.jpg 150w, https:\/\/www.reitverein-ellefeld.de\/wp-content\/uploads\/64525185_2187178218057874_1173200806875234304_n-300x300.jpg 300w, https:\/\/www.reitverein-ellefeld.de\/wp-content\/uploads\/64525185_2187178218057874_1173200806875234304_n-768x768.jpg 768w\" sizes=\"(max-width: 960px) 100vw, 960px\" \/><\/a><\/figure>\n\n\n\n<figure class=\"wp-block-image size-large\"><a href=\"https:\/\/www.reitverein-ellefeld.de\/?attachment_id=2711\"><img decoding=\"async\" loading=\"lazy\" width=\"960\" height=\"960\" data-id=\"2711\"  src=\"https:\/\/www.reitverein-ellefeld.de\/wp-content\/uploads\/64733435_2187178508057845_4219118933761851392_n.jpg\" alt=\"\" class=\"wp-image-2711\" srcset=\"https:\/\/www.reitverein-ellefeld.de\/wp-content\/uploads\/64733435_2187178508057845_4219118933761851392_n.jpg 960w, https:\/\/www.reitverein-ellefeld.de\/wp-content\/uploads\/64733435_2187178508057845_4219118933761851392_n-150x150.jpg 150w, https:\/\/www.reitverein-ellefeld.de\/wp-content\/uploads\/64733435_2187178508057845_4219118933761851392_n-300x300.jpg 300w, https:\/\/www.reitverein-ellefeld.de\/wp-content\/uploads\/64733435_2187178508057845_4219118933761851392_n-768x768.jpg 768w\" sizes=\"(max-width: 960px) 100vw, 960px\" \/><\/a><\/figure>\n\n\n\n<figure class=\"wp-block-image size-large\"><a href=\"https:\/\/www.reitverein-ellefeld.de\/?attachment_id=2712\"><img decoding=\"async\" loading=\"lazy\" width=\"960\" height=\"960\" data-id=\"2712\"  src=\"https:\/\/www.reitverein-ellefeld.de\/wp-content\/uploads\/64843658_2187178601391169_3411797921157349376_n.jpg\" alt=\"\" class=\"wp-image-2712\" srcset=\"https:\/\/www.reitverein-ellefeld.de\/wp-content\/uploads\/64843658_2187178601391169_3411797921157349376_n.jpg 960w, https:\/\/www.reitverein-ellefeld.de\/wp-content\/uploads\/64843658_2187178601391169_3411797921157349376_n-150x150.jpg 150w, https:\/\/www.reitverein-ellefeld.de\/wp-content\/uploads\/64843658_2187178601391169_3411797921157349376_n-300x300.jpg 300w, https:\/\/www.reitverein-ellefeld.de\/wp-content\/uploads\/64843658_2187178601391169_3411797921157349376_n-768x768.jpg 768w\" sizes=\"(max-width: 960px) 100vw, 960px\" \/><\/a><\/figure>\n\n\n\n<figure class=\"wp-block-image size-large\"><a href=\"https:\/\/www.reitverein-ellefeld.de\/?attachment_id=2713\"><img decoding=\"async\" loading=\"lazy\" width=\"960\" height=\"960\" data-id=\"2713\"  src=\"https:\/\/www.reitverein-ellefeld.de\/wp-content\/uploads\/64858112_2187178298057866_5468055853904953344_n.jpg\" alt=\"\" class=\"wp-image-2713\" srcset=\"https:\/\/www.reitverein-ellefeld.de\/wp-content\/uploads\/64858112_2187178298057866_5468055853904953344_n.jpg 960w, https:\/\/www.reitverein-ellefeld.de\/wp-content\/uploads\/64858112_2187178298057866_5468055853904953344_n-150x150.jpg 150w, https:\/\/www.reitverein-ellefeld.de\/wp-content\/uploads\/64858112_2187178298057866_5468055853904953344_n-300x300.jpg 300w, https:\/\/www.reitverein-ellefeld.de\/wp-content\/uploads\/64858112_2187178298057866_5468055853904953344_n-768x768.jpg 768w\" sizes=\"(max-width: 960px) 100vw, 960px\" \/><\/a><\/figure>\n\n\n\n<figure class=\"wp-block-image size-large\"><a href=\"https:\/\/www.reitverein-ellefeld.de\/?attachment_id=2714\"><img decoding=\"async\" loading=\"lazy\" width=\"960\" height=\"960\" data-id=\"2714\"  src=\"https:\/\/www.reitverein-ellefeld.de\/wp-content\/uploads\/64923768_2187178131391216_4207241120100384768_n.jpg\" alt=\"\" class=\"wp-image-2714\" srcset=\"https:\/\/www.reitverein-ellefeld.de\/wp-content\/uploads\/64923768_2187178131391216_4207241120100384768_n.jpg 960w, https:\/\/www.reitverein-ellefeld.de\/wp-content\/uploads\/64923768_2187178131391216_4207241120100384768_n-150x150.jpg 150w, https:\/\/www.reitverein-ellefeld.de\/wp-content\/uploads\/64923768_2187178131391216_4207241120100384768_n-300x300.jpg 300w, https:\/\/www.reitverein-ellefeld.de\/wp-content\/uploads\/64923768_2187178131391216_4207241120100384768_n-768x768.jpg 768w\" sizes=\"(max-width: 960px) 100vw, 960px\" \/><\/a><\/figure>\n<\/figure>\n\n\n\n<h2 class=\"wp-block-heading\"><strong>11. August 2019: Turniererfolge<\/strong><\/h2>\n\n\n\n<p>Am vergangenen Wochenende konnten sich einige Mitglieder des Reit-und Fahrvereins Ellefeld zum Reitturnier in Lengenfeld platzieren.<br>Herzlichen Gl\u00fcckwunsch zu diesen Erfolgen !<br>~Emi M\u00fcller erreichte einen 5. Platz im Springreiterwetttbewerb mit Amore Mio<br>~ Tim S\u00fc\u00df holte einen 4. Platz im A**- Springen mit Amore Mio und eine Platzierung in einer Springpferdepr\u00fcfung Klasse A mit Esterhazy<span class=\"text_exposed_show\"><br>~ Tami Riediger holte mit Una Chiara eine Schleife im Punktespringen A*<br>~ Paul Seidel sicherte sich je einen 2. und einen 4. Platz in M* &#8211; Dressuren mit Solero<br>~ Sindy Abromeit platzierte sich mit Donanima in einer L*-Dressur und konnte eine A**- Dressur gewinnen<\/span><\/p>\n\n\n\n<figure class=\"wp-block-gallery has-nested-images columns-3 is-cropped wp-block-gallery-47 is-layout-flex\">\n<figure class=\"wp-block-image size-large\"><a href=\"https:\/\/www.reitverein-ellefeld.de\/?attachment_id=2700\"><img decoding=\"async\" loading=\"lazy\" width=\"960\" height=\"960\" data-id=\"2700\"  src=\"https:\/\/www.reitverein-ellefeld.de\/wp-content\/uploads\/69267329_2310744312367930_2169198001921196032_n.jpg\" alt=\"\" class=\"wp-image-2700\" srcset=\"https:\/\/www.reitverein-ellefeld.de\/wp-content\/uploads\/69267329_2310744312367930_2169198001921196032_n.jpg 960w, https:\/\/www.reitverein-ellefeld.de\/wp-content\/uploads\/69267329_2310744312367930_2169198001921196032_n-150x150.jpg 150w, https:\/\/www.reitverein-ellefeld.de\/wp-content\/uploads\/69267329_2310744312367930_2169198001921196032_n-300x300.jpg 300w, https:\/\/www.reitverein-ellefeld.de\/wp-content\/uploads\/69267329_2310744312367930_2169198001921196032_n-768x768.jpg 768w\" sizes=\"(max-width: 960px) 100vw, 960px\" \/><\/a><\/figure>\n\n\n\n<figure class=\"wp-block-image size-large\"><a href=\"https:\/\/www.reitverein-ellefeld.de\/?attachment_id=2703\"><img decoding=\"async\" loading=\"lazy\" width=\"650\" height=\"960\" data-id=\"2703\"  src=\"https:\/\/www.reitverein-ellefeld.de\/wp-content\/uploads\/69722573_2310744439034584_7649236561178918912_n.jpg\" alt=\"\" class=\"wp-image-2703\" srcset=\"https:\/\/www.reitverein-ellefeld.de\/wp-content\/uploads\/69722573_2310744439034584_7649236561178918912_n.jpg 650w, https:\/\/www.reitverein-ellefeld.de\/wp-content\/uploads\/69722573_2310744439034584_7649236561178918912_n-203x300.jpg 203w\" sizes=\"(max-width: 650px) 100vw, 650px\" \/><\/a><\/figure>\n\n\n\n<figure class=\"wp-block-image size-large\"><a href=\"https:\/\/www.reitverein-ellefeld.de\/?attachment_id=2701\"><img decoding=\"async\" loading=\"lazy\" width=\"894\" height=\"960\" data-id=\"2701\"  src=\"https:\/\/www.reitverein-ellefeld.de\/wp-content\/uploads\/69403873_2310744205701274_8702449364922007552_n.jpg\" alt=\"\" class=\"wp-image-2701\" srcset=\"https:\/\/www.reitverein-ellefeld.de\/wp-content\/uploads\/69403873_2310744205701274_8702449364922007552_n.jpg 894w, https:\/\/www.reitverein-ellefeld.de\/wp-content\/uploads\/69403873_2310744205701274_8702449364922007552_n-279x300.jpg 279w, https:\/\/www.reitverein-ellefeld.de\/wp-content\/uploads\/69403873_2310744205701274_8702449364922007552_n-768x825.jpg 768w\" sizes=\"(max-width: 894px) 100vw, 894px\" \/><\/a><\/figure>\n\n\n\n<figure class=\"wp-block-image size-large\"><a href=\"https:\/\/www.reitverein-ellefeld.de\/?attachment_id=2702\"><img decoding=\"async\" loading=\"lazy\" width=\"957\" height=\"960\" data-id=\"2702\"  src=\"https:\/\/www.reitverein-ellefeld.de\/wp-content\/uploads\/69419856_2310744709034557_8905028073032777728_n.jpg\" alt=\"\" class=\"wp-image-2702\" srcset=\"https:\/\/www.reitverein-ellefeld.de\/wp-content\/uploads\/69419856_2310744709034557_8905028073032777728_n.jpg 957w, https:\/\/www.reitverein-ellefeld.de\/wp-content\/uploads\/69419856_2310744709034557_8905028073032777728_n-150x150.jpg 150w, https:\/\/www.reitverein-ellefeld.de\/wp-content\/uploads\/69419856_2310744709034557_8905028073032777728_n-300x300.jpg 300w, https:\/\/www.reitverein-ellefeld.de\/wp-content\/uploads\/69419856_2310744709034557_8905028073032777728_n-768x770.jpg 768w\" sizes=\"(max-width: 957px) 100vw, 957px\" \/><\/a><\/figure>\n\n\n\n<figure class=\"wp-block-image size-large\"><a href=\"https:\/\/www.reitverein-ellefeld.de\/?attachment_id=2699\"><img decoding=\"async\" loading=\"lazy\" width=\"960\" height=\"643\" data-id=\"2699\"  src=\"https:\/\/www.reitverein-ellefeld.de\/wp-content\/uploads\/69240794_2310744379034590_5390865589264711680_n.jpg\" alt=\"\" class=\"wp-image-2699\" srcset=\"https:\/\/www.reitverein-ellefeld.de\/wp-content\/uploads\/69240794_2310744379034590_5390865589264711680_n.jpg 960w, https:\/\/www.reitverein-ellefeld.de\/wp-content\/uploads\/69240794_2310744379034590_5390865589264711680_n-300x201.jpg 300w, https:\/\/www.reitverein-ellefeld.de\/wp-content\/uploads\/69240794_2310744379034590_5390865589264711680_n-768x514.jpg 768w\" sizes=\"(max-width: 960px) 100vw, 960px\" \/><\/a><\/figure>\n\n\n\n<figure class=\"wp-block-image size-large\"><a href=\"https:\/\/www.reitverein-ellefeld.de\/?attachment_id=2698\"><img decoding=\"async\" loading=\"lazy\" width=\"720\" height=\"960\" data-id=\"2698\"  src=\"https:\/\/www.reitverein-ellefeld.de\/wp-content\/uploads\/68889752_2310744542367907_7031190024255176704_n.jpg\" alt=\"\" class=\"wp-image-2698\" srcset=\"https:\/\/www.reitverein-ellefeld.de\/wp-content\/uploads\/68889752_2310744542367907_7031190024255176704_n.jpg 720w, https:\/\/www.reitverein-ellefeld.de\/wp-content\/uploads\/68889752_2310744542367907_7031190024255176704_n-225x300.jpg 225w\" sizes=\"(max-width: 720px) 100vw, 720px\" \/><\/a><\/figure>\n\n\n\n<figure class=\"wp-block-image size-large\"><a href=\"https:\/\/www.reitverein-ellefeld.de\/?attachment_id=2697\"><img decoding=\"async\" loading=\"lazy\" width=\"540\" height=\"960\" data-id=\"2697\"  src=\"https:\/\/www.reitverein-ellefeld.de\/wp-content\/uploads\/68464722_2310744649034563_5986020938343251968_n.jpg\" alt=\"\" class=\"wp-image-2697\" srcset=\"https:\/\/www.reitverein-ellefeld.de\/wp-content\/uploads\/68464722_2310744649034563_5986020938343251968_n.jpg 540w, https:\/\/www.reitverein-ellefeld.de\/wp-content\/uploads\/68464722_2310744649034563_5986020938343251968_n-169x300.jpg 169w\" sizes=\"(max-width: 540px) 100vw, 540px\" \/><\/a><\/figure>\n<\/figure>\n\n\n\n<h2 class=\"wp-block-heading\"><strong>11. August 2019: Turniererfolge<\/strong><\/h2>\n\n\n\n<p>Tim S\u00fc\u00df holte in Langenstriegis mit dem erst 3 j\u00e4hrigen &#8222;Fridolin&#8220; (V: Finest \/ MV: Chequille) in der Reitpferdepr\u00fcfung mit der Wertnote von 7.2 den 2. Platz! &#8222;Fridolin&#8220; stammt aus der Zucht von Gunter Sch\u00f6niger aus Ellefeld. Herzlichen Gl\u00fcckwunsch!<\/p>\n\n\n\n<figure class=\"wp-block-gallery has-nested-images columns-3 is-cropped wp-block-gallery-49 is-layout-flex\">\n<figure class=\"wp-block-image size-large\"><a href=\"https:\/\/www.reitverein-ellefeld.de\/?attachment_id=2705\"><img decoding=\"async\" loading=\"lazy\" width=\"960\" height=\"960\" data-id=\"2705\"  src=\"https:\/\/www.reitverein-ellefeld.de\/wp-content\/uploads\/Tim-2-1.jpg\" alt=\"\" class=\"wp-image-2705\" srcset=\"https:\/\/www.reitverein-ellefeld.de\/wp-content\/uploads\/Tim-2-1.jpg 960w, https:\/\/www.reitverein-ellefeld.de\/wp-content\/uploads\/Tim-2-1-150x150.jpg 150w, https:\/\/www.reitverein-ellefeld.de\/wp-content\/uploads\/Tim-2-1-300x300.jpg 300w, https:\/\/www.reitverein-ellefeld.de\/wp-content\/uploads\/Tim-2-1-768x768.jpg 768w\" sizes=\"(max-width: 960px) 100vw, 960px\" \/><\/a><\/figure>\n\n\n\n<figure class=\"wp-block-image size-large\"><a href=\"https:\/\/www.reitverein-ellefeld.de\/?attachment_id=2704\"><img decoding=\"async\" loading=\"lazy\" width=\"960\" height=\"960\" data-id=\"2704\"  src=\"https:\/\/www.reitverein-ellefeld.de\/wp-content\/uploads\/Tim-1-1.jpg\" alt=\"\" class=\"wp-image-2704\" srcset=\"https:\/\/www.reitverein-ellefeld.de\/wp-content\/uploads\/Tim-1-1.jpg 960w, https:\/\/www.reitverein-ellefeld.de\/wp-content\/uploads\/Tim-1-1-150x150.jpg 150w, https:\/\/www.reitverein-ellefeld.de\/wp-content\/uploads\/Tim-1-1-300x300.jpg 300w, https:\/\/www.reitverein-ellefeld.de\/wp-content\/uploads\/Tim-1-1-768x768.jpg 768w\" sizes=\"(max-width: 960px) 100vw, 960px\" \/><\/a><\/figure>\n<\/figure>\n\n\n\n<h2 class=\"wp-block-heading\"><strong>15. und 16. Juni 2019: Lehrgang mit Steffen Zeibig<br><\/strong><\/h2>\n\n\n\n<p>Am vergangenen Wochenende fand der 2. von insgesamt 4 Lehrg\u00e4ngen des Jahres zusammen mit Steffen Zeibig statt. In intensiven Einzelstunden konnten die Teilnehmer an ihren Problemen und Schw\u00e4chen arbeiten, neue Erkenntnisse sammeln und die Trainingsstunden zufrieden mit dem Partner Pferd beenden.<br>Steffen Zeibig ist erfolgreicher Para-Reiter aus der N\u00e4he von Dresden. Er konnte sich im vergangenen Monat seinen 5. Titel als Deutscher Meister holen, war schon mehrmals bei den Paralympics und Weltmeisterschaften erfolgreich und besitzt im Regelsport Platzierungen bis zur Klasse S.<br>Wir sind sehr froh \u00fcber die M\u00f6glichkeit, regelm\u00e4\u00dfige Trainingstermine und Lehrg\u00e4nge mit ihm durchf\u00fchren zu k\u00f6nnen.<\/p>\n\n\n\n<figure class=\"wp-block-gallery has-nested-images columns-3 is-cropped wp-block-gallery-51 is-layout-flex\">\n<figure class=\"wp-block-image size-large\"><a href=\"https:\/\/www.reitverein-ellefeld.de\/?attachment_id=2706\"><img decoding=\"async\" loading=\"lazy\" width=\"960\" height=\"960\" data-id=\"2706\"  src=\"https:\/\/www.reitverein-ellefeld.de\/wp-content\/uploads\/64245796_2187178404724522_917092327921549312_n.jpg\" alt=\"\" class=\"wp-image-2706\" srcset=\"https:\/\/www.reitverein-ellefeld.de\/wp-content\/uploads\/64245796_2187178404724522_917092327921549312_n.jpg 960w, https:\/\/www.reitverein-ellefeld.de\/wp-content\/uploads\/64245796_2187178404724522_917092327921549312_n-150x150.jpg 150w, https:\/\/www.reitverein-ellefeld.de\/wp-content\/uploads\/64245796_2187178404724522_917092327921549312_n-300x300.jpg 300w, https:\/\/www.reitverein-ellefeld.de\/wp-content\/uploads\/64245796_2187178404724522_917092327921549312_n-768x768.jpg 768w\" sizes=\"(max-width: 960px) 100vw, 960px\" \/><\/a><\/figure>\n\n\n\n<figure class=\"wp-block-image size-large\"><a href=\"https:\/\/www.reitverein-ellefeld.de\/?attachment_id=2707\"><img decoding=\"async\" loading=\"lazy\" width=\"960\" height=\"960\" data-id=\"2707\"  src=\"https:\/\/www.reitverein-ellefeld.de\/wp-content\/uploads\/64322712_2187178034724559_9051900565688156160_n.jpg\" alt=\"\" class=\"wp-image-2707\" srcset=\"https:\/\/www.reitverein-ellefeld.de\/wp-content\/uploads\/64322712_2187178034724559_9051900565688156160_n.jpg 960w, https:\/\/www.reitverein-ellefeld.de\/wp-content\/uploads\/64322712_2187178034724559_9051900565688156160_n-150x150.jpg 150w, https:\/\/www.reitverein-ellefeld.de\/wp-content\/uploads\/64322712_2187178034724559_9051900565688156160_n-300x300.jpg 300w, https:\/\/www.reitverein-ellefeld.de\/wp-content\/uploads\/64322712_2187178034724559_9051900565688156160_n-768x768.jpg 768w\" sizes=\"(max-width: 960px) 100vw, 960px\" \/><\/a><\/figure>\n\n\n\n<figure class=\"wp-block-image size-large\"><a href=\"https:\/\/www.reitverein-ellefeld.de\/?attachment_id=2708\"><img decoding=\"async\" loading=\"lazy\" width=\"960\" height=\"960\" data-id=\"2708\"  src=\"https:\/\/www.reitverein-ellefeld.de\/wp-content\/uploads\/64401430_2187178688057827_879350032225009664_n.jpg\" alt=\"\" class=\"wp-image-2708\" srcset=\"https:\/\/www.reitverein-ellefeld.de\/wp-content\/uploads\/64401430_2187178688057827_879350032225009664_n.jpg 960w, https:\/\/www.reitverein-ellefeld.de\/wp-content\/uploads\/64401430_2187178688057827_879350032225009664_n-150x150.jpg 150w, https:\/\/www.reitverein-ellefeld.de\/wp-content\/uploads\/64401430_2187178688057827_879350032225009664_n-300x300.jpg 300w, https:\/\/www.reitverein-ellefeld.de\/wp-content\/uploads\/64401430_2187178688057827_879350032225009664_n-768x768.jpg 768w\" sizes=\"(max-width: 960px) 100vw, 960px\" \/><\/a><\/figure>\n\n\n\n<figure class=\"wp-block-image size-large\"><a href=\"https:\/\/www.reitverein-ellefeld.de\/?attachment_id=2709\"><img decoding=\"async\" loading=\"lazy\" width=\"960\" height=\"960\" data-id=\"2709\"  src=\"https:\/\/www.reitverein-ellefeld.de\/wp-content\/uploads\/64507182_2187177891391240_3598537906571968512_n.jpg\" alt=\"\" class=\"wp-image-2709\" srcset=\"https:\/\/www.reitverein-ellefeld.de\/wp-content\/uploads\/64507182_2187177891391240_3598537906571968512_n.jpg 960w, https:\/\/www.reitverein-ellefeld.de\/wp-content\/uploads\/64507182_2187177891391240_3598537906571968512_n-150x150.jpg 150w, https:\/\/www.reitverein-ellefeld.de\/wp-content\/uploads\/64507182_2187177891391240_3598537906571968512_n-300x300.jpg 300w, https:\/\/www.reitverein-ellefeld.de\/wp-content\/uploads\/64507182_2187177891391240_3598537906571968512_n-768x768.jpg 768w\" sizes=\"(max-width: 960px) 100vw, 960px\" \/><\/a><\/figure>\n\n\n\n<figure class=\"wp-block-image size-large\"><a href=\"https:\/\/www.reitverein-ellefeld.de\/?attachment_id=2710\"><img decoding=\"async\" loading=\"lazy\" width=\"960\" height=\"960\" data-id=\"2710\"  src=\"https:\/\/www.reitverein-ellefeld.de\/wp-content\/uploads\/64525185_2187178218057874_1173200806875234304_n.jpg\" alt=\"\" class=\"wp-image-2710\" srcset=\"https:\/\/www.reitverein-ellefeld.de\/wp-content\/uploads\/64525185_2187178218057874_1173200806875234304_n.jpg 960w, https:\/\/www.reitverein-ellefeld.de\/wp-content\/uploads\/64525185_2187178218057874_1173200806875234304_n-150x150.jpg 150w, https:\/\/www.reitverein-ellefeld.de\/wp-content\/uploads\/64525185_2187178218057874_1173200806875234304_n-300x300.jpg 300w, https:\/\/www.reitverein-ellefeld.de\/wp-content\/uploads\/64525185_2187178218057874_1173200806875234304_n-768x768.jpg 768w\" sizes=\"(max-width: 960px) 100vw, 960px\" \/><\/a><\/figure>\n\n\n\n<figure class=\"wp-block-image size-large\"><a href=\"https:\/\/www.reitverein-ellefeld.de\/?attachment_id=2711\"><img decoding=\"async\" loading=\"lazy\" width=\"960\" height=\"960\" data-id=\"2711\"  src=\"https:\/\/www.reitverein-ellefeld.de\/wp-content\/uploads\/64733435_2187178508057845_4219118933761851392_n.jpg\" alt=\"\" class=\"wp-image-2711\" srcset=\"https:\/\/www.reitverein-ellefeld.de\/wp-content\/uploads\/64733435_2187178508057845_4219118933761851392_n.jpg 960w, https:\/\/www.reitverein-ellefeld.de\/wp-content\/uploads\/64733435_2187178508057845_4219118933761851392_n-150x150.jpg 150w, https:\/\/www.reitverein-ellefeld.de\/wp-content\/uploads\/64733435_2187178508057845_4219118933761851392_n-300x300.jpg 300w, https:\/\/www.reitverein-ellefeld.de\/wp-content\/uploads\/64733435_2187178508057845_4219118933761851392_n-768x768.jpg 768w\" sizes=\"(max-width: 960px) 100vw, 960px\" \/><\/a><\/figure>\n\n\n\n<figure class=\"wp-block-image size-large\"><a href=\"https:\/\/www.reitverein-ellefeld.de\/?attachment_id=2712\"><img decoding=\"async\" loading=\"lazy\" width=\"960\" height=\"960\" data-id=\"2712\"  src=\"https:\/\/www.reitverein-ellefeld.de\/wp-content\/uploads\/64843658_2187178601391169_3411797921157349376_n.jpg\" alt=\"\" class=\"wp-image-2712\" srcset=\"https:\/\/www.reitverein-ellefeld.de\/wp-content\/uploads\/64843658_2187178601391169_3411797921157349376_n.jpg 960w, https:\/\/www.reitverein-ellefeld.de\/wp-content\/uploads\/64843658_2187178601391169_3411797921157349376_n-150x150.jpg 150w, https:\/\/www.reitverein-ellefeld.de\/wp-content\/uploads\/64843658_2187178601391169_3411797921157349376_n-300x300.jpg 300w, https:\/\/www.reitverein-ellefeld.de\/wp-content\/uploads\/64843658_2187178601391169_3411797921157349376_n-768x768.jpg 768w\" sizes=\"(max-width: 960px) 100vw, 960px\" \/><\/a><\/figure>\n\n\n\n<figure class=\"wp-block-image size-large\"><a href=\"https:\/\/www.reitverein-ellefeld.de\/?attachment_id=2713\"><img decoding=\"async\" loading=\"lazy\" width=\"960\" height=\"960\" data-id=\"2713\"  src=\"https:\/\/www.reitverein-ellefeld.de\/wp-content\/uploads\/64858112_2187178298057866_5468055853904953344_n.jpg\" alt=\"\" class=\"wp-image-2713\" srcset=\"https:\/\/www.reitverein-ellefeld.de\/wp-content\/uploads\/64858112_2187178298057866_5468055853904953344_n.jpg 960w, https:\/\/www.reitverein-ellefeld.de\/wp-content\/uploads\/64858112_2187178298057866_5468055853904953344_n-150x150.jpg 150w, https:\/\/www.reitverein-ellefeld.de\/wp-content\/uploads\/64858112_2187178298057866_5468055853904953344_n-300x300.jpg 300w, https:\/\/www.reitverein-ellefeld.de\/wp-content\/uploads\/64858112_2187178298057866_5468055853904953344_n-768x768.jpg 768w\" sizes=\"(max-width: 960px) 100vw, 960px\" \/><\/a><\/figure>\n\n\n\n<figure class=\"wp-block-image size-large\"><a href=\"https:\/\/www.reitverein-ellefeld.de\/?attachment_id=2714\"><img decoding=\"async\" loading=\"lazy\" width=\"960\" height=\"960\" data-id=\"2714\"  src=\"https:\/\/www.reitverein-ellefeld.de\/wp-content\/uploads\/64923768_2187178131391216_4207241120100384768_n.jpg\" alt=\"\" class=\"wp-image-2714\" srcset=\"https:\/\/www.reitverein-ellefeld.de\/wp-content\/uploads\/64923768_2187178131391216_4207241120100384768_n.jpg 960w, https:\/\/www.reitverein-ellefeld.de\/wp-content\/uploads\/64923768_2187178131391216_4207241120100384768_n-150x150.jpg 150w, https:\/\/www.reitverein-ellefeld.de\/wp-content\/uploads\/64923768_2187178131391216_4207241120100384768_n-300x300.jpg 300w, https:\/\/www.reitverein-ellefeld.de\/wp-content\/uploads\/64923768_2187178131391216_4207241120100384768_n-768x768.jpg 768w\" sizes=\"(max-width: 960px) 100vw, 960px\" \/><\/a><\/figure>\n<\/figure>\n\n\n\n<h2 class=\"wp-block-heading\"><strong>9. Juni 2019: Equipage<\/strong><\/h2>\n\n\n\n<p>Am Pfingstsonntag konnte sich Arndt Sch\u00f6niger bei der Equipage in Bad Elster mit seinem Gespann den Sieg f\u00fcr das beste Gespann sichern. Ein 6-Sp\u00e4nner Schwerer Warmbl\u00fcter , darunter der Deckhengst Mylord als Vorderpferd. Am Nachmittag konnte sich Tim S\u00fcss mit Saphira dann noch Platz 3 im Derby sichern. Herzlichen Gl\u00fcckwunsch!<\/p>\n\n\n\n<figure class=\"wp-block-gallery has-nested-images columns-3 is-cropped wp-block-gallery-53 is-layout-flex\">\n<figure class=\"wp-block-image size-large\"><a href=\"https:\/\/www.reitverein-ellefeld.de\/?attachment_id=2718\"><img decoding=\"async\" loading=\"lazy\" width=\"960\" height=\"960\" data-id=\"2718\"  src=\"https:\/\/www.reitverein-ellefeld.de\/wp-content\/uploads\/64508974_2175489595893403_1127072961195409408_n.jpg\" alt=\"\" class=\"wp-image-2718\" srcset=\"https:\/\/www.reitverein-ellefeld.de\/wp-content\/uploads\/64508974_2175489595893403_1127072961195409408_n.jpg 960w, https:\/\/www.reitverein-ellefeld.de\/wp-content\/uploads\/64508974_2175489595893403_1127072961195409408_n-150x150.jpg 150w, https:\/\/www.reitverein-ellefeld.de\/wp-content\/uploads\/64508974_2175489595893403_1127072961195409408_n-300x300.jpg 300w, https:\/\/www.reitverein-ellefeld.de\/wp-content\/uploads\/64508974_2175489595893403_1127072961195409408_n-768x768.jpg 768w\" sizes=\"(max-width: 960px) 100vw, 960px\" \/><\/a><\/figure>\n\n\n\n<figure class=\"wp-block-image size-large\"><a href=\"https:\/\/www.reitverein-ellefeld.de\/?attachment_id=2716\"><img decoding=\"async\" loading=\"lazy\" width=\"960\" height=\"960\" data-id=\"2716\"  src=\"https:\/\/www.reitverein-ellefeld.de\/wp-content\/uploads\/62595707_2175489555893407_4778086056635400192_n.jpg\" alt=\"\" class=\"wp-image-2716\" srcset=\"https:\/\/www.reitverein-ellefeld.de\/wp-content\/uploads\/62595707_2175489555893407_4778086056635400192_n.jpg 960w, https:\/\/www.reitverein-ellefeld.de\/wp-content\/uploads\/62595707_2175489555893407_4778086056635400192_n-150x150.jpg 150w, https:\/\/www.reitverein-ellefeld.de\/wp-content\/uploads\/62595707_2175489555893407_4778086056635400192_n-300x300.jpg 300w, https:\/\/www.reitverein-ellefeld.de\/wp-content\/uploads\/62595707_2175489555893407_4778086056635400192_n-768x768.jpg 768w\" sizes=\"(max-width: 960px) 100vw, 960px\" \/><\/a><\/figure>\n\n\n\n<figure class=\"wp-block-image size-large\"><a href=\"https:\/\/www.reitverein-ellefeld.de\/?attachment_id=2715\"><img decoding=\"async\" loading=\"lazy\" width=\"960\" height=\"960\" data-id=\"2715\"  src=\"https:\/\/www.reitverein-ellefeld.de\/wp-content\/uploads\/62355879_2175489662560063_6905110451827245056_n.jpg\" alt=\"\" class=\"wp-image-2715\" srcset=\"https:\/\/www.reitverein-ellefeld.de\/wp-content\/uploads\/62355879_2175489662560063_6905110451827245056_n.jpg 960w, https:\/\/www.reitverein-ellefeld.de\/wp-content\/uploads\/62355879_2175489662560063_6905110451827245056_n-150x150.jpg 150w, https:\/\/www.reitverein-ellefeld.de\/wp-content\/uploads\/62355879_2175489662560063_6905110451827245056_n-300x300.jpg 300w, https:\/\/www.reitverein-ellefeld.de\/wp-content\/uploads\/62355879_2175489662560063_6905110451827245056_n-768x768.jpg 768w\" sizes=\"(max-width: 960px) 100vw, 960px\" \/><\/a><\/figure>\n\n\n\n<figure class=\"wp-block-image size-large\"><a href=\"https:\/\/www.reitverein-ellefeld.de\/?attachment_id=2717\"><img decoding=\"async\" loading=\"lazy\" width=\"960\" height=\"960\" data-id=\"2717\"  src=\"https:\/\/www.reitverein-ellefeld.de\/wp-content\/uploads\/64441631_2175489719226724_217042671905013760_n.jpg\" alt=\"\" class=\"wp-image-2717\" srcset=\"https:\/\/www.reitverein-ellefeld.de\/wp-content\/uploads\/64441631_2175489719226724_217042671905013760_n.jpg 960w, https:\/\/www.reitverein-ellefeld.de\/wp-content\/uploads\/64441631_2175489719226724_217042671905013760_n-150x150.jpg 150w, https:\/\/www.reitverein-ellefeld.de\/wp-content\/uploads\/64441631_2175489719226724_217042671905013760_n-300x300.jpg 300w, https:\/\/www.reitverein-ellefeld.de\/wp-content\/uploads\/64441631_2175489719226724_217042671905013760_n-768x768.jpg 768w\" sizes=\"(max-width: 960px) 100vw, 960px\" \/><\/a><\/figure>\n<\/figure>\n\n\n\n<h2 class=\"wp-block-heading\"><strong>18. Mai 2019: Ellefelder Schlossfest<\/strong><\/h2>\n\n\n\n<p>Zum gestrigen Ellefelder Schlossfest konnten 6 Damen unseres Vereines sich den Titel &#8222;Sch\u00fcrzenj\u00e4ger 2019&#8220; holen. Gegen einige andere Vereine setzten sie sich mit ihren schicken Looks in Kittelsch\u00fcrze<span class=\"_5mfr\"><span class=\"_6qdm\">?<\/span><\/span> \u00fcberzeugend durch! Herzlichen Gl\u00fcckwunsch! Ein gro\u00dfes Dankesch\u00f6n geht nat\u00fcrlich an die Gemeinde Ellefeld, die auch dieses Fest mit der Aktion zu etwas Besonderem gemacht hat!<\/p>\n\n\n\n<figure class=\"wp-block-gallery has-nested-images columns-3 is-cropped wp-block-gallery-55 is-layout-flex\">\n<figure class=\"wp-block-image size-large\"><a href=\"https:\/\/www.reitverein-ellefeld.de\/?attachment_id=2719\"><img decoding=\"async\" loading=\"lazy\" width=\"960\" height=\"960\" data-id=\"2719\"  src=\"https:\/\/www.reitverein-ellefeld.de\/wp-content\/uploads\/Schuerzenjaeger2019-1.jpg\" alt=\"\" class=\"wp-image-2719\" srcset=\"https:\/\/www.reitverein-ellefeld.de\/wp-content\/uploads\/Schuerzenjaeger2019-1.jpg 960w, https:\/\/www.reitverein-ellefeld.de\/wp-content\/uploads\/Schuerzenjaeger2019-1-150x150.jpg 150w, https:\/\/www.reitverein-ellefeld.de\/wp-content\/uploads\/Schuerzenjaeger2019-1-300x300.jpg 300w, https:\/\/www.reitverein-ellefeld.de\/wp-content\/uploads\/Schuerzenjaeger2019-1-768x768.jpg 768w\" sizes=\"(max-width: 960px) 100vw, 960px\" \/><\/a><\/figure>\n\n\n\n<figure class=\"wp-block-image size-large\"><a href=\"https:\/\/www.reitverein-ellefeld.de\/?attachment_id=2720\"><img decoding=\"async\" loading=\"lazy\" width=\"960\" height=\"720\" data-id=\"2720\"  src=\"https:\/\/www.reitverein-ellefeld.de\/wp-content\/uploads\/Schuerzenjaeger2019-2.jpg\" alt=\"\" class=\"wp-image-2720\" srcset=\"https:\/\/www.reitverein-ellefeld.de\/wp-content\/uploads\/Schuerzenjaeger2019-2.jpg 960w, https:\/\/www.reitverein-ellefeld.de\/wp-content\/uploads\/Schuerzenjaeger2019-2-300x225.jpg 300w, https:\/\/www.reitverein-ellefeld.de\/wp-content\/uploads\/Schuerzenjaeger2019-2-768x576.jpg 768w\" sizes=\"(max-width: 960px) 100vw, 960px\" \/><\/a><\/figure>\n\n\n\n<figure class=\"wp-block-image size-large\"><a href=\"https:\/\/www.reitverein-ellefeld.de\/?attachment_id=2721\"><img decoding=\"async\" loading=\"lazy\" width=\"960\" height=\"960\" data-id=\"2721\"  src=\"https:\/\/www.reitverein-ellefeld.de\/wp-content\/uploads\/Schuerzenjaeger2019-3.jpg\" alt=\"\" class=\"wp-image-2721\" srcset=\"https:\/\/www.reitverein-ellefeld.de\/wp-content\/uploads\/Schuerzenjaeger2019-3.jpg 960w, https:\/\/www.reitverein-ellefeld.de\/wp-content\/uploads\/Schuerzenjaeger2019-3-150x150.jpg 150w, https:\/\/www.reitverein-ellefeld.de\/wp-content\/uploads\/Schuerzenjaeger2019-3-300x300.jpg 300w, https:\/\/www.reitverein-ellefeld.de\/wp-content\/uploads\/Schuerzenjaeger2019-3-768x768.jpg 768w\" sizes=\"(max-width: 960px) 100vw, 960px\" \/><\/a><\/figure>\n\n\n\n<figure class=\"wp-block-image size-large\"><a href=\"https:\/\/www.reitverein-ellefeld.de\/?attachment_id=2722\"><img decoding=\"async\" loading=\"lazy\" width=\"960\" height=\"960\" data-id=\"2722\"  src=\"https:\/\/www.reitverein-ellefeld.de\/wp-content\/uploads\/Schuerzenjaeger2019-4.jpg\" alt=\"\" class=\"wp-image-2722\" srcset=\"https:\/\/www.reitverein-ellefeld.de\/wp-content\/uploads\/Schuerzenjaeger2019-4.jpg 960w, https:\/\/www.reitverein-ellefeld.de\/wp-content\/uploads\/Schuerzenjaeger2019-4-150x150.jpg 150w, https:\/\/www.reitverein-ellefeld.de\/wp-content\/uploads\/Schuerzenjaeger2019-4-300x300.jpg 300w, https:\/\/www.reitverein-ellefeld.de\/wp-content\/uploads\/Schuerzenjaeger2019-4-768x768.jpg 768w\" sizes=\"(max-width: 960px) 100vw, 960px\" \/><\/a><\/figure>\n<\/figure>\n\n\n\n<h2 class=\"wp-block-heading\">5. M\u00e4rz 2019: ! RFV-HELAU!<\/h2>\n\n\n\n<p>Heute waren einige unserer Faschingsjecken unterwegs und haben in tollen Kost\u00fcmen hoch zu Ross eine Runde durch Ellefeld gedreht.Danach gab es noch lustige Spiele und nicht zu vergessen ein leckeres Pfannkuchen-Essen.<\/p>\n\n\n\n<figure class=\"wp-block-gallery has-nested-images columns-3 is-cropped wp-block-gallery-57 is-layout-flex\">\n<figure class=\"wp-block-image size-large\"><a href=\"https:\/\/www.reitverein-ellefeld.de\/?attachment_id=2729\"><img decoding=\"async\" loading=\"lazy\" width=\"1024\" height=\"768\" data-id=\"2729\"  src=\"https:\/\/www.reitverein-ellefeld.de\/wp-content\/uploads\/ABSK0131-1-1024x768.jpg\" alt=\"\" class=\"wp-image-2729\" srcset=\"https:\/\/www.reitverein-ellefeld.de\/wp-content\/uploads\/ABSK0131-1-1024x768.jpg 1024w, https:\/\/www.reitverein-ellefeld.de\/wp-content\/uploads\/ABSK0131-1-300x225.jpg 300w, https:\/\/www.reitverein-ellefeld.de\/wp-content\/uploads\/ABSK0131-1-768x576.jpg 768w, https:\/\/www.reitverein-ellefeld.de\/wp-content\/uploads\/ABSK0131-1.jpg 1600w\" sizes=\"(max-width: 1024px) 100vw, 1024px\" \/><\/a><\/figure>\n\n\n\n<figure class=\"wp-block-image size-large\"><a href=\"https:\/\/www.reitverein-ellefeld.de\/?attachment_id=2730\"><img decoding=\"async\" loading=\"lazy\" width=\"659\" height=\"1024\" data-id=\"2730\"  src=\"https:\/\/www.reitverein-ellefeld.de\/wp-content\/uploads\/BCXK2511-1-659x1024.jpg\" alt=\"\" class=\"wp-image-2730\" srcset=\"https:\/\/www.reitverein-ellefeld.de\/wp-content\/uploads\/BCXK2511-1-659x1024.jpg 659w, https:\/\/www.reitverein-ellefeld.de\/wp-content\/uploads\/BCXK2511-1-193x300.jpg 193w, https:\/\/www.reitverein-ellefeld.de\/wp-content\/uploads\/BCXK2511-1-768x1193.jpg 768w, https:\/\/www.reitverein-ellefeld.de\/wp-content\/uploads\/BCXK2511-1.jpg 1030w\" sizes=\"(max-width: 659px) 100vw, 659px\" \/><\/a><\/figure>\n\n\n\n<figure class=\"wp-block-image size-large\"><a href=\"https:\/\/www.reitverein-ellefeld.de\/?attachment_id=2731\"><img decoding=\"async\" loading=\"lazy\" width=\"1024\" height=\"768\" data-id=\"2731\"  src=\"https:\/\/www.reitverein-ellefeld.de\/wp-content\/uploads\/DFDJ1356-1-1024x768.jpg\" alt=\"\" class=\"wp-image-2731\" srcset=\"https:\/\/www.reitverein-ellefeld.de\/wp-content\/uploads\/DFDJ1356-1-1024x768.jpg 1024w, https:\/\/www.reitverein-ellefeld.de\/wp-content\/uploads\/DFDJ1356-1-300x225.jpg 300w, https:\/\/www.reitverein-ellefeld.de\/wp-content\/uploads\/DFDJ1356-1-768x576.jpg 768w, https:\/\/www.reitverein-ellefeld.de\/wp-content\/uploads\/DFDJ1356-1.jpg 1600w\" sizes=\"(max-width: 1024px) 100vw, 1024px\" \/><\/a><\/figure>\n\n\n\n<figure class=\"wp-block-image size-large\"><a href=\"https:\/\/www.reitverein-ellefeld.de\/?attachment_id=2732\"><img decoding=\"async\" loading=\"lazy\" width=\"1024\" height=\"768\" data-id=\"2732\"  src=\"https:\/\/www.reitverein-ellefeld.de\/wp-content\/uploads\/DHAR3407-1-1024x768.jpg\" alt=\"\" class=\"wp-image-2732\" srcset=\"https:\/\/www.reitverein-ellefeld.de\/wp-content\/uploads\/DHAR3407-1-1024x768.jpg 1024w, https:\/\/www.reitverein-ellefeld.de\/wp-content\/uploads\/DHAR3407-1-300x225.jpg 300w, https:\/\/www.reitverein-ellefeld.de\/wp-content\/uploads\/DHAR3407-1-768x576.jpg 768w, https:\/\/www.reitverein-ellefeld.de\/wp-content\/uploads\/DHAR3407-1.jpg 1600w\" sizes=\"(max-width: 1024px) 100vw, 1024px\" \/><\/a><\/figure>\n\n\n\n<figure class=\"wp-block-image size-large\"><a href=\"https:\/\/www.reitverein-ellefeld.de\/?attachment_id=2733\"><img decoding=\"async\" loading=\"lazy\" width=\"1024\" height=\"768\" data-id=\"2733\"  src=\"https:\/\/www.reitverein-ellefeld.de\/wp-content\/uploads\/EXDI9059-1-1024x768.jpg\" alt=\"\" class=\"wp-image-2733\" srcset=\"https:\/\/www.reitverein-ellefeld.de\/wp-content\/uploads\/EXDI9059-1-1024x768.jpg 1024w, https:\/\/www.reitverein-ellefeld.de\/wp-content\/uploads\/EXDI9059-1-300x225.jpg 300w, https:\/\/www.reitverein-ellefeld.de\/wp-content\/uploads\/EXDI9059-1-768x576.jpg 768w, https:\/\/www.reitverein-ellefeld.de\/wp-content\/uploads\/EXDI9059-1.jpg 1600w\" sizes=\"(max-width: 1024px) 100vw, 1024px\" \/><\/a><\/figure>\n\n\n\n<figure class=\"wp-block-image size-large\"><a href=\"https:\/\/www.reitverein-ellefeld.de\/?attachment_id=2734\"><img decoding=\"async\" loading=\"lazy\" width=\"903\" height=\"1024\" data-id=\"2734\"  src=\"https:\/\/www.reitverein-ellefeld.de\/wp-content\/uploads\/EYGD9138-1-903x1024.jpg\" alt=\"\" class=\"wp-image-2734\" srcset=\"https:\/\/www.reitverein-ellefeld.de\/wp-content\/uploads\/EYGD9138-1-903x1024.jpg 903w, https:\/\/www.reitverein-ellefeld.de\/wp-content\/uploads\/EYGD9138-1-265x300.jpg 265w, https:\/\/www.reitverein-ellefeld.de\/wp-content\/uploads\/EYGD9138-1-768x871.jpg 768w, https:\/\/www.reitverein-ellefeld.de\/wp-content\/uploads\/EYGD9138-1.jpg 1312w\" sizes=\"(max-width: 903px) 100vw, 903px\" \/><\/a><\/figure>\n\n\n\n<figure class=\"wp-block-image size-large\"><a href=\"https:\/\/www.reitverein-ellefeld.de\/?attachment_id=2735\"><img decoding=\"async\" loading=\"lazy\" width=\"1024\" height=\"768\" data-id=\"2735\"  src=\"https:\/\/www.reitverein-ellefeld.de\/wp-content\/uploads\/FKOY4831-1-1024x768.jpg\" alt=\"\" class=\"wp-image-2735\" srcset=\"https:\/\/www.reitverein-ellefeld.de\/wp-content\/uploads\/FKOY4831-1-1024x768.jpg 1024w, https:\/\/www.reitverein-ellefeld.de\/wp-content\/uploads\/FKOY4831-1-300x225.jpg 300w, https:\/\/www.reitverein-ellefeld.de\/wp-content\/uploads\/FKOY4831-1-768x576.jpg 768w, https:\/\/www.reitverein-ellefeld.de\/wp-content\/uploads\/FKOY4831-1.jpg 1600w\" sizes=\"(max-width: 1024px) 100vw, 1024px\" \/><\/a><\/figure>\n\n\n\n<figure class=\"wp-block-image size-large\"><a href=\"https:\/\/www.reitverein-ellefeld.de\/?attachment_id=2736\"><img decoding=\"async\" loading=\"lazy\" width=\"1024\" height=\"768\" data-id=\"2736\"  src=\"https:\/\/www.reitverein-ellefeld.de\/wp-content\/uploads\/HVCD4348-1-1024x768.jpg\" alt=\"\" class=\"wp-image-2736\" srcset=\"https:\/\/www.reitverein-ellefeld.de\/wp-content\/uploads\/HVCD4348-1-1024x768.jpg 1024w, https:\/\/www.reitverein-ellefeld.de\/wp-content\/uploads\/HVCD4348-1-300x225.jpg 300w, https:\/\/www.reitverein-ellefeld.de\/wp-content\/uploads\/HVCD4348-1-768x576.jpg 768w, https:\/\/www.reitverein-ellefeld.de\/wp-content\/uploads\/HVCD4348-1.jpg 1600w\" sizes=\"(max-width: 1024px) 100vw, 1024px\" \/><\/a><\/figure>\n\n\n\n<figure class=\"wp-block-image size-large\"><a href=\"https:\/\/www.reitverein-ellefeld.de\/?attachment_id=2737\"><img decoding=\"async\" loading=\"lazy\" width=\"1024\" height=\"768\" data-id=\"2737\"  src=\"https:\/\/www.reitverein-ellefeld.de\/wp-content\/uploads\/JSMM6720-1-1024x768.jpg\" alt=\"\" class=\"wp-image-2737\" srcset=\"https:\/\/www.reitverein-ellefeld.de\/wp-content\/uploads\/JSMM6720-1-1024x768.jpg 1024w, https:\/\/www.reitverein-ellefeld.de\/wp-content\/uploads\/JSMM6720-1-300x225.jpg 300w, https:\/\/www.reitverein-ellefeld.de\/wp-content\/uploads\/JSMM6720-1-768x576.jpg 768w, https:\/\/www.reitverein-ellefeld.de\/wp-content\/uploads\/JSMM6720-1.jpg 1600w\" sizes=\"(max-width: 1024px) 100vw, 1024px\" \/><\/a><\/figure>\n\n\n\n<figure class=\"wp-block-image size-large\"><a href=\"https:\/\/www.reitverein-ellefeld.de\/?attachment_id=2738\"><img decoding=\"async\" loading=\"lazy\" width=\"1024\" height=\"768\" data-id=\"2738\"  src=\"https:\/\/www.reitverein-ellefeld.de\/wp-content\/uploads\/KETI5635-1-1024x768.jpg\" alt=\"\" class=\"wp-image-2738\" srcset=\"https:\/\/www.reitverein-ellefeld.de\/wp-content\/uploads\/KETI5635-1-1024x768.jpg 1024w, https:\/\/www.reitverein-ellefeld.de\/wp-content\/uploads\/KETI5635-1-300x225.jpg 300w, https:\/\/www.reitverein-ellefeld.de\/wp-content\/uploads\/KETI5635-1-768x576.jpg 768w, https:\/\/www.reitverein-ellefeld.de\/wp-content\/uploads\/KETI5635-1.jpg 1600w\" sizes=\"(max-width: 1024px) 100vw, 1024px\" \/><\/a><\/figure>\n\n\n\n<figure class=\"wp-block-image size-large\"><a href=\"https:\/\/www.reitverein-ellefeld.de\/?attachment_id=2739\"><img decoding=\"async\" loading=\"lazy\" width=\"1024\" height=\"768\" data-id=\"2739\"  src=\"https:\/\/www.reitverein-ellefeld.de\/wp-content\/uploads\/MEZU0076-1-1024x768.jpg\" alt=\"\" class=\"wp-image-2739\" srcset=\"https:\/\/www.reitverein-ellefeld.de\/wp-content\/uploads\/MEZU0076-1-1024x768.jpg 1024w, https:\/\/www.reitverein-ellefeld.de\/wp-content\/uploads\/MEZU0076-1-300x225.jpg 300w, https:\/\/www.reitverein-ellefeld.de\/wp-content\/uploads\/MEZU0076-1-768x576.jpg 768w, https:\/\/www.reitverein-ellefeld.de\/wp-content\/uploads\/MEZU0076-1.jpg 1600w\" sizes=\"(max-width: 1024px) 100vw, 1024px\" \/><\/a><\/figure>\n\n\n\n<figure class=\"wp-block-image size-large\"><a href=\"https:\/\/www.reitverein-ellefeld.de\/?attachment_id=2740\"><img decoding=\"async\" loading=\"lazy\" width=\"1024\" height=\"768\" data-id=\"2740\"  src=\"https:\/\/www.reitverein-ellefeld.de\/wp-content\/uploads\/NMYY2843-1-1024x768.jpg\" alt=\"\" class=\"wp-image-2740\" srcset=\"https:\/\/www.reitverein-ellefeld.de\/wp-content\/uploads\/NMYY2843-1-1024x768.jpg 1024w, https:\/\/www.reitverein-ellefeld.de\/wp-content\/uploads\/NMYY2843-1-300x225.jpg 300w, https:\/\/www.reitverein-ellefeld.de\/wp-content\/uploads\/NMYY2843-1-768x576.jpg 768w, https:\/\/www.reitverein-ellefeld.de\/wp-content\/uploads\/NMYY2843-1.jpg 1600w\" sizes=\"(max-width: 1024px) 100vw, 1024px\" \/><\/a><\/figure>\n\n\n\n<figure class=\"wp-block-image size-large\"><a href=\"https:\/\/www.reitverein-ellefeld.de\/?attachment_id=2741\"><img decoding=\"async\" loading=\"lazy\" width=\"1024\" height=\"768\" data-id=\"2741\"  src=\"https:\/\/www.reitverein-ellefeld.de\/wp-content\/uploads\/QKIT5192-1-1024x768.jpg\" alt=\"\" class=\"wp-image-2741\" srcset=\"https:\/\/www.reitverein-ellefeld.de\/wp-content\/uploads\/QKIT5192-1-1024x768.jpg 1024w, https:\/\/www.reitverein-ellefeld.de\/wp-content\/uploads\/QKIT5192-1-300x225.jpg 300w, https:\/\/www.reitverein-ellefeld.de\/wp-content\/uploads\/QKIT5192-1-768x576.jpg 768w, https:\/\/www.reitverein-ellefeld.de\/wp-content\/uploads\/QKIT5192-1.jpg 1600w\" sizes=\"(max-width: 1024px) 100vw, 1024px\" \/><\/a><\/figure>\n\n\n\n<figure class=\"wp-block-image size-large\"><a href=\"https:\/\/www.reitverein-ellefeld.de\/?attachment_id=2742\"><img decoding=\"async\" loading=\"lazy\" width=\"1024\" height=\"768\" data-id=\"2742\"  src=\"https:\/\/www.reitverein-ellefeld.de\/wp-content\/uploads\/QPQB2499-1-1024x768.jpg\" alt=\"\" class=\"wp-image-2742\" srcset=\"https:\/\/www.reitverein-ellefeld.de\/wp-content\/uploads\/QPQB2499-1-1024x768.jpg 1024w, https:\/\/www.reitverein-ellefeld.de\/wp-content\/uploads\/QPQB2499-1-300x225.jpg 300w, https:\/\/www.reitverein-ellefeld.de\/wp-content\/uploads\/QPQB2499-1-768x576.jpg 768w, https:\/\/www.reitverein-ellefeld.de\/wp-content\/uploads\/QPQB2499-1.jpg 1600w\" sizes=\"(max-width: 1024px) 100vw, 1024px\" \/><\/a><\/figure>\n\n\n\n<figure class=\"wp-block-image size-large\"><a href=\"https:\/\/www.reitverein-ellefeld.de\/?attachment_id=2743\"><img decoding=\"async\" loading=\"lazy\" width=\"1024\" height=\"768\" data-id=\"2743\"  src=\"https:\/\/www.reitverein-ellefeld.de\/wp-content\/uploads\/RNJA5969-1-1024x768.jpg\" alt=\"\" class=\"wp-image-2743\" srcset=\"https:\/\/www.reitverein-ellefeld.de\/wp-content\/uploads\/RNJA5969-1-1024x768.jpg 1024w, https:\/\/www.reitverein-ellefeld.de\/wp-content\/uploads\/RNJA5969-1-300x225.jpg 300w, https:\/\/www.reitverein-ellefeld.de\/wp-content\/uploads\/RNJA5969-1-768x576.jpg 768w, https:\/\/www.reitverein-ellefeld.de\/wp-content\/uploads\/RNJA5969-1.jpg 1600w\" sizes=\"(max-width: 1024px) 100vw, 1024px\" \/><\/a><\/figure>\n\n\n\n<figure class=\"wp-block-image size-large\"><a href=\"https:\/\/www.reitverein-ellefeld.de\/?attachment_id=2744\"><img decoding=\"async\" loading=\"lazy\" width=\"768\" height=\"1024\" data-id=\"2744\"  src=\"https:\/\/www.reitverein-ellefeld.de\/wp-content\/uploads\/SVZZ3651-1-768x1024.jpg\" alt=\"\" class=\"wp-image-2744\" srcset=\"https:\/\/www.reitverein-ellefeld.de\/wp-content\/uploads\/SVZZ3651-1-768x1024.jpg 768w, https:\/\/www.reitverein-ellefeld.de\/wp-content\/uploads\/SVZZ3651-1-225x300.jpg 225w, https:\/\/www.reitverein-ellefeld.de\/wp-content\/uploads\/SVZZ3651-1.jpg 1200w\" sizes=\"(max-width: 768px) 100vw, 768px\" \/><\/a><\/figure>\n\n\n\n<figure class=\"wp-block-image size-large\"><a href=\"https:\/\/www.reitverein-ellefeld.de\/?attachment_id=2745\"><img decoding=\"async\" loading=\"lazy\" width=\"768\" height=\"1024\" data-id=\"2745\"  src=\"https:\/\/www.reitverein-ellefeld.de\/wp-content\/uploads\/TENP8515-1-768x1024.jpg\" alt=\"\" class=\"wp-image-2745\" srcset=\"https:\/\/www.reitverein-ellefeld.de\/wp-content\/uploads\/TENP8515-1-768x1024.jpg 768w, https:\/\/www.reitverein-ellefeld.de\/wp-content\/uploads\/TENP8515-1-225x300.jpg 225w, https:\/\/www.reitverein-ellefeld.de\/wp-content\/uploads\/TENP8515-1.jpg 1200w\" sizes=\"(max-width: 768px) 100vw, 768px\" \/><\/a><\/figure>\n\n\n\n<figure class=\"wp-block-image size-large\"><a href=\"https:\/\/www.reitverein-ellefeld.de\/?attachment_id=2746\"><img decoding=\"async\" loading=\"lazy\" width=\"1024\" height=\"768\" data-id=\"2746\"  src=\"https:\/\/www.reitverein-ellefeld.de\/wp-content\/uploads\/URVU0938-1-1024x768.jpg\" alt=\"\" class=\"wp-image-2746\" srcset=\"https:\/\/www.reitverein-ellefeld.de\/wp-content\/uploads\/URVU0938-1-1024x768.jpg 1024w, https:\/\/www.reitverein-ellefeld.de\/wp-content\/uploads\/URVU0938-1-300x225.jpg 300w, https:\/\/www.reitverein-ellefeld.de\/wp-content\/uploads\/URVU0938-1-768x576.jpg 768w, https:\/\/www.reitverein-ellefeld.de\/wp-content\/uploads\/URVU0938-1.jpg 1600w\" sizes=\"(max-width: 1024px) 100vw, 1024px\" \/><\/a><\/figure>\n\n\n\n<figure class=\"wp-block-image size-large\"><a href=\"https:\/\/www.reitverein-ellefeld.de\/?attachment_id=2747\"><img decoding=\"async\" loading=\"lazy\" width=\"1024\" height=\"768\" data-id=\"2747\"  src=\"https:\/\/www.reitverein-ellefeld.de\/wp-content\/uploads\/UZZA2731-1-1024x768.jpg\" alt=\"\" class=\"wp-image-2747\" srcset=\"https:\/\/www.reitverein-ellefeld.de\/wp-content\/uploads\/UZZA2731-1-1024x768.jpg 1024w, https:\/\/www.reitverein-ellefeld.de\/wp-content\/uploads\/UZZA2731-1-300x225.jpg 300w, https:\/\/www.reitverein-ellefeld.de\/wp-content\/uploads\/UZZA2731-1-768x576.jpg 768w, https:\/\/www.reitverein-ellefeld.de\/wp-content\/uploads\/UZZA2731-1.jpg 1600w\" sizes=\"(max-width: 1024px) 100vw, 1024px\" \/><\/a><\/figure>\n\n\n\n<figure class=\"wp-block-image size-large\"><a href=\"https:\/\/www.reitverein-ellefeld.de\/?attachment_id=2748\"><img decoding=\"async\" loading=\"lazy\" width=\"846\" height=\"1024\" data-id=\"2748\"  src=\"https:\/\/www.reitverein-ellefeld.de\/wp-content\/uploads\/VVKJ7080-1-846x1024.jpg\" alt=\"\" class=\"wp-image-2748\" srcset=\"https:\/\/www.reitverein-ellefeld.de\/wp-content\/uploads\/VVKJ7080-1-846x1024.jpg 846w, https:\/\/www.reitverein-ellefeld.de\/wp-content\/uploads\/VVKJ7080-1-248x300.jpg 248w, https:\/\/www.reitverein-ellefeld.de\/wp-content\/uploads\/VVKJ7080-1-768x930.jpg 768w, https:\/\/www.reitverein-ellefeld.de\/wp-content\/uploads\/VVKJ7080-1.jpg 1229w\" sizes=\"(max-width: 846px) 100vw, 846px\" \/><\/a><\/figure>\n\n\n\n<figure class=\"wp-block-image size-large\"><a href=\"https:\/\/www.reitverein-ellefeld.de\/?attachment_id=2749\"><img decoding=\"async\" loading=\"lazy\" width=\"1024\" height=\"768\" data-id=\"2749\"  src=\"https:\/\/www.reitverein-ellefeld.de\/wp-content\/uploads\/WCVR2065-1-1024x768.jpg\" alt=\"\" class=\"wp-image-2749\" srcset=\"https:\/\/www.reitverein-ellefeld.de\/wp-content\/uploads\/WCVR2065-1-1024x768.jpg 1024w, https:\/\/www.reitverein-ellefeld.de\/wp-content\/uploads\/WCVR2065-1-300x225.jpg 300w, https:\/\/www.reitverein-ellefeld.de\/wp-content\/uploads\/WCVR2065-1-768x576.jpg 768w, https:\/\/www.reitverein-ellefeld.de\/wp-content\/uploads\/WCVR2065-1.jpg 1600w\" sizes=\"(max-width: 1024px) 100vw, 1024px\" \/><\/a><\/figure>\n\n\n\n<figure class=\"wp-block-image size-large\"><a href=\"https:\/\/www.reitverein-ellefeld.de\/?attachment_id=2750\"><img decoding=\"async\" loading=\"lazy\" width=\"1024\" height=\"768\" data-id=\"2750\"  src=\"https:\/\/www.reitverein-ellefeld.de\/wp-content\/uploads\/XUYD4762-1-1024x768.jpg\" alt=\"\" class=\"wp-image-2750\" srcset=\"https:\/\/www.reitverein-ellefeld.de\/wp-content\/uploads\/XUYD4762-1-1024x768.jpg 1024w, https:\/\/www.reitverein-ellefeld.de\/wp-content\/uploads\/XUYD4762-1-300x225.jpg 300w, https:\/\/www.reitverein-ellefeld.de\/wp-content\/uploads\/XUYD4762-1-768x576.jpg 768w, https:\/\/www.reitverein-ellefeld.de\/wp-content\/uploads\/XUYD4762-1.jpg 1600w\" sizes=\"(max-width: 1024px) 100vw, 1024px\" \/><\/a><\/figure>\n\n\n\n<figure class=\"wp-block-image size-large\"><a href=\"https:\/\/www.reitverein-ellefeld.de\/?attachment_id=2751\"><img decoding=\"async\" loading=\"lazy\" width=\"1024\" height=\"768\" data-id=\"2751\"  src=\"https:\/\/www.reitverein-ellefeld.de\/wp-content\/uploads\/XXQR1294-1-1024x768.jpg\" alt=\"\" class=\"wp-image-2751\" srcset=\"https:\/\/www.reitverein-ellefeld.de\/wp-content\/uploads\/XXQR1294-1-1024x768.jpg 1024w, https:\/\/www.reitverein-ellefeld.de\/wp-content\/uploads\/XXQR1294-1-300x225.jpg 300w, https:\/\/www.reitverein-ellefeld.de\/wp-content\/uploads\/XXQR1294-1-768x576.jpg 768w, https:\/\/www.reitverein-ellefeld.de\/wp-content\/uploads\/XXQR1294-1.jpg 1600w\" sizes=\"(max-width: 1024px) 100vw, 1024px\" \/><\/a><\/figure>\n<\/figure>\n\n\n\n<h2 class=\"wp-block-heading\">3. M\u00e4rz 2019: 10. Vogtl\u00e4ndischer Jungz\u00fcchterwettbewerb<\/h2>\n\n\n\n<p>Unsere Jungz\u00fcchter waren wieder erfolgreich unterwegs. <a href=\"https:\/\/www.freiepresse.de\/vogtland\/plauen\/jungzuechter-empfehlen-sich-fuer-naechsten-saisonhoehepunkt-artikel10459792\">Hier <\/a>geht es zum Zeitungsartikel.<\/p>\n\n\n\n<h2 class=\"wp-block-heading\">11. Januar 2019: Nachgeholte Weihnachtsfeier<\/h2>\n\n\n\n<p>Der RFV Ellefeld hat seine Weihnachtsfeier nachgeholt und hat sich dabei einer anderen Sportart gewidmet, dem Minigolf. In der Neonwelt 3D Schwarzlicht Minigolf gab es einiges zu entdecken und Klein und Gro\u00df hatten viel Spa\u00df!<\/p>\n\n\n\n<figure class=\"wp-block-gallery has-nested-images columns-3 is-cropped wp-block-gallery-59 is-layout-flex\">\n<figure class=\"wp-block-image size-large\"><a href=\"https:\/\/www.reitverein-ellefeld.de\/?attachment_id=2753\"><img decoding=\"async\" loading=\"lazy\" width=\"720\" height=\"960\" data-id=\"2753\"  src=\"https:\/\/www.reitverein-ellefeld.de\/wp-content\/uploads\/49251326_1940695942706104_8119027978165288960_n-1.jpg\" alt=\"\" class=\"wp-image-2753\" srcset=\"https:\/\/www.reitverein-ellefeld.de\/wp-content\/uploads\/49251326_1940695942706104_8119027978165288960_n-1.jpg 720w, https:\/\/www.reitverein-ellefeld.de\/wp-content\/uploads\/49251326_1940695942706104_8119027978165288960_n-1-225x300.jpg 225w\" sizes=\"(max-width: 720px) 100vw, 720px\" \/><\/a><\/figure>\n\n\n\n<figure class=\"wp-block-image size-large\"><a href=\"https:\/\/www.reitverein-ellefeld.de\/?attachment_id=2754\"><img decoding=\"async\" loading=\"lazy\" width=\"960\" height=\"720\" data-id=\"2754\"  src=\"https:\/\/www.reitverein-ellefeld.de\/wp-content\/uploads\/49836954_1940695879372777_5494277569844871168_n-1.jpg\" alt=\"\" class=\"wp-image-2754\" srcset=\"https:\/\/www.reitverein-ellefeld.de\/wp-content\/uploads\/49836954_1940695879372777_5494277569844871168_n-1.jpg 960w, https:\/\/www.reitverein-ellefeld.de\/wp-content\/uploads\/49836954_1940695879372777_5494277569844871168_n-1-300x225.jpg 300w, https:\/\/www.reitverein-ellefeld.de\/wp-content\/uploads\/49836954_1940695879372777_5494277569844871168_n-1-768x576.jpg 768w\" sizes=\"(max-width: 960px) 100vw, 960px\" \/><\/a><\/figure>\n\n\n\n<figure class=\"wp-block-image size-large\"><a href=\"https:\/\/www.reitverein-ellefeld.de\/?attachment_id=2755\"><img decoding=\"async\" loading=\"lazy\" width=\"960\" height=\"720\" data-id=\"2755\"  src=\"https:\/\/www.reitverein-ellefeld.de\/wp-content\/uploads\/50521785_1940695916039440_3407124090501201920_n-1.jpg\" alt=\"\" class=\"wp-image-2755\" srcset=\"https:\/\/www.reitverein-ellefeld.de\/wp-content\/uploads\/50521785_1940695916039440_3407124090501201920_n-1.jpg 960w, https:\/\/www.reitverein-ellefeld.de\/wp-content\/uploads\/50521785_1940695916039440_3407124090501201920_n-1-300x225.jpg 300w, https:\/\/www.reitverein-ellefeld.de\/wp-content\/uploads\/50521785_1940695916039440_3407124090501201920_n-1-768x576.jpg 768w\" sizes=\"(max-width: 960px) 100vw, 960px\" \/><\/a><\/figure>\n<\/figure>\n\n\n\n<h2 class=\"wp-block-heading\">21. Oktober 2018: Herbstausritt<\/h2>\n\n\n\n<p>Am 21. Oktober fand der j\u00e4hrliche Herbstausritt statt. Mit Kremser und zahlreichen Reitern ging es am Vormittag los. Dieses Jahr f\u00fchrte uns der Weg durch das sch\u00f6ne G\u00f6ltzschtal hin zum Reitverein Gr\u00fcnbach, um dort unsere Mittagspause einzulegen. Nachdem wir gest\u00e4rkt waren, ging es bei bestem Herbstwetter wieder zur\u00fcck. Vielen Dank nochmal f\u00fcr die gute Mittagsversorgung!<\/p>\n\n\n\n<figure class=\"wp-block-gallery has-nested-images columns-3 is-cropped wp-block-gallery-61 is-layout-flex\">\n<figure class=\"wp-block-image size-large\"><a href=\"https:\/\/www.reitverein-ellefeld.de\/?attachment_id=2756\"><img decoding=\"async\" loading=\"lazy\" width=\"1024\" height=\"768\" data-id=\"2756\"  src=\"https:\/\/www.reitverein-ellefeld.de\/wp-content\/uploads\/aaa-1-1024x768.jpg\" alt=\"\" class=\"wp-image-2756\" srcset=\"https:\/\/www.reitverein-ellefeld.de\/wp-content\/uploads\/aaa-1-1024x768.jpg 1024w, https:\/\/www.reitverein-ellefeld.de\/wp-content\/uploads\/aaa-1-300x225.jpg 300w, https:\/\/www.reitverein-ellefeld.de\/wp-content\/uploads\/aaa-1-768x576.jpg 768w, https:\/\/www.reitverein-ellefeld.de\/wp-content\/uploads\/aaa-1.jpg 1600w\" sizes=\"(max-width: 1024px) 100vw, 1024px\" \/><\/a><\/figure>\n\n\n\n<figure class=\"wp-block-image size-large\"><a href=\"https:\/\/www.reitverein-ellefeld.de\/?attachment_id=2757\"><img decoding=\"async\" loading=\"lazy\" width=\"768\" height=\"1024\" data-id=\"2757\"  src=\"https:\/\/www.reitverein-ellefeld.de\/wp-content\/uploads\/BGTK0036-1-768x1024.jpg\" alt=\"\" class=\"wp-image-2757\" srcset=\"https:\/\/www.reitverein-ellefeld.de\/wp-content\/uploads\/BGTK0036-1-768x1024.jpg 768w, https:\/\/www.reitverein-ellefeld.de\/wp-content\/uploads\/BGTK0036-1-225x300.jpg 225w, https:\/\/www.reitverein-ellefeld.de\/wp-content\/uploads\/BGTK0036-1.jpg 1200w\" sizes=\"(max-width: 768px) 100vw, 768px\" \/><\/a><\/figure>\n\n\n\n<figure class=\"wp-block-image size-large\"><a href=\"https:\/\/www.reitverein-ellefeld.de\/?attachment_id=2758\"><img decoding=\"async\" loading=\"lazy\" width=\"1024\" height=\"768\" data-id=\"2758\"  src=\"https:\/\/www.reitverein-ellefeld.de\/wp-content\/uploads\/BKEV6449-1-1024x768.jpg\" alt=\"\" class=\"wp-image-2758\" srcset=\"https:\/\/www.reitverein-ellefeld.de\/wp-content\/uploads\/BKEV6449-1-1024x768.jpg 1024w, https:\/\/www.reitverein-ellefeld.de\/wp-content\/uploads\/BKEV6449-1-300x225.jpg 300w, https:\/\/www.reitverein-ellefeld.de\/wp-content\/uploads\/BKEV6449-1-768x576.jpg 768w, https:\/\/www.reitverein-ellefeld.de\/wp-content\/uploads\/BKEV6449-1.jpg 1600w\" sizes=\"(max-width: 1024px) 100vw, 1024px\" \/><\/a><\/figure>\n\n\n\n<figure class=\"wp-block-image size-large\"><a href=\"https:\/\/www.reitverein-ellefeld.de\/?attachment_id=2759\"><img decoding=\"async\" loading=\"lazy\" width=\"768\" height=\"1024\" data-id=\"2759\"  src=\"https:\/\/www.reitverein-ellefeld.de\/wp-content\/uploads\/FSGK8163-1-768x1024.jpg\" alt=\"\" class=\"wp-image-2759\" srcset=\"https:\/\/www.reitverein-ellefeld.de\/wp-content\/uploads\/FSGK8163-1-768x1024.jpg 768w, https:\/\/www.reitverein-ellefeld.de\/wp-content\/uploads\/FSGK8163-1-225x300.jpg 225w, https:\/\/www.reitverein-ellefeld.de\/wp-content\/uploads\/FSGK8163-1.jpg 960w\" sizes=\"(max-width: 768px) 100vw, 768px\" \/><\/a><\/figure>\n\n\n\n<figure class=\"wp-block-image size-large\"><a href=\"https:\/\/www.reitverein-ellefeld.de\/?attachment_id=2760\"><img decoding=\"async\" loading=\"lazy\" width=\"768\" height=\"1024\" data-id=\"2760\"  src=\"https:\/\/www.reitverein-ellefeld.de\/wp-content\/uploads\/GTBI8014-1-768x1024.jpg\" alt=\"\" class=\"wp-image-2760\" srcset=\"https:\/\/www.reitverein-ellefeld.de\/wp-content\/uploads\/GTBI8014-1-768x1024.jpg 768w, https:\/\/www.reitverein-ellefeld.de\/wp-content\/uploads\/GTBI8014-1-225x300.jpg 225w, https:\/\/www.reitverein-ellefeld.de\/wp-content\/uploads\/GTBI8014-1.jpg 1200w\" sizes=\"(max-width: 768px) 100vw, 768px\" \/><\/a><\/figure>\n\n\n\n<figure class=\"wp-block-image size-large\"><a href=\"https:\/\/www.reitverein-ellefeld.de\/?attachment_id=2761\"><img decoding=\"async\" loading=\"lazy\" width=\"1024\" height=\"768\" data-id=\"2761\"  src=\"https:\/\/www.reitverein-ellefeld.de\/wp-content\/uploads\/GZWR1716-1-1024x768.jpg\" alt=\"\" class=\"wp-image-2761\" srcset=\"https:\/\/www.reitverein-ellefeld.de\/wp-content\/uploads\/GZWR1716-1-1024x768.jpg 1024w, https:\/\/www.reitverein-ellefeld.de\/wp-content\/uploads\/GZWR1716-1-300x225.jpg 300w, https:\/\/www.reitverein-ellefeld.de\/wp-content\/uploads\/GZWR1716-1-768x576.jpg 768w, https:\/\/www.reitverein-ellefeld.de\/wp-content\/uploads\/GZWR1716-1.jpg 1600w\" sizes=\"(max-width: 1024px) 100vw, 1024px\" \/><\/a><\/figure>\n\n\n\n<figure class=\"wp-block-image size-large\"><a href=\"https:\/\/www.reitverein-ellefeld.de\/?attachment_id=2762\"><img decoding=\"async\" loading=\"lazy\" width=\"1024\" height=\"768\" data-id=\"2762\"  src=\"https:\/\/www.reitverein-ellefeld.de\/wp-content\/uploads\/HRST2347-1-1024x768.jpg\" alt=\"\" class=\"wp-image-2762\" srcset=\"https:\/\/www.reitverein-ellefeld.de\/wp-content\/uploads\/HRST2347-1-1024x768.jpg 1024w, https:\/\/www.reitverein-ellefeld.de\/wp-content\/uploads\/HRST2347-1-300x225.jpg 300w, https:\/\/www.reitverein-ellefeld.de\/wp-content\/uploads\/HRST2347-1-768x576.jpg 768w, https:\/\/www.reitverein-ellefeld.de\/wp-content\/uploads\/HRST2347-1.jpg 1600w\" sizes=\"(max-width: 1024px) 100vw, 1024px\" \/><\/a><\/figure>\n\n\n\n<figure class=\"wp-block-image size-large\"><a href=\"https:\/\/www.reitverein-ellefeld.de\/?attachment_id=2767\"><img decoding=\"async\" loading=\"lazy\" width=\"1024\" height=\"768\" data-id=\"2767\"  src=\"https:\/\/www.reitverein-ellefeld.de\/wp-content\/uploads\/KENR8195-1-1024x768.jpg\" alt=\"\" class=\"wp-image-2767\" srcset=\"https:\/\/www.reitverein-ellefeld.de\/wp-content\/uploads\/KENR8195-1-1024x768.jpg 1024w, https:\/\/www.reitverein-ellefeld.de\/wp-content\/uploads\/KENR8195-1-300x225.jpg 300w, https:\/\/www.reitverein-ellefeld.de\/wp-content\/uploads\/KENR8195-1-768x576.jpg 768w, https:\/\/www.reitverein-ellefeld.de\/wp-content\/uploads\/KENR8195-1.jpg 1600w\" sizes=\"(max-width: 1024px) 100vw, 1024px\" \/><\/a><\/figure>\n\n\n\n<figure class=\"wp-block-image size-large\"><a href=\"https:\/\/www.reitverein-ellefeld.de\/?attachment_id=2768\"><img decoding=\"async\" loading=\"lazy\" width=\"1024\" height=\"768\" data-id=\"2768\"  src=\"https:\/\/www.reitverein-ellefeld.de\/wp-content\/uploads\/KQIU9072-1-1024x768.jpg\" alt=\"\" class=\"wp-image-2768\" srcset=\"https:\/\/www.reitverein-ellefeld.de\/wp-content\/uploads\/KQIU9072-1-1024x768.jpg 1024w, https:\/\/www.reitverein-ellefeld.de\/wp-content\/uploads\/KQIU9072-1-300x225.jpg 300w, https:\/\/www.reitverein-ellefeld.de\/wp-content\/uploads\/KQIU9072-1-768x576.jpg 768w, https:\/\/www.reitverein-ellefeld.de\/wp-content\/uploads\/KQIU9072-1.jpg 1600w\" sizes=\"(max-width: 1024px) 100vw, 1024px\" \/><\/a><\/figure>\n\n\n\n<figure class=\"wp-block-image size-large\"><a href=\"https:\/\/www.reitverein-ellefeld.de\/?attachment_id=2769\"><img decoding=\"async\" loading=\"lazy\" width=\"1024\" height=\"768\" data-id=\"2769\"  src=\"https:\/\/www.reitverein-ellefeld.de\/wp-content\/uploads\/LWKC7779-1-1024x768.jpg\" alt=\"\" class=\"wp-image-2769\" srcset=\"https:\/\/www.reitverein-ellefeld.de\/wp-content\/uploads\/LWKC7779-1-1024x768.jpg 1024w, https:\/\/www.reitverein-ellefeld.de\/wp-content\/uploads\/LWKC7779-1-300x225.jpg 300w, https:\/\/www.reitverein-ellefeld.de\/wp-content\/uploads\/LWKC7779-1-768x576.jpg 768w, https:\/\/www.reitverein-ellefeld.de\/wp-content\/uploads\/LWKC7779-1.jpg 1600w\" sizes=\"(max-width: 1024px) 100vw, 1024px\" \/><\/a><\/figure>\n\n\n\n<figure class=\"wp-block-image size-large\"><a href=\"https:\/\/www.reitverein-ellefeld.de\/?attachment_id=2770\"><img decoding=\"async\" loading=\"lazy\" width=\"1024\" height=\"768\" data-id=\"2770\"  src=\"https:\/\/www.reitverein-ellefeld.de\/wp-content\/uploads\/MFFY2426-1-1024x768.jpg\" alt=\"\" class=\"wp-image-2770\" srcset=\"https:\/\/www.reitverein-ellefeld.de\/wp-content\/uploads\/MFFY2426-1-1024x768.jpg 1024w, https:\/\/www.reitverein-ellefeld.de\/wp-content\/uploads\/MFFY2426-1-300x225.jpg 300w, https:\/\/www.reitverein-ellefeld.de\/wp-content\/uploads\/MFFY2426-1-768x576.jpg 768w, https:\/\/www.reitverein-ellefeld.de\/wp-content\/uploads\/MFFY2426-1.jpg 1600w\" sizes=\"(max-width: 1024px) 100vw, 1024px\" \/><\/a><\/figure>\n\n\n\n<figure class=\"wp-block-image size-large\"><a href=\"https:\/\/www.reitverein-ellefeld.de\/?attachment_id=2771\"><img decoding=\"async\" loading=\"lazy\" width=\"1024\" height=\"768\" data-id=\"2771\"  src=\"https:\/\/www.reitverein-ellefeld.de\/wp-content\/uploads\/PMJS2833-1-1024x768.jpg\" alt=\"\" class=\"wp-image-2771\" srcset=\"https:\/\/www.reitverein-ellefeld.de\/wp-content\/uploads\/PMJS2833-1-1024x768.jpg 1024w, https:\/\/www.reitverein-ellefeld.de\/wp-content\/uploads\/PMJS2833-1-300x225.jpg 300w, https:\/\/www.reitverein-ellefeld.de\/wp-content\/uploads\/PMJS2833-1-768x576.jpg 768w, https:\/\/www.reitverein-ellefeld.de\/wp-content\/uploads\/PMJS2833-1.jpg 1600w\" sizes=\"(max-width: 1024px) 100vw, 1024px\" \/><\/a><\/figure>\n\n\n\n<figure class=\"wp-block-image size-large\"><a href=\"https:\/\/www.reitverein-ellefeld.de\/?attachment_id=2772\"><img decoding=\"async\" loading=\"lazy\" width=\"1024\" height=\"768\" data-id=\"2772\"  src=\"https:\/\/www.reitverein-ellefeld.de\/wp-content\/uploads\/PUQE3168-1-1024x768.jpg\" alt=\"\" class=\"wp-image-2772\" srcset=\"https:\/\/www.reitverein-ellefeld.de\/wp-content\/uploads\/PUQE3168-1-1024x768.jpg 1024w, https:\/\/www.reitverein-ellefeld.de\/wp-content\/uploads\/PUQE3168-1-300x225.jpg 300w, https:\/\/www.reitverein-ellefeld.de\/wp-content\/uploads\/PUQE3168-1-768x576.jpg 768w, https:\/\/www.reitverein-ellefeld.de\/wp-content\/uploads\/PUQE3168-1.jpg 1600w\" sizes=\"(max-width: 1024px) 100vw, 1024px\" \/><\/a><\/figure>\n\n\n\n<figure class=\"wp-block-image size-large\"><a href=\"https:\/\/www.reitverein-ellefeld.de\/?attachment_id=2773\"><img decoding=\"async\" loading=\"lazy\" width=\"768\" height=\"1024\" data-id=\"2773\"  src=\"https:\/\/www.reitverein-ellefeld.de\/wp-content\/uploads\/QNAO7321-1-768x1024.jpg\" alt=\"\" class=\"wp-image-2773\" srcset=\"https:\/\/www.reitverein-ellefeld.de\/wp-content\/uploads\/QNAO7321-1-768x1024.jpg 768w, https:\/\/www.reitverein-ellefeld.de\/wp-content\/uploads\/QNAO7321-1-225x300.jpg 225w, https:\/\/www.reitverein-ellefeld.de\/wp-content\/uploads\/QNAO7321-1.jpg 1200w\" sizes=\"(max-width: 768px) 100vw, 768px\" \/><\/a><\/figure>\n\n\n\n<figure class=\"wp-block-image size-large\"><a href=\"https:\/\/www.reitverein-ellefeld.de\/?attachment_id=2774\"><img decoding=\"async\" loading=\"lazy\" width=\"1000\" height=\"750\" data-id=\"2774\"  src=\"https:\/\/www.reitverein-ellefeld.de\/wp-content\/uploads\/QQDX1283-1.jpg\" alt=\"\" class=\"wp-image-2774\" srcset=\"https:\/\/www.reitverein-ellefeld.de\/wp-content\/uploads\/QQDX1283-1.jpg 1000w, https:\/\/www.reitverein-ellefeld.de\/wp-content\/uploads\/QQDX1283-1-300x225.jpg 300w, https:\/\/www.reitverein-ellefeld.de\/wp-content\/uploads\/QQDX1283-1-768x576.jpg 768w\" sizes=\"(max-width: 1000px) 100vw, 1000px\" \/><\/a><\/figure>\n\n\n\n<figure class=\"wp-block-image size-large\"><a href=\"https:\/\/www.reitverein-ellefeld.de\/?attachment_id=2775\"><img decoding=\"async\" loading=\"lazy\" width=\"768\" height=\"1024\" data-id=\"2775\"  src=\"https:\/\/www.reitverein-ellefeld.de\/wp-content\/uploads\/SXQQ6690-1-768x1024.jpg\" alt=\"\" class=\"wp-image-2775\" srcset=\"https:\/\/www.reitverein-ellefeld.de\/wp-content\/uploads\/SXQQ6690-1-768x1024.jpg 768w, https:\/\/www.reitverein-ellefeld.de\/wp-content\/uploads\/SXQQ6690-1-225x300.jpg 225w, https:\/\/www.reitverein-ellefeld.de\/wp-content\/uploads\/SXQQ6690-1.jpg 1200w\" sizes=\"(max-width: 768px) 100vw, 768px\" \/><\/a><\/figure>\n\n\n\n<figure class=\"wp-block-image size-large\"><a href=\"https:\/\/www.reitverein-ellefeld.de\/?attachment_id=2776\"><img decoding=\"async\" loading=\"lazy\" width=\"1024\" height=\"768\" data-id=\"2776\"  src=\"https:\/\/www.reitverein-ellefeld.de\/wp-content\/uploads\/TANC7985-1-1024x768.jpg\" alt=\"\" class=\"wp-image-2776\" srcset=\"https:\/\/www.reitverein-ellefeld.de\/wp-content\/uploads\/TANC7985-1-1024x768.jpg 1024w, https:\/\/www.reitverein-ellefeld.de\/wp-content\/uploads\/TANC7985-1-300x225.jpg 300w, https:\/\/www.reitverein-ellefeld.de\/wp-content\/uploads\/TANC7985-1-768x576.jpg 768w, https:\/\/www.reitverein-ellefeld.de\/wp-content\/uploads\/TANC7985-1.jpg 1600w\" sizes=\"(max-width: 1024px) 100vw, 1024px\" \/><\/a><\/figure>\n\n\n\n<figure class=\"wp-block-image size-large\"><a href=\"https:\/\/www.reitverein-ellefeld.de\/?attachment_id=2777\"><img decoding=\"async\" loading=\"lazy\" width=\"768\" height=\"1024\" data-id=\"2777\"  src=\"https:\/\/www.reitverein-ellefeld.de\/wp-content\/uploads\/TCCC2999-1-768x1024.jpg\" alt=\"\" class=\"wp-image-2777\" srcset=\"https:\/\/www.reitverein-ellefeld.de\/wp-content\/uploads\/TCCC2999-1-768x1024.jpg 768w, https:\/\/www.reitverein-ellefeld.de\/wp-content\/uploads\/TCCC2999-1-225x300.jpg 225w, https:\/\/www.reitverein-ellefeld.de\/wp-content\/uploads\/TCCC2999-1.jpg 1200w\" sizes=\"(max-width: 768px) 100vw, 768px\" \/><\/a><\/figure>\n\n\n\n<figure class=\"wp-block-image size-large\"><a href=\"https:\/\/www.reitverein-ellefeld.de\/?attachment_id=2778\"><img decoding=\"async\" loading=\"lazy\" width=\"1000\" height=\"750\" data-id=\"2778\"  src=\"https:\/\/www.reitverein-ellefeld.de\/wp-content\/uploads\/UVIC5660-1.jpg\" alt=\"\" class=\"wp-image-2778\" srcset=\"https:\/\/www.reitverein-ellefeld.de\/wp-content\/uploads\/UVIC5660-1.jpg 1000w, https:\/\/www.reitverein-ellefeld.de\/wp-content\/uploads\/UVIC5660-1-300x225.jpg 300w, https:\/\/www.reitverein-ellefeld.de\/wp-content\/uploads\/UVIC5660-1-768x576.jpg 768w\" sizes=\"(max-width: 1000px) 100vw, 1000px\" \/><\/a><\/figure>\n\n\n\n<figure class=\"wp-block-image size-large\"><a href=\"https:\/\/www.reitverein-ellefeld.de\/?attachment_id=2779\"><img decoding=\"async\" loading=\"lazy\" width=\"1024\" height=\"768\" data-id=\"2779\"  src=\"https:\/\/www.reitverein-ellefeld.de\/wp-content\/uploads\/WJKX2117-1-1024x768.jpg\" alt=\"\" class=\"wp-image-2779\" srcset=\"https:\/\/www.reitverein-ellefeld.de\/wp-content\/uploads\/WJKX2117-1-1024x768.jpg 1024w, https:\/\/www.reitverein-ellefeld.de\/wp-content\/uploads\/WJKX2117-1-300x225.jpg 300w, https:\/\/www.reitverein-ellefeld.de\/wp-content\/uploads\/WJKX2117-1-768x576.jpg 768w, https:\/\/www.reitverein-ellefeld.de\/wp-content\/uploads\/WJKX2117-1.jpg 1600w\" sizes=\"(max-width: 1024px) 100vw, 1024px\" \/><\/a><\/figure>\n\n\n\n<figure class=\"wp-block-image size-large\"><a href=\"https:\/\/www.reitverein-ellefeld.de\/?attachment_id=2780\"><img decoding=\"async\" loading=\"lazy\" width=\"1024\" height=\"768\" data-id=\"2780\"  src=\"https:\/\/www.reitverein-ellefeld.de\/wp-content\/uploads\/XGHL6465-1-1024x768.jpg\" alt=\"\" class=\"wp-image-2780\" srcset=\"https:\/\/www.reitverein-ellefeld.de\/wp-content\/uploads\/XGHL6465-1-1024x768.jpg 1024w, https:\/\/www.reitverein-ellefeld.de\/wp-content\/uploads\/XGHL6465-1-300x225.jpg 300w, https:\/\/www.reitverein-ellefeld.de\/wp-content\/uploads\/XGHL6465-1-768x576.jpg 768w, https:\/\/www.reitverein-ellefeld.de\/wp-content\/uploads\/XGHL6465-1.jpg 1600w\" sizes=\"(max-width: 1024px) 100vw, 1024px\" \/><\/a><\/figure>\n<\/figure>\n\n\n\n<h2 class=\"wp-block-heading\">14. Oktober 2018: Breitensportliche Reitveranstaltung zur Ellefelder Kirmes<\/h2>\n\n\n\n<p>Das Ellefelder Kirmesturnier war auch dieses Jahr wieder ein voller Erolg. Wir bedanken uns bei allen Zuschauern, Interessierten , Teilnehmern und nat\u00fcrlich Helfern, die diese Veranstaltung wieder zu einer ganz Besonderen gemacht haben!<\/p>\n\n\n\n<p>Neben den klassischen Dressur- und Springwettbewerben wurden kombinierte Wettbewerbe aus Reiten, Theorie und sicherem F\u00fchren von Pferden eine interessante Neuheit f\u00fcr alle Pferdefreunde. Ein Hingucker war auch die Dressur-K\u00fcr mit Kost\u00fcm und Musik nach eigener Zusammenstellung der Teilnehmer.<\/p>\n\n\n\n<figure class=\"wp-block-gallery has-nested-images columns-3 is-cropped wp-block-gallery-63 is-layout-flex\">\n<figure class=\"wp-block-image size-large\"><a href=\"https:\/\/www.reitverein-ellefeld.de\/?attachment_id=2781\"><img decoding=\"async\" loading=\"lazy\" width=\"720\" height=\"960\" data-id=\"2781\"  src=\"https:\/\/www.reitverein-ellefeld.de\/wp-content\/uploads\/44201123_1819456568163376_6331976379327840256_n-1.jpg\" alt=\"\" class=\"wp-image-2781\" srcset=\"https:\/\/www.reitverein-ellefeld.de\/wp-content\/uploads\/44201123_1819456568163376_6331976379327840256_n-1.jpg 720w, https:\/\/www.reitverein-ellefeld.de\/wp-content\/uploads\/44201123_1819456568163376_6331976379327840256_n-1-225x300.jpg 225w\" sizes=\"(max-width: 720px) 100vw, 720px\" \/><\/a><\/figure>\n\n\n\n<figure class=\"wp-block-image size-large\"><a href=\"https:\/\/www.reitverein-ellefeld.de\/?attachment_id=2782\"><img decoding=\"async\" loading=\"lazy\" width=\"960\" height=\"720\" data-id=\"2782\"  src=\"https:\/\/www.reitverein-ellefeld.de\/wp-content\/uploads\/44209181_1819458871496479_9222248078273150976_n-1.jpg\" alt=\"\" class=\"wp-image-2782\" srcset=\"https:\/\/www.reitverein-ellefeld.de\/wp-content\/uploads\/44209181_1819458871496479_9222248078273150976_n-1.jpg 960w, https:\/\/www.reitverein-ellefeld.de\/wp-content\/uploads\/44209181_1819458871496479_9222248078273150976_n-1-300x225.jpg 300w, https:\/\/www.reitverein-ellefeld.de\/wp-content\/uploads\/44209181_1819458871496479_9222248078273150976_n-1-768x576.jpg 768w\" sizes=\"(max-width: 960px) 100vw, 960px\" \/><\/a><\/figure>\n\n\n\n<figure class=\"wp-block-image size-large\"><a href=\"https:\/\/www.reitverein-ellefeld.de\/?attachment_id=2783\"><img decoding=\"async\" loading=\"lazy\" width=\"720\" height=\"960\" data-id=\"2783\"  src=\"https:\/\/www.reitverein-ellefeld.de\/wp-content\/uploads\/44232013_1819456361496730_5881171788691406848_n-1.jpg\" alt=\"\" class=\"wp-image-2783\" srcset=\"https:\/\/www.reitverein-ellefeld.de\/wp-content\/uploads\/44232013_1819456361496730_5881171788691406848_n-1.jpg 720w, https:\/\/www.reitverein-ellefeld.de\/wp-content\/uploads\/44232013_1819456361496730_5881171788691406848_n-1-225x300.jpg 225w\" sizes=\"(max-width: 720px) 100vw, 720px\" \/><\/a><\/figure>\n\n\n\n<figure class=\"wp-block-image size-large\"><a href=\"https:\/\/www.reitverein-ellefeld.de\/?attachment_id=2784\"><img decoding=\"async\" loading=\"lazy\" width=\"960\" height=\"720\" data-id=\"2784\"  src=\"https:\/\/www.reitverein-ellefeld.de\/wp-content\/uploads\/44267179_1819456231496743_940988770042249216_n-1.jpg\" alt=\"\" class=\"wp-image-2784\" srcset=\"https:\/\/www.reitverein-ellefeld.de\/wp-content\/uploads\/44267179_1819456231496743_940988770042249216_n-1.jpg 960w, https:\/\/www.reitverein-ellefeld.de\/wp-content\/uploads\/44267179_1819456231496743_940988770042249216_n-1-300x225.jpg 300w, https:\/\/www.reitverein-ellefeld.de\/wp-content\/uploads\/44267179_1819456231496743_940988770042249216_n-1-768x576.jpg 768w\" sizes=\"(max-width: 960px) 100vw, 960px\" \/><\/a><\/figure>\n\n\n\n<figure class=\"wp-block-image size-large\"><a href=\"https:\/\/www.reitverein-ellefeld.de\/?attachment_id=2785\"><img decoding=\"async\" loading=\"lazy\" width=\"960\" height=\"540\" data-id=\"2785\"  src=\"https:\/\/www.reitverein-ellefeld.de\/wp-content\/uploads\/44290430_1819456464830053_3345128329232515072_n-1.jpg\" alt=\"\" class=\"wp-image-2785\" srcset=\"https:\/\/www.reitverein-ellefeld.de\/wp-content\/uploads\/44290430_1819456464830053_3345128329232515072_n-1.jpg 960w, https:\/\/www.reitverein-ellefeld.de\/wp-content\/uploads\/44290430_1819456464830053_3345128329232515072_n-1-300x169.jpg 300w, https:\/\/www.reitverein-ellefeld.de\/wp-content\/uploads\/44290430_1819456464830053_3345128329232515072_n-1-768x432.jpg 768w\" sizes=\"(max-width: 960px) 100vw, 960px\" \/><\/a><\/figure>\n\n\n\n<figure class=\"wp-block-image size-large\"><a href=\"https:\/\/www.reitverein-ellefeld.de\/?attachment_id=2786\"><img decoding=\"async\" loading=\"lazy\" width=\"720\" height=\"960\" data-id=\"2786\"  src=\"https:\/\/www.reitverein-ellefeld.de\/wp-content\/uploads\/44302803_1819455811496785_504678740547076096_n-1.jpg\" alt=\"\" class=\"wp-image-2786\" srcset=\"https:\/\/www.reitverein-ellefeld.de\/wp-content\/uploads\/44302803_1819455811496785_504678740547076096_n-1.jpg 720w, https:\/\/www.reitverein-ellefeld.de\/wp-content\/uploads\/44302803_1819455811496785_504678740547076096_n-1-225x300.jpg 225w\" sizes=\"(max-width: 720px) 100vw, 720px\" \/><\/a><\/figure>\n\n\n\n<figure class=\"wp-block-image size-large\"><a href=\"https:\/\/www.reitverein-ellefeld.de\/?attachment_id=2787\"><img decoding=\"async\" loading=\"lazy\" width=\"960\" height=\"720\" data-id=\"2787\"  src=\"https:\/\/www.reitverein-ellefeld.de\/wp-content\/uploads\/44307046_1819456341496732_6104852302487617536_n-1.jpg\" alt=\"\" class=\"wp-image-2787\" srcset=\"https:\/\/www.reitverein-ellefeld.de\/wp-content\/uploads\/44307046_1819456341496732_6104852302487617536_n-1.jpg 960w, https:\/\/www.reitverein-ellefeld.de\/wp-content\/uploads\/44307046_1819456341496732_6104852302487617536_n-1-300x225.jpg 300w, https:\/\/www.reitverein-ellefeld.de\/wp-content\/uploads\/44307046_1819456341496732_6104852302487617536_n-1-768x576.jpg 768w\" sizes=\"(max-width: 960px) 100vw, 960px\" \/><\/a><\/figure>\n\n\n\n<figure class=\"wp-block-image size-large\"><a href=\"https:\/\/www.reitverein-ellefeld.de\/?attachment_id=2788\"><img decoding=\"async\" loading=\"lazy\" width=\"960\" height=\"720\" data-id=\"2788\"  src=\"https:\/\/www.reitverein-ellefeld.de\/wp-content\/uploads\/44315853_1819458801496486_1678082853994233856_n-1.jpg\" alt=\"\" class=\"wp-image-2788\" srcset=\"https:\/\/www.reitverein-ellefeld.de\/wp-content\/uploads\/44315853_1819458801496486_1678082853994233856_n-1.jpg 960w, https:\/\/www.reitverein-ellefeld.de\/wp-content\/uploads\/44315853_1819458801496486_1678082853994233856_n-1-300x225.jpg 300w, https:\/\/www.reitverein-ellefeld.de\/wp-content\/uploads\/44315853_1819458801496486_1678082853994233856_n-1-768x576.jpg 768w\" sizes=\"(max-width: 960px) 100vw, 960px\" \/><\/a><\/figure>\n\n\n\n<figure class=\"wp-block-image size-large\"><a href=\"https:\/\/www.reitverein-ellefeld.de\/?attachment_id=2789\"><img decoding=\"async\" loading=\"lazy\" width=\"960\" height=\"720\" data-id=\"2789\"  src=\"https:\/\/www.reitverein-ellefeld.de\/wp-content\/uploads\/44317421_1819458241496542_2161524901112971264_n-1.jpg\" alt=\"\" class=\"wp-image-2789\" srcset=\"https:\/\/www.reitverein-ellefeld.de\/wp-content\/uploads\/44317421_1819458241496542_2161524901112971264_n-1.jpg 960w, https:\/\/www.reitverein-ellefeld.de\/wp-content\/uploads\/44317421_1819458241496542_2161524901112971264_n-1-300x225.jpg 300w, https:\/\/www.reitverein-ellefeld.de\/wp-content\/uploads\/44317421_1819458241496542_2161524901112971264_n-1-768x576.jpg 768w\" sizes=\"(max-width: 960px) 100vw, 960px\" \/><\/a><\/figure>\n\n\n\n<figure class=\"wp-block-image size-large\"><a href=\"https:\/\/www.reitverein-ellefeld.de\/?attachment_id=2790\"><img decoding=\"async\" loading=\"lazy\" width=\"960\" height=\"720\" data-id=\"2790\"  src=\"https:\/\/www.reitverein-ellefeld.de\/wp-content\/uploads\/44326559_1819458501496516_7558671154198609920_n-1.jpg\" alt=\"\" class=\"wp-image-2790\" srcset=\"https:\/\/www.reitverein-ellefeld.de\/wp-content\/uploads\/44326559_1819458501496516_7558671154198609920_n-1.jpg 960w, https:\/\/www.reitverein-ellefeld.de\/wp-content\/uploads\/44326559_1819458501496516_7558671154198609920_n-1-300x225.jpg 300w, https:\/\/www.reitverein-ellefeld.de\/wp-content\/uploads\/44326559_1819458501496516_7558671154198609920_n-1-768x576.jpg 768w\" sizes=\"(max-width: 960px) 100vw, 960px\" \/><\/a><\/figure>\n\n\n\n<figure class=\"wp-block-image size-large\"><a href=\"https:\/\/www.reitverein-ellefeld.de\/?attachment_id=2791\"><img decoding=\"async\" loading=\"lazy\" width=\"960\" height=\"720\" data-id=\"2791\"  src=\"https:\/\/www.reitverein-ellefeld.de\/wp-content\/uploads\/44328502_1819458471496519_2246535184507731968_n-1.jpg\" alt=\"\" class=\"wp-image-2791\" srcset=\"https:\/\/www.reitverein-ellefeld.de\/wp-content\/uploads\/44328502_1819458471496519_2246535184507731968_n-1.jpg 960w, https:\/\/www.reitverein-ellefeld.de\/wp-content\/uploads\/44328502_1819458471496519_2246535184507731968_n-1-300x225.jpg 300w, https:\/\/www.reitverein-ellefeld.de\/wp-content\/uploads\/44328502_1819458471496519_2246535184507731968_n-1-768x576.jpg 768w\" sizes=\"(max-width: 960px) 100vw, 960px\" \/><\/a><\/figure>\n\n\n\n<figure class=\"wp-block-image size-large\"><a href=\"https:\/\/www.reitverein-ellefeld.de\/?attachment_id=2792\"><img decoding=\"async\" loading=\"lazy\" width=\"720\" height=\"960\" data-id=\"2792\"  src=\"https:\/\/www.reitverein-ellefeld.de\/wp-content\/uploads\/44328535_1819458074829892_2742448051422494720_n-1.jpg\" alt=\"\" class=\"wp-image-2792\" srcset=\"https:\/\/www.reitverein-ellefeld.de\/wp-content\/uploads\/44328535_1819458074829892_2742448051422494720_n-1.jpg 720w, https:\/\/www.reitverein-ellefeld.de\/wp-content\/uploads\/44328535_1819458074829892_2742448051422494720_n-1-225x300.jpg 225w\" sizes=\"(max-width: 720px) 100vw, 720px\" \/><\/a><\/figure>\n\n\n\n<figure class=\"wp-block-image size-large\"><a href=\"https:\/\/www.reitverein-ellefeld.de\/?attachment_id=2793\"><img decoding=\"async\" loading=\"lazy\" width=\"720\" height=\"960\" data-id=\"2793\"  src=\"https:\/\/www.reitverein-ellefeld.de\/wp-content\/uploads\/44330646_1819455801496786_6536160984300519424_n-1.jpg\" alt=\"\" class=\"wp-image-2793\" srcset=\"https:\/\/www.reitverein-ellefeld.de\/wp-content\/uploads\/44330646_1819455801496786_6536160984300519424_n-1.jpg 720w, https:\/\/www.reitverein-ellefeld.de\/wp-content\/uploads\/44330646_1819455801496786_6536160984300519424_n-1-225x300.jpg 225w\" sizes=\"(max-width: 720px) 100vw, 720px\" \/><\/a><\/figure>\n\n\n\n<figure class=\"wp-block-image size-large\"><a href=\"https:\/\/www.reitverein-ellefeld.de\/?attachment_id=2794\"><img decoding=\"async\" loading=\"lazy\" width=\"960\" height=\"720\" data-id=\"2794\"  src=\"https:\/\/www.reitverein-ellefeld.de\/wp-content\/uploads\/44331985_1819458178163215_1224608838104121344_n-1.jpg\" alt=\"\" class=\"wp-image-2794\" srcset=\"https:\/\/www.reitverein-ellefeld.de\/wp-content\/uploads\/44331985_1819458178163215_1224608838104121344_n-1.jpg 960w, https:\/\/www.reitverein-ellefeld.de\/wp-content\/uploads\/44331985_1819458178163215_1224608838104121344_n-1-300x225.jpg 300w, https:\/\/www.reitverein-ellefeld.de\/wp-content\/uploads\/44331985_1819458178163215_1224608838104121344_n-1-768x576.jpg 768w\" sizes=\"(max-width: 960px) 100vw, 960px\" \/><\/a><\/figure>\n\n\n\n<figure class=\"wp-block-image size-large\"><a href=\"https:\/\/www.reitverein-ellefeld.de\/?attachment_id=2795\"><img decoding=\"async\" loading=\"lazy\" width=\"960\" height=\"720\" data-id=\"2795\"  src=\"https:\/\/www.reitverein-ellefeld.de\/wp-content\/uploads\/44332942_1819456178163415_5376699026185912320_n-1.jpg\" alt=\"\" class=\"wp-image-2795\" srcset=\"https:\/\/www.reitverein-ellefeld.de\/wp-content\/uploads\/44332942_1819456178163415_5376699026185912320_n-1.jpg 960w, https:\/\/www.reitverein-ellefeld.de\/wp-content\/uploads\/44332942_1819456178163415_5376699026185912320_n-1-300x225.jpg 300w, https:\/\/www.reitverein-ellefeld.de\/wp-content\/uploads\/44332942_1819456178163415_5376699026185912320_n-1-768x576.jpg 768w\" sizes=\"(max-width: 960px) 100vw, 960px\" \/><\/a><\/figure>\n\n\n\n<figure class=\"wp-block-image size-large\"><a href=\"https:\/\/www.reitverein-ellefeld.de\/?attachment_id=2796\"><img decoding=\"async\" loading=\"lazy\" width=\"960\" height=\"720\" data-id=\"2796\"  src=\"https:\/\/www.reitverein-ellefeld.de\/wp-content\/uploads\/44334755_1819458768163156_4084283224392466432_n-1.jpg\" alt=\"\" class=\"wp-image-2796\" srcset=\"https:\/\/www.reitverein-ellefeld.de\/wp-content\/uploads\/44334755_1819458768163156_4084283224392466432_n-1.jpg 960w, https:\/\/www.reitverein-ellefeld.de\/wp-content\/uploads\/44334755_1819458768163156_4084283224392466432_n-1-300x225.jpg 300w, https:\/\/www.reitverein-ellefeld.de\/wp-content\/uploads\/44334755_1819458768163156_4084283224392466432_n-1-768x576.jpg 768w\" sizes=\"(max-width: 960px) 100vw, 960px\" \/><\/a><\/figure>\n\n\n\n<figure class=\"wp-block-image size-large\"><a href=\"https:\/\/www.reitverein-ellefeld.de\/?attachment_id=2797\"><img decoding=\"async\" loading=\"lazy\" width=\"720\" height=\"960\" data-id=\"2797\"  src=\"https:\/\/www.reitverein-ellefeld.de\/wp-content\/uploads\/44334779_1819455494830150_1867495696341401600_n-1.jpg\" alt=\"\" class=\"wp-image-2797\" srcset=\"https:\/\/www.reitverein-ellefeld.de\/wp-content\/uploads\/44334779_1819455494830150_1867495696341401600_n-1.jpg 720w, https:\/\/www.reitverein-ellefeld.de\/wp-content\/uploads\/44334779_1819455494830150_1867495696341401600_n-1-225x300.jpg 225w\" sizes=\"(max-width: 720px) 100vw, 720px\" \/><\/a><\/figure>\n\n\n\n<figure class=\"wp-block-image size-large\"><a href=\"https:\/\/www.reitverein-ellefeld.de\/?attachment_id=2798\"><img decoding=\"async\" loading=\"lazy\" width=\"960\" height=\"720\" data-id=\"2798\"  src=\"https:\/\/www.reitverein-ellefeld.de\/wp-content\/uploads\/44339278_1819456508163382_6571234464628736000_n-1.jpg\" alt=\"\" class=\"wp-image-2798\" srcset=\"https:\/\/www.reitverein-ellefeld.de\/wp-content\/uploads\/44339278_1819456508163382_6571234464628736000_n-1.jpg 960w, https:\/\/www.reitverein-ellefeld.de\/wp-content\/uploads\/44339278_1819456508163382_6571234464628736000_n-1-300x225.jpg 300w, https:\/\/www.reitverein-ellefeld.de\/wp-content\/uploads\/44339278_1819456508163382_6571234464628736000_n-1-768x576.jpg 768w\" sizes=\"(max-width: 960px) 100vw, 960px\" \/><\/a><\/figure>\n\n\n\n<figure class=\"wp-block-image size-large\"><a href=\"https:\/\/www.reitverein-ellefeld.de\/?attachment_id=2799\"><img decoding=\"async\" loading=\"lazy\" width=\"960\" height=\"720\" data-id=\"2799\"  src=\"https:\/\/www.reitverein-ellefeld.de\/wp-content\/uploads\/44339387_1819458678163165_2445039974404325376_n-1.jpg\" alt=\"\" class=\"wp-image-2799\" srcset=\"https:\/\/www.reitverein-ellefeld.de\/wp-content\/uploads\/44339387_1819458678163165_2445039974404325376_n-1.jpg 960w, https:\/\/www.reitverein-ellefeld.de\/wp-content\/uploads\/44339387_1819458678163165_2445039974404325376_n-1-300x225.jpg 300w, https:\/\/www.reitverein-ellefeld.de\/wp-content\/uploads\/44339387_1819458678163165_2445039974404325376_n-1-768x576.jpg 768w\" sizes=\"(max-width: 960px) 100vw, 960px\" \/><\/a><\/figure>\n\n\n\n<figure class=\"wp-block-image size-large\"><a href=\"https:\/\/www.reitverein-ellefeld.de\/?attachment_id=2800\"><img decoding=\"async\" loading=\"lazy\" width=\"720\" height=\"960\" data-id=\"2800\"  src=\"https:\/\/www.reitverein-ellefeld.de\/wp-content\/uploads\/44345707_1819455951496771_4645917062395330560_n-1.jpg\" alt=\"\" class=\"wp-image-2800\" srcset=\"https:\/\/www.reitverein-ellefeld.de\/wp-content\/uploads\/44345707_1819455951496771_4645917062395330560_n-1.jpg 720w, https:\/\/www.reitverein-ellefeld.de\/wp-content\/uploads\/44345707_1819455951496771_4645917062395330560_n-1-225x300.jpg 225w\" sizes=\"(max-width: 720px) 100vw, 720px\" \/><\/a><\/figure>\n\n\n\n<figure class=\"wp-block-image size-large\"><a href=\"https:\/\/www.reitverein-ellefeld.de\/?attachment_id=2801\"><img decoding=\"async\" loading=\"lazy\" width=\"720\" height=\"960\" data-id=\"2801\"  src=\"https:\/\/www.reitverein-ellefeld.de\/wp-content\/uploads\/44346318_1819455694830130_1021759585708408832_n-1.jpg\" alt=\"\" class=\"wp-image-2801\" srcset=\"https:\/\/www.reitverein-ellefeld.de\/wp-content\/uploads\/44346318_1819455694830130_1021759585708408832_n-1.jpg 720w, https:\/\/www.reitverein-ellefeld.de\/wp-content\/uploads\/44346318_1819455694830130_1021759585708408832_n-1-225x300.jpg 225w\" sizes=\"(max-width: 720px) 100vw, 720px\" \/><\/a><\/figure>\n\n\n\n<figure class=\"wp-block-image size-large\"><a href=\"https:\/\/www.reitverein-ellefeld.de\/?attachment_id=2802\"><img decoding=\"async\" loading=\"lazy\" width=\"960\" height=\"720\" data-id=\"2802\"  src=\"https:\/\/www.reitverein-ellefeld.de\/wp-content\/uploads\/44347810_1819458321496534_7106180140358434816_n-1.jpg\" alt=\"\" class=\"wp-image-2802\" srcset=\"https:\/\/www.reitverein-ellefeld.de\/wp-content\/uploads\/44347810_1819458321496534_7106180140358434816_n-1.jpg 960w, https:\/\/www.reitverein-ellefeld.de\/wp-content\/uploads\/44347810_1819458321496534_7106180140358434816_n-1-300x225.jpg 300w, https:\/\/www.reitverein-ellefeld.de\/wp-content\/uploads\/44347810_1819458321496534_7106180140358434816_n-1-768x576.jpg 768w\" sizes=\"(max-width: 960px) 100vw, 960px\" \/><\/a><\/figure>\n\n\n\n<figure class=\"wp-block-image size-large\"><a href=\"https:\/\/www.reitverein-ellefeld.de\/?attachment_id=2803\"><img decoding=\"async\" loading=\"lazy\" width=\"960\" height=\"720\" data-id=\"2803\"  src=\"https:\/\/www.reitverein-ellefeld.de\/wp-content\/uploads\/44348259_1819458631496503_5460361119346458624_n-1.jpg\" alt=\"\" class=\"wp-image-2803\" srcset=\"https:\/\/www.reitverein-ellefeld.de\/wp-content\/uploads\/44348259_1819458631496503_5460361119346458624_n-1.jpg 960w, https:\/\/www.reitverein-ellefeld.de\/wp-content\/uploads\/44348259_1819458631496503_5460361119346458624_n-1-300x225.jpg 300w, https:\/\/www.reitverein-ellefeld.de\/wp-content\/uploads\/44348259_1819458631496503_5460361119346458624_n-1-768x576.jpg 768w\" sizes=\"(max-width: 960px) 100vw, 960px\" \/><\/a><\/figure>\n\n\n\n<figure class=\"wp-block-image size-large\"><a href=\"https:\/\/www.reitverein-ellefeld.de\/?attachment_id=2804\"><img decoding=\"async\" loading=\"lazy\" width=\"960\" height=\"720\" data-id=\"2804\"  src=\"https:\/\/www.reitverein-ellefeld.de\/wp-content\/uploads\/44348268_1819456204830079_1119929837876674560_n-1.jpg\" alt=\"\" class=\"wp-image-2804\" srcset=\"https:\/\/www.reitverein-ellefeld.de\/wp-content\/uploads\/44348268_1819456204830079_1119929837876674560_n-1.jpg 960w, https:\/\/www.reitverein-ellefeld.de\/wp-content\/uploads\/44348268_1819456204830079_1119929837876674560_n-1-300x225.jpg 300w, https:\/\/www.reitverein-ellefeld.de\/wp-content\/uploads\/44348268_1819456204830079_1119929837876674560_n-1-768x576.jpg 768w\" sizes=\"(max-width: 960px) 100vw, 960px\" \/><\/a><\/figure>\n\n\n\n<figure class=\"wp-block-image size-large\"><a href=\"https:\/\/www.reitverein-ellefeld.de\/?attachment_id=2805\"><img decoding=\"async\" loading=\"lazy\" width=\"720\" height=\"960\" data-id=\"2805\"  src=\"https:\/\/www.reitverein-ellefeld.de\/wp-content\/uploads\/44359803_1819455881496778_3335848296475262976_n-1.jpg\" alt=\"\" class=\"wp-image-2805\" srcset=\"https:\/\/www.reitverein-ellefeld.de\/wp-content\/uploads\/44359803_1819455881496778_3335848296475262976_n-1.jpg 720w, https:\/\/www.reitverein-ellefeld.de\/wp-content\/uploads\/44359803_1819455881496778_3335848296475262976_n-1-225x300.jpg 225w\" sizes=\"(max-width: 720px) 100vw, 720px\" \/><\/a><\/figure>\n\n\n\n<figure class=\"wp-block-image size-large\"><a href=\"https:\/\/www.reitverein-ellefeld.de\/?attachment_id=2806\"><img decoding=\"async\" loading=\"lazy\" width=\"960\" height=\"720\" data-id=\"2806\"  src=\"https:\/\/www.reitverein-ellefeld.de\/wp-content\/uploads\/44359805_1819456094830090_1606023022278344704_n-1.jpg\" alt=\"\" class=\"wp-image-2806\" srcset=\"https:\/\/www.reitverein-ellefeld.de\/wp-content\/uploads\/44359805_1819456094830090_1606023022278344704_n-1.jpg 960w, https:\/\/www.reitverein-ellefeld.de\/wp-content\/uploads\/44359805_1819456094830090_1606023022278344704_n-1-300x225.jpg 300w, https:\/\/www.reitverein-ellefeld.de\/wp-content\/uploads\/44359805_1819456094830090_1606023022278344704_n-1-768x576.jpg 768w\" sizes=\"(max-width: 960px) 100vw, 960px\" \/><\/a><\/figure>\n\n\n\n<figure class=\"wp-block-image size-large\"><a href=\"https:\/\/www.reitverein-ellefeld.de\/?attachment_id=2807\"><img decoding=\"async\" loading=\"lazy\" width=\"720\" height=\"960\" data-id=\"2807\"  src=\"https:\/\/www.reitverein-ellefeld.de\/wp-content\/uploads\/44361883_1819458944829805_392437952178814976_n-1.jpg\" alt=\"\" class=\"wp-image-2807\" srcset=\"https:\/\/www.reitverein-ellefeld.de\/wp-content\/uploads\/44361883_1819458944829805_392437952178814976_n-1.jpg 720w, https:\/\/www.reitverein-ellefeld.de\/wp-content\/uploads\/44361883_1819458944829805_392437952178814976_n-1-225x300.jpg 225w\" sizes=\"(max-width: 720px) 100vw, 720px\" \/><\/a><\/figure>\n\n\n\n<figure class=\"wp-block-image size-large\"><a href=\"https:\/\/www.reitverein-ellefeld.de\/?attachment_id=2808\"><img decoding=\"async\" loading=\"lazy\" width=\"720\" height=\"960\" data-id=\"2808\"  src=\"https:\/\/www.reitverein-ellefeld.de\/wp-content\/uploads\/44362693_1819456018163431_3953271229917429760_n-1.jpg\" alt=\"\" class=\"wp-image-2808\" srcset=\"https:\/\/www.reitverein-ellefeld.de\/wp-content\/uploads\/44362693_1819456018163431_3953271229917429760_n-1.jpg 720w, https:\/\/www.reitverein-ellefeld.de\/wp-content\/uploads\/44362693_1819456018163431_3953271229917429760_n-1-225x300.jpg 225w\" sizes=\"(max-width: 720px) 100vw, 720px\" \/><\/a><\/figure>\n\n\n\n<figure class=\"wp-block-image size-large\"><a href=\"https:\/\/www.reitverein-ellefeld.de\/?attachment_id=2809\"><img decoding=\"async\" loading=\"lazy\" width=\"960\" height=\"720\" data-id=\"2809\"  src=\"https:\/\/www.reitverein-ellefeld.de\/wp-content\/uploads\/44362704_1819455861496780_3044244459735744512_n-1.jpg\" alt=\"\" class=\"wp-image-2809\" srcset=\"https:\/\/www.reitverein-ellefeld.de\/wp-content\/uploads\/44362704_1819455861496780_3044244459735744512_n-1.jpg 960w, https:\/\/www.reitverein-ellefeld.de\/wp-content\/uploads\/44362704_1819455861496780_3044244459735744512_n-1-300x225.jpg 300w, https:\/\/www.reitverein-ellefeld.de\/wp-content\/uploads\/44362704_1819455861496780_3044244459735744512_n-1-768x576.jpg 768w\" sizes=\"(max-width: 960px) 100vw, 960px\" \/><\/a><\/figure>\n\n\n\n<figure class=\"wp-block-image size-large\"><a href=\"https:\/\/www.reitverein-ellefeld.de\/?attachment_id=2810\"><img decoding=\"async\" loading=\"lazy\" width=\"960\" height=\"720\" data-id=\"2810\"  src=\"https:\/\/www.reitverein-ellefeld.de\/wp-content\/uploads\/44364581_1819458231496543_5225553208574738432_n-1.jpg\" alt=\"\" class=\"wp-image-2810\" srcset=\"https:\/\/www.reitverein-ellefeld.de\/wp-content\/uploads\/44364581_1819458231496543_5225553208574738432_n-1.jpg 960w, https:\/\/www.reitverein-ellefeld.de\/wp-content\/uploads\/44364581_1819458231496543_5225553208574738432_n-1-300x225.jpg 300w, https:\/\/www.reitverein-ellefeld.de\/wp-content\/uploads\/44364581_1819458231496543_5225553208574738432_n-1-768x576.jpg 768w\" sizes=\"(max-width: 960px) 100vw, 960px\" \/><\/a><\/figure>\n\n\n\n<figure class=\"wp-block-image size-large\"><a href=\"https:\/\/www.reitverein-ellefeld.de\/?attachment_id=2811\"><img decoding=\"async\" loading=\"lazy\" width=\"720\" height=\"960\" data-id=\"2811\"  src=\"https:\/\/www.reitverein-ellefeld.de\/wp-content\/uploads\/44364584_1819458218163211_5887417006147239936_n-1.jpg\" alt=\"\" class=\"wp-image-2811\" srcset=\"https:\/\/www.reitverein-ellefeld.de\/wp-content\/uploads\/44364584_1819458218163211_5887417006147239936_n-1.jpg 720w, https:\/\/www.reitverein-ellefeld.de\/wp-content\/uploads\/44364584_1819458218163211_5887417006147239936_n-1-225x300.jpg 225w\" sizes=\"(max-width: 720px) 100vw, 720px\" \/><\/a><\/figure>\n\n\n\n<figure class=\"wp-block-image size-large\"><a href=\"https:\/\/www.reitverein-ellefeld.de\/?attachment_id=2812\"><img decoding=\"async\" loading=\"lazy\" width=\"960\" height=\"720\" data-id=\"2812\"  src=\"https:\/\/www.reitverein-ellefeld.de\/wp-content\/uploads\/44368304_1819455768163456_8852161827392454656_n-1.jpg\" alt=\"\" class=\"wp-image-2812\" srcset=\"https:\/\/www.reitverein-ellefeld.de\/wp-content\/uploads\/44368304_1819455768163456_8852161827392454656_n-1.jpg 960w, https:\/\/www.reitverein-ellefeld.de\/wp-content\/uploads\/44368304_1819455768163456_8852161827392454656_n-1-300x225.jpg 300w, https:\/\/www.reitverein-ellefeld.de\/wp-content\/uploads\/44368304_1819455768163456_8852161827392454656_n-1-768x576.jpg 768w\" sizes=\"(max-width: 960px) 100vw, 960px\" \/><\/a><\/figure>\n\n\n\n<figure class=\"wp-block-image size-large\"><a href=\"https:\/\/www.reitverein-ellefeld.de\/?attachment_id=2813\"><img decoding=\"async\" loading=\"lazy\" width=\"720\" height=\"960\" data-id=\"2813\"  src=\"https:\/\/www.reitverein-ellefeld.de\/wp-content\/uploads\/44368437_1819458994829800_2951514938994065408_n-1.jpg\" alt=\"\" class=\"wp-image-2813\" srcset=\"https:\/\/www.reitverein-ellefeld.de\/wp-content\/uploads\/44368437_1819458994829800_2951514938994065408_n-1.jpg 720w, https:\/\/www.reitverein-ellefeld.de\/wp-content\/uploads\/44368437_1819458994829800_2951514938994065408_n-1-225x300.jpg 225w\" sizes=\"(max-width: 720px) 100vw, 720px\" \/><\/a><\/figure>\n\n\n\n<figure class=\"wp-block-image size-large\"><a href=\"https:\/\/www.reitverein-ellefeld.de\/?attachment_id=2814\"><img decoding=\"async\" loading=\"lazy\" width=\"720\" height=\"960\" data-id=\"2814\"  src=\"https:\/\/www.reitverein-ellefeld.de\/wp-content\/uploads\/44371598_1819458068163226_848568375276732416_n-1.jpg\" alt=\"\" class=\"wp-image-2814\" srcset=\"https:\/\/www.reitverein-ellefeld.de\/wp-content\/uploads\/44371598_1819458068163226_848568375276732416_n-1.jpg 720w, https:\/\/www.reitverein-ellefeld.de\/wp-content\/uploads\/44371598_1819458068163226_848568375276732416_n-1-225x300.jpg 225w\" sizes=\"(max-width: 720px) 100vw, 720px\" \/><\/a><\/figure>\n\n\n\n<figure class=\"wp-block-image size-large\"><a href=\"https:\/\/www.reitverein-ellefeld.de\/?attachment_id=2815\"><img decoding=\"async\" loading=\"lazy\" width=\"960\" height=\"720\" data-id=\"2815\"  src=\"https:\/\/www.reitverein-ellefeld.de\/wp-content\/uploads\/44381692_1819455674830132_3158329730399207424_n-1.jpg\" alt=\"\" class=\"wp-image-2815\" srcset=\"https:\/\/www.reitverein-ellefeld.de\/wp-content\/uploads\/44381692_1819455674830132_3158329730399207424_n-1.jpg 960w, https:\/\/www.reitverein-ellefeld.de\/wp-content\/uploads\/44381692_1819455674830132_3158329730399207424_n-1-300x225.jpg 300w, https:\/\/www.reitverein-ellefeld.de\/wp-content\/uploads\/44381692_1819455674830132_3158329730399207424_n-1-768x576.jpg 768w\" sizes=\"(max-width: 960px) 100vw, 960px\" \/><\/a><\/figure>\n\n\n\n<figure class=\"wp-block-image size-large\"><a href=\"https:\/\/www.reitverein-ellefeld.de\/?attachment_id=2816\"><img decoding=\"async\" loading=\"lazy\" width=\"960\" height=\"720\" data-id=\"2816\"  src=\"https:\/\/www.reitverein-ellefeld.de\/wp-content\/uploads\/44382246_1819458364829863_1302526906427506688_n-1.jpg\" alt=\"\" class=\"wp-image-2816\" srcset=\"https:\/\/www.reitverein-ellefeld.de\/wp-content\/uploads\/44382246_1819458364829863_1302526906427506688_n-1.jpg 960w, https:\/\/www.reitverein-ellefeld.de\/wp-content\/uploads\/44382246_1819458364829863_1302526906427506688_n-1-300x225.jpg 300w, https:\/\/www.reitverein-ellefeld.de\/wp-content\/uploads\/44382246_1819458364829863_1302526906427506688_n-1-768x576.jpg 768w\" sizes=\"(max-width: 960px) 100vw, 960px\" \/><\/a><\/figure>\n\n\n\n<figure class=\"wp-block-image size-large\"><a href=\"https:\/\/www.reitverein-ellefeld.de\/?attachment_id=2817\"><img decoding=\"async\" loading=\"lazy\" width=\"720\" height=\"960\" data-id=\"2817\"  src=\"https:\/\/www.reitverein-ellefeld.de\/wp-content\/uploads\/44402569_1819458004829899_33244438440443904_n-1.jpg\" alt=\"\" class=\"wp-image-2817\" srcset=\"https:\/\/www.reitverein-ellefeld.de\/wp-content\/uploads\/44402569_1819458004829899_33244438440443904_n-1.jpg 720w, https:\/\/www.reitverein-ellefeld.de\/wp-content\/uploads\/44402569_1819458004829899_33244438440443904_n-1-225x300.jpg 225w\" sizes=\"(max-width: 720px) 100vw, 720px\" \/><\/a><\/figure>\n\n\n\n<figure class=\"wp-block-image size-large\"><a href=\"https:\/\/www.reitverein-ellefeld.de\/?attachment_id=2818\"><img decoding=\"async\" loading=\"lazy\" width=\"960\" height=\"720\" data-id=\"2818\"  src=\"https:\/\/www.reitverein-ellefeld.de\/wp-content\/uploads\/44422372_1819458828163150_7217002764885295104_n-1.jpg\" alt=\"\" class=\"wp-image-2818\" srcset=\"https:\/\/www.reitverein-ellefeld.de\/wp-content\/uploads\/44422372_1819458828163150_7217002764885295104_n-1.jpg 960w, https:\/\/www.reitverein-ellefeld.de\/wp-content\/uploads\/44422372_1819458828163150_7217002764885295104_n-1-300x225.jpg 300w, https:\/\/www.reitverein-ellefeld.de\/wp-content\/uploads\/44422372_1819458828163150_7217002764885295104_n-1-768x576.jpg 768w\" sizes=\"(max-width: 960px) 100vw, 960px\" \/><\/a><\/figure>\n\n\n\n<figure class=\"wp-block-image size-large\"><a href=\"https:\/\/www.reitverein-ellefeld.de\/?attachment_id=2819\"><img decoding=\"async\" loading=\"lazy\" width=\"960\" height=\"720\" data-id=\"2819\"  src=\"https:\/\/www.reitverein-ellefeld.de\/wp-content\/uploads\/44422873_1819456371496729_9196202610611191808_n-1.jpg\" alt=\"\" class=\"wp-image-2819\" srcset=\"https:\/\/www.reitverein-ellefeld.de\/wp-content\/uploads\/44422873_1819456371496729_9196202610611191808_n-1.jpg 960w, https:\/\/www.reitverein-ellefeld.de\/wp-content\/uploads\/44422873_1819456371496729_9196202610611191808_n-1-300x225.jpg 300w, https:\/\/www.reitverein-ellefeld.de\/wp-content\/uploads\/44422873_1819456371496729_9196202610611191808_n-1-768x576.jpg 768w\" sizes=\"(max-width: 960px) 100vw, 960px\" \/><\/a><\/figure>\n\n\n\n<figure class=\"wp-block-image size-large\"><a href=\"https:\/\/www.reitverein-ellefeld.de\/?attachment_id=2820\"><img decoding=\"async\" loading=\"lazy\" width=\"720\" height=\"960\" data-id=\"2820\"  src=\"https:\/\/www.reitverein-ellefeld.de\/wp-content\/uploads\/44429822_1819456051496761_494147115665063936_n-1.jpg\" alt=\"\" class=\"wp-image-2820\" srcset=\"https:\/\/www.reitverein-ellefeld.de\/wp-content\/uploads\/44429822_1819456051496761_494147115665063936_n-1.jpg 720w, https:\/\/www.reitverein-ellefeld.de\/wp-content\/uploads\/44429822_1819456051496761_494147115665063936_n-1-225x300.jpg 225w\" sizes=\"(max-width: 720px) 100vw, 720px\" \/><\/a><\/figure>\n\n\n\n<figure class=\"wp-block-image size-large\"><a href=\"https:\/\/www.reitverein-ellefeld.de\/?attachment_id=2821\"><img decoding=\"async\" loading=\"lazy\" width=\"960\" height=\"720\" data-id=\"2821\"  src=\"https:\/\/www.reitverein-ellefeld.de\/wp-content\/uploads\/44433002_1819458544829845_3118036520481587200_n-1.jpg\" alt=\"\" class=\"wp-image-2821\" srcset=\"https:\/\/www.reitverein-ellefeld.de\/wp-content\/uploads\/44433002_1819458544829845_3118036520481587200_n-1.jpg 960w, https:\/\/www.reitverein-ellefeld.de\/wp-content\/uploads\/44433002_1819458544829845_3118036520481587200_n-1-300x225.jpg 300w, https:\/\/www.reitverein-ellefeld.de\/wp-content\/uploads\/44433002_1819458544829845_3118036520481587200_n-1-768x576.jpg 768w\" sizes=\"(max-width: 960px) 100vw, 960px\" \/><\/a><\/figure>\n\n\n\n<figure class=\"wp-block-image size-large\"><a href=\"https:\/\/www.reitverein-ellefeld.de\/?attachment_id=2822\"><img decoding=\"async\" loading=\"lazy\" width=\"960\" height=\"720\" data-id=\"2822\"  src=\"https:\/\/www.reitverein-ellefeld.de\/wp-content\/uploads\/44434929_1819456494830050_6575732901705416704_n-1.jpg\" alt=\"\" class=\"wp-image-2822\" srcset=\"https:\/\/www.reitverein-ellefeld.de\/wp-content\/uploads\/44434929_1819456494830050_6575732901705416704_n-1.jpg 960w, https:\/\/www.reitverein-ellefeld.de\/wp-content\/uploads\/44434929_1819456494830050_6575732901705416704_n-1-300x225.jpg 300w, https:\/\/www.reitverein-ellefeld.de\/wp-content\/uploads\/44434929_1819456494830050_6575732901705416704_n-1-768x576.jpg 768w\" sizes=\"(max-width: 960px) 100vw, 960px\" \/><\/a><\/figure>\n\n\n\n<figure class=\"wp-block-image size-large\"><a href=\"https:\/\/www.reitverein-ellefeld.de\/?attachment_id=2823\"><img decoding=\"async\" loading=\"lazy\" width=\"960\" height=\"720\" data-id=\"2823\"  src=\"https:\/\/www.reitverein-ellefeld.de\/wp-content\/uploads\/44452935_1819457954829904_134633476539285504_n-1.jpg\" alt=\"\" class=\"wp-image-2823\" srcset=\"https:\/\/www.reitverein-ellefeld.de\/wp-content\/uploads\/44452935_1819457954829904_134633476539285504_n-1.jpg 960w, https:\/\/www.reitverein-ellefeld.de\/wp-content\/uploads\/44452935_1819457954829904_134633476539285504_n-1-300x225.jpg 300w, https:\/\/www.reitverein-ellefeld.de\/wp-content\/uploads\/44452935_1819457954829904_134633476539285504_n-1-768x576.jpg 768w\" sizes=\"(max-width: 960px) 100vw, 960px\" \/><\/a><\/figure>\n\n\n\n<figure class=\"wp-block-image size-large\"><a href=\"https:\/\/www.reitverein-ellefeld.de\/?attachment_id=2824\"><img decoding=\"async\" loading=\"lazy\" width=\"960\" height=\"720\" data-id=\"2824\"  src=\"https:\/\/www.reitverein-ellefeld.de\/wp-content\/uploads\/44455622_1819458421496524_3852995743694454784_n-1.jpg\" alt=\"\" class=\"wp-image-2824\" srcset=\"https:\/\/www.reitverein-ellefeld.de\/wp-content\/uploads\/44455622_1819458421496524_3852995743694454784_n-1.jpg 960w, https:\/\/www.reitverein-ellefeld.de\/wp-content\/uploads\/44455622_1819458421496524_3852995743694454784_n-1-300x225.jpg 300w, https:\/\/www.reitverein-ellefeld.de\/wp-content\/uploads\/44455622_1819458421496524_3852995743694454784_n-1-768x576.jpg 768w\" sizes=\"(max-width: 960px) 100vw, 960px\" \/><\/a><\/figure>\n\n\n\n<figure class=\"wp-block-image size-large\"><a href=\"https:\/\/www.reitverein-ellefeld.de\/?attachment_id=2825\"><img decoding=\"async\" loading=\"lazy\" width=\"720\" height=\"960\" data-id=\"2825\"  src=\"https:\/\/www.reitverein-ellefeld.de\/wp-content\/uploads\/44468756_1819456451496721_4044187136293863424_n-1.jpg\" alt=\"\" class=\"wp-image-2825\" srcset=\"https:\/\/www.reitverein-ellefeld.de\/wp-content\/uploads\/44468756_1819456451496721_4044187136293863424_n-1.jpg 720w, https:\/\/www.reitverein-ellefeld.de\/wp-content\/uploads\/44468756_1819456451496721_4044187136293863424_n-1-225x300.jpg 225w\" sizes=\"(max-width: 720px) 100vw, 720px\" \/><\/a><\/figure>\n\n\n\n<figure class=\"wp-block-image size-large\"><a href=\"https:\/\/www.reitverein-ellefeld.de\/?attachment_id=2826\"><img decoding=\"async\" loading=\"lazy\" width=\"720\" height=\"960\" data-id=\"2826\"  src=\"https:\/\/www.reitverein-ellefeld.de\/wp-content\/uploads\/44471207_1819455524830147_6819579347813269504_n-1.jpg\" alt=\"\" class=\"wp-image-2826\" srcset=\"https:\/\/www.reitverein-ellefeld.de\/wp-content\/uploads\/44471207_1819455524830147_6819579347813269504_n-1.jpg 720w, https:\/\/www.reitverein-ellefeld.de\/wp-content\/uploads\/44471207_1819455524830147_6819579347813269504_n-1-225x300.jpg 225w\" sizes=\"(max-width: 720px) 100vw, 720px\" \/><\/a><\/figure>\n\n\n\n<figure class=\"wp-block-image size-large\"><a href=\"https:\/\/www.reitverein-ellefeld.de\/?attachment_id=2827\"><img decoding=\"async\" loading=\"lazy\" width=\"720\" height=\"960\" data-id=\"2827\"  src=\"https:\/\/www.reitverein-ellefeld.de\/wp-content\/uploads\/44475039_1819455988163434_7601302329563807744_n-1.jpg\" alt=\"\" class=\"wp-image-2827\" srcset=\"https:\/\/www.reitverein-ellefeld.de\/wp-content\/uploads\/44475039_1819455988163434_7601302329563807744_n-1.jpg 720w, https:\/\/www.reitverein-ellefeld.de\/wp-content\/uploads\/44475039_1819455988163434_7601302329563807744_n-1-225x300.jpg 225w\" sizes=\"(max-width: 720px) 100vw, 720px\" \/><\/a><\/figure>\n\n\n\n<figure class=\"wp-block-image size-large\"><a href=\"https:\/\/www.reitverein-ellefeld.de\/?attachment_id=2828\"><img decoding=\"async\" loading=\"lazy\" width=\"960\" height=\"720\" data-id=\"2828\"  src=\"https:\/\/www.reitverein-ellefeld.de\/wp-content\/uploads\/44481273_1819458054829894_6027617507626450944_n-1.jpg\" alt=\"\" class=\"wp-image-2828\" srcset=\"https:\/\/www.reitverein-ellefeld.de\/wp-content\/uploads\/44481273_1819458054829894_6027617507626450944_n-1.jpg 960w, https:\/\/www.reitverein-ellefeld.de\/wp-content\/uploads\/44481273_1819458054829894_6027617507626450944_n-1-300x225.jpg 300w, https:\/\/www.reitverein-ellefeld.de\/wp-content\/uploads\/44481273_1819458054829894_6027617507626450944_n-1-768x576.jpg 768w\" sizes=\"(max-width: 960px) 100vw, 960px\" \/><\/a><\/figure>\n\n\n\n<figure class=\"wp-block-image size-large\"><a href=\"https:\/\/www.reitverein-ellefeld.de\/?attachment_id=2829\"><img decoding=\"async\" loading=\"lazy\" width=\"960\" height=\"720\" data-id=\"2829\"  src=\"https:\/\/www.reitverein-ellefeld.de\/wp-content\/uploads\/44495342_1819456301496736_373257074911477760_n-1.jpg\" alt=\"\" class=\"wp-image-2829\" srcset=\"https:\/\/www.reitverein-ellefeld.de\/wp-content\/uploads\/44495342_1819456301496736_373257074911477760_n-1.jpg 960w, https:\/\/www.reitverein-ellefeld.de\/wp-content\/uploads\/44495342_1819456301496736_373257074911477760_n-1-300x225.jpg 300w, https:\/\/www.reitverein-ellefeld.de\/wp-content\/uploads\/44495342_1819456301496736_373257074911477760_n-1-768x576.jpg 768w\" sizes=\"(max-width: 960px) 100vw, 960px\" \/><\/a><\/figure>\n<\/figure>\n\n\n\n<p>Hier findet ihr noch zwei Zeitungsartikel zur Veranstaltung:<\/p>\n\n\n\n<figure class=\"wp-block-embed\"><div class=\"wp-block-embed__wrapper\">\nhttps:\/\/www.freiepresse.de\/sport\/lokalsport\/vogtland\/wo-auch-einsteiger-eine-chance-haben-artikel10339144\n<\/div><\/figure>\n\n\n\n<figure class=\"wp-block-embed\"><div class=\"wp-block-embed__wrapper\">\nhttps:\/\/www.blick.de\/vogtland\/dressur-kuer-mit-falcos-megahit-amadeus-artikel10338635\n<\/div><\/figure>\n\n\n\n<h2 class=\"wp-block-heading\">7. Oktober 2018: Arbeitseinsatz<\/h2>\n\n\n\n<p>Wir sind bereit f\u00fcr das Turnier. Dank vielen flei\u00dfigen Helfern sind Reitplatz, Abreiteplatz und Stall f\u00fcr das bevorstehende Turnier hergerichtet und vorbereitet. Es wurde gekehrt, gestrichen, geputzt, gebastelt, gebaggert, geh\u00e4mmert und gebaut. Vielen Dank an alle Helfer!<\/p>\n\n\n\n<figure class=\"wp-block-gallery has-nested-images columns-3 is-cropped wp-block-gallery-65 is-layout-flex\">\n<figure class=\"wp-block-image size-large\"><a href=\"https:\/\/www.reitverein-ellefeld.de\/?attachment_id=2831\"><img decoding=\"async\" loading=\"lazy\" width=\"1024\" height=\"768\" data-id=\"2831\"  src=\"https:\/\/www.reitverein-ellefeld.de\/wp-content\/uploads\/IMG_1142-1-1024x768.jpg\" alt=\"\" class=\"wp-image-2831\" srcset=\"https:\/\/www.reitverein-ellefeld.de\/wp-content\/uploads\/IMG_1142-1-1024x768.jpg 1024w, https:\/\/www.reitverein-ellefeld.de\/wp-content\/uploads\/IMG_1142-1-300x225.jpg 300w, https:\/\/www.reitverein-ellefeld.de\/wp-content\/uploads\/IMG_1142-1-768x576.jpg 768w\" sizes=\"(max-width: 1024px) 100vw, 1024px\" \/><\/a><\/figure>\n\n\n\n<figure class=\"wp-block-image size-large\"><a href=\"https:\/\/www.reitverein-ellefeld.de\/?attachment_id=2832\"><img decoding=\"async\" loading=\"lazy\" width=\"1024\" height=\"768\" data-id=\"2832\"  src=\"https:\/\/www.reitverein-ellefeld.de\/wp-content\/uploads\/IMG_1145-1-1024x768.jpg\" alt=\"\" class=\"wp-image-2832\" srcset=\"https:\/\/www.reitverein-ellefeld.de\/wp-content\/uploads\/IMG_1145-1-1024x768.jpg 1024w, https:\/\/www.reitverein-ellefeld.de\/wp-content\/uploads\/IMG_1145-1-300x225.jpg 300w, https:\/\/www.reitverein-ellefeld.de\/wp-content\/uploads\/IMG_1145-1-768x576.jpg 768w\" sizes=\"(max-width: 1024px) 100vw, 1024px\" \/><\/a><\/figure>\n\n\n\n<figure class=\"wp-block-image size-large\"><a href=\"https:\/\/www.reitverein-ellefeld.de\/?attachment_id=2833\"><img decoding=\"async\" loading=\"lazy\" width=\"1024\" height=\"768\" data-id=\"2833\"  src=\"https:\/\/www.reitverein-ellefeld.de\/wp-content\/uploads\/IMG_1146-1-1024x768.jpg\" alt=\"\" class=\"wp-image-2833\" srcset=\"https:\/\/www.reitverein-ellefeld.de\/wp-content\/uploads\/IMG_1146-1-1024x768.jpg 1024w, https:\/\/www.reitverein-ellefeld.de\/wp-content\/uploads\/IMG_1146-1-300x225.jpg 300w, https:\/\/www.reitverein-ellefeld.de\/wp-content\/uploads\/IMG_1146-1-768x576.jpg 768w\" sizes=\"(max-width: 1024px) 100vw, 1024px\" \/><\/a><\/figure>\n\n\n\n<figure class=\"wp-block-image size-large\"><a href=\"https:\/\/www.reitverein-ellefeld.de\/?attachment_id=2834\"><img decoding=\"async\" loading=\"lazy\" width=\"1024\" height=\"768\" data-id=\"2834\"  src=\"https:\/\/www.reitverein-ellefeld.de\/wp-content\/uploads\/IMG_1147-1-1024x768.jpg\" alt=\"\" class=\"wp-image-2834\" srcset=\"https:\/\/www.reitverein-ellefeld.de\/wp-content\/uploads\/IMG_1147-1-1024x768.jpg 1024w, https:\/\/www.reitverein-ellefeld.de\/wp-content\/uploads\/IMG_1147-1-300x225.jpg 300w, https:\/\/www.reitverein-ellefeld.de\/wp-content\/uploads\/IMG_1147-1-768x576.jpg 768w\" sizes=\"(max-width: 1024px) 100vw, 1024px\" \/><\/a><\/figure>\n\n\n\n<figure class=\"wp-block-image size-large\"><a href=\"https:\/\/www.reitverein-ellefeld.de\/?attachment_id=2835\"><img decoding=\"async\" loading=\"lazy\" width=\"1024\" height=\"768\" data-id=\"2835\"  src=\"https:\/\/www.reitverein-ellefeld.de\/wp-content\/uploads\/IMG_1148-1-1024x768.jpg\" alt=\"\" class=\"wp-image-2835\" srcset=\"https:\/\/www.reitverein-ellefeld.de\/wp-content\/uploads\/IMG_1148-1-1024x768.jpg 1024w, https:\/\/www.reitverein-ellefeld.de\/wp-content\/uploads\/IMG_1148-1-300x225.jpg 300w, https:\/\/www.reitverein-ellefeld.de\/wp-content\/uploads\/IMG_1148-1-768x576.jpg 768w\" sizes=\"(max-width: 1024px) 100vw, 1024px\" \/><\/a><\/figure>\n<\/figure>\n\n\n\n<h2 class=\"wp-block-heading\">8. September 2018: Vogtlandmeisterschaften \u00dc15<\/h2>\n\n\n\n<p>Am vergangenen Wochenende fanden auf dem Turnier in Auerbach\/Sorga die Vogtlandmeisterschaften in Dressur und Springen statt. Zwei unserer Mitglieder waren dabei sehr erfolgreich. Tim S\u00fc\u00df holte in seiner Altersklasse den Titel im Springen mit der Stute Amore Mio und gleichzeitig wurde er auch in der Dressur seiner Altersklasse mit der Stute Cyrill Vogtlandmeister. Sindy Abromeit erreichte den Bronzerang ihrer Altersklasse in der Dressur mit ihrer Stute Astra. Herzlichen Gl\u00fcckwunsch!<\/p>\n\n\n<div class=\"wp-block-image\">\n<figure class=\"aligncenter\"><a href=\"https:\/\/www.reitverein-ellefeld.de\/wp-content\/uploads\/2018-Tim-Vogtlandmeister-1.jpg\"><img decoding=\"async\" src=\"https:\/\/www.reitverein-ellefeld.de\/wp-content\/uploads\/2018-Tim-Vogtlandmeister-1-300x196.jpg\" alt=\"2018 Tim Vogtlandmeister (1)\" class=\"wp-image-2473\"\/><\/a><\/figure><\/div>\n\n<div class=\"wp-block-image\">\n<figure class=\"aligncenter\"><a href=\"https:\/\/www.reitverein-ellefeld.de\/wp-content\/uploads\/2018-Tim-Vogtlandmeister-2.jpg\"><img decoding=\"async\" src=\"https:\/\/www.reitverein-ellefeld.de\/wp-content\/uploads\/2018-Tim-Vogtlandmeister-2-300x199.jpg\" alt=\"2018 Tim Vogtlandmeister (2)\" class=\"wp-image-2474\"\/><\/a><\/figure><\/div>\n\n\n<p><a href=\"https:\/\/www.freiepresse.de\/sport\/lokalsport\/vogtland\/vogtlandmeister-bei-reitturnier-in-auerbach-sorga-gekuert-artikel10307592\">Hier<\/a> geht es zum Artikel der Freien Presse.<\/p>\n\n\n\n<h2 class=\"wp-block-heading\">24. Juni 2018: Vogtlandmeisterschaften<\/h2>\n\n\n\n<p>Bei den Vogtlandmeisterschaften der Reiter U14\/16 in Oberlosa konnte Emi mit Cyrill den Vizemeistertitel erringen. In dem daf\u00fcr notwendigen Springen der Klasse E konnte sie sogar den Sieg holen. Herzlichen Gl\u00fcckwunsch!<\/p>\n\n\n\n<h2 class=\"wp-block-heading\">22. April 2018: Arbeitseinsatz<\/h2>\n\n\n\n<p>Am 22. April hat wieder der Fr\u00fchjahrsputz stattgefunden, um Stall, Halle und Reitplatz f\u00fcr das anstehende Flutlichtreiten und den Sommer schick zu machen.<\/p>\n\n\n\n<figure class=\"wp-block-gallery has-nested-images columns-3 is-cropped wp-block-gallery-67 is-layout-flex\">\n<figure class=\"wp-block-image size-large\"><a href=\"https:\/\/www.reitverein-ellefeld.de\/?attachment_id=2836\"><img decoding=\"async\" loading=\"lazy\" width=\"1024\" height=\"576\" data-id=\"2836\"  src=\"https:\/\/www.reitverein-ellefeld.de\/wp-content\/uploads\/20180422_105733-1-1024x576.jpg\" alt=\"\" class=\"wp-image-2836\" srcset=\"https:\/\/www.reitverein-ellefeld.de\/wp-content\/uploads\/20180422_105733-1-1024x576.jpg 1024w, https:\/\/www.reitverein-ellefeld.de\/wp-content\/uploads\/20180422_105733-1-300x169.jpg 300w, https:\/\/www.reitverein-ellefeld.de\/wp-content\/uploads\/20180422_105733-1-768x432.jpg 768w\" sizes=\"(max-width: 1024px) 100vw, 1024px\" \/><\/a><\/figure>\n\n\n\n<figure class=\"wp-block-image size-large\"><a href=\"https:\/\/www.reitverein-ellefeld.de\/?attachment_id=2837\"><img decoding=\"async\" loading=\"lazy\" width=\"768\" height=\"1024\" data-id=\"2837\"  src=\"https:\/\/www.reitverein-ellefeld.de\/wp-content\/uploads\/DDYA6855-1-768x1024.jpg\" alt=\"\" class=\"wp-image-2837\" srcset=\"https:\/\/www.reitverein-ellefeld.de\/wp-content\/uploads\/DDYA6855-1-768x1024.jpg 768w, https:\/\/www.reitverein-ellefeld.de\/wp-content\/uploads\/DDYA6855-1-225x300.jpg 225w, https:\/\/www.reitverein-ellefeld.de\/wp-content\/uploads\/DDYA6855-1.jpg 960w\" sizes=\"(max-width: 768px) 100vw, 768px\" \/><\/a><\/figure>\n\n\n\n<figure class=\"wp-block-image size-large\"><a href=\"https:\/\/www.reitverein-ellefeld.de\/?attachment_id=2838\"><img decoding=\"async\" loading=\"lazy\" width=\"768\" height=\"1024\" data-id=\"2838\"  src=\"https:\/\/www.reitverein-ellefeld.de\/wp-content\/uploads\/FGCE7027-1-768x1024.jpg\" alt=\"\" class=\"wp-image-2838\" srcset=\"https:\/\/www.reitverein-ellefeld.de\/wp-content\/uploads\/FGCE7027-1-768x1024.jpg 768w, https:\/\/www.reitverein-ellefeld.de\/wp-content\/uploads\/FGCE7027-1-225x300.jpg 225w, https:\/\/www.reitverein-ellefeld.de\/wp-content\/uploads\/FGCE7027-1.jpg 960w\" sizes=\"(max-width: 768px) 100vw, 768px\" \/><\/a><\/figure>\n\n\n\n<figure class=\"wp-block-image size-large\"><a href=\"https:\/\/www.reitverein-ellefeld.de\/?attachment_id=2839\"><img decoding=\"async\" loading=\"lazy\" width=\"1024\" height=\"768\" data-id=\"2839\"  src=\"https:\/\/www.reitverein-ellefeld.de\/wp-content\/uploads\/LNNJ1670-1-1024x768.jpg\" alt=\"\" class=\"wp-image-2839\" srcset=\"https:\/\/www.reitverein-ellefeld.de\/wp-content\/uploads\/LNNJ1670-1-1024x768.jpg 1024w, https:\/\/www.reitverein-ellefeld.de\/wp-content\/uploads\/LNNJ1670-1-300x225.jpg 300w, https:\/\/www.reitverein-ellefeld.de\/wp-content\/uploads\/LNNJ1670-1-768x576.jpg 768w, https:\/\/www.reitverein-ellefeld.de\/wp-content\/uploads\/LNNJ1670-1.jpg 1280w\" sizes=\"(max-width: 1024px) 100vw, 1024px\" \/><\/a><\/figure>\n\n\n\n<figure class=\"wp-block-image size-large\"><a href=\"https:\/\/www.reitverein-ellefeld.de\/?attachment_id=2840\"><img decoding=\"async\" loading=\"lazy\" width=\"1024\" height=\"768\" data-id=\"2840\"  src=\"https:\/\/www.reitverein-ellefeld.de\/wp-content\/uploads\/LXUU5294-1-1024x768.jpg\" alt=\"\" class=\"wp-image-2840\" srcset=\"https:\/\/www.reitverein-ellefeld.de\/wp-content\/uploads\/LXUU5294-1-1024x768.jpg 1024w, https:\/\/www.reitverein-ellefeld.de\/wp-content\/uploads\/LXUU5294-1-300x225.jpg 300w, https:\/\/www.reitverein-ellefeld.de\/wp-content\/uploads\/LXUU5294-1-768x576.jpg 768w, https:\/\/www.reitverein-ellefeld.de\/wp-content\/uploads\/LXUU5294-1.jpg 1040w\" sizes=\"(max-width: 1024px) 100vw, 1024px\" \/><\/a><\/figure>\n\n\n\n<figure class=\"wp-block-image size-large\"><a href=\"https:\/\/www.reitverein-ellefeld.de\/?attachment_id=2841\"><img decoding=\"async\" loading=\"lazy\" width=\"1024\" height=\"768\" data-id=\"2841\"  src=\"https:\/\/www.reitverein-ellefeld.de\/wp-content\/uploads\/WMPL5340-1-1024x768.jpg\" alt=\"\" class=\"wp-image-2841\" srcset=\"https:\/\/www.reitverein-ellefeld.de\/wp-content\/uploads\/WMPL5340-1-1024x768.jpg 1024w, https:\/\/www.reitverein-ellefeld.de\/wp-content\/uploads\/WMPL5340-1-300x225.jpg 300w, https:\/\/www.reitverein-ellefeld.de\/wp-content\/uploads\/WMPL5340-1-768x576.jpg 768w, https:\/\/www.reitverein-ellefeld.de\/wp-content\/uploads\/WMPL5340-1.jpg 1280w\" sizes=\"(max-width: 1024px) 100vw, 1024px\" \/><\/a><\/figure>\n<\/figure>\n\n\n\n<h2 class=\"wp-block-heading\">12. Februar 2018: Faschingsreiten<\/h2>\n\n\n\n<div id=\"u_0_i\" class=\"_li\">\n<div id=\"globalContainer\" class=\"uiContextualLayerParent\">\n<div id=\"content\" class=\"fb_content clearfix \" data-referrer=\"content\">\n<div>\n<div class=\"pbm _5r-_\">\n<div id=\"mainContainer\">\n<div id=\"contentCol\" class=\"clearfix hasRightCol\">\n<div id=\"contentArea\">\n<div class=\"_3bp4\">\n<div id=\"browse_result_area\">\n<div>\n<div id=\"initial_browse_result\">\n<div id=\"pagelet_loader_initial_browse_result\" data-referrer=\"pagelet_loader_initial_browse_result\">\n<div id=\"u_ps_jsonp_2_3_d\" data-bt=\"{&quot;session_id&quot;:&quot;855b21d7cef19f689bf6fa5c7e1390cf&quot;,&quot;typeahead_sid&quot;:&quot;0.5683424684098912&quot;,&quot;result_type&quot;:&quot;browse_type_keyword&quot;,&quot;referrer&quot;:&quot;typeahead&quot;,&quot;path&quot;:&quot;\\\/search\\\/top\\\/&quot;,&quot;query_data&quot;:{&quot;q&quot;:&quot;rfv ellefeld&quot;,&quot;ref&quot;:&quot;eyJzaWQiOiIwLjU2ODM0MjQ2ODQwOTg5MTIiLCJxcyI6IkpUVkNKVEl5Y21aMkpUSXdaV3hzWldabGJHUWxNaklsTlVRIiwiZ3YiOiJiZWUwOWY5M2ZhNzMyY2ZhNTlhMWNiNmQ5ZjQ1MGQzODkyNDI0ZTQ5IiwiZW50X2lkcyI6W10sImJzaWQiOiI4NTViMjFkN2NlZjE5ZjY4OWJmNmZhNWM3ZTEzOTBjZiJ9&quot;},&quot;experience_type&quot;:&quot;grammar&quot;}\">\n<div id=\"u_ps_jsonp_2_3_0\" class=\"_58b7 _4i6x\">\n<div id=\"BrowseResultsContainer\" class=\"_1yt\">\n<div id=\"u_ps_jsonp_2_3_f\" class=\"_401d\" data-xt-vimp=\"{&quot;pixel_in_percentage&quot;:70,&quot;duration_in_ms&quot;:2000,&quot;subsequent_gap_in_ms&quot;:500,&quot;log_initial_nonviewable&quot;:true,&quot;should_batch&quot;:true,&quot;require_horizontally_onscreen&quot;:false,&quot;should_log_viewability_duration&quot;:true}\" data-vistracking=\"1\" data-gt=\"{&quot;type&quot;:&quot;xtracking&quot;,&quot;xt&quot;:&quot;21.{\\&quot;module_type\\&quot;:\\&quot;TOP_PUBLIC_POSTS\\&quot;,\\&quot;item_type\\&quot;:null,\\&quot;display_style\\&quot;:null,\\&quot;position_in_module\\&quot;:null,\\&quot;id\\&quot;:null,\\&quot;raw_id\\&quot;:null,\\&quot;query\\&quot;:\\&quot;keywords_search(rfv+ellefeld)\\&quot;,\\&quot;session_id\\&quot;:\\&quot;855b21d7cef19f689bf6fa5c7e1390cf\\&quot;,\\&quot;vertical\\&quot;:\\&quot;content\\&quot;,\\&quot;result_creation_timestamp\\&quot;:null,\\&quot;module_result_type\\&quot;:\\&quot;browse_type_story\\&quot;,\\&quot;source_module_role\\&quot;:null,\\&quot;subrequests\\&quot;:\\&quot;[\\\\\\&quot;stories-post-set-featured(stories-keyword(rfv+ellefeld))\\\\\\&quot;,\\\\\\&quot;stories-news-pivot(links-keyword(rfv+ellefeld))\\\\\\&quot;,\\\\\\&quot;stories-feed(stories-keyword(rfv+ellefeld))\\\\\\&quot;,\\\\\\&quot;videos-keyword(rfv+ellefeld)\\\\\\&quot;,\\\\\\&quot;videos-live(rfv+ellefeld)\\\\\\&quot;,\\\\\\&quot;stories-public(stories-keyword(rfv+ellefeld))\\\\\\&quot;,\\\\\\&quot;stories-vital-topic-authorities(stories-keyword(rfv+ellefeld))\\\\\\&quot;,\\\\\\&quot;articles-links(links-keyword(rfv+ellefeld))\\\\\\&quot;]\\&quot;,\\&quot;unit_id\\&quot;:\\&quot;browse_ml:ed0b0c33-9f83-dc7a-bca2-5923a387a9ea\\&quot;,\\&quot;unit_id_click_type\\&quot;:\\&quot;view_port_views_on_search_results\\&quot;,\\&quot;unit_id_result_id\\&quot;:null}&quot;}\" data-insertion-position=\"1\">\n<div>\n<div>\n<div id=\"u_ps_jsonp_2_3_g\" class=\"_401d\" data-xt-vimp=\"{&quot;pixel_in_percentage&quot;:70,&quot;duration_in_ms&quot;:2000,&quot;subsequent_gap_in_ms&quot;:500,&quot;log_initial_nonviewable&quot;:true,&quot;should_batch&quot;:true,&quot;require_horizontally_onscreen&quot;:false,&quot;should_log_viewability_duration&quot;:true}\" data-vistracking=\"1\" data-gt=\"{&quot;type&quot;:&quot;xtracking&quot;,&quot;xt&quot;:&quot;21.{\\&quot;module_type\\&quot;:\\&quot;TOP_PUBLIC_POSTS\\&quot;,\\&quot;item_type\\&quot;:\\&quot;result\\&quot;,\\&quot;display_style\\&quot;:\\&quot;feed_story\\&quot;,\\&quot;position_in_module\\&quot;:null,\\&quot;id\\&quot;:\\&quot;1503237983118571\\&quot;,\\&quot;raw_id\\&quot;:1503237983118571,\\&quot;query\\&quot;:\\&quot;keywords_search(rfv+ellefeld)\\&quot;,\\&quot;session_id\\&quot;:\\&quot;855b21d7cef19f689bf6fa5c7e1390cf\\&quot;,\\&quot;vertical\\&quot;:\\&quot;content\\&quot;,\\&quot;result_creation_timestamp\\&quot;:null,\\&quot;module_result_type\\&quot;:\\&quot;browse_type_story\\&quot;,\\&quot;source_module_role\\&quot;:null,\\&quot;subrequests\\&quot;:\\&quot;[\\\\\\&quot;stories-post-set-featured(stories-keyword(rfv+ellefeld))\\\\\\&quot;,\\\\\\&quot;stories-news-pivot(links-keyword(rfv+ellefeld))\\\\\\&quot;,\\\\\\&quot;stories-feed(stories-keyword(rfv+ellefeld))\\\\\\&quot;,\\\\\\&quot;videos-keyword(rfv+ellefeld)\\\\\\&quot;,\\\\\\&quot;videos-live(rfv+ellefeld)\\\\\\&quot;,\\\\\\&quot;stories-public(stories-keyword(rfv+ellefeld))\\\\\\&quot;,\\\\\\&quot;stories-vital-topic-authorities(stories-keyword(rfv+ellefeld))\\\\\\&quot;,\\\\\\&quot;articles-links(links-keyword(rfv+ellefeld))\\\\\\&quot;]\\&quot;,\\&quot;unit_id\\&quot;:\\&quot;browse_rl:ad3f270e-3a92-45df-2c96-18db469ea530\\&quot;,\\&quot;unit_id_click_type\\&quot;:\\&quot;graph_search_results_item_tapped\\&quot;,\\&quot;unit_id_result_id\\&quot;:\\&quot;1503237983118571\\&quot;}&quot;}\" data-insertion-position=\"2\">\n<div id=\"u_ps_jsonp_2_3_h\" class=\"_5bl2 _3u1 _41je _3u0\" data-bt=\"{&quot;id&quot;:1503237983118571,&quot;rank&quot;:1,&quot;abtest_version&quot;:null,&quot;abtest_params&quot;:{&quot;abtest_version&quot;:null,&quot;origin&quot;:&quot;A&quot;,&quot;ranker&quot;:null},&quot;section&quot;:&quot;main_column&quot;,&quot;owner_id&quot;:216722825103433,&quot;sub_id&quot;:null,&quot;browse_location&quot;:&quot;browse_location:browse&quot;,&quot;query_data&quot;:{&quot;q&quot;:&quot;rfv ellefeld&quot;,&quot;ref&quot;:&quot;eyJzaWQiOiIwLjU2ODM0MjQ2ODQwOTg5MTIiLCJxcyI6IkpUVkNKVEl5Y21aMkpUSXdaV3hzWldabGJHUWxNaklsTlVRIiwiZ3YiOiJiZWUwOWY5M2ZhNzMyY2ZhNTlhMWNiNmQ5ZjQ1MGQzODkyNDI0ZTQ5IiwiZW50X2lkcyI6W10sImJzaWQiOiI4NTViMjFkN2NlZjE5ZjY4OWJmNmZhNWM3ZTEzOTBjZiJ9&quot;},&quot;is_headline&quot;:false}\" data-highlight-tokens=\"[&quot;ellefeld&quot;,&quot;rfv&quot;]\">\n<div id=\"u_ps_jsonp_2_3_1\" class=\"_4-u2 mbm _4mrt _5jmm _5pat _5v3q _4-u8\" data-ftr=\"1\" data-fte=\"1\">\n<div id=\"u_ps_jsonp_2_3_2\" class=\"_3ccb\" data-ft=\"{&quot;tn&quot;:&quot;-R&quot;}\" data-gt=\"{&quot;type&quot;:&quot;click2canvas&quot;,&quot;fbsource&quot;:703,&quot;ref&quot;:&quot;nf_generic&quot;}\">\n<div class=\"_5pcr userContentWrapper\" data-ft=\"{&quot;tn&quot;:&quot;-R&quot;}\">\n<div class=\"_1dwg _1w_m _q7o\">\n<div>\n<div id=\"js_45\" class=\"_5pbx userContent _3576\" data-ft=\"{&quot;tn&quot;:&quot;K&quot;}\">\n<p style=\"text-align: justify;\"><span class=\"highlightNode\">RFV<\/span> &#8211; Helau! Heute fand das Faschingsreiten f\u00fcr Gro\u00df &amp; Klein statt. Wir hatten wieder sehr viel Spa\u00df und nat\u00fcrlich auch eine leckere St\u00e4rkung danach !<\/p>\n<p><\/p><\/div><\/div><\/div><\/div><\/div><\/div><\/div><\/div><\/div><\/div><\/div><\/div><\/div><\/div><\/div><\/div><\/div><\/div><\/div><\/div><\/div><\/div><\/div><\/div><\/div><\/div><\/div>\n\n\n\n<figure class=\"wp-block-gallery has-nested-images columns-3 is-cropped wp-block-gallery-69 is-layout-flex\">\n<figure class=\"wp-block-image size-large\"><a href=\"https:\/\/www.reitverein-ellefeld.de\/?attachment_id=2842\"><img decoding=\"async\" loading=\"lazy\" width=\"960\" height=\"720\" data-id=\"2842\"  src=\"https:\/\/www.reitverein-ellefeld.de\/wp-content\/uploads\/Fasching_2018_1-1.jpg\" alt=\"\" class=\"wp-image-2842\" srcset=\"https:\/\/www.reitverein-ellefeld.de\/wp-content\/uploads\/Fasching_2018_1-1.jpg 960w, https:\/\/www.reitverein-ellefeld.de\/wp-content\/uploads\/Fasching_2018_1-1-300x225.jpg 300w, https:\/\/www.reitverein-ellefeld.de\/wp-content\/uploads\/Fasching_2018_1-1-768x576.jpg 768w\" sizes=\"(max-width: 960px) 100vw, 960px\" \/><\/a><\/figure>\n\n\n\n<figure class=\"wp-block-image size-large\"><a href=\"https:\/\/www.reitverein-ellefeld.de\/?attachment_id=2843\"><img decoding=\"async\" loading=\"lazy\" width=\"720\" height=\"960\" data-id=\"2843\"  src=\"https:\/\/www.reitverein-ellefeld.de\/wp-content\/uploads\/Fasching_2018_2-1.jpg\" alt=\"\" class=\"wp-image-2843\" srcset=\"https:\/\/www.reitverein-ellefeld.de\/wp-content\/uploads\/Fasching_2018_2-1.jpg 720w, https:\/\/www.reitverein-ellefeld.de\/wp-content\/uploads\/Fasching_2018_2-1-225x300.jpg 225w\" sizes=\"(max-width: 720px) 100vw, 720px\" \/><\/a><\/figure>\n\n\n\n<figure class=\"wp-block-image size-large\"><a href=\"https:\/\/www.reitverein-ellefeld.de\/?attachment_id=2844\"><img decoding=\"async\" loading=\"lazy\" width=\"960\" height=\"720\" data-id=\"2844\"  src=\"https:\/\/www.reitverein-ellefeld.de\/wp-content\/uploads\/Fasching_2018_3-1.jpg\" alt=\"\" class=\"wp-image-2844\" srcset=\"https:\/\/www.reitverein-ellefeld.de\/wp-content\/uploads\/Fasching_2018_3-1.jpg 960w, https:\/\/www.reitverein-ellefeld.de\/wp-content\/uploads\/Fasching_2018_3-1-300x225.jpg 300w, https:\/\/www.reitverein-ellefeld.de\/wp-content\/uploads\/Fasching_2018_3-1-768x576.jpg 768w\" sizes=\"(max-width: 960px) 100vw, 960px\" \/><\/a><\/figure>\n\n\n\n<figure class=\"wp-block-image size-large\"><a href=\"https:\/\/www.reitverein-ellefeld.de\/?attachment_id=2845\"><img decoding=\"async\" loading=\"lazy\" width=\"960\" height=\"720\" data-id=\"2845\"  src=\"https:\/\/www.reitverein-ellefeld.de\/wp-content\/uploads\/Fasching_2018_4-1.jpg\" alt=\"\" class=\"wp-image-2845\" srcset=\"https:\/\/www.reitverein-ellefeld.de\/wp-content\/uploads\/Fasching_2018_4-1.jpg 960w, https:\/\/www.reitverein-ellefeld.de\/wp-content\/uploads\/Fasching_2018_4-1-300x225.jpg 300w, https:\/\/www.reitverein-ellefeld.de\/wp-content\/uploads\/Fasching_2018_4-1-768x576.jpg 768w\" sizes=\"(max-width: 960px) 100vw, 960px\" \/><\/a><\/figure>\n\n\n\n<figure class=\"wp-block-image size-large\"><a href=\"https:\/\/www.reitverein-ellefeld.de\/?attachment_id=2846\"><img decoding=\"async\" loading=\"lazy\" width=\"720\" height=\"960\" data-id=\"2846\"  src=\"https:\/\/www.reitverein-ellefeld.de\/wp-content\/uploads\/Fasching_2018_5-1.jpg\" alt=\"\" class=\"wp-image-2846\" srcset=\"https:\/\/www.reitverein-ellefeld.de\/wp-content\/uploads\/Fasching_2018_5-1.jpg 720w, https:\/\/www.reitverein-ellefeld.de\/wp-content\/uploads\/Fasching_2018_5-1-225x300.jpg 225w\" sizes=\"(max-width: 720px) 100vw, 720px\" \/><\/a><\/figure>\n\n\n\n<figure class=\"wp-block-image size-large\"><a href=\"https:\/\/www.reitverein-ellefeld.de\/?attachment_id=2847\"><img decoding=\"async\" loading=\"lazy\" width=\"960\" height=\"720\" data-id=\"2847\"  src=\"https:\/\/www.reitverein-ellefeld.de\/wp-content\/uploads\/Fasching_2018_6-1.jpg\" alt=\"\" class=\"wp-image-2847\" srcset=\"https:\/\/www.reitverein-ellefeld.de\/wp-content\/uploads\/Fasching_2018_6-1.jpg 960w, https:\/\/www.reitverein-ellefeld.de\/wp-content\/uploads\/Fasching_2018_6-1-300x225.jpg 300w, https:\/\/www.reitverein-ellefeld.de\/wp-content\/uploads\/Fasching_2018_6-1-768x576.jpg 768w\" sizes=\"(max-width: 960px) 100vw, 960px\" \/><\/a><\/figure>\n\n\n\n<figure class=\"wp-block-image size-large\"><a href=\"https:\/\/www.reitverein-ellefeld.de\/?attachment_id=2848\"><img decoding=\"async\" loading=\"lazy\" width=\"960\" height=\"720\" data-id=\"2848\"  src=\"https:\/\/www.reitverein-ellefeld.de\/wp-content\/uploads\/Fasching_2018_7-1.jpg\" alt=\"\" class=\"wp-image-2848\" srcset=\"https:\/\/www.reitverein-ellefeld.de\/wp-content\/uploads\/Fasching_2018_7-1.jpg 960w, https:\/\/www.reitverein-ellefeld.de\/wp-content\/uploads\/Fasching_2018_7-1-300x225.jpg 300w, https:\/\/www.reitverein-ellefeld.de\/wp-content\/uploads\/Fasching_2018_7-1-768x576.jpg 768w\" sizes=\"(max-width: 960px) 100vw, 960px\" \/><\/a><\/figure>\n\n\n\n<figure class=\"wp-block-image size-large\"><a href=\"https:\/\/www.reitverein-ellefeld.de\/?attachment_id=2849\"><img decoding=\"async\" loading=\"lazy\" width=\"960\" height=\"720\" data-id=\"2849\"  src=\"https:\/\/www.reitverein-ellefeld.de\/wp-content\/uploads\/Fasching_2018_8-1.jpg\" alt=\"\" class=\"wp-image-2849\" srcset=\"https:\/\/www.reitverein-ellefeld.de\/wp-content\/uploads\/Fasching_2018_8-1.jpg 960w, https:\/\/www.reitverein-ellefeld.de\/wp-content\/uploads\/Fasching_2018_8-1-300x225.jpg 300w, https:\/\/www.reitverein-ellefeld.de\/wp-content\/uploads\/Fasching_2018_8-1-768x576.jpg 768w\" sizes=\"(max-width: 960px) 100vw, 960px\" \/><\/a><\/figure>\n\n\n\n<figure class=\"wp-block-image size-large\"><a href=\"https:\/\/www.reitverein-ellefeld.de\/?attachment_id=2850\"><img decoding=\"async\" loading=\"lazy\" width=\"960\" height=\"559\" data-id=\"2850\"  src=\"https:\/\/www.reitverein-ellefeld.de\/wp-content\/uploads\/Fasching_2018_9-1.jpg\" alt=\"\" class=\"wp-image-2850\" srcset=\"https:\/\/www.reitverein-ellefeld.de\/wp-content\/uploads\/Fasching_2018_9-1.jpg 960w, https:\/\/www.reitverein-ellefeld.de\/wp-content\/uploads\/Fasching_2018_9-1-300x175.jpg 300w, https:\/\/www.reitverein-ellefeld.de\/wp-content\/uploads\/Fasching_2018_9-1-768x447.jpg 768w\" sizes=\"(max-width: 960px) 100vw, 960px\" \/><\/a><\/figure>\n\n\n\n<figure class=\"wp-block-image size-large\"><a href=\"https:\/\/www.reitverein-ellefeld.de\/?attachment_id=2851\"><img decoding=\"async\" loading=\"lazy\" width=\"720\" height=\"960\" data-id=\"2851\"  src=\"https:\/\/www.reitverein-ellefeld.de\/wp-content\/uploads\/Fasching_2018_10-1.jpg\" alt=\"\" class=\"wp-image-2851\" srcset=\"https:\/\/www.reitverein-ellefeld.de\/wp-content\/uploads\/Fasching_2018_10-1.jpg 720w, https:\/\/www.reitverein-ellefeld.de\/wp-content\/uploads\/Fasching_2018_10-1-225x300.jpg 225w\" sizes=\"(max-width: 720px) 100vw, 720px\" \/><\/a><\/figure>\n\n\n\n<figure class=\"wp-block-image size-large\"><a href=\"https:\/\/www.reitverein-ellefeld.de\/?attachment_id=2852\"><img decoding=\"async\" loading=\"lazy\" width=\"720\" height=\"960\" data-id=\"2852\"  src=\"https:\/\/www.reitverein-ellefeld.de\/wp-content\/uploads\/Fasching_2018_11-1.jpg\" alt=\"\" class=\"wp-image-2852\" srcset=\"https:\/\/www.reitverein-ellefeld.de\/wp-content\/uploads\/Fasching_2018_11-1.jpg 720w, https:\/\/www.reitverein-ellefeld.de\/wp-content\/uploads\/Fasching_2018_11-1-225x300.jpg 225w\" sizes=\"(max-width: 720px) 100vw, 720px\" \/><\/a><\/figure>\n\n\n\n<figure class=\"wp-block-image size-large\"><a href=\"https:\/\/www.reitverein-ellefeld.de\/?attachment_id=2853\"><img decoding=\"async\" loading=\"lazy\" width=\"719\" height=\"960\" data-id=\"2853\"  src=\"https:\/\/www.reitverein-ellefeld.de\/wp-content\/uploads\/Fasching_2018_12-1.jpg\" alt=\"\" class=\"wp-image-2853\" srcset=\"https:\/\/www.reitverein-ellefeld.de\/wp-content\/uploads\/Fasching_2018_12-1.jpg 719w, https:\/\/www.reitverein-ellefeld.de\/wp-content\/uploads\/Fasching_2018_12-1-225x300.jpg 225w\" sizes=\"(max-width: 719px) 100vw, 719px\" \/><\/a><\/figure>\n<\/figure>\n\n\n\n<h2 class=\"wp-block-heading\">10. Dezember 2017: Vereins-Weihnachtsfeier<\/h2>\n\n\n\n<div id=\"u_0_i\" class=\"_li\">\n<div id=\"globalContainer\" class=\"uiContextualLayerParent\">\n<div id=\"content\" class=\"fb_content clearfix \" data-referrer=\"content\">\n<div>\n<div class=\"clearfix\">\n<div class=\"_1qkq _1ql0\">\n<div id=\"content_container\">\n<div>\n<div class=\"clearfix\">\n<div id=\"js_1s\" class=\"_2pie _14i5 _1qkq _1qkx\">\n<div id=\"pagelet_timeline_main_column\">\n<div id=\"id_5a4547c76baca0680695139\" data-referrer=\"id_5a4547c76baca0680695139\">\n<div>\n<div id=\"u_jsonp_2_k\">\n<div class=\"_1xnd\">\n<div class=\"_1xnd\">\n<div class=\"_1xnd\">\n<div class=\"_4-u2 _3xaf _3-95 _4-u8\">\n<div class=\"_5va1 _427x\">\n<div id=\"u_v_0\" class=\"_4-u2 mbm _4mrt _5jmm _5pat _5v3q _4-u8\" data-insertion-position=\"0\" data-ftr=\"1\" data-fte=\"1\">\n<div id=\"u_v_7\" class=\"_3ccb\" data-ft=\"{&quot;tn&quot;:&quot;-R&quot;}\" data-gt=\"{&quot;type&quot;:&quot;click2canvas&quot;,&quot;fbsource&quot;:703,&quot;ref&quot;:&quot;nf_generic&quot;}\">\n<div class=\"_5pcr userContentWrapper\" data-ft=\"{&quot;tn&quot;:&quot;-R&quot;}\">\n<div class=\"_1dwg _1w_m _q7o\">\n<div>\n<div id=\"js_2u\" class=\"_5pbx userContent _3576\" data-ft=\"{&quot;tn&quot;:&quot;K&quot;}\">\n<p style=\"text-align: justify;\">Am Zweiten Advent verbrachte der Reit- und Fahrverein Ellefeld seine j\u00e4hrliche Weihnachtsfeier auf der Reitanlage Gest\u00fct Elstertal in Berga und bestaunte dort ein tolles und sehr empfehlenswertes Weihnachtsprogramm!<\/p>\n<p><\/p><\/div><\/div><\/div><\/div><\/div><\/div><\/div><\/div><\/div><\/div><\/div><\/div><\/div><\/div><\/div><\/div><\/div><\/div><\/div><\/div><\/div><\/div><\/div><\/div><\/div>\n\n\n\n<figure class=\"wp-block-gallery has-nested-images columns-3 is-cropped wp-block-gallery-71 is-layout-flex\">\n<figure class=\"wp-block-image size-large\"><a href=\"https:\/\/www.reitverein-ellefeld.de\/?attachment_id=2854\"><img decoding=\"async\" loading=\"lazy\" width=\"960\" height=\"540\" data-id=\"2854\"  src=\"https:\/\/www.reitverein-ellefeld.de\/wp-content\/uploads\/Weihnachtsfeier2017_1-1.jpg\" alt=\"\" class=\"wp-image-2854\" srcset=\"https:\/\/www.reitverein-ellefeld.de\/wp-content\/uploads\/Weihnachtsfeier2017_1-1.jpg 960w, https:\/\/www.reitverein-ellefeld.de\/wp-content\/uploads\/Weihnachtsfeier2017_1-1-300x169.jpg 300w, https:\/\/www.reitverein-ellefeld.de\/wp-content\/uploads\/Weihnachtsfeier2017_1-1-768x432.jpg 768w\" sizes=\"(max-width: 960px) 100vw, 960px\" \/><\/a><\/figure>\n\n\n\n<figure class=\"wp-block-image size-large\"><a href=\"https:\/\/www.reitverein-ellefeld.de\/?attachment_id=2855\"><img decoding=\"async\" loading=\"lazy\" width=\"960\" height=\"720\" data-id=\"2855\"  src=\"https:\/\/www.reitverein-ellefeld.de\/wp-content\/uploads\/Weihnachtsfeier2017_2-1.jpg\" alt=\"\" class=\"wp-image-2855\" srcset=\"https:\/\/www.reitverein-ellefeld.de\/wp-content\/uploads\/Weihnachtsfeier2017_2-1.jpg 960w, https:\/\/www.reitverein-ellefeld.de\/wp-content\/uploads\/Weihnachtsfeier2017_2-1-300x225.jpg 300w, https:\/\/www.reitverein-ellefeld.de\/wp-content\/uploads\/Weihnachtsfeier2017_2-1-768x576.jpg 768w\" sizes=\"(max-width: 960px) 100vw, 960px\" \/><\/a><\/figure>\n\n\n\n<figure class=\"wp-block-image size-large\"><a href=\"https:\/\/www.reitverein-ellefeld.de\/?attachment_id=2856\"><img decoding=\"async\" loading=\"lazy\" width=\"960\" height=\"720\" data-id=\"2856\"  src=\"https:\/\/www.reitverein-ellefeld.de\/wp-content\/uploads\/Weihnachtsfeier2017_3-1.jpg\" alt=\"\" class=\"wp-image-2856\" srcset=\"https:\/\/www.reitverein-ellefeld.de\/wp-content\/uploads\/Weihnachtsfeier2017_3-1.jpg 960w, https:\/\/www.reitverein-ellefeld.de\/wp-content\/uploads\/Weihnachtsfeier2017_3-1-300x225.jpg 300w, https:\/\/www.reitverein-ellefeld.de\/wp-content\/uploads\/Weihnachtsfeier2017_3-1-768x576.jpg 768w\" sizes=\"(max-width: 960px) 100vw, 960px\" \/><\/a><\/figure>\n\n\n\n<figure class=\"wp-block-image size-large\"><a href=\"https:\/\/www.reitverein-ellefeld.de\/?attachment_id=2857\"><img decoding=\"async\" loading=\"lazy\" width=\"720\" height=\"960\" data-id=\"2857\"  src=\"https:\/\/www.reitverein-ellefeld.de\/wp-content\/uploads\/Weihnachtsfeier2017_4-1.jpg\" alt=\"\" class=\"wp-image-2857\" srcset=\"https:\/\/www.reitverein-ellefeld.de\/wp-content\/uploads\/Weihnachtsfeier2017_4-1.jpg 720w, https:\/\/www.reitverein-ellefeld.de\/wp-content\/uploads\/Weihnachtsfeier2017_4-1-225x300.jpg 225w\" sizes=\"(max-width: 720px) 100vw, 720px\" \/><\/a><\/figure>\n<\/figure>\n\n\n\n<h2 class=\"wp-block-heading\">3. Dezember 2017: M\u00e4rchenumzug in Auerbach<\/h2>\n\n\n\n<p>Am ersten Adventssonntag fand wieder der traditionelle M\u00e4rchenumzug in Auerbach statt, bei dem auch wieder viele Reitvereinsmitglieder und Pferde dabei waren &#8211; als die sieben Gei\u00dflein, Br\u00fcderchen und Schwesterchen, als Engel und Prinzen, Zwerge und viele weitere M\u00e4rchenfiguren.<\/p>\n\n\n\n<figure class=\"wp-block-gallery has-nested-images columns-3 is-cropped wp-block-gallery-73 is-layout-flex\">\n<figure class=\"wp-block-image size-large\"><a href=\"https:\/\/www.reitverein-ellefeld.de\/?attachment_id=2858\"><img decoding=\"async\" loading=\"lazy\" width=\"960\" height=\"720\" data-id=\"2858\"  src=\"https:\/\/www.reitverein-ellefeld.de\/wp-content\/uploads\/M\u00e4rchenumzug_2017_01.jpg\" alt=\"\" class=\"wp-image-2858\" srcset=\"https:\/\/www.reitverein-ellefeld.de\/wp-content\/uploads\/M\u00e4rchenumzug_2017_01.jpg 960w, https:\/\/www.reitverein-ellefeld.de\/wp-content\/uploads\/M\u00e4rchenumzug_2017_01-300x225.jpg 300w, https:\/\/www.reitverein-ellefeld.de\/wp-content\/uploads\/M\u00e4rchenumzug_2017_01-768x576.jpg 768w\" sizes=\"(max-width: 960px) 100vw, 960px\" \/><\/a><\/figure>\n\n\n\n<figure class=\"wp-block-image size-large\"><a href=\"https:\/\/www.reitverein-ellefeld.de\/?attachment_id=2859\"><img decoding=\"async\" loading=\"lazy\" width=\"960\" height=\"720\" data-id=\"2859\"  src=\"https:\/\/www.reitverein-ellefeld.de\/wp-content\/uploads\/M\u00e4rchenumzug_2017_02.jpg\" alt=\"\" class=\"wp-image-2859\" srcset=\"https:\/\/www.reitverein-ellefeld.de\/wp-content\/uploads\/M\u00e4rchenumzug_2017_02.jpg 960w, https:\/\/www.reitverein-ellefeld.de\/wp-content\/uploads\/M\u00e4rchenumzug_2017_02-300x225.jpg 300w, https:\/\/www.reitverein-ellefeld.de\/wp-content\/uploads\/M\u00e4rchenumzug_2017_02-768x576.jpg 768w\" sizes=\"(max-width: 960px) 100vw, 960px\" \/><\/a><\/figure>\n\n\n\n<figure class=\"wp-block-image size-large\"><a href=\"https:\/\/www.reitverein-ellefeld.de\/?attachment_id=2860\"><img decoding=\"async\" loading=\"lazy\" width=\"720\" height=\"960\" data-id=\"2860\"  src=\"https:\/\/www.reitverein-ellefeld.de\/wp-content\/uploads\/M\u00e4rchenumzug_2017_03.jpg\" alt=\"\" class=\"wp-image-2860\" srcset=\"https:\/\/www.reitverein-ellefeld.de\/wp-content\/uploads\/M\u00e4rchenumzug_2017_03.jpg 720w, https:\/\/www.reitverein-ellefeld.de\/wp-content\/uploads\/M\u00e4rchenumzug_2017_03-225x300.jpg 225w\" sizes=\"(max-width: 720px) 100vw, 720px\" \/><\/a><\/figure>\n\n\n\n<figure class=\"wp-block-image size-large\"><a href=\"https:\/\/www.reitverein-ellefeld.de\/?attachment_id=2861\"><img decoding=\"async\" loading=\"lazy\" width=\"960\" height=\"720\" data-id=\"2861\"  src=\"https:\/\/www.reitverein-ellefeld.de\/wp-content\/uploads\/M\u00e4rchenumzug_2017_04.jpg\" alt=\"\" class=\"wp-image-2861\" srcset=\"https:\/\/www.reitverein-ellefeld.de\/wp-content\/uploads\/M\u00e4rchenumzug_2017_04.jpg 960w, https:\/\/www.reitverein-ellefeld.de\/wp-content\/uploads\/M\u00e4rchenumzug_2017_04-300x225.jpg 300w, https:\/\/www.reitverein-ellefeld.de\/wp-content\/uploads\/M\u00e4rchenumzug_2017_04-768x576.jpg 768w\" sizes=\"(max-width: 960px) 100vw, 960px\" \/><\/a><\/figure>\n\n\n\n<figure class=\"wp-block-image size-large\"><a href=\"https:\/\/www.reitverein-ellefeld.de\/?attachment_id=2862\"><img decoding=\"async\" loading=\"lazy\" width=\"960\" height=\"720\" data-id=\"2862\"  src=\"https:\/\/www.reitverein-ellefeld.de\/wp-content\/uploads\/M\u00e4rchenumzug_2017_05.jpg\" alt=\"\" class=\"wp-image-2862\" srcset=\"https:\/\/www.reitverein-ellefeld.de\/wp-content\/uploads\/M\u00e4rchenumzug_2017_05.jpg 960w, https:\/\/www.reitverein-ellefeld.de\/wp-content\/uploads\/M\u00e4rchenumzug_2017_05-300x225.jpg 300w, https:\/\/www.reitverein-ellefeld.de\/wp-content\/uploads\/M\u00e4rchenumzug_2017_05-768x576.jpg 768w\" sizes=\"(max-width: 960px) 100vw, 960px\" \/><\/a><\/figure>\n\n\n\n<figure class=\"wp-block-image size-large\"><a href=\"https:\/\/www.reitverein-ellefeld.de\/?attachment_id=2863\"><img decoding=\"async\" loading=\"lazy\" width=\"960\" height=\"720\" data-id=\"2863\"  src=\"https:\/\/www.reitverein-ellefeld.de\/wp-content\/uploads\/M\u00e4rchenumzug_2017_06.jpg\" alt=\"\" class=\"wp-image-2863\" srcset=\"https:\/\/www.reitverein-ellefeld.de\/wp-content\/uploads\/M\u00e4rchenumzug_2017_06.jpg 960w, https:\/\/www.reitverein-ellefeld.de\/wp-content\/uploads\/M\u00e4rchenumzug_2017_06-300x225.jpg 300w, https:\/\/www.reitverein-ellefeld.de\/wp-content\/uploads\/M\u00e4rchenumzug_2017_06-768x576.jpg 768w\" sizes=\"(max-width: 960px) 100vw, 960px\" \/><\/a><\/figure>\n\n\n\n<figure class=\"wp-block-image size-large\"><a href=\"https:\/\/www.reitverein-ellefeld.de\/?attachment_id=2864\"><img decoding=\"async\" loading=\"lazy\" width=\"720\" height=\"960\" data-id=\"2864\"  src=\"https:\/\/www.reitverein-ellefeld.de\/wp-content\/uploads\/M\u00e4rchenumzug_2017_07.jpg\" alt=\"\" class=\"wp-image-2864\" srcset=\"https:\/\/www.reitverein-ellefeld.de\/wp-content\/uploads\/M\u00e4rchenumzug_2017_07.jpg 720w, https:\/\/www.reitverein-ellefeld.de\/wp-content\/uploads\/M\u00e4rchenumzug_2017_07-225x300.jpg 225w\" sizes=\"(max-width: 720px) 100vw, 720px\" \/><\/a><\/figure>\n\n\n\n<figure class=\"wp-block-image size-large\"><a href=\"https:\/\/www.reitverein-ellefeld.de\/?attachment_id=2865\"><img decoding=\"async\" loading=\"lazy\" width=\"720\" height=\"960\" data-id=\"2865\"  src=\"https:\/\/www.reitverein-ellefeld.de\/wp-content\/uploads\/M\u00e4rchenumzug_2017_08.jpg\" alt=\"\" class=\"wp-image-2865\" srcset=\"https:\/\/www.reitverein-ellefeld.de\/wp-content\/uploads\/M\u00e4rchenumzug_2017_08.jpg 720w, https:\/\/www.reitverein-ellefeld.de\/wp-content\/uploads\/M\u00e4rchenumzug_2017_08-225x300.jpg 225w\" sizes=\"(max-width: 720px) 100vw, 720px\" \/><\/a><\/figure>\n\n\n\n<figure class=\"wp-block-image size-large\"><a href=\"https:\/\/www.reitverein-ellefeld.de\/?attachment_id=2866\"><img decoding=\"async\" loading=\"lazy\" width=\"960\" height=\"720\" data-id=\"2866\"  src=\"https:\/\/www.reitverein-ellefeld.de\/wp-content\/uploads\/M\u00e4rchenumzug_2017_09.jpg\" alt=\"\" class=\"wp-image-2866\" srcset=\"https:\/\/www.reitverein-ellefeld.de\/wp-content\/uploads\/M\u00e4rchenumzug_2017_09.jpg 960w, https:\/\/www.reitverein-ellefeld.de\/wp-content\/uploads\/M\u00e4rchenumzug_2017_09-300x225.jpg 300w, https:\/\/www.reitverein-ellefeld.de\/wp-content\/uploads\/M\u00e4rchenumzug_2017_09-768x576.jpg 768w\" sizes=\"(max-width: 960px) 100vw, 960px\" \/><\/a><\/figure>\n\n\n\n<figure class=\"wp-block-image size-large\"><a href=\"https:\/\/www.reitverein-ellefeld.de\/?attachment_id=2867\"><img decoding=\"async\" loading=\"lazy\" width=\"960\" height=\"540\" data-id=\"2867\"  src=\"https:\/\/www.reitverein-ellefeld.de\/wp-content\/uploads\/M\u00e4rchenumzug_2017_10.jpg\" alt=\"\" class=\"wp-image-2867\" srcset=\"https:\/\/www.reitverein-ellefeld.de\/wp-content\/uploads\/M\u00e4rchenumzug_2017_10.jpg 960w, https:\/\/www.reitverein-ellefeld.de\/wp-content\/uploads\/M\u00e4rchenumzug_2017_10-300x169.jpg 300w, https:\/\/www.reitverein-ellefeld.de\/wp-content\/uploads\/M\u00e4rchenumzug_2017_10-768x432.jpg 768w\" sizes=\"(max-width: 960px) 100vw, 960px\" \/><\/a><\/figure>\n\n\n\n<figure class=\"wp-block-image size-large\"><a href=\"https:\/\/www.reitverein-ellefeld.de\/?attachment_id=2868\"><img decoding=\"async\" loading=\"lazy\" width=\"960\" height=\"540\" data-id=\"2868\"  src=\"https:\/\/www.reitverein-ellefeld.de\/wp-content\/uploads\/M\u00e4rchenumzug_2017_11.jpg\" alt=\"\" class=\"wp-image-2868\" srcset=\"https:\/\/www.reitverein-ellefeld.de\/wp-content\/uploads\/M\u00e4rchenumzug_2017_11.jpg 960w, https:\/\/www.reitverein-ellefeld.de\/wp-content\/uploads\/M\u00e4rchenumzug_2017_11-300x169.jpg 300w, https:\/\/www.reitverein-ellefeld.de\/wp-content\/uploads\/M\u00e4rchenumzug_2017_11-768x432.jpg 768w\" sizes=\"(max-width: 960px) 100vw, 960px\" \/><\/a><\/figure>\n<\/figure>\n\n\n\n<p>Viele weitere Fotos findet ihr auf unserer Facebook-Seite<\/p>\n\n\n\n<h2 class=\"wp-block-heading\">22. Oktober 2017: Herbstausritt<\/h2>\n\n\n\n<p>Bei sch\u00f6nstem Herbstwetter fand der diesj\u00e4hrige Herbstausritt statt, begleitet von einem Kremser, gefahren von Arndt Sch\u00f6niger. Der Weg f\u00fchrte nach Hammerbr\u00c3\u00bccke und dort gab es an der Bauernsch\u00e4nke eine kleine Rast, bevor sich die ganze Gruppe wieder auf den R\u00fcckweg machte. Ein paar tolle Stunden bei bestem Herbstwetter.<\/p>\n\n\n\n<figure class=\"wp-block-gallery has-nested-images columns-3 is-cropped wp-block-gallery-75 is-layout-flex\">\n<figure class=\"wp-block-image size-large\"><a href=\"https:\/\/www.reitverein-ellefeld.de\/?attachment_id=2869\"><img decoding=\"async\" loading=\"lazy\" width=\"1024\" height=\"576\" data-id=\"2869\"  src=\"https:\/\/www.reitverein-ellefeld.de\/wp-content\/uploads\/IMG_7020-1-1024x576.jpg\" alt=\"\" class=\"wp-image-2869\" srcset=\"https:\/\/www.reitverein-ellefeld.de\/wp-content\/uploads\/IMG_7020-1-1024x576.jpg 1024w, https:\/\/www.reitverein-ellefeld.de\/wp-content\/uploads\/IMG_7020-1-300x169.jpg 300w, https:\/\/www.reitverein-ellefeld.de\/wp-content\/uploads\/IMG_7020-1-768x432.jpg 768w, https:\/\/www.reitverein-ellefeld.de\/wp-content\/uploads\/IMG_7020-1.jpg 1280w\" sizes=\"(max-width: 1024px) 100vw, 1024px\" \/><\/a><\/figure>\n\n\n\n<figure class=\"wp-block-image size-large\"><a href=\"https:\/\/www.reitverein-ellefeld.de\/?attachment_id=2870\"><img decoding=\"async\" loading=\"lazy\" width=\"576\" height=\"1024\" data-id=\"2870\"  src=\"https:\/\/www.reitverein-ellefeld.de\/wp-content\/uploads\/IMG_7021-1-576x1024.jpg\" alt=\"\" class=\"wp-image-2870\" srcset=\"https:\/\/www.reitverein-ellefeld.de\/wp-content\/uploads\/IMG_7021-1-576x1024.jpg 576w, https:\/\/www.reitverein-ellefeld.de\/wp-content\/uploads\/IMG_7021-1-169x300.jpg 169w, https:\/\/www.reitverein-ellefeld.de\/wp-content\/uploads\/IMG_7021-1.jpg 720w\" sizes=\"(max-width: 576px) 100vw, 576px\" \/><\/a><\/figure>\n\n\n\n<figure class=\"wp-block-image size-large\"><a href=\"https:\/\/www.reitverein-ellefeld.de\/?attachment_id=2871\"><img decoding=\"async\" loading=\"lazy\" width=\"1024\" height=\"576\" data-id=\"2871\"  src=\"https:\/\/www.reitverein-ellefeld.de\/wp-content\/uploads\/IMG_7022-1-1024x576.jpg\" alt=\"\" class=\"wp-image-2871\" srcset=\"https:\/\/www.reitverein-ellefeld.de\/wp-content\/uploads\/IMG_7022-1-1024x576.jpg 1024w, https:\/\/www.reitverein-ellefeld.de\/wp-content\/uploads\/IMG_7022-1-300x169.jpg 300w, https:\/\/www.reitverein-ellefeld.de\/wp-content\/uploads\/IMG_7022-1-768x432.jpg 768w, https:\/\/www.reitverein-ellefeld.de\/wp-content\/uploads\/IMG_7022-1.jpg 1280w\" sizes=\"(max-width: 1024px) 100vw, 1024px\" \/><\/a><\/figure>\n\n\n\n<figure class=\"wp-block-image size-large\"><a href=\"https:\/\/www.reitverein-ellefeld.de\/?attachment_id=2872\"><img decoding=\"async\" loading=\"lazy\" width=\"1024\" height=\"576\" data-id=\"2872\"  src=\"https:\/\/www.reitverein-ellefeld.de\/wp-content\/uploads\/IMG_7023-1-1024x576.jpg\" alt=\"\" class=\"wp-image-2872\" srcset=\"https:\/\/www.reitverein-ellefeld.de\/wp-content\/uploads\/IMG_7023-1-1024x576.jpg 1024w, https:\/\/www.reitverein-ellefeld.de\/wp-content\/uploads\/IMG_7023-1-300x169.jpg 300w, https:\/\/www.reitverein-ellefeld.de\/wp-content\/uploads\/IMG_7023-1-768x432.jpg 768w, https:\/\/www.reitverein-ellefeld.de\/wp-content\/uploads\/IMG_7023-1.jpg 1280w\" sizes=\"(max-width: 1024px) 100vw, 1024px\" \/><\/a><\/figure>\n\n\n\n<figure class=\"wp-block-image size-large\"><a href=\"https:\/\/www.reitverein-ellefeld.de\/?attachment_id=2873\"><img decoding=\"async\" loading=\"lazy\" width=\"1024\" height=\"576\" data-id=\"2873\"  src=\"https:\/\/www.reitverein-ellefeld.de\/wp-content\/uploads\/IMG_7024-1-1024x576.jpg\" alt=\"\" class=\"wp-image-2873\" srcset=\"https:\/\/www.reitverein-ellefeld.de\/wp-content\/uploads\/IMG_7024-1-1024x576.jpg 1024w, https:\/\/www.reitverein-ellefeld.de\/wp-content\/uploads\/IMG_7024-1-300x169.jpg 300w, https:\/\/www.reitverein-ellefeld.de\/wp-content\/uploads\/IMG_7024-1-768x432.jpg 768w, https:\/\/www.reitverein-ellefeld.de\/wp-content\/uploads\/IMG_7024-1.jpg 1280w\" sizes=\"(max-width: 1024px) 100vw, 1024px\" \/><\/a><\/figure>\n\n\n\n<figure class=\"wp-block-image size-large\"><a href=\"https:\/\/www.reitverein-ellefeld.de\/?attachment_id=2874\"><img decoding=\"async\" loading=\"lazy\" width=\"1024\" height=\"576\" data-id=\"2874\"  src=\"https:\/\/www.reitverein-ellefeld.de\/wp-content\/uploads\/IMG_7025-1-1024x576.jpg\" alt=\"\" class=\"wp-image-2874\" srcset=\"https:\/\/www.reitverein-ellefeld.de\/wp-content\/uploads\/IMG_7025-1-1024x576.jpg 1024w, https:\/\/www.reitverein-ellefeld.de\/wp-content\/uploads\/IMG_7025-1-300x169.jpg 300w, https:\/\/www.reitverein-ellefeld.de\/wp-content\/uploads\/IMG_7025-1-768x432.jpg 768w, https:\/\/www.reitverein-ellefeld.de\/wp-content\/uploads\/IMG_7025-1.jpg 1280w\" sizes=\"(max-width: 1024px) 100vw, 1024px\" \/><\/a><\/figure>\n\n\n\n<figure class=\"wp-block-image size-large\"><a href=\"https:\/\/www.reitverein-ellefeld.de\/?attachment_id=2875\"><img decoding=\"async\" loading=\"lazy\" width=\"1024\" height=\"576\" data-id=\"2875\"  src=\"https:\/\/www.reitverein-ellefeld.de\/wp-content\/uploads\/IMG_7026-1-1024x576.jpg\" alt=\"\" class=\"wp-image-2875\" srcset=\"https:\/\/www.reitverein-ellefeld.de\/wp-content\/uploads\/IMG_7026-1-1024x576.jpg 1024w, https:\/\/www.reitverein-ellefeld.de\/wp-content\/uploads\/IMG_7026-1-300x169.jpg 300w, https:\/\/www.reitverein-ellefeld.de\/wp-content\/uploads\/IMG_7026-1-768x432.jpg 768w, https:\/\/www.reitverein-ellefeld.de\/wp-content\/uploads\/IMG_7026-1.jpg 1280w\" sizes=\"(max-width: 1024px) 100vw, 1024px\" \/><\/a><\/figure>\n\n\n\n<figure class=\"wp-block-image size-large\"><a href=\"https:\/\/www.reitverein-ellefeld.de\/?attachment_id=2876\"><img decoding=\"async\" loading=\"lazy\" width=\"1024\" height=\"576\" data-id=\"2876\"  src=\"https:\/\/www.reitverein-ellefeld.de\/wp-content\/uploads\/IMG_7027-1-1024x576.jpg\" alt=\"\" class=\"wp-image-2876\" srcset=\"https:\/\/www.reitverein-ellefeld.de\/wp-content\/uploads\/IMG_7027-1-1024x576.jpg 1024w, https:\/\/www.reitverein-ellefeld.de\/wp-content\/uploads\/IMG_7027-1-300x169.jpg 300w, https:\/\/www.reitverein-ellefeld.de\/wp-content\/uploads\/IMG_7027-1-768x432.jpg 768w, https:\/\/www.reitverein-ellefeld.de\/wp-content\/uploads\/IMG_7027-1.jpg 1280w\" sizes=\"(max-width: 1024px) 100vw, 1024px\" \/><\/a><\/figure>\n\n\n\n<figure class=\"wp-block-image size-large\"><a href=\"https:\/\/www.reitverein-ellefeld.de\/?attachment_id=2877\"><img decoding=\"async\" loading=\"lazy\" width=\"1024\" height=\"576\" data-id=\"2877\"  src=\"https:\/\/www.reitverein-ellefeld.de\/wp-content\/uploads\/IMG_7028-1-1024x576.jpg\" alt=\"\" class=\"wp-image-2877\" srcset=\"https:\/\/www.reitverein-ellefeld.de\/wp-content\/uploads\/IMG_7028-1-1024x576.jpg 1024w, https:\/\/www.reitverein-ellefeld.de\/wp-content\/uploads\/IMG_7028-1-300x169.jpg 300w, https:\/\/www.reitverein-ellefeld.de\/wp-content\/uploads\/IMG_7028-1-768x432.jpg 768w, https:\/\/www.reitverein-ellefeld.de\/wp-content\/uploads\/IMG_7028-1.jpg 1280w\" sizes=\"(max-width: 1024px) 100vw, 1024px\" \/><\/a><\/figure>\n\n\n\n<figure class=\"wp-block-image size-large\"><a href=\"https:\/\/www.reitverein-ellefeld.de\/?attachment_id=2878\"><img decoding=\"async\" loading=\"lazy\" width=\"1024\" height=\"576\" data-id=\"2878\"  src=\"https:\/\/www.reitverein-ellefeld.de\/wp-content\/uploads\/IMG_7029-1-1024x576.jpg\" alt=\"\" class=\"wp-image-2878\" srcset=\"https:\/\/www.reitverein-ellefeld.de\/wp-content\/uploads\/IMG_7029-1-1024x576.jpg 1024w, https:\/\/www.reitverein-ellefeld.de\/wp-content\/uploads\/IMG_7029-1-300x169.jpg 300w, https:\/\/www.reitverein-ellefeld.de\/wp-content\/uploads\/IMG_7029-1-768x432.jpg 768w, https:\/\/www.reitverein-ellefeld.de\/wp-content\/uploads\/IMG_7029-1.jpg 1280w\" sizes=\"(max-width: 1024px) 100vw, 1024px\" \/><\/a><\/figure>\n\n\n\n<figure class=\"wp-block-image size-large\"><a href=\"https:\/\/www.reitverein-ellefeld.de\/?attachment_id=2879\"><img decoding=\"async\" loading=\"lazy\" width=\"1024\" height=\"576\" data-id=\"2879\"  src=\"https:\/\/www.reitverein-ellefeld.de\/wp-content\/uploads\/IMG_7030-1-1024x576.jpg\" alt=\"\" class=\"wp-image-2879\" srcset=\"https:\/\/www.reitverein-ellefeld.de\/wp-content\/uploads\/IMG_7030-1-1024x576.jpg 1024w, https:\/\/www.reitverein-ellefeld.de\/wp-content\/uploads\/IMG_7030-1-300x169.jpg 300w, https:\/\/www.reitverein-ellefeld.de\/wp-content\/uploads\/IMG_7030-1-768x432.jpg 768w, https:\/\/www.reitverein-ellefeld.de\/wp-content\/uploads\/IMG_7030-1.jpg 1280w\" sizes=\"(max-width: 1024px) 100vw, 1024px\" \/><\/a><\/figure>\n\n\n\n<figure class=\"wp-block-image size-large\"><a href=\"https:\/\/www.reitverein-ellefeld.de\/?attachment_id=2880\"><img decoding=\"async\" loading=\"lazy\" width=\"1024\" height=\"576\" data-id=\"2880\"  src=\"https:\/\/www.reitverein-ellefeld.de\/wp-content\/uploads\/IMG_7031-1-1024x576.jpg\" alt=\"\" class=\"wp-image-2880\" srcset=\"https:\/\/www.reitverein-ellefeld.de\/wp-content\/uploads\/IMG_7031-1-1024x576.jpg 1024w, https:\/\/www.reitverein-ellefeld.de\/wp-content\/uploads\/IMG_7031-1-300x169.jpg 300w, https:\/\/www.reitverein-ellefeld.de\/wp-content\/uploads\/IMG_7031-1-768x432.jpg 768w, https:\/\/www.reitverein-ellefeld.de\/wp-content\/uploads\/IMG_7031-1.jpg 1280w\" sizes=\"(max-width: 1024px) 100vw, 1024px\" \/><\/a><\/figure>\n<\/figure>\n\n\n\n<h2 class=\"wp-block-heading\">15. Oktober 2017: Breitensportturnier zur Ellefelder Kirmes<\/h2>\n\n\n\n<div id=\"u_0_m\" class=\"_li\">\n<div id=\"globalContainer\" class=\"uiContextualLayerParent\">\n<div id=\"content\" class=\"fb_content clearfix \" data-referrer=\"content\">\n<div class=\"clearfix\">\n<div class=\"_1qkq _1ql0\">\n<div id=\"content_container\">\n<div>\n<div class=\"clearfix\">\n<div id=\"js_3xn\" class=\"_2pie _14i5 _1qkq _1qkx\">\n<div id=\"pagelet_timeline_main_column\">\n<div id=\"id_59e904eccdf6b2d40942249\" data-referrer=\"id_59e904eccdf6b2d40942249\">\n<div>\n<div id=\"u_jsonp_13_j\">\n<div class=\"_1xnd\">\n<div class=\"_1xnd\">\n<div class=\"_4-u2 _3xaf _3-95 _4-u8\">\n<div class=\"_5va1 _427x\">\n<div id=\"u_5t_0\" class=\"_4-u2 mbm _4mrt _5jmm _5pat _5v3q _4-u8\" data-ftr=\"1\" data-fte=\"1\" data-insertion-position=\"0\">\n<div id=\"u_5t_a\" class=\"_3ccb\" data-ft=\"{&quot;tn&quot;:&quot;-R&quot;}\" data-gt=\"{&quot;type&quot;:&quot;click2canvas&quot;,&quot;fbsource&quot;:703,&quot;ref&quot;:&quot;nf_generic&quot;}\">\n<div class=\"_5pcr fbUserStory\" data-ft=\"{&quot;tn&quot;:&quot;-R&quot;}\">\n<div class=\"_1dwg _1w_m\">\n<div>\n<div id=\"js_3ye\" class=\"_5pbx userContent _22jv _3576\" data-ft=\"{&quot;tn&quot;:&quot;K&quot;}\">\n<p style=\"text-align: justify;\">Der Reit-und Fahrverein Ellefeld bedankt sich herzlichst bei allen Teilnehmern, Helfern, Sponsoren und den tollen Zuschauern f\u00fcr ein erfolgreiches Turnier 2017!<br>Hier eine kleine Auswahl an Bildern von diesem tollen Kirmessonntag! Hunderte weitere Fotos findet ihr auf unserer Facebook-Seite.<\/p>\n<p><\/p><\/div><\/div><\/div><\/div><\/div><\/div><\/div><\/div><\/div><\/div><\/div><\/div><\/div><\/div><\/div><\/div><\/div><\/div><\/div><\/div><\/div><\/div><\/div>\n\n\n\n<figure class=\"wp-block-gallery has-nested-images columns-3 is-cropped wp-block-gallery-77 is-layout-flex\">\n<figure class=\"wp-block-image size-large\"><a href=\"https:\/\/www.reitverein-ellefeld.de\/?attachment_id=2881\"><img decoding=\"async\" loading=\"lazy\" width=\"960\" height=\"639\" data-id=\"2881\"  src=\"https:\/\/www.reitverein-ellefeld.de\/wp-content\/uploads\/22489868_1380240632084974_2779902406063128704_n-1.jpg\" alt=\"\" class=\"wp-image-2881\" srcset=\"https:\/\/www.reitverein-ellefeld.de\/wp-content\/uploads\/22489868_1380240632084974_2779902406063128704_n-1.jpg 960w, https:\/\/www.reitverein-ellefeld.de\/wp-content\/uploads\/22489868_1380240632084974_2779902406063128704_n-1-300x200.jpg 300w, https:\/\/www.reitverein-ellefeld.de\/wp-content\/uploads\/22489868_1380240632084974_2779902406063128704_n-1-768x511.jpg 768w\" sizes=\"(max-width: 960px) 100vw, 960px\" \/><\/a><\/figure>\n\n\n\n<figure class=\"wp-block-image size-large\"><a href=\"https:\/\/www.reitverein-ellefeld.de\/?attachment_id=2882\"><img decoding=\"async\" loading=\"lazy\" width=\"960\" height=\"639\" data-id=\"2882\"  src=\"https:\/\/www.reitverein-ellefeld.de\/wp-content\/uploads\/22491490_1380222348753469_5680848247991281203_n-1.jpg\" alt=\"\" class=\"wp-image-2882\" srcset=\"https:\/\/www.reitverein-ellefeld.de\/wp-content\/uploads\/22491490_1380222348753469_5680848247991281203_n-1.jpg 960w, https:\/\/www.reitverein-ellefeld.de\/wp-content\/uploads\/22491490_1380222348753469_5680848247991281203_n-1-300x200.jpg 300w, https:\/\/www.reitverein-ellefeld.de\/wp-content\/uploads\/22491490_1380222348753469_5680848247991281203_n-1-768x511.jpg 768w\" sizes=\"(max-width: 960px) 100vw, 960px\" \/><\/a><\/figure>\n\n\n\n<figure class=\"wp-block-image size-large\"><a href=\"https:\/\/www.reitverein-ellefeld.de\/?attachment_id=2883\"><img decoding=\"async\" loading=\"lazy\" width=\"960\" height=\"639\" data-id=\"2883\"  src=\"https:\/\/www.reitverein-ellefeld.de\/wp-content\/uploads\/22491524_1380232402085797_8681875015672406173_n-1.jpg\" alt=\"\" class=\"wp-image-2883\" srcset=\"https:\/\/www.reitverein-ellefeld.de\/wp-content\/uploads\/22491524_1380232402085797_8681875015672406173_n-1.jpg 960w, https:\/\/www.reitverein-ellefeld.de\/wp-content\/uploads\/22491524_1380232402085797_8681875015672406173_n-1-300x200.jpg 300w, https:\/\/www.reitverein-ellefeld.de\/wp-content\/uploads\/22491524_1380232402085797_8681875015672406173_n-1-768x511.jpg 768w\" sizes=\"(max-width: 960px) 100vw, 960px\" \/><\/a><\/figure>\n\n\n\n<figure class=\"wp-block-image size-large\"><a href=\"https:\/\/www.reitverein-ellefeld.de\/?attachment_id=2884\"><img decoding=\"async\" loading=\"lazy\" width=\"960\" height=\"639\" data-id=\"2884\"  src=\"https:\/\/www.reitverein-ellefeld.de\/wp-content\/uploads\/22491723_1380223505420020_9005330096811338727_n-1.jpg\" alt=\"\" class=\"wp-image-2884\" srcset=\"https:\/\/www.reitverein-ellefeld.de\/wp-content\/uploads\/22491723_1380223505420020_9005330096811338727_n-1.jpg 960w, https:\/\/www.reitverein-ellefeld.de\/wp-content\/uploads\/22491723_1380223505420020_9005330096811338727_n-1-300x200.jpg 300w, https:\/\/www.reitverein-ellefeld.de\/wp-content\/uploads\/22491723_1380223505420020_9005330096811338727_n-1-768x511.jpg 768w\" sizes=\"(max-width: 960px) 100vw, 960px\" \/><\/a><\/figure>\n\n\n\n<figure class=\"wp-block-image size-large\"><a href=\"https:\/\/www.reitverein-ellefeld.de\/?attachment_id=2885\"><img decoding=\"async\" loading=\"lazy\" width=\"960\" height=\"639\" data-id=\"2885\"  src=\"https:\/\/www.reitverein-ellefeld.de\/wp-content\/uploads\/22519152_1380235588752145_4343255545779125632_n-1.jpg\" alt=\"\" class=\"wp-image-2885\" srcset=\"https:\/\/www.reitverein-ellefeld.de\/wp-content\/uploads\/22519152_1380235588752145_4343255545779125632_n-1.jpg 960w, https:\/\/www.reitverein-ellefeld.de\/wp-content\/uploads\/22519152_1380235588752145_4343255545779125632_n-1-300x200.jpg 300w, https:\/\/www.reitverein-ellefeld.de\/wp-content\/uploads\/22519152_1380235588752145_4343255545779125632_n-1-768x511.jpg 768w\" sizes=\"(max-width: 960px) 100vw, 960px\" \/><\/a><\/figure>\n\n\n\n<figure class=\"wp-block-image size-large\"><a href=\"https:\/\/www.reitverein-ellefeld.de\/?attachment_id=2886\"><img decoding=\"async\" loading=\"lazy\" width=\"960\" height=\"639\" data-id=\"2886\"  src=\"https:\/\/www.reitverein-ellefeld.de\/wp-content\/uploads\/22519154_1380235822085455_1442579267142229457_n-1.jpg\" alt=\"\" class=\"wp-image-2886\" srcset=\"https:\/\/www.reitverein-ellefeld.de\/wp-content\/uploads\/22519154_1380235822085455_1442579267142229457_n-1.jpg 960w, https:\/\/www.reitverein-ellefeld.de\/wp-content\/uploads\/22519154_1380235822085455_1442579267142229457_n-1-300x200.jpg 300w, https:\/\/www.reitverein-ellefeld.de\/wp-content\/uploads\/22519154_1380235822085455_1442579267142229457_n-1-768x511.jpg 768w\" sizes=\"(max-width: 960px) 100vw, 960px\" \/><\/a><\/figure>\n\n\n\n<figure class=\"wp-block-image size-large\"><a href=\"https:\/\/www.reitverein-ellefeld.de\/?attachment_id=2887\"><img decoding=\"async\" loading=\"lazy\" width=\"960\" height=\"639\" data-id=\"2887\"  src=\"https:\/\/www.reitverein-ellefeld.de\/wp-content\/uploads\/22528136_1380233505419020_1989494237523777071_n-1.jpg\" alt=\"\" class=\"wp-image-2887\" srcset=\"https:\/\/www.reitverein-ellefeld.de\/wp-content\/uploads\/22528136_1380233505419020_1989494237523777071_n-1.jpg 960w, https:\/\/www.reitverein-ellefeld.de\/wp-content\/uploads\/22528136_1380233505419020_1989494237523777071_n-1-300x200.jpg 300w, https:\/\/www.reitverein-ellefeld.de\/wp-content\/uploads\/22528136_1380233505419020_1989494237523777071_n-1-768x511.jpg 768w\" sizes=\"(max-width: 960px) 100vw, 960px\" \/><\/a><\/figure>\n\n\n\n<figure class=\"wp-block-image size-large\"><a href=\"https:\/\/www.reitverein-ellefeld.de\/?attachment_id=2888\"><img decoding=\"async\" loading=\"lazy\" width=\"960\" height=\"639\" data-id=\"2888\"  src=\"https:\/\/www.reitverein-ellefeld.de\/wp-content\/uploads\/22528556_1380240192085018_8422370613357766756_n-1.jpg\" alt=\"\" class=\"wp-image-2888\" srcset=\"https:\/\/www.reitverein-ellefeld.de\/wp-content\/uploads\/22528556_1380240192085018_8422370613357766756_n-1.jpg 960w, https:\/\/www.reitverein-ellefeld.de\/wp-content\/uploads\/22528556_1380240192085018_8422370613357766756_n-1-300x200.jpg 300w, https:\/\/www.reitverein-ellefeld.de\/wp-content\/uploads\/22528556_1380240192085018_8422370613357766756_n-1-768x511.jpg 768w\" sizes=\"(max-width: 960px) 100vw, 960px\" \/><\/a><\/figure>\n\n\n\n<figure class=\"wp-block-image size-large\"><a href=\"https:\/\/www.reitverein-ellefeld.de\/?attachment_id=2889\"><img decoding=\"async\" loading=\"lazy\" width=\"960\" height=\"639\" data-id=\"2889\"  src=\"https:\/\/www.reitverein-ellefeld.de\/wp-content\/uploads\/22539799_1380223958753308_8696788434745345723_n-1.jpg\" alt=\"\" class=\"wp-image-2889\" srcset=\"https:\/\/www.reitverein-ellefeld.de\/wp-content\/uploads\/22539799_1380223958753308_8696788434745345723_n-1.jpg 960w, https:\/\/www.reitverein-ellefeld.de\/wp-content\/uploads\/22539799_1380223958753308_8696788434745345723_n-1-300x200.jpg 300w, https:\/\/www.reitverein-ellefeld.de\/wp-content\/uploads\/22539799_1380223958753308_8696788434745345723_n-1-768x511.jpg 768w\" sizes=\"(max-width: 960px) 100vw, 960px\" \/><\/a><\/figure>\n\n\n\n<figure class=\"wp-block-image size-large\"><a href=\"https:\/\/www.reitverein-ellefeld.de\/?attachment_id=2890\"><img decoding=\"async\" loading=\"lazy\" width=\"960\" height=\"639\" data-id=\"2890\"  src=\"https:\/\/www.reitverein-ellefeld.de\/wp-content\/uploads\/22539831_1380235968752107_4699950040915264098_n-1.jpg\" alt=\"\" class=\"wp-image-2890\" srcset=\"https:\/\/www.reitverein-ellefeld.de\/wp-content\/uploads\/22539831_1380235968752107_4699950040915264098_n-1.jpg 960w, https:\/\/www.reitverein-ellefeld.de\/wp-content\/uploads\/22539831_1380235968752107_4699950040915264098_n-1-300x200.jpg 300w, https:\/\/www.reitverein-ellefeld.de\/wp-content\/uploads\/22539831_1380235968752107_4699950040915264098_n-1-768x511.jpg 768w\" sizes=\"(max-width: 960px) 100vw, 960px\" \/><\/a><\/figure>\n\n\n\n<figure class=\"wp-block-image size-large\"><a href=\"https:\/\/www.reitverein-ellefeld.de\/?attachment_id=2891\"><img decoding=\"async\" loading=\"lazy\" width=\"960\" height=\"639\" data-id=\"2891\"  src=\"https:\/\/www.reitverein-ellefeld.de\/wp-content\/uploads\/22539946_1380239898751714_1502328757026024149_n-1.jpg\" alt=\"\" class=\"wp-image-2891\" srcset=\"https:\/\/www.reitverein-ellefeld.de\/wp-content\/uploads\/22539946_1380239898751714_1502328757026024149_n-1.jpg 960w, https:\/\/www.reitverein-ellefeld.de\/wp-content\/uploads\/22539946_1380239898751714_1502328757026024149_n-1-300x200.jpg 300w, https:\/\/www.reitverein-ellefeld.de\/wp-content\/uploads\/22539946_1380239898751714_1502328757026024149_n-1-768x511.jpg 768w\" sizes=\"(max-width: 960px) 100vw, 960px\" \/><\/a><\/figure>\n\n\n\n<figure class=\"wp-block-image size-large\"><a href=\"https:\/\/www.reitverein-ellefeld.de\/?attachment_id=2892\"><img decoding=\"async\" loading=\"lazy\" width=\"960\" height=\"639\" data-id=\"2892\"  src=\"https:\/\/www.reitverein-ellefeld.de\/wp-content\/uploads\/22540081_1380232302085807_1519101356359385512_n-1.jpg\" alt=\"\" class=\"wp-image-2892\" srcset=\"https:\/\/www.reitverein-ellefeld.de\/wp-content\/uploads\/22540081_1380232302085807_1519101356359385512_n-1.jpg 960w, https:\/\/www.reitverein-ellefeld.de\/wp-content\/uploads\/22540081_1380232302085807_1519101356359385512_n-1-300x200.jpg 300w, https:\/\/www.reitverein-ellefeld.de\/wp-content\/uploads\/22540081_1380232302085807_1519101356359385512_n-1-768x511.jpg 768w\" sizes=\"(max-width: 960px) 100vw, 960px\" \/><\/a><\/figure>\n<\/figure>\n\n\n\n<h2 class=\"wp-block-heading\">8. Oktober 2017: Arbeitseinsatz<\/h2>\n\n\n\n<p>Am Sonntag fand wieder ein Arbeitseinsatz statt, um Reitplatz, Reithalle und Stall f\u00fcr das Turnier vorzubereiten. Vielen Dank an alle Helfer f\u00fcr den Einsatz!<\/p>\n\n\n\n<figure class=\"wp-block-gallery has-nested-images columns-3 is-cropped wp-block-gallery-79 is-layout-flex\">\n<figure class=\"wp-block-image size-large\"><a href=\"https:\/\/www.reitverein-ellefeld.de\/?attachment_id=2893\"><img decoding=\"async\" loading=\"lazy\" width=\"1024\" height=\"768\" data-id=\"2893\"  src=\"https:\/\/www.reitverein-ellefeld.de\/wp-content\/uploads\/IMG_6691-1-1024x768.jpg\" alt=\"\" class=\"wp-image-2893\" srcset=\"https:\/\/www.reitverein-ellefeld.de\/wp-content\/uploads\/IMG_6691-1-1024x768.jpg 1024w, https:\/\/www.reitverein-ellefeld.de\/wp-content\/uploads\/IMG_6691-1-300x225.jpg 300w, https:\/\/www.reitverein-ellefeld.de\/wp-content\/uploads\/IMG_6691-1-768x576.jpg 768w\" sizes=\"(max-width: 1024px) 100vw, 1024px\" \/><\/a><\/figure>\n\n\n\n<figure class=\"wp-block-image size-large\"><a href=\"https:\/\/www.reitverein-ellefeld.de\/?attachment_id=2894\"><img decoding=\"async\" loading=\"lazy\" width=\"750\" height=\"1000\" data-id=\"2894\"  src=\"https:\/\/www.reitverein-ellefeld.de\/wp-content\/uploads\/IMG_6720-1.jpg\" alt=\"\" class=\"wp-image-2894\" srcset=\"https:\/\/www.reitverein-ellefeld.de\/wp-content\/uploads\/IMG_6720-1.jpg 750w, https:\/\/www.reitverein-ellefeld.de\/wp-content\/uploads\/IMG_6720-1-225x300.jpg 225w\" sizes=\"(max-width: 750px) 100vw, 750px\" \/><\/a><\/figure>\n\n\n\n<figure class=\"wp-block-image size-large\"><a href=\"https:\/\/www.reitverein-ellefeld.de\/?attachment_id=2895\"><img decoding=\"async\" loading=\"lazy\" width=\"750\" height=\"1000\" data-id=\"2895\"  src=\"https:\/\/www.reitverein-ellefeld.de\/wp-content\/uploads\/IMG_6721-1.jpg\" alt=\"\" class=\"wp-image-2895\" srcset=\"https:\/\/www.reitverein-ellefeld.de\/wp-content\/uploads\/IMG_6721-1.jpg 750w, https:\/\/www.reitverein-ellefeld.de\/wp-content\/uploads\/IMG_6721-1-225x300.jpg 225w\" sizes=\"(max-width: 750px) 100vw, 750px\" \/><\/a><\/figure>\n\n\n\n<figure class=\"wp-block-image size-large\"><a href=\"https:\/\/www.reitverein-ellefeld.de\/?attachment_id=2896\"><img decoding=\"async\" loading=\"lazy\" width=\"750\" height=\"1000\" data-id=\"2896\"  src=\"https:\/\/www.reitverein-ellefeld.de\/wp-content\/uploads\/IMG_6722-1.jpg\" alt=\"\" class=\"wp-image-2896\" srcset=\"https:\/\/www.reitverein-ellefeld.de\/wp-content\/uploads\/IMG_6722-1.jpg 750w, https:\/\/www.reitverein-ellefeld.de\/wp-content\/uploads\/IMG_6722-1-225x300.jpg 225w\" sizes=\"(max-width: 750px) 100vw, 750px\" \/><\/a><\/figure>\n\n\n\n<figure class=\"wp-block-image size-large\"><a href=\"https:\/\/www.reitverein-ellefeld.de\/?attachment_id=2897\"><img decoding=\"async\" loading=\"lazy\" width=\"750\" height=\"1000\" data-id=\"2897\"  src=\"https:\/\/www.reitverein-ellefeld.de\/wp-content\/uploads\/IMG_6723-1.jpg\" alt=\"\" class=\"wp-image-2897\" srcset=\"https:\/\/www.reitverein-ellefeld.de\/wp-content\/uploads\/IMG_6723-1.jpg 750w, https:\/\/www.reitverein-ellefeld.de\/wp-content\/uploads\/IMG_6723-1-225x300.jpg 225w\" sizes=\"(max-width: 750px) 100vw, 750px\" \/><\/a><\/figure>\n\n\n\n<figure class=\"wp-block-image size-large\"><a href=\"https:\/\/www.reitverein-ellefeld.de\/?attachment_id=2898\"><img decoding=\"async\" loading=\"lazy\" width=\"750\" height=\"1000\" data-id=\"2898\"  src=\"https:\/\/www.reitverein-ellefeld.de\/wp-content\/uploads\/IMG_6724-1.jpg\" alt=\"\" class=\"wp-image-2898\" srcset=\"https:\/\/www.reitverein-ellefeld.de\/wp-content\/uploads\/IMG_6724-1.jpg 750w, https:\/\/www.reitverein-ellefeld.de\/wp-content\/uploads\/IMG_6724-1-225x300.jpg 225w\" sizes=\"(max-width: 750px) 100vw, 750px\" \/><\/a><\/figure>\n\n\n\n<figure class=\"wp-block-image size-large\"><a href=\"https:\/\/www.reitverein-ellefeld.de\/?attachment_id=2899\"><img decoding=\"async\" loading=\"lazy\" width=\"750\" height=\"1000\" data-id=\"2899\"  src=\"https:\/\/www.reitverein-ellefeld.de\/wp-content\/uploads\/IMG_6725-1.jpg\" alt=\"\" class=\"wp-image-2899\" srcset=\"https:\/\/www.reitverein-ellefeld.de\/wp-content\/uploads\/IMG_6725-1.jpg 750w, https:\/\/www.reitverein-ellefeld.de\/wp-content\/uploads\/IMG_6725-1-225x300.jpg 225w\" sizes=\"(max-width: 750px) 100vw, 750px\" \/><\/a><\/figure>\n\n\n\n<figure class=\"wp-block-image size-large\"><a href=\"https:\/\/www.reitverein-ellefeld.de\/?attachment_id=2900\"><img decoding=\"async\" loading=\"lazy\" width=\"750\" height=\"1000\" data-id=\"2900\"  src=\"https:\/\/www.reitverein-ellefeld.de\/wp-content\/uploads\/IMG_6726-1.jpg\" alt=\"\" class=\"wp-image-2900\" srcset=\"https:\/\/www.reitverein-ellefeld.de\/wp-content\/uploads\/IMG_6726-1.jpg 750w, https:\/\/www.reitverein-ellefeld.de\/wp-content\/uploads\/IMG_6726-1-225x300.jpg 225w\" sizes=\"(max-width: 750px) 100vw, 750px\" \/><\/a><\/figure>\n\n\n\n<figure class=\"wp-block-image size-large\"><a href=\"https:\/\/www.reitverein-ellefeld.de\/?attachment_id=2901\"><img decoding=\"async\" loading=\"lazy\" width=\"750\" height=\"1000\" data-id=\"2901\"  src=\"https:\/\/www.reitverein-ellefeld.de\/wp-content\/uploads\/IMG_6727-1.jpg\" alt=\"\" class=\"wp-image-2901\" srcset=\"https:\/\/www.reitverein-ellefeld.de\/wp-content\/uploads\/IMG_6727-1.jpg 750w, https:\/\/www.reitverein-ellefeld.de\/wp-content\/uploads\/IMG_6727-1-225x300.jpg 225w\" sizes=\"(max-width: 750px) 100vw, 750px\" \/><\/a><\/figure>\n\n\n\n<figure class=\"wp-block-image size-large\"><a href=\"https:\/\/www.reitverein-ellefeld.de\/?attachment_id=2902\"><img decoding=\"async\" loading=\"lazy\" width=\"750\" height=\"1000\" data-id=\"2902\"  src=\"https:\/\/www.reitverein-ellefeld.de\/wp-content\/uploads\/IMG_6728-1.jpg\" alt=\"\" class=\"wp-image-2902\" srcset=\"https:\/\/www.reitverein-ellefeld.de\/wp-content\/uploads\/IMG_6728-1.jpg 750w, https:\/\/www.reitverein-ellefeld.de\/wp-content\/uploads\/IMG_6728-1-225x300.jpg 225w\" sizes=\"(max-width: 750px) 100vw, 750px\" \/><\/a><\/figure>\n\n\n\n<figure class=\"wp-block-image size-large\"><a href=\"https:\/\/www.reitverein-ellefeld.de\/?attachment_id=2903\"><img decoding=\"async\" loading=\"lazy\" width=\"750\" height=\"1000\" data-id=\"2903\"  src=\"https:\/\/www.reitverein-ellefeld.de\/wp-content\/uploads\/IMG_6729-1.jpg\" alt=\"\" class=\"wp-image-2903\" srcset=\"https:\/\/www.reitverein-ellefeld.de\/wp-content\/uploads\/IMG_6729-1.jpg 750w, https:\/\/www.reitverein-ellefeld.de\/wp-content\/uploads\/IMG_6729-1-225x300.jpg 225w\" sizes=\"(max-width: 750px) 100vw, 750px\" \/><\/a><\/figure>\n\n\n\n<figure class=\"wp-block-image size-large\"><a href=\"https:\/\/www.reitverein-ellefeld.de\/?attachment_id=2904\"><img decoding=\"async\" loading=\"lazy\" width=\"1000\" height=\"750\" data-id=\"2904\"  src=\"https:\/\/www.reitverein-ellefeld.de\/wp-content\/uploads\/IMG_6730-1.jpg\" alt=\"\" class=\"wp-image-2904\" srcset=\"https:\/\/www.reitverein-ellefeld.de\/wp-content\/uploads\/IMG_6730-1.jpg 1000w, https:\/\/www.reitverein-ellefeld.de\/wp-content\/uploads\/IMG_6730-1-300x225.jpg 300w, https:\/\/www.reitverein-ellefeld.de\/wp-content\/uploads\/IMG_6730-1-768x576.jpg 768w\" sizes=\"(max-width: 1000px) 100vw, 1000px\" \/><\/a><\/figure>\n\n\n\n<figure class=\"wp-block-image size-large\"><a href=\"https:\/\/www.reitverein-ellefeld.de\/?attachment_id=2905\"><img decoding=\"async\" loading=\"lazy\" width=\"1000\" height=\"750\" data-id=\"2905\"  src=\"https:\/\/www.reitverein-ellefeld.de\/wp-content\/uploads\/IMG_6731-1.jpg\" alt=\"\" class=\"wp-image-2905\" srcset=\"https:\/\/www.reitverein-ellefeld.de\/wp-content\/uploads\/IMG_6731-1.jpg 1000w, https:\/\/www.reitverein-ellefeld.de\/wp-content\/uploads\/IMG_6731-1-300x225.jpg 300w, https:\/\/www.reitverein-ellefeld.de\/wp-content\/uploads\/IMG_6731-1-768x576.jpg 768w\" sizes=\"(max-width: 1000px) 100vw, 1000px\" \/><\/a><\/figure>\n\n\n\n<figure class=\"wp-block-image size-large\"><a href=\"https:\/\/www.reitverein-ellefeld.de\/?attachment_id=2906\"><img decoding=\"async\" loading=\"lazy\" width=\"750\" height=\"1000\" data-id=\"2906\"  src=\"https:\/\/www.reitverein-ellefeld.de\/wp-content\/uploads\/IMG_6732-1.jpg\" alt=\"\" class=\"wp-image-2906\" srcset=\"https:\/\/www.reitverein-ellefeld.de\/wp-content\/uploads\/IMG_6732-1.jpg 750w, https:\/\/www.reitverein-ellefeld.de\/wp-content\/uploads\/IMG_6732-1-225x300.jpg 225w\" sizes=\"(max-width: 750px) 100vw, 750px\" \/><\/a><\/figure>\n<\/figure>\n\n\n\n<h2 class=\"wp-block-heading\">4. und 5. Oktober 2017: RFV-F\u00f6rderlehrgang<\/h2>\n\n\n\n<p>Am 4. und 5. Oktober fand der zweite F\u00f6rderlehrgang des RFV f\u00fcr seine Mitglieder im Jahr 2017 statt. Dieser Lehrgang spezialisierte sich dieses Mal auf die Bewegungslehre nach Eckart Meyners (EM) und wurde von Romy Anton-Eger durchgef\u00fchrt.<\/p>\n\n\n\n<p>Durch verschiedene \u00dcbungen am Boden und auch auf dem Pferd konnten die individuellen Probleme von Reiter und Pferd analysiert werden. Die daraus erarbeiteten positiven Ver\u00e4nderungen machten den Lehrgang f\u00fcr die Teilnehmer, wie auch f\u00fcr die Zuschauer zu einem spannenden und lehrreichen Erlebnis.<\/p>\n\n\n\n<figure class=\"wp-block-gallery has-nested-images columns-3 is-cropped wp-block-gallery-81 is-layout-flex\">\n<figure class=\"wp-block-image size-large\"><a href=\"https:\/\/www.reitverein-ellefeld.de\/?attachment_id=2907\"><img decoding=\"async\" loading=\"lazy\" width=\"960\" height=\"540\" data-id=\"2907\"  src=\"https:\/\/www.reitverein-ellefeld.de\/wp-content\/uploads\/F\u00f6rderlehrgang1.jpg\" alt=\"\" class=\"wp-image-2907\" srcset=\"https:\/\/www.reitverein-ellefeld.de\/wp-content\/uploads\/F\u00f6rderlehrgang1.jpg 960w, https:\/\/www.reitverein-ellefeld.de\/wp-content\/uploads\/F\u00f6rderlehrgang1-300x169.jpg 300w, https:\/\/www.reitverein-ellefeld.de\/wp-content\/uploads\/F\u00f6rderlehrgang1-768x432.jpg 768w\" sizes=\"(max-width: 960px) 100vw, 960px\" \/><\/a><\/figure>\n\n\n\n<figure class=\"wp-block-image size-large\"><a href=\"https:\/\/www.reitverein-ellefeld.de\/?attachment_id=2908\"><img decoding=\"async\" loading=\"lazy\" width=\"960\" height=\"540\" data-id=\"2908\"  src=\"https:\/\/www.reitverein-ellefeld.de\/wp-content\/uploads\/F\u00f6rderlehrgang2.jpg\" alt=\"\" class=\"wp-image-2908\" srcset=\"https:\/\/www.reitverein-ellefeld.de\/wp-content\/uploads\/F\u00f6rderlehrgang2.jpg 960w, https:\/\/www.reitverein-ellefeld.de\/wp-content\/uploads\/F\u00f6rderlehrgang2-300x169.jpg 300w, https:\/\/www.reitverein-ellefeld.de\/wp-content\/uploads\/F\u00f6rderlehrgang2-768x432.jpg 768w\" sizes=\"(max-width: 960px) 100vw, 960px\" \/><\/a><\/figure>\n\n\n\n<figure class=\"wp-block-image size-large\"><a href=\"https:\/\/www.reitverein-ellefeld.de\/?attachment_id=2909\"><img decoding=\"async\" loading=\"lazy\" width=\"960\" height=\"540\" data-id=\"2909\"  src=\"https:\/\/www.reitverein-ellefeld.de\/wp-content\/uploads\/F\u00f6rderlehrgang3.jpg\" alt=\"\" class=\"wp-image-2909\" srcset=\"https:\/\/www.reitverein-ellefeld.de\/wp-content\/uploads\/F\u00f6rderlehrgang3.jpg 960w, https:\/\/www.reitverein-ellefeld.de\/wp-content\/uploads\/F\u00f6rderlehrgang3-300x169.jpg 300w, https:\/\/www.reitverein-ellefeld.de\/wp-content\/uploads\/F\u00f6rderlehrgang3-768x432.jpg 768w\" sizes=\"(max-width: 960px) 100vw, 960px\" \/><\/a><\/figure>\n\n\n\n<figure class=\"wp-block-image size-large\"><a href=\"https:\/\/www.reitverein-ellefeld.de\/?attachment_id=2910\"><img decoding=\"async\" loading=\"lazy\" width=\"528\" height=\"960\" data-id=\"2910\"  src=\"https:\/\/www.reitverein-ellefeld.de\/wp-content\/uploads\/F\u00f6rderlehrgang4.jpg\" alt=\"\" class=\"wp-image-2910\" srcset=\"https:\/\/www.reitverein-ellefeld.de\/wp-content\/uploads\/F\u00f6rderlehrgang4.jpg 528w, https:\/\/www.reitverein-ellefeld.de\/wp-content\/uploads\/F\u00f6rderlehrgang4-165x300.jpg 165w\" sizes=\"(max-width: 528px) 100vw, 528px\" \/><\/a><\/figure>\n\n\n\n<figure class=\"wp-block-image size-large\"><a href=\"https:\/\/www.reitverein-ellefeld.de\/?attachment_id=2911\"><img decoding=\"async\" loading=\"lazy\" width=\"960\" height=\"540\" data-id=\"2911\"  src=\"https:\/\/www.reitverein-ellefeld.de\/wp-content\/uploads\/F\u00f6rderlehrgang5.jpg\" alt=\"\" class=\"wp-image-2911\" srcset=\"https:\/\/www.reitverein-ellefeld.de\/wp-content\/uploads\/F\u00f6rderlehrgang5.jpg 960w, https:\/\/www.reitverein-ellefeld.de\/wp-content\/uploads\/F\u00f6rderlehrgang5-300x169.jpg 300w, https:\/\/www.reitverein-ellefeld.de\/wp-content\/uploads\/F\u00f6rderlehrgang5-768x432.jpg 768w\" sizes=\"(max-width: 960px) 100vw, 960px\" \/><\/a><\/figure>\n\n\n\n<figure class=\"wp-block-image size-large\"><a href=\"https:\/\/www.reitverein-ellefeld.de\/?attachment_id=2912\"><img decoding=\"async\" loading=\"lazy\" width=\"528\" height=\"960\" data-id=\"2912\"  src=\"https:\/\/www.reitverein-ellefeld.de\/wp-content\/uploads\/F\u00f6rderlehrgang6.jpg\" alt=\"\" class=\"wp-image-2912\" srcset=\"https:\/\/www.reitverein-ellefeld.de\/wp-content\/uploads\/F\u00f6rderlehrgang6.jpg 528w, https:\/\/www.reitverein-ellefeld.de\/wp-content\/uploads\/F\u00f6rderlehrgang6-165x300.jpg 165w\" sizes=\"(max-width: 528px) 100vw, 528px\" \/><\/a><\/figure>\n\n\n\n<figure class=\"wp-block-image size-large\"><a href=\"https:\/\/www.reitverein-ellefeld.de\/?attachment_id=2913\"><img decoding=\"async\" loading=\"lazy\" width=\"960\" height=\"540\" data-id=\"2913\"  src=\"https:\/\/www.reitverein-ellefeld.de\/wp-content\/uploads\/F\u00f6rderlehrgang7.jpg\" alt=\"\" class=\"wp-image-2913\" srcset=\"https:\/\/www.reitverein-ellefeld.de\/wp-content\/uploads\/F\u00f6rderlehrgang7.jpg 960w, https:\/\/www.reitverein-ellefeld.de\/wp-content\/uploads\/F\u00f6rderlehrgang7-300x169.jpg 300w, https:\/\/www.reitverein-ellefeld.de\/wp-content\/uploads\/F\u00f6rderlehrgang7-768x432.jpg 768w\" sizes=\"(max-width: 960px) 100vw, 960px\" \/><\/a><\/figure>\n\n\n\n<figure class=\"wp-block-image size-large\"><a href=\"https:\/\/www.reitverein-ellefeld.de\/?attachment_id=2914\"><img decoding=\"async\" loading=\"lazy\" width=\"960\" height=\"540\" data-id=\"2914\"  src=\"https:\/\/www.reitverein-ellefeld.de\/wp-content\/uploads\/F\u00f6rderlehrgang8.jpg\" alt=\"\" class=\"wp-image-2914\" srcset=\"https:\/\/www.reitverein-ellefeld.de\/wp-content\/uploads\/F\u00f6rderlehrgang8.jpg 960w, https:\/\/www.reitverein-ellefeld.de\/wp-content\/uploads\/F\u00f6rderlehrgang8-300x169.jpg 300w, https:\/\/www.reitverein-ellefeld.de\/wp-content\/uploads\/F\u00f6rderlehrgang8-768x432.jpg 768w\" sizes=\"(max-width: 960px) 100vw, 960px\" \/><\/a><\/figure>\n<\/figure>\n\n\n\n<h2 class=\"wp-block-heading\">Erneut holt Tim sich den Vogtlandmeister-Titel &#8211; 2017<\/h2>\n\n\n\n<p>Vogtlandmeister-Titel erfolgreich verteidigt: Nachdem Tim S\u00fc\u00df im vergangenen Jahr mit Aura nicht zu schlagen war, konnte er seine Top-Form dieses Jahr mit Cyrill unter Beweis stellen und sicherte sich die Meistersch\u00e4rpe im Springreiten. <a href=\"http:\/\/cvd.de\/xYSUA?y\">Hier <\/a>geht es zum Zeitungsartikel.<\/p>\n\n\n\n<figure class=\"wp-block-gallery has-nested-images columns-3 is-cropped wp-block-gallery-83 is-layout-flex\">\n<figure class=\"wp-block-image size-large\"><a href=\"https:\/\/www.reitverein-ellefeld.de\/?attachment_id=2136\"><img decoding=\"async\" data-id=\"2136\"  src=\"https:\/\/www.reitverein-ellefeld.de\/wp-content\/uploads\/Vogtlandmeister.jpg\" alt=\"\" class=\"wp-image-2136\"\/><\/a><\/figure>\n\n\n\n<figure class=\"wp-block-image size-large\"><a href=\"https:\/\/www.reitverein-ellefeld.de\/?attachment_id=2137\"><img decoding=\"async\" data-id=\"2137\"  src=\"https:\/\/www.reitverein-ellefeld.de\/wp-content\/uploads\/Vogtlandmeisterschaft-Sorga.jpg\" alt=\"\" class=\"wp-image-2137\"\/><\/a><\/figure>\n<\/figure>\n\n\n\n<p>F\u00fcr die Altersklasse &#8222;Children&#8220; waren die Vogtlandmeisterschaften bereits Ende Mai in Oberlosa. Diese wurden in der Kombination aus Springen und Dressur (Kl.E) gewertet, wo Emi und Willy mit Cyrill auf dem Bronzerang lagen. Gut gemacht, ihr beiden! <a href=\"https:\/\/www.freiepresse.de\/SPORT\/LOKALSPORT\/VOGTLAND\/Junge-Reiterin-aus-Ellefeld-holt-Bronze-artikel9919476.php#\">Hier <\/a>geht es zum Zeitungsartikel.<\/p>\n\n\n\n<h2 class=\"wp-block-heading\">Kinder- und Jugendtag am 1. Mai 2017<\/h2>\n\n\n\n<p>Am 1. Mai veranstaltete der RFV einen Kinder-und Jugendtag, bei dem man allerhand rund ums Pferd und den Reitsport lernen konnte. Hier ein kleiner Einblick:<\/p>\n\n\n\n<div class=\"text_exposed_show\">\n<p><\/p><\/div>\n\n\n\n<figure class=\"wp-block-gallery has-nested-images columns-3 is-cropped wp-block-gallery-85 is-layout-flex\">\n<figure class=\"wp-block-image size-large\"><a href=\"https:\/\/www.reitverein-ellefeld.de\/?attachment_id=2061\"><img decoding=\"async\" data-id=\"2061\"  src=\"https:\/\/www.reitverein-ellefeld.de\/wp-content\/uploads\/Kinder-und-Jugendtag-3.jpg\" alt=\"\" class=\"wp-image-2061\"\/><\/a><\/figure>\n\n\n\n<figure class=\"wp-block-image size-large\"><a href=\"https:\/\/www.reitverein-ellefeld.de\/?attachment_id=2062\"><img decoding=\"async\" data-id=\"2062\"  src=\"https:\/\/www.reitverein-ellefeld.de\/wp-content\/uploads\/Kinder-und-Jugendtag-4.jpg\" alt=\"\" class=\"wp-image-2062\"\/><\/a><\/figure>\n\n\n\n<figure class=\"wp-block-image size-large\"><a href=\"https:\/\/www.reitverein-ellefeld.de\/?attachment_id=2064\"><img decoding=\"async\" data-id=\"2064\"  src=\"https:\/\/www.reitverein-ellefeld.de\/wp-content\/uploads\/Kinder-und-Jugendtag-6.jpg\" alt=\"\" class=\"wp-image-2064\"\/><\/a><\/figure>\n\n\n\n<figure class=\"wp-block-image size-large\"><a href=\"https:\/\/www.reitverein-ellefeld.de\/?attachment_id=2065\"><img decoding=\"async\" data-id=\"2065\"  src=\"https:\/\/www.reitverein-ellefeld.de\/wp-content\/uploads\/Kinder-und-Jugendtag-7.jpg\" alt=\"\" class=\"wp-image-2065\"\/><\/a><\/figure>\n\n\n\n<figure class=\"wp-block-image size-large\"><a href=\"https:\/\/www.reitverein-ellefeld.de\/?attachment_id=2066\"><img decoding=\"async\" data-id=\"2066\"  src=\"https:\/\/www.reitverein-ellefeld.de\/wp-content\/uploads\/Kinder-und-Jugendtag-8.jpg\" alt=\"\" class=\"wp-image-2066\"\/><\/a><\/figure>\n\n\n\n<figure class=\"wp-block-image size-large\"><a href=\"https:\/\/www.reitverein-ellefeld.de\/?attachment_id=2068\"><img decoding=\"async\" data-id=\"2068\"  src=\"https:\/\/www.reitverein-ellefeld.de\/wp-content\/uploads\/Kinder-und-Jugendtag-10.jpg\" alt=\"\" class=\"wp-image-2068\"\/><\/a><\/figure>\n\n\n\n<figure class=\"wp-block-image size-large\"><a href=\"https:\/\/www.reitverein-ellefeld.de\/?attachment_id=2069\"><img decoding=\"async\" data-id=\"2069\"  src=\"https:\/\/www.reitverein-ellefeld.de\/wp-content\/uploads\/Kinder-und-Jugendtag-12.jpg\" alt=\"\" class=\"wp-image-2069\"\/><\/a><\/figure>\n\n\n\n<figure class=\"wp-block-image size-large\"><a href=\"https:\/\/www.reitverein-ellefeld.de\/?attachment_id=2070\"><img decoding=\"async\" data-id=\"2070\"  src=\"https:\/\/www.reitverein-ellefeld.de\/wp-content\/uploads\/Kinder-und-Jugendtag-13.jpg\" alt=\"\" class=\"wp-image-2070\"\/><\/a><\/figure>\n\n\n\n<figure class=\"wp-block-image size-large\"><a href=\"https:\/\/www.reitverein-ellefeld.de\/?attachment_id=2071\"><img decoding=\"async\" data-id=\"2071\"  src=\"https:\/\/www.reitverein-ellefeld.de\/wp-content\/uploads\/Kinder-und-Jugendtag-14.jpg\" alt=\"\" class=\"wp-image-2071\"\/><\/a><\/figure>\n\n\n\n<figure class=\"wp-block-image size-large\"><a href=\"https:\/\/www.reitverein-ellefeld.de\/?attachment_id=2072\"><img decoding=\"async\" data-id=\"2072\"  src=\"https:\/\/www.reitverein-ellefeld.de\/wp-content\/uploads\/Kinder-und-Jugendtag-15.jpg\" alt=\"\" class=\"wp-image-2072\"\/><\/a><\/figure>\n\n\n\n<figure class=\"wp-block-image size-large\"><a href=\"https:\/\/www.reitverein-ellefeld.de\/?attachment_id=2074\"><img decoding=\"async\" data-id=\"2074\"  src=\"https:\/\/www.reitverein-ellefeld.de\/wp-content\/uploads\/Kinder-und-Jugendtag-17.jpg\" alt=\"\" class=\"wp-image-2074\"\/><\/a><\/figure>\n\n\n\n<figure class=\"wp-block-image size-large\"><a href=\"https:\/\/www.reitverein-ellefeld.de\/?attachment_id=2075\"><img decoding=\"async\" data-id=\"2075\"  src=\"https:\/\/www.reitverein-ellefeld.de\/wp-content\/uploads\/Kinder-und-Jugendtag-18.jpg\" alt=\"\" class=\"wp-image-2075\"\/><\/a><\/figure>\n\n\n\n<figure class=\"wp-block-image size-large\"><a href=\"https:\/\/www.reitverein-ellefeld.de\/?attachment_id=2076\"><img decoding=\"async\" data-id=\"2076\"  src=\"https:\/\/www.reitverein-ellefeld.de\/wp-content\/uploads\/Kinder-und-Jugendtag-19.jpg\" alt=\"\" class=\"wp-image-2076\"\/><\/a><\/figure>\n\n\n\n<figure class=\"wp-block-image size-large\"><a href=\"https:\/\/www.reitverein-ellefeld.de\/?attachment_id=2077\"><img decoding=\"async\" data-id=\"2077\"  src=\"https:\/\/www.reitverein-ellefeld.de\/wp-content\/uploads\/Kinder-und-Jugendtag-20.jpg\" alt=\"\" class=\"wp-image-2077\"\/><\/a><\/figure>\n\n\n\n<figure class=\"wp-block-image size-large\"><a href=\"https:\/\/www.reitverein-ellefeld.de\/?attachment_id=2078\"><img decoding=\"async\" data-id=\"2078\"  src=\"https:\/\/www.reitverein-ellefeld.de\/wp-content\/uploads\/Kinder-und-Jugendtag-21.jpg\" alt=\"\" class=\"wp-image-2078\"\/><\/a><\/figure>\n\n\n\n<figure class=\"wp-block-image size-large\"><a href=\"https:\/\/www.reitverein-ellefeld.de\/?attachment_id=2067\"><img decoding=\"async\" data-id=\"2067\"  src=\"https:\/\/www.reitverein-ellefeld.de\/wp-content\/uploads\/Kinder-und-Jugendtag-9.jpg\" alt=\"\" class=\"wp-image-2067\"\/><\/a><\/figure>\n\n\n\n<figure class=\"wp-block-image size-large\"><a href=\"https:\/\/www.reitverein-ellefeld.de\/?attachment_id=2079\"><img decoding=\"async\" data-id=\"2079\"  src=\"https:\/\/www.reitverein-ellefeld.de\/wp-content\/uploads\/Kinder-und-Jugendtag-22.jpg\" alt=\"\" class=\"wp-image-2079\"\/><\/a><\/figure>\n\n\n\n<figure class=\"wp-block-image size-large\"><a href=\"https:\/\/www.reitverein-ellefeld.de\/?attachment_id=2080\"><img decoding=\"async\" data-id=\"2080\"  src=\"https:\/\/www.reitverein-ellefeld.de\/wp-content\/uploads\/Kinder-und-Jugendtag-23.jpg\" alt=\"\" class=\"wp-image-2080\"\/><\/a><\/figure>\n\n\n\n<figure class=\"wp-block-image size-large\"><a href=\"https:\/\/www.reitverein-ellefeld.de\/?attachment_id=2073\"><img decoding=\"async\" data-id=\"2073\"  src=\"https:\/\/www.reitverein-ellefeld.de\/wp-content\/uploads\/Kinder-und-Jugendtag-16.jpg\" alt=\"\" class=\"wp-image-2073\"\/><\/a><\/figure>\n\n\n\n<figure class=\"wp-block-image size-large\"><a href=\"https:\/\/www.reitverein-ellefeld.de\/?attachment_id=2081\"><img decoding=\"async\" data-id=\"2081\"  src=\"https:\/\/www.reitverein-ellefeld.de\/wp-content\/uploads\/Kinder-und-Jugendtag-24.jpg\" alt=\"\" class=\"wp-image-2081\"\/><\/a><\/figure>\n\n\n\n<figure class=\"wp-block-image size-large\"><a href=\"https:\/\/www.reitverein-ellefeld.de\/?attachment_id=2082\"><img decoding=\"async\" data-id=\"2082\"  src=\"https:\/\/www.reitverein-ellefeld.de\/wp-content\/uploads\/Kinder-und-Jugendtag-25.jpg\" alt=\"\" class=\"wp-image-2082\"\/><\/a><\/figure>\n\n\n\n<figure class=\"wp-block-image size-large\"><a href=\"https:\/\/www.reitverein-ellefeld.de\/?attachment_id=2083\"><img decoding=\"async\" data-id=\"2083\"  src=\"https:\/\/www.reitverein-ellefeld.de\/wp-content\/uploads\/Kinder-und-Jugendtag-26.jpg\" alt=\"\" class=\"wp-image-2083\"\/><\/a><\/figure>\n\n\n\n<figure class=\"wp-block-image size-large\"><a href=\"https:\/\/www.reitverein-ellefeld.de\/?attachment_id=2084\"><img decoding=\"async\" data-id=\"2084\"  src=\"https:\/\/www.reitverein-ellefeld.de\/wp-content\/uploads\/Kinder-und-Jugendtag-27.jpg\" alt=\"\" class=\"wp-image-2084\"\/><\/a><\/figure>\n<\/figure>\n\n\n\n<h2 class=\"wp-block-heading\">Rosenmontag im Reitverein<\/h2>\n\n\n\n<p>RFV ..HELAU !!!! Am Rosenmontag veranstaltete der Reit-und Fahrverein Ellefeld ein Faschingsreiten f\u00fcr die kleinen und gro\u00dfen Vereinsmitglieder. Nach ein paar spannenden und auch gar nicht so einfachen Spielen, bei denen viel Geschicklichkeit unter Beweis zu stellen war, gab es noch ein gem\u00fctliches Beisammensein mit Pfannkuchen und Kinderpunsch.<\/p>\n\n\n\n<figure class=\"wp-block-gallery has-nested-images columns-3 is-cropped wp-block-gallery-87 is-layout-flex\">\n<figure class=\"wp-block-image size-large\"><a href=\"https:\/\/www.reitverein-ellefeld.de\/?attachment_id=1990\"><img decoding=\"async\" data-id=\"1990\"  src=\"https:\/\/www.reitverein-ellefeld.de\/wp-content\/uploads\/Fasching-2017-1.jpg\" alt=\"\" class=\"wp-image-1990\"\/><\/a><\/figure>\n\n\n\n<figure class=\"wp-block-image size-large\"><a href=\"https:\/\/www.reitverein-ellefeld.de\/?attachment_id=1991\"><img decoding=\"async\" data-id=\"1991\"  src=\"https:\/\/www.reitverein-ellefeld.de\/wp-content\/uploads\/Fasching-2017-2.jpg\" alt=\"\" class=\"wp-image-1991\"\/><\/a><\/figure>\n\n\n\n<figure class=\"wp-block-image size-large\"><a href=\"https:\/\/www.reitverein-ellefeld.de\/?attachment_id=1992\"><img decoding=\"async\" data-id=\"1992\"  src=\"https:\/\/www.reitverein-ellefeld.de\/wp-content\/uploads\/Fasching-2017-3.jpg\" alt=\"\" class=\"wp-image-1992\"\/><\/a><\/figure>\n\n\n\n<figure class=\"wp-block-image size-large\"><a href=\"https:\/\/www.reitverein-ellefeld.de\/?attachment_id=1993\"><img decoding=\"async\" data-id=\"1993\"  src=\"https:\/\/www.reitverein-ellefeld.de\/wp-content\/uploads\/Fasching-2017-4.jpg\" alt=\"\" class=\"wp-image-1993\"\/><\/a><\/figure>\n\n\n\n<figure class=\"wp-block-image size-large\"><a href=\"https:\/\/www.reitverein-ellefeld.de\/?attachment_id=1994\"><img decoding=\"async\" data-id=\"1994\"  src=\"https:\/\/www.reitverein-ellefeld.de\/wp-content\/uploads\/Fasching-2017-5.jpg\" alt=\"\" class=\"wp-image-1994\"\/><\/a><\/figure>\n\n\n\n<figure class=\"wp-block-image size-large\"><a href=\"https:\/\/www.reitverein-ellefeld.de\/?attachment_id=1995\"><img decoding=\"async\" data-id=\"1995\"  src=\"https:\/\/www.reitverein-ellefeld.de\/wp-content\/uploads\/Fasching-2017-6.jpg\" alt=\"\" class=\"wp-image-1995\"\/><\/a><\/figure>\n\n\n\n<figure class=\"wp-block-image size-large\"><a href=\"https:\/\/www.reitverein-ellefeld.de\/?attachment_id=1996\"><img decoding=\"async\" data-id=\"1996\"  src=\"https:\/\/www.reitverein-ellefeld.de\/wp-content\/uploads\/Fasching-2017-7.jpg\" alt=\"\" class=\"wp-image-1996\"\/><\/a><\/figure>\n\n\n\n<figure class=\"wp-block-image size-large\"><a href=\"https:\/\/www.reitverein-ellefeld.de\/?attachment_id=1997\"><img decoding=\"async\" data-id=\"1997\"  src=\"https:\/\/www.reitverein-ellefeld.de\/wp-content\/uploads\/Fasching-2017-8.jpg\" alt=\"\" class=\"wp-image-1997\"\/><\/a><\/figure>\n\n\n\n<figure class=\"wp-block-image size-large\"><a href=\"https:\/\/www.reitverein-ellefeld.de\/?attachment_id=1998\"><img decoding=\"async\" data-id=\"1998\"  src=\"https:\/\/www.reitverein-ellefeld.de\/wp-content\/uploads\/Fasching-2017-9.jpg\" alt=\"\" class=\"wp-image-1998\"\/><\/a><\/figure>\n\n\n\n<figure class=\"wp-block-image size-large\"><a href=\"https:\/\/www.reitverein-ellefeld.de\/?attachment_id=1999\"><img decoding=\"async\" data-id=\"1999\"  src=\"https:\/\/www.reitverein-ellefeld.de\/wp-content\/uploads\/Fasching-2017-10.jpg\" alt=\"\" class=\"wp-image-1999\"\/><\/a><\/figure>\n\n\n\n<figure class=\"wp-block-image size-large\"><a href=\"https:\/\/www.reitverein-ellefeld.de\/?attachment_id=2000\"><img decoding=\"async\" data-id=\"2000\"  src=\"https:\/\/www.reitverein-ellefeld.de\/wp-content\/uploads\/Fasching-2017-11.jpg\" alt=\"\" class=\"wp-image-2000\"\/><\/a><\/figure>\n\n\n\n<figure class=\"wp-block-image size-large\"><a href=\"https:\/\/www.reitverein-ellefeld.de\/?attachment_id=2001\"><img decoding=\"async\" data-id=\"2001\"  src=\"https:\/\/www.reitverein-ellefeld.de\/wp-content\/uploads\/Fasching-2017-12.jpg\" alt=\"\" class=\"wp-image-2001\"\/><\/a><\/figure>\n\n\n\n<figure class=\"wp-block-image size-large\"><a href=\"https:\/\/www.reitverein-ellefeld.de\/?attachment_id=2002\"><img decoding=\"async\" data-id=\"2002\"  src=\"https:\/\/www.reitverein-ellefeld.de\/wp-content\/uploads\/Fasching-2017-13.jpg\" alt=\"\" class=\"wp-image-2002\"\/><\/a><\/figure>\n\n\n\n<figure class=\"wp-block-image size-large\"><a href=\"https:\/\/www.reitverein-ellefeld.de\/?attachment_id=2003\"><img decoding=\"async\" data-id=\"2003\"  src=\"https:\/\/www.reitverein-ellefeld.de\/wp-content\/uploads\/Fasching-2017-14.jpg\" alt=\"\" class=\"wp-image-2003\"\/><\/a><\/figure>\n\n\n\n<figure class=\"wp-block-image size-large\"><a href=\"https:\/\/www.reitverein-ellefeld.de\/?attachment_id=2004\"><img decoding=\"async\" data-id=\"2004\"  src=\"https:\/\/www.reitverein-ellefeld.de\/wp-content\/uploads\/Fasching-2017-15.jpg\" alt=\"\" class=\"wp-image-2004\"\/><\/a><\/figure>\n\n\n\n<figure class=\"wp-block-image size-large\"><a href=\"https:\/\/www.reitverein-ellefeld.de\/?attachment_id=2005\"><img decoding=\"async\" data-id=\"2005\"  src=\"https:\/\/www.reitverein-ellefeld.de\/wp-content\/uploads\/Fasching-2017-16.jpg\" alt=\"\" class=\"wp-image-2005\"\/><\/a><\/figure>\n\n\n\n<figure class=\"wp-block-image size-large\"><a href=\"https:\/\/www.reitverein-ellefeld.de\/?attachment_id=2006\"><img decoding=\"async\" data-id=\"2006\"  src=\"https:\/\/www.reitverein-ellefeld.de\/wp-content\/uploads\/Fasching-2017-17.jpg\" alt=\"\" class=\"wp-image-2006\"\/><\/a><\/figure>\n\n\n\n<figure class=\"wp-block-image size-large\"><a href=\"https:\/\/www.reitverein-ellefeld.de\/?attachment_id=2007\"><img decoding=\"async\" data-id=\"2007\"  src=\"https:\/\/www.reitverein-ellefeld.de\/wp-content\/uploads\/Fasching-2017-18.jpg\" alt=\"\" class=\"wp-image-2007\"\/><\/a><\/figure>\n\n\n\n<figure class=\"wp-block-image size-large\"><a href=\"https:\/\/www.reitverein-ellefeld.de\/?attachment_id=2008\"><img decoding=\"async\" data-id=\"2008\"  src=\"https:\/\/www.reitverein-ellefeld.de\/wp-content\/uploads\/Fasching-2017-19.jpg\" alt=\"\" class=\"wp-image-2008\"\/><\/a><\/figure>\n\n\n\n<figure class=\"wp-block-image size-large\"><a href=\"https:\/\/www.reitverein-ellefeld.de\/?attachment_id=2009\"><img decoding=\"async\" data-id=\"2009\"  src=\"https:\/\/www.reitverein-ellefeld.de\/wp-content\/uploads\/Fasching-2017-20.jpg\" alt=\"\" class=\"wp-image-2009\"\/><\/a><\/figure>\n\n\n\n<figure class=\"wp-block-image size-large\"><a href=\"https:\/\/www.reitverein-ellefeld.de\/?attachment_id=2010\"><img decoding=\"async\" data-id=\"2010\"  src=\"https:\/\/www.reitverein-ellefeld.de\/wp-content\/uploads\/Fasching-2017-21.jpg\" alt=\"\" class=\"wp-image-2010\"\/><\/a><\/figure>\n\n\n\n<figure class=\"wp-block-image size-large\"><a href=\"https:\/\/www.reitverein-ellefeld.de\/?attachment_id=2011\"><img decoding=\"async\" data-id=\"2011\"  src=\"https:\/\/www.reitverein-ellefeld.de\/wp-content\/uploads\/Fasching-2017-22.jpg\" alt=\"\" class=\"wp-image-2011\"\/><\/a><\/figure>\n\n\n\n<figure class=\"wp-block-image size-large\"><a href=\"https:\/\/www.reitverein-ellefeld.de\/?attachment_id=2012\"><img decoding=\"async\" data-id=\"2012\"  src=\"https:\/\/www.reitverein-ellefeld.de\/wp-content\/uploads\/Fasching-2017-23.jpg\" alt=\"\" class=\"wp-image-2012\"\/><\/a><\/figure>\n\n\n\n<figure class=\"wp-block-image size-large\"><a href=\"https:\/\/www.reitverein-ellefeld.de\/?attachment_id=2013\"><img decoding=\"async\" data-id=\"2013\"  src=\"https:\/\/www.reitverein-ellefeld.de\/wp-content\/uploads\/Fasching-2017-24.jpg\" alt=\"\" class=\"wp-image-2013\"\/><\/a><\/figure>\n\n\n\n<figure class=\"wp-block-image size-large\"><a href=\"https:\/\/www.reitverein-ellefeld.de\/?attachment_id=2014\"><img decoding=\"async\" data-id=\"2014\"  src=\"https:\/\/www.reitverein-ellefeld.de\/wp-content\/uploads\/Fasching-2017-25.jpg\" alt=\"\" class=\"wp-image-2014\"\/><\/a><\/figure>\n\n\n\n<figure class=\"wp-block-image size-large\"><a href=\"https:\/\/www.reitverein-ellefeld.de\/?attachment_id=2015\"><img decoding=\"async\" data-id=\"2015\"  src=\"https:\/\/www.reitverein-ellefeld.de\/wp-content\/uploads\/Fasching-2017-26.jpg\" alt=\"\" class=\"wp-image-2015\"\/><\/a><\/figure>\n\n\n\n<figure class=\"wp-block-image size-large\"><a href=\"https:\/\/www.reitverein-ellefeld.de\/?attachment_id=2016\"><img decoding=\"async\" data-id=\"2016\"  src=\"https:\/\/www.reitverein-ellefeld.de\/wp-content\/uploads\/Fasching-2017-27.jpg\" alt=\"\" class=\"wp-image-2016\"\/><\/a><\/figure>\n\n\n\n<figure class=\"wp-block-image size-large\"><a href=\"https:\/\/www.reitverein-ellefeld.de\/?attachment_id=2017\"><img decoding=\"async\" data-id=\"2017\"  src=\"https:\/\/www.reitverein-ellefeld.de\/wp-content\/uploads\/Fasching-2017-28.jpg\" alt=\"\" class=\"wp-image-2017\"\/><\/a><\/figure>\n\n\n\n<figure class=\"wp-block-image size-large\"><a href=\"https:\/\/www.reitverein-ellefeld.de\/?attachment_id=2018\"><img decoding=\"async\" data-id=\"2018\"  src=\"https:\/\/www.reitverein-ellefeld.de\/wp-content\/uploads\/Fasching-2017-29.jpg\" alt=\"\" class=\"wp-image-2018\"\/><\/a><\/figure>\n\n\n\n<figure class=\"wp-block-image size-large\"><a href=\"https:\/\/www.reitverein-ellefeld.de\/?attachment_id=2019\"><img decoding=\"async\" data-id=\"2019\"  src=\"https:\/\/www.reitverein-ellefeld.de\/wp-content\/uploads\/Fasching-2017-30.jpg\" alt=\"\" class=\"wp-image-2019\"\/><\/a><\/figure>\n\n\n\n<figure class=\"wp-block-image size-large\"><a href=\"https:\/\/www.reitverein-ellefeld.de\/?attachment_id=2020\"><img decoding=\"async\" data-id=\"2020\"  src=\"https:\/\/www.reitverein-ellefeld.de\/wp-content\/uploads\/Fasching-2017-31.jpg\" alt=\"\" class=\"wp-image-2020\"\/><\/a><\/figure>\n\n\n\n<figure class=\"wp-block-image size-large\"><a href=\"https:\/\/www.reitverein-ellefeld.de\/?attachment_id=2021\"><img decoding=\"async\" data-id=\"2021\"  src=\"https:\/\/www.reitverein-ellefeld.de\/wp-content\/uploads\/Fasching-2017-32.jpg\" alt=\"\" class=\"wp-image-2021\"\/><\/a><\/figure>\n\n\n\n<figure class=\"wp-block-image size-large\"><a href=\"https:\/\/www.reitverein-ellefeld.de\/?attachment_id=2022\"><img decoding=\"async\" data-id=\"2022\"  src=\"https:\/\/www.reitverein-ellefeld.de\/wp-content\/uploads\/Fasching-2017-33.jpg\" alt=\"\" class=\"wp-image-2022\"\/><\/a><\/figure>\n\n\n\n<figure class=\"wp-block-image size-large\"><a href=\"https:\/\/www.reitverein-ellefeld.de\/?attachment_id=2023\"><img decoding=\"async\" data-id=\"2023\"  src=\"https:\/\/www.reitverein-ellefeld.de\/wp-content\/uploads\/Fasching-2017-34.jpg\" alt=\"\" class=\"wp-image-2023\"\/><\/a><\/figure>\n\n\n\n<figure class=\"wp-block-image size-large\"><a href=\"https:\/\/www.reitverein-ellefeld.de\/?attachment_id=2024\"><img decoding=\"async\" data-id=\"2024\"  src=\"https:\/\/www.reitverein-ellefeld.de\/wp-content\/uploads\/Fasching-2017-35.jpg\" alt=\"\" class=\"wp-image-2024\"\/><\/a><\/figure>\n\n\n\n<figure class=\"wp-block-image size-large\"><a href=\"https:\/\/www.reitverein-ellefeld.de\/?attachment_id=2025\"><img decoding=\"async\" data-id=\"2025\"  src=\"https:\/\/www.reitverein-ellefeld.de\/wp-content\/uploads\/Fasching-2017-36.jpg\" alt=\"\" class=\"wp-image-2025\"\/><\/a><\/figure>\n\n\n\n<figure class=\"wp-block-image size-large\"><a href=\"https:\/\/www.reitverein-ellefeld.de\/?attachment_id=2026\"><img decoding=\"async\" data-id=\"2026\"  src=\"https:\/\/www.reitverein-ellefeld.de\/wp-content\/uploads\/Fasching-2017-37.jpg\" alt=\"\" class=\"wp-image-2026\"\/><\/a><\/figure>\n\n\n\n<figure class=\"wp-block-image size-large\"><a href=\"https:\/\/www.reitverein-ellefeld.de\/?attachment_id=2027\"><img decoding=\"async\" data-id=\"2027\"  src=\"https:\/\/www.reitverein-ellefeld.de\/wp-content\/uploads\/Fasching-2017-38.jpg\" alt=\"\" class=\"wp-image-2027\"\/><\/a><\/figure>\n<\/figure>\n\n\n\n<h2 class=\"wp-block-heading\">Skij\u00f6ring in Beerheide am 28. Januar 2017<\/h2>\n\n\n\n<p>Voller Stolz auf unsere Pferde beendeten wir hocherfolgreich das Skij\u00f6ring in Beerheide. Das Siegerteam vom letzten Wettbewerb in Hammerbr\u00fccke, Aura mit Philipp und Arno schaffte es auf den 5. Platz. \u00dcberragend in Form war Rufus mit Tim und Florentin &#8211; sie blieben \u00fcber das gesamte K.O.-System ungeschlagen und holten den Sieg nach Ellefeld! Beeindruckend waren die schnellen Runden von den drei Neueinsteigern im Skij\u00f6ring Alpe mit Jenny und Emi.<\/p>\n\n\n\n<figure class=\"wp-block-gallery has-nested-images columns-3 is-cropped wp-block-gallery-89 is-layout-flex\">\n<figure class=\"wp-block-image size-large\"><a href=\"https:\/\/www.reitverein-ellefeld.de\/?attachment_id=1967\"><img decoding=\"async\" data-id=\"1967\"  src=\"https:\/\/www.reitverein-ellefeld.de\/wp-content\/uploads\/Skij\u00c3\u00b6ring-2017-1.jpg\" alt=\"\" class=\"wp-image-1967\"\/><\/a><\/figure>\n\n\n\n<figure class=\"wp-block-image size-large\"><a href=\"https:\/\/www.reitverein-ellefeld.de\/?attachment_id=1968\"><img decoding=\"async\" data-id=\"1968\"  src=\"https:\/\/www.reitverein-ellefeld.de\/wp-content\/uploads\/Skij\u00c3\u00b6ring-2017-2.jpg\" alt=\"\" class=\"wp-image-1968\"\/><\/a><\/figure>\n\n\n\n<figure class=\"wp-block-image size-large\"><a href=\"https:\/\/www.reitverein-ellefeld.de\/?attachment_id=1969\"><img decoding=\"async\" data-id=\"1969\"  src=\"https:\/\/www.reitverein-ellefeld.de\/wp-content\/uploads\/Skij\u00c3\u00b6ring-2017-3.jpg\" alt=\"\" class=\"wp-image-1969\"\/><\/a><\/figure>\n\n\n\n<figure class=\"wp-block-image size-large\"><a href=\"https:\/\/www.reitverein-ellefeld.de\/?attachment_id=1970\"><img decoding=\"async\" data-id=\"1970\"  src=\"https:\/\/www.reitverein-ellefeld.de\/wp-content\/uploads\/Skij\u00c3\u00b6ring-2017-4.jpg\" alt=\"\" class=\"wp-image-1970\"\/><\/a><\/figure>\n<\/figure>\n\n\n\n<p>Bilder mit freundlicher Genehmigung von:<\/p>\n\n\n\n<p>Fotografie &amp; Fotodesign Carina Leithold<br>Breite Wiese 38, 08262 Muldenhammer<br>Tel. 037465-40535<\/p>\n\n\n\n<p><a href=\"https:\/\/deref-web-02.de\/mail\/client\/8y633Ks6MWw\/dereferrer\/?redirectUrl=http%3A%2F%2Fwww.gluecksbegleiterin.de\" target=\"_blank\" rel=\"noopener noreferrer\">www.gluecksbegleiterin.de<\/a><\/p>\n\n\n\n<h2 class=\"wp-block-heading\">Skij\u00f6ring-Erfolge am 7. Januar 2017<\/h2>\n\n\n\n<div id=\"js_9g\" class=\"_5pbx userContent\" data-ft=\"{&quot;tn&quot;:&quot;K&quot;}\">\n<p>An diesem Samstag war der Reit-und Fahrverein Ellefeld beim Skij\u00f6ring in Hammerbr\u00fccke sehr erfolgreich ! Philipp Sch\u00f6niger konnte auf Aura den Sieg mit nach Hause nehmen und Tim S\u00fc\u00df auf Rufus und Anja Heinz auf Rollex erreichten beides einen tollen 3.Platz !<\/p>\n<p><\/p><\/div>\n\n\n\n<figure class=\"wp-block-gallery has-nested-images columns-3 is-cropped wp-block-gallery-91 is-layout-flex\">\n<figure class=\"wp-block-image size-large\"><a href=\"https:\/\/www.reitverein-ellefeld.de\/?attachment_id=1947\"><img decoding=\"async\" data-id=\"1947\"  src=\"https:\/\/www.reitverein-ellefeld.de\/wp-content\/uploads\/15874987_1056111421164565_5799947943464430297_o.jpg\" alt=\"\" class=\"wp-image-1947\"\/><\/a><\/figure>\n\n\n\n<figure class=\"wp-block-image size-large\"><a href=\"https:\/\/www.reitverein-ellefeld.de\/?attachment_id=1943\"><img decoding=\"async\" data-id=\"1943\"  src=\"https:\/\/www.reitverein-ellefeld.de\/wp-content\/uploads\/15844313_1056101237832250_591067761392548533_o.jpg\" alt=\"\" class=\"wp-image-1943\"\/><\/a><\/figure>\n\n\n\n<figure class=\"wp-block-image size-large\"><a href=\"https:\/\/www.reitverein-ellefeld.de\/?attachment_id=1944\"><img decoding=\"async\" data-id=\"1944\"  src=\"https:\/\/www.reitverein-ellefeld.de\/wp-content\/uploads\/15844549_1056101444498896_7934174598458947343_o.jpg\" alt=\"\" class=\"wp-image-1944\"\/><\/a><\/figure>\n\n\n\n<figure class=\"wp-block-image size-large\"><a href=\"https:\/\/www.reitverein-ellefeld.de\/?attachment_id=1949\"><img decoding=\"async\" data-id=\"1949\"  src=\"https:\/\/www.reitverein-ellefeld.de\/wp-content\/uploads\/15896109_1056101674498873_7493989075404453061_o.jpg\" alt=\"\" class=\"wp-image-1949\"\/><\/a><\/figure>\n\n\n\n<figure class=\"wp-block-image size-large\"><a href=\"https:\/\/www.reitverein-ellefeld.de\/?attachment_id=1945\"><img decoding=\"async\" data-id=\"1945\"  src=\"https:\/\/www.reitverein-ellefeld.de\/wp-content\/uploads\/15844591_1056101557832218_8870234694639431874_o.jpg\" alt=\"\" class=\"wp-image-1945\"\/><\/a><\/figure>\n\n\n\n<figure class=\"wp-block-image size-large\"><a href=\"https:\/\/www.reitverein-ellefeld.de\/?attachment_id=1948\"><img decoding=\"async\" data-id=\"1948\"  src=\"https:\/\/www.reitverein-ellefeld.de\/wp-content\/uploads\/15895798_1056101597832214_8267586125316199382_o.jpg\" alt=\"\" class=\"wp-image-1948\"\/><\/a><\/figure>\n\n\n\n<figure class=\"wp-block-image size-large\"><a href=\"https:\/\/www.reitverein-ellefeld.de\/?attachment_id=1950\"><img decoding=\"async\" data-id=\"1950\"  src=\"https:\/\/www.reitverein-ellefeld.de\/wp-content\/uploads\/15936347_1056101327832241_8201996503275223111_o.jpg\" alt=\"\" class=\"wp-image-1950\"\/><\/a><\/figure>\n\n\n\n<figure class=\"wp-block-image size-large\"><a href=\"https:\/\/www.reitverein-ellefeld.de\/?attachment_id=1951\"><img decoding=\"async\" data-id=\"1951\"  src=\"https:\/\/www.reitverein-ellefeld.de\/wp-content\/uploads\/15937189_1056101401165567_2121408593865879116_o.jpg\" alt=\"\" class=\"wp-image-1951\"\/><\/a><\/figure>\n\n\n\n<figure class=\"wp-block-image size-large\"><a href=\"https:\/\/www.reitverein-ellefeld.de\/?attachment_id=1952\"><img decoding=\"async\" data-id=\"1952\"  src=\"https:\/\/www.reitverein-ellefeld.de\/wp-content\/uploads\/15937193_1056101171165590_1125775728132291852_o.jpg\" alt=\"\" class=\"wp-image-1952\"\/><\/a><\/figure>\n\n\n\n<figure class=\"wp-block-image size-large\"><a href=\"https:\/\/www.reitverein-ellefeld.de\/?attachment_id=1946\"><img decoding=\"async\" data-id=\"1946\"  src=\"https:\/\/www.reitverein-ellefeld.de\/wp-content\/uploads\/15844882_1056101104498930_476526676162486155_o.jpg\" alt=\"\" class=\"wp-image-1946\"\/><\/a><\/figure>\n<\/figure>\n\n\n\n<h2 class=\"wp-block-heading _3x-2\">Ellefelder Reiter holen Meistertitel<\/h2>\n\n\n\n<p>Vom 9.-11. September fand auf der Reitanlage des PSV Auerbach-Sorga das j\u00e4hrliche Freiluftturnier statt. Bei diesem wurden dieses Jahr auch die Vogtlandmeisterschaften in Dressur- und Springreiten ausgetragen. Super erfolgreich verlief das Wochenende f\u00fcr Tim S\u00fc\u00df, der im Springreiten Vogtlandmeister der Junioren wurde. Er absolvierte mit dem 6-j\u00e4hrigen Pferd &#8222;Aura&#8220; erfolgreich zwei Springpr\u00fcfungen, die ihm den Meistertitel bescherten. Mit seinem zweiten Pferd &#8222;Rufus&#8220; sicherte er sich zudem im Dressurreiten den Titel Vizemeister seiner Altersklasse.<\/p>\n\n\n\n<p>Den Meistertitel der Dressurreiter \u00fcber 18 Jahre holte sich Sindy Abromeit vom Reit-und Fahrverein Ellefeld e.V.. Sie ritt zwei Dressurpr\u00fcfungen, in denen sie sich mit der Stute &#8222;Westsachsens Dolita&#8220; zwei Mal den 2. Platz sichern konnte und so Vogtlandmeisterin wurde. Der Reit-und Fahrverein Ellefeld e.V. schaut auf ein erfolgreiches Wochenende zur\u00fcck und w\u00fcnscht seinen aktiven Turnierreitern weiterhin viel Erfolg.<\/p>\n\n\n<div class=\"wp-block-image\">\n<figure class=\"aligncenter\"><a href=\"https:\/\/www.reitverein-ellefeld.de\/wp-content\/uploads\/Turnier-Sorga-2016.jpg\"><img decoding=\"async\" src=\"https:\/\/www.reitverein-ellefeld.de\/wp-content\/uploads\/Turnier-Sorga-2016.jpg\" alt=\"Turnier Sorga 2016\" class=\"wp-image-1755\"\/><\/a><\/figure><\/div>\n\n\n<h3 class=\"wp-block-heading\">&nbsp;<\/h3>\n\n\n\n<h2 class=\"wp-block-heading\">Herbstausritt am 23. Oktober 2016<\/h2>\n\n\n\n<p><span style=\"font-size: small;\">Bei herrlichem Wetter konnten wir dieses Jahr unseren Herbstausritt duch das &#8222;sagenhafte Vogtland&#8220; genie\u00dfen.<\/span><\/p>\n\n\n\n<div id=\"js_1b7\" class=\"_5pbx userContent\" data-ft=\"{&quot;tn&quot;:&quot;K&quot;}\">\n<p><\/p><\/div>\n\n\n\n<figure class=\"wp-block-gallery has-nested-images columns-3 is-cropped wp-block-gallery-93 is-layout-flex\">\n<figure class=\"wp-block-image size-large\"><a href=\"https:\/\/www.reitverein-ellefeld.de\/?attachment_id=1884\"><img decoding=\"async\" data-id=\"1884\"  src=\"https:\/\/www.reitverein-ellefeld.de\/wp-content\/uploads\/14589988_980657735376601_1111643922650082113_o.jpg\" alt=\"\" class=\"wp-image-1884\"\/><\/a><\/figure>\n\n\n\n<figure class=\"wp-block-image size-large\"><a href=\"https:\/\/www.reitverein-ellefeld.de\/?attachment_id=1915\"><img decoding=\"async\" data-id=\"1915\"  src=\"https:\/\/www.reitverein-ellefeld.de\/wp-content\/uploads\/14884435_980657692043272_4240273654772968834_o.jpg\" alt=\"\" class=\"wp-image-1915\"\/><\/a><\/figure>\n\n\n\n<figure class=\"wp-block-image size-large\"><a href=\"https:\/\/www.reitverein-ellefeld.de\/?attachment_id=1885\"><img decoding=\"async\" data-id=\"1885\"  src=\"https:\/\/www.reitverein-ellefeld.de\/wp-content\/uploads\/14608719_980657742043267_2231115743454807751_o.jpg\" alt=\"\" class=\"wp-image-1885\"\/><\/a><\/figure>\n\n\n\n<figure class=\"wp-block-image size-large\"><a href=\"https:\/\/www.reitverein-ellefeld.de\/?attachment_id=1886\"><img decoding=\"async\" data-id=\"1886\"  src=\"https:\/\/www.reitverein-ellefeld.de\/wp-content\/uploads\/14615869_980659502043091_8621325521968441311_o.jpg\" alt=\"\" class=\"wp-image-1886\"\/><\/a><\/figure>\n\n\n\n<figure class=\"wp-block-image size-large\"><a href=\"https:\/\/www.reitverein-ellefeld.de\/?attachment_id=1887\"><img decoding=\"async\" data-id=\"1887\"  src=\"https:\/\/www.reitverein-ellefeld.de\/wp-content\/uploads\/14633198_980659058709802_3694681614336719271_o.jpg\" alt=\"\" class=\"wp-image-1887\"\/><\/a><\/figure>\n\n\n\n<figure class=\"wp-block-image size-large\"><a href=\"https:\/\/www.reitverein-ellefeld.de\/?attachment_id=1890\"><img decoding=\"async\" data-id=\"1890\"  src=\"https:\/\/www.reitverein-ellefeld.de\/wp-content\/uploads\/14711447_980657555376619_6890854977991320675_o.jpg\" alt=\"\" class=\"wp-image-1890\"\/><\/a><\/figure>\n\n\n\n<figure class=\"wp-block-image size-large\"><a href=\"https:\/\/www.reitverein-ellefeld.de\/?attachment_id=1891\"><img decoding=\"async\" data-id=\"1891\"  src=\"https:\/\/www.reitverein-ellefeld.de\/wp-content\/uploads\/14711447_980658862043155_3781191074216250243_o.jpg\" alt=\"\" class=\"wp-image-1891\"\/><\/a><\/figure>\n\n\n\n<figure class=\"wp-block-image size-large\"><a href=\"https:\/\/www.reitverein-ellefeld.de\/?attachment_id=1892\"><img decoding=\"async\" data-id=\"1892\"  src=\"https:\/\/www.reitverein-ellefeld.de\/wp-content\/uploads\/14715589_980658348709873_6778660181095153700_o.jpg\" alt=\"\" class=\"wp-image-1892\"\/><\/a><\/figure>\n\n\n\n<figure class=\"wp-block-image size-large\"><a href=\"https:\/\/www.reitverein-ellefeld.de\/?attachment_id=1893\"><img decoding=\"async\" data-id=\"1893\"  src=\"https:\/\/www.reitverein-ellefeld.de\/wp-content\/uploads\/14853050_980657905376584_2125433401338118535_o.jpg\" alt=\"\" class=\"wp-image-1893\"\/><\/a><\/figure>\n\n\n\n<figure class=\"wp-block-image size-large\"><a href=\"https:\/\/www.reitverein-ellefeld.de\/?attachment_id=1894\"><img decoding=\"async\" data-id=\"1894\"  src=\"https:\/\/www.reitverein-ellefeld.de\/wp-content\/uploads\/14853166_980657685376606_5930230412257401550_o.jpg\" alt=\"\" class=\"wp-image-1894\"\/><\/a><\/figure>\n\n\n\n<figure class=\"wp-block-image size-large\"><a href=\"https:\/\/www.reitverein-ellefeld.de\/?attachment_id=1895\"><img decoding=\"async\" data-id=\"1895\"  src=\"https:\/\/www.reitverein-ellefeld.de\/wp-content\/uploads\/14853216_980659462043095_5574119616351985623_o.jpg\" alt=\"\" class=\"wp-image-1895\"\/><\/a><\/figure>\n\n\n\n<figure class=\"wp-block-image size-large\"><a href=\"https:\/\/www.reitverein-ellefeld.de\/?attachment_id=1896\"><img decoding=\"async\" data-id=\"1896\"  src=\"https:\/\/www.reitverein-ellefeld.de\/wp-content\/uploads\/14856005_980658645376510_423125413927199492_o-1.jpg\" alt=\"\" class=\"wp-image-1896\"\/><\/a><\/figure>\n\n\n\n<figure class=\"wp-block-image size-large\"><a href=\"https:\/\/www.reitverein-ellefeld.de\/?attachment_id=1897\"><img decoding=\"async\" data-id=\"1897\"  src=\"https:\/\/www.reitverein-ellefeld.de\/wp-content\/uploads\/14856005_980658645376510_423125413927199492_o.jpg\" alt=\"\" class=\"wp-image-1897\"\/><\/a><\/figure>\n\n\n\n<figure class=\"wp-block-image size-large\"><a href=\"https:\/\/www.reitverein-ellefeld.de\/?attachment_id=1898\"><img decoding=\"async\" data-id=\"1898\"  src=\"https:\/\/www.reitverein-ellefeld.de\/wp-content\/uploads\/14856065_980657565376618_3236120603546504225_o.jpg\" alt=\"\" class=\"wp-image-1898\"\/><\/a><\/figure>\n\n\n\n<figure class=\"wp-block-image size-large\"><a href=\"https:\/\/www.reitverein-ellefeld.de\/?attachment_id=1899\"><img decoding=\"async\" data-id=\"1899\"  src=\"https:\/\/www.reitverein-ellefeld.de\/wp-content\/uploads\/14856112_980657552043286_865832237817417521_o.jpg\" alt=\"\" class=\"wp-image-1899\"\/><\/a><\/figure>\n\n\n\n<figure class=\"wp-block-image size-large\"><a href=\"https:\/\/www.reitverein-ellefeld.de\/?attachment_id=1900\"><img decoding=\"async\" data-id=\"1900\"  src=\"https:\/\/www.reitverein-ellefeld.de\/wp-content\/uploads\/14856180_980658162043225_8889450648391530415_o.jpg\" alt=\"\" class=\"wp-image-1900\"\/><\/a><\/figure>\n\n\n\n<figure class=\"wp-block-image size-large\"><a href=\"https:\/\/www.reitverein-ellefeld.de\/?attachment_id=1901\"><img decoding=\"async\" data-id=\"1901\"  src=\"https:\/\/www.reitverein-ellefeld.de\/wp-content\/uploads\/14859879_980659235376451_6614073680300219427_o.jpg\" alt=\"\" class=\"wp-image-1901\"\/><\/a><\/figure>\n\n\n\n<figure class=\"wp-block-image size-large\"><a href=\"https:\/\/www.reitverein-ellefeld.de\/?attachment_id=1902\"><img decoding=\"async\" data-id=\"1902\"  src=\"https:\/\/www.reitverein-ellefeld.de\/wp-content\/uploads\/14876518_980657648709943_5824305127711468052_o.jpg\" alt=\"\" class=\"wp-image-1902\"\/><\/a><\/figure>\n\n\n\n<figure class=\"wp-block-image size-large\"><a href=\"https:\/\/www.reitverein-ellefeld.de\/?attachment_id=1903\"><img decoding=\"async\" data-id=\"1903\"  src=\"https:\/\/www.reitverein-ellefeld.de\/wp-content\/uploads\/14876634_980659128709795_5656832458910372906_o.jpg\" alt=\"\" class=\"wp-image-1903\"\/><\/a><\/figure>\n\n\n\n<figure class=\"wp-block-image size-large\"><a href=\"https:\/\/www.reitverein-ellefeld.de\/?attachment_id=1904\"><img decoding=\"async\" data-id=\"1904\"  src=\"https:\/\/www.reitverein-ellefeld.de\/wp-content\/uploads\/14876650_980658268709881_5187403763825394598_o.jpg\" alt=\"\" class=\"wp-image-1904\"\/><\/a><\/figure>\n\n\n\n<figure class=\"wp-block-image size-large\"><a href=\"https:\/\/www.reitverein-ellefeld.de\/?attachment_id=1905\"><img decoding=\"async\" data-id=\"1905\"  src=\"https:\/\/www.reitverein-ellefeld.de\/wp-content\/uploads\/14876688_980657762043265_7521164399858919343_o.jpg\" alt=\"\" class=\"wp-image-1905\"\/><\/a><\/figure>\n\n\n\n<figure class=\"wp-block-image size-large\"><a href=\"https:\/\/www.reitverein-ellefeld.de\/?attachment_id=1906\"><img decoding=\"async\" data-id=\"1906\"  src=\"https:\/\/www.reitverein-ellefeld.de\/wp-content\/uploads\/14882112_980659335376441_4378189178793432556_o-1.jpg\" alt=\"\" class=\"wp-image-1906\"\/><\/a><\/figure>\n\n\n\n<figure class=\"wp-block-image size-large\"><a href=\"https:\/\/www.reitverein-ellefeld.de\/?attachment_id=1907\"><img decoding=\"async\" data-id=\"1907\"  src=\"https:\/\/www.reitverein-ellefeld.de\/wp-content\/uploads\/14882112_980659335376441_4378189178793432556_o.jpg\" alt=\"\" class=\"wp-image-1907\"\/><\/a><\/figure>\n\n\n\n<figure class=\"wp-block-image size-large\"><a href=\"https:\/\/www.reitverein-ellefeld.de\/?attachment_id=1908\"><img decoding=\"async\" data-id=\"1908\"  src=\"https:\/\/www.reitverein-ellefeld.de\/wp-content\/uploads\/14882243_980658352043206_3801309040465375736_o.jpg\" alt=\"\" class=\"wp-image-1908\"\/><\/a><\/figure>\n\n\n\n<figure class=\"wp-block-image size-large\"><a href=\"https:\/\/www.reitverein-ellefeld.de\/?attachment_id=1912\"><img decoding=\"async\" data-id=\"1912\"  src=\"https:\/\/www.reitverein-ellefeld.de\/wp-content\/uploads\/14882292_980658978709810_977615912876820180_o.jpg\" alt=\"\" class=\"wp-image-1912\"\/><\/a><\/figure>\n\n\n\n<figure class=\"wp-block-image size-large\"><a href=\"https:\/\/www.reitverein-ellefeld.de\/?attachment_id=1913\"><img decoding=\"async\" data-id=\"1913\"  src=\"https:\/\/www.reitverein-ellefeld.de\/wp-content\/uploads\/14883501_980658345376540_705511635481497548_o.jpg\" alt=\"\" class=\"wp-image-1913\"\/><\/a><\/figure>\n\n\n\n<figure class=\"wp-block-image size-large\"><a href=\"https:\/\/www.reitverein-ellefeld.de\/?attachment_id=1914\"><img decoding=\"async\" data-id=\"1914\"  src=\"https:\/\/www.reitverein-ellefeld.de\/wp-content\/uploads\/14883664_980657998709908_5892184264386656413_o.jpg\" alt=\"\" class=\"wp-image-1914\"\/><\/a><\/figure>\n\n\n\n<figure class=\"wp-block-image size-large\"><a href=\"https:\/\/www.reitverein-ellefeld.de\/?attachment_id=1916\"><img decoding=\"async\" data-id=\"1916\"  src=\"https:\/\/www.reitverein-ellefeld.de\/wp-content\/uploads\/14884491_980657908709917_1549699227088527811_o.jpg\" alt=\"\" class=\"wp-image-1916\"\/><\/a><\/figure>\n\n\n\n<figure class=\"wp-block-image size-large\"><a href=\"https:\/\/www.reitverein-ellefeld.de\/?attachment_id=1917\"><img decoding=\"async\" data-id=\"1917\"  src=\"https:\/\/www.reitverein-ellefeld.de\/wp-content\/uploads\/14884681_980659068709801_7982806837243157839_o.jpg\" alt=\"\" class=\"wp-image-1917\"\/><\/a><\/figure>\n\n\n\n<figure class=\"wp-block-image size-large\"><a href=\"https:\/\/www.reitverein-ellefeld.de\/?attachment_id=1918\"><img decoding=\"async\" data-id=\"1918\"  src=\"https:\/\/www.reitverein-ellefeld.de\/wp-content\/uploads\/14884706_980658285376546_7614416807749353939_o.jpg\" alt=\"\" class=\"wp-image-1918\"\/><\/a><\/figure>\n\n\n\n<figure class=\"wp-block-image size-large\"><a href=\"https:\/\/www.reitverein-ellefeld.de\/?attachment_id=1919\"><img decoding=\"async\" data-id=\"1919\"  src=\"https:\/\/www.reitverein-ellefeld.de\/wp-content\/uploads\/14889915_980658428709865_6705700546210802596_o.jpg\" alt=\"\" class=\"wp-image-1919\"\/><\/a><\/figure>\n\n\n\n<figure class=\"wp-block-image size-large\"><a href=\"https:\/\/www.reitverein-ellefeld.de\/?attachment_id=1920\"><img decoding=\"async\" data-id=\"1920\"  src=\"https:\/\/www.reitverein-ellefeld.de\/wp-content\/uploads\/14890595_980658278709880_5222486492583862176_o.jpg\" alt=\"\" class=\"wp-image-1920\"\/><\/a><\/figure>\n\n\n\n<figure class=\"wp-block-image size-large\"><a href=\"https:\/\/www.reitverein-ellefeld.de\/?attachment_id=1909\"><img decoding=\"async\" data-id=\"1909\"  src=\"https:\/\/www.reitverein-ellefeld.de\/wp-content\/uploads\/14882287_980659602043081_6002692703154913627_o-1.jpg\" alt=\"\" class=\"wp-image-1909\"\/><\/a><\/figure>\n\n\n\n<figure class=\"wp-block-image size-large\"><a href=\"https:\/\/www.reitverein-ellefeld.de\/?attachment_id=1888\"><img decoding=\"async\" data-id=\"1888\"  src=\"https:\/\/www.reitverein-ellefeld.de\/wp-content\/uploads\/14633258_980659635376411_5215234251872997526_o.jpg\" alt=\"\" class=\"wp-image-1888\"\/><\/a><\/figure>\n\n\n\n<figure class=\"wp-block-image size-large\"><a href=\"https:\/\/www.reitverein-ellefeld.de\/?attachment_id=1889\"><img decoding=\"async\" data-id=\"1889\"  src=\"https:\/\/www.reitverein-ellefeld.de\/wp-content\/uploads\/14633657_980659645376410_7307745672506564426_o.jpg\" alt=\"\" class=\"wp-image-1889\"\/><\/a><\/figure>\n<\/figure>\n\n\n\n<div class=\"_3x-2\">&nbsp;<\/div>\n\n\n\n<h2 class=\"wp-block-heading\">Breitensportveranstaltung zur Ellefelder Kirmes am 16. Oktober 2016<\/h2>\n\n\n\n<p>Hier eine kleine Auswahl an Bildern. Weiter Fotos, sortiert nach Pr\u00fcfungen, findest du auf unserer <a href=\"https:\/\/www.facebook.com\/ReitUndFahrvereinEllelfeld\/?fref=ts\">Facebook-Seite<\/a>.<\/p>\n\n\n\n<figure class=\"wp-block-gallery has-nested-images columns-3 is-cropped wp-block-gallery-95 is-layout-flex\">\n<figure class=\"wp-block-image size-large\"><a href=\"https:\/\/www.reitverein-ellefeld.de\/?attachment_id=1811\"><img decoding=\"async\" data-id=\"1811\"  src=\"https:\/\/www.reitverein-ellefeld.de\/wp-content\/uploads\/14876652_982684071840634_3066912297324538072_o.jpg\" alt=\"\" class=\"wp-image-1811\"\/><\/a><\/figure>\n\n\n\n<figure class=\"wp-block-image size-large\"><a href=\"https:\/\/www.reitverein-ellefeld.de\/?attachment_id=1813\"><img decoding=\"async\" data-id=\"1813\"  src=\"https:\/\/www.reitverein-ellefeld.de\/wp-content\/uploads\/14918884_982684131840628_198244169043267531_o.jpg\" alt=\"\" class=\"wp-image-1813\"\/><\/a><\/figure>\n\n\n\n<figure class=\"wp-block-image size-large\"><a href=\"https:\/\/www.reitverein-ellefeld.de\/?attachment_id=1812\"><img decoding=\"async\" data-id=\"1812\"  src=\"https:\/\/www.reitverein-ellefeld.de\/wp-content\/uploads\/14917138_982684595173915_1742637045933577843_o.jpg\" alt=\"\" class=\"wp-image-1812\"\/><\/a><\/figure>\n\n\n\n<figure class=\"wp-block-image size-large\"><a href=\"https:\/\/www.reitverein-ellefeld.de\/?attachment_id=1810\"><img decoding=\"async\" data-id=\"1810\"  src=\"https:\/\/www.reitverein-ellefeld.de\/wp-content\/uploads\/14859790_982684198507288_1677416726451871478_o.jpg\" alt=\"\" class=\"wp-image-1810\"\/><\/a><\/figure>\n\n\n\n<figure class=\"wp-block-image size-large\"><a href=\"https:\/\/www.reitverein-ellefeld.de\/?attachment_id=1809\"><img decoding=\"async\" data-id=\"1809\"  src=\"https:\/\/www.reitverein-ellefeld.de\/wp-content\/uploads\/14856201_982684405173934_754446629823816427_o.jpg\" alt=\"\" class=\"wp-image-1809\"\/><\/a><\/figure>\n\n\n\n<figure class=\"wp-block-image size-large\"><a href=\"https:\/\/www.reitverein-ellefeld.de\/?attachment_id=1808\"><img decoding=\"async\" data-id=\"1808\"  src=\"https:\/\/www.reitverein-ellefeld.de\/wp-content\/uploads\/14853088_982684681840573_6767939150177876063_o.jpg\" alt=\"\" class=\"wp-image-1808\"\/><\/a><\/figure>\n\n\n\n<figure class=\"wp-block-image size-large\"><a href=\"https:\/\/www.reitverein-ellefeld.de\/?attachment_id=1807\"><img decoding=\"async\" data-id=\"1807\"  src=\"https:\/\/www.reitverein-ellefeld.de\/wp-content\/uploads\/14853028_982684691840572_599723991757130650_o.jpg\" alt=\"\" class=\"wp-image-1807\"\/><\/a><\/figure>\n\n\n\n<figure class=\"wp-block-image size-large\"><a href=\"https:\/\/www.reitverein-ellefeld.de\/?attachment_id=1806\"><img decoding=\"async\" data-id=\"1806\"  src=\"https:\/\/www.reitverein-ellefeld.de\/wp-content\/uploads\/14731381_971308189644889_213106106042827740_n.jpg\" alt=\"\" class=\"wp-image-1806\"\/><\/a><\/figure>\n\n\n\n<figure class=\"wp-block-image size-large\"><a href=\"https:\/\/www.reitverein-ellefeld.de\/?attachment_id=1805\"><img decoding=\"async\" data-id=\"1805\"  src=\"https:\/\/www.reitverein-ellefeld.de\/wp-content\/uploads\/14633444_982684258507282_4848831762225292933_o.jpg\" alt=\"\" class=\"wp-image-1805\"\/><\/a><\/figure>\n\n\n\n<figure class=\"wp-block-image size-large\"><a href=\"https:\/\/www.reitverein-ellefeld.de\/?attachment_id=1804\"><img decoding=\"async\" data-id=\"1804\"  src=\"https:\/\/www.reitverein-ellefeld.de\/wp-content\/uploads\/14572400_971308109644897_7637631465660277277_n.jpg\" alt=\"\" class=\"wp-image-1804\"\/><\/a><\/figure>\n<\/figure>\n\n\n\n<h2 class=\"wp-block-heading\">Arbeitseinsatz am 9. Oktober 2016<\/h2>\n\n\n\n<p>Mit vielen flei\u00dfigen H\u00e4nden wurde die Reitanlage vor unserem Kirmes-Turnier auf Vordermann gebracht. Belohnt wurde der Einsatz eine Woche sp\u00e4ter zum Turnier mit herrlichem Kaiserwetter.<\/p>\n\n\n\n<figure class=\"wp-block-gallery has-nested-images columns-3 is-cropped wp-block-gallery-97 is-layout-flex\">\n<figure class=\"wp-block-image size-large\"><a href=\"https:\/\/www.reitverein-ellefeld.de\/?attachment_id=1795\"><img decoding=\"async\" data-id=\"1795\"  src=\"https:\/\/www.reitverein-ellefeld.de\/wp-content\/uploads\/Arbeitseinsatz-in-Ellefeld-23.jpg\" alt=\"\" class=\"wp-image-1795\"\/><\/a><\/figure>\n\n\n\n<figure class=\"wp-block-image size-large\"><a href=\"https:\/\/www.reitverein-ellefeld.de\/?attachment_id=1797\"><img decoding=\"async\" data-id=\"1797\"  src=\"https:\/\/www.reitverein-ellefeld.de\/wp-content\/uploads\/Arbeitseinsatz-in-Ellefeld-26.jpg\" alt=\"\" class=\"wp-image-1797\"\/><\/a><\/figure>\n\n\n\n<figure class=\"wp-block-image size-large\"><a href=\"https:\/\/www.reitverein-ellefeld.de\/?attachment_id=1796\"><img decoding=\"async\" data-id=\"1796\"  src=\"https:\/\/www.reitverein-ellefeld.de\/wp-content\/uploads\/Arbeitseinsatz-in-Ellefeld-24.jpg\" alt=\"\" class=\"wp-image-1796\"\/><\/a><\/figure>\n\n\n\n<figure class=\"wp-block-image size-large\"><a href=\"https:\/\/www.reitverein-ellefeld.de\/?attachment_id=1794\"><img decoding=\"async\" data-id=\"1794\"  src=\"https:\/\/www.reitverein-ellefeld.de\/wp-content\/uploads\/Arbeitseinsatz-in-Ellefeld-21.jpg\" alt=\"\" class=\"wp-image-1794\"\/><\/a><\/figure>\n\n\n\n<figure class=\"wp-block-image size-large\"><a href=\"https:\/\/www.reitverein-ellefeld.de\/?attachment_id=1793\"><img decoding=\"async\" data-id=\"1793\"  src=\"https:\/\/www.reitverein-ellefeld.de\/wp-content\/uploads\/Arbeitseinsatz-in-Ellefeld-20.jpg\" alt=\"\" class=\"wp-image-1793\"\/><\/a><\/figure>\n\n\n\n<figure class=\"wp-block-image size-large\"><a href=\"https:\/\/www.reitverein-ellefeld.de\/?attachment_id=1792\"><img decoding=\"async\" data-id=\"1792\"  src=\"https:\/\/www.reitverein-ellefeld.de\/wp-content\/uploads\/Arbeitseinsatz-in-Ellefeld-19.jpg\" alt=\"\" class=\"wp-image-1792\"\/><\/a><\/figure>\n\n\n\n<figure class=\"wp-block-image size-large\"><a href=\"https:\/\/www.reitverein-ellefeld.de\/?attachment_id=1791\"><img decoding=\"async\" data-id=\"1791\"  src=\"https:\/\/www.reitverein-ellefeld.de\/wp-content\/uploads\/Arbeitseinsatz-in-Ellefeld-18.jpg\" alt=\"\" class=\"wp-image-1791\"\/><\/a><\/figure>\n\n\n\n<figure class=\"wp-block-image size-large\"><a href=\"https:\/\/www.reitverein-ellefeld.de\/?attachment_id=1790\"><img decoding=\"async\" data-id=\"1790\"  src=\"https:\/\/www.reitverein-ellefeld.de\/wp-content\/uploads\/Arbeitseinsatz-in-Ellefeld-17.jpg\" alt=\"\" class=\"wp-image-1790\"\/><\/a><\/figure>\n\n\n\n<figure class=\"wp-block-image size-large\"><a href=\"https:\/\/www.reitverein-ellefeld.de\/?attachment_id=1789\"><img decoding=\"async\" data-id=\"1789\"  src=\"https:\/\/www.reitverein-ellefeld.de\/wp-content\/uploads\/Arbeitseinsatz-in-Ellefeld-16.jpg\" alt=\"\" class=\"wp-image-1789\"\/><\/a><\/figure>\n\n\n\n<figure class=\"wp-block-image size-large\"><a href=\"https:\/\/www.reitverein-ellefeld.de\/?attachment_id=1788\"><img decoding=\"async\" data-id=\"1788\"  src=\"https:\/\/www.reitverein-ellefeld.de\/wp-content\/uploads\/Arbeitseinsatz-in-Ellefeld-14.jpg\" alt=\"\" class=\"wp-image-1788\"\/><\/a><\/figure>\n\n\n\n<figure class=\"wp-block-image size-large\"><a href=\"https:\/\/www.reitverein-ellefeld.de\/?attachment_id=1787\"><img decoding=\"async\" data-id=\"1787\"  src=\"https:\/\/www.reitverein-ellefeld.de\/wp-content\/uploads\/Arbeitseinsatz-in-Ellefeld-12.jpg\" alt=\"\" class=\"wp-image-1787\"\/><\/a><\/figure>\n<\/figure>\n\n\n\n<h2 class=\"wp-block-heading\">Ellefelder Reiter holen Meistertitel<\/h2>\n\n\n\n<p>Vom 9.-11. September fand auf der Reitanlage des PSV Auerbach-Sorga das j\u00e4hrliche Freiluftturnier statt. Bei diesem wurden dieses Jahr auch die Vogtlandmeisterschaften in Dressur- und Springreiten ausgetragen. Super erfolgreich verlief das Wochenende f\u00fcr Tim S\u00fc\u00df, der im Springreiten Vogtlandmeister der Junioren wurde. Er absolvierte mit dem 6-j\u00e4hrigen Pferd &#8222;Aura&#8220; erfolgreich zwei Springpr\u00fcfungen, die ihm den Meistertitel bescherten. Mit seinem zweiten Pferd &#8222;Rufus&#8220; sicherte er sich zudem im Dressurreiten den Titel Vizemeister seiner Altersklasse.<\/p>\n\n\n\n<p>Den Meistertitel der Dressurreiter \u00fcber 18 Jahre holte sich Sindy Abromeit vom Reit-und Fahrverein Ellefeld e.V.. Sie ritt zwei Dressurpr\u00fcfungen, in denen sie sich mit der Stute &#8222;Westsachsens Dolita&#8220; zwei Mal den 2. Platz sichern konnte und so Vogtlandmeisterin wurde. Der Reit-und Fahrverein Ellefeld e.V. schaut auf ein erfolgreiches Wochenende zur\u00fcck und w\u00fcnscht seinen aktiven Turnierreitern weiterhin viel Erfolg.<\/p>\n\n\n<div class=\"wp-block-image\">\n<figure class=\"aligncenter\"><a href=\"https:\/\/www.reitverein-ellefeld.de\/wp-content\/uploads\/Turnier-Sorga-2016.jpg\"><img decoding=\"async\" src=\"https:\/\/www.reitverein-ellefeld.de\/wp-content\/uploads\/Turnier-Sorga-2016.jpg\" alt=\"Turnier Sorga 2016\" class=\"wp-image-1755\"\/><\/a><\/figure><\/div>\n\n\n<h3 class=\"wp-block-heading\">&nbsp;<\/h3>\n\n\n\n<h2 class=\"wp-block-heading\">30. April und 1. Mai 2016: Flutlichtreiten zum Besenbrennen und 20 Jahre Reithalle zum Tag der Offenen Stallt\u00fcr<\/h2>\n\n\n\n<p>Ein positives Res\u00fcmee ziehen die Mitglieder des Reit-und Fahrverein Ellefeld vom vergangenen Wochenende. Am Sonnabend zum H\u00f6henfeuer beeindruckten sie unter Flutlicht die kleinen und gro\u00dfen Zuschauer mit der schon traditionellen Fohlentaufe. Die Fohlen von Sch\u00f6nigers wurden unter anderem auf die Namen &#8222;Angel&#8220; , &#8222;Armada&#8220;, &#8222;Merlin&#8220; und &#8222;Magnus&#8220; durch den erfolgreichen Z\u00fcchter Arndt Sch\u00f6niger getauft. Gleich im Anschluss ging es ra<span class=\"text_exposed_show\">sant mit einem Kost\u00fcmspringen und Stechen weiter, welches Jennifer Massalsky auf Cyrill vom heimischen Verein souver\u00e4n f\u00fcr sich entscheiden konnte. Der Preis f\u00fcr das beste Kost\u00fcm ging an Antonia Akin auf Chevalle S, die als Pippi Langstrumpf ihre Runden zog. Zu diesem Event gibt es auf <a href=\"http:\/\/https:\/\/www.facebook.com\/ReitUndFahrvereinEllelfeld\/?fref=ts\">Facebook <\/a>ein tolles Video<\/span><span class=\"text_exposed_show\">, also seid gespannt !<\/span><\/p>\n\n\n\n<div id=\"id_573c84a4458049104283795\" class=\"text_exposed_root text_exposed\">\n<div class=\"text_exposed_show\">\n<p style=\"text-align: justify;\">Am darauf folgenden 1. Mai nahm der Reitstall an der bundesweiten Aktion &#8222;Komm zum Pferd!&#8220; &#8211; einem Tag der offenen Stallt\u00fcr teil. Dies ist eine Aktion der Deutschen Reiterlichen Vereinigung (FN) und des Landesverbandes Pferdesport Sachsen. Die Veranstaltung wurde sehr gut angenommen und die Besucher konnten die frisch getauften Fohlen bei ihren Freudenspr\u00fcngen beobachten, eine Bilderausstellung rund um den Verein bewundern, etwas \u00fcber das Putzen von Pferden und deren Ausr\u00fcstung lernen oder sich auch selbst einmal beim Schnupperreiten in den Sattel schwingen. Die Kutschenausstellung und eine Videopr\u00e4sentation der Reithalleneinweihung vor genau 20 Jahren waren echte Publikumsmagneten. Weitere H\u00f6hepunkte waren die F\u00fchrung \u00fcber die Reitanlage und das Zusehen bzw. Zuh\u00f6ren bei der Unterrichtserteilung im Dressurreiten durch den Olympia-Teilnehmer und Deutschen Meister der Para-Reiter Steffen Zeibig. Es war rundum ein gelungenes Wochenende f\u00fcr den Reit-und Fahrverein Ellefeld. Gez\u00e4hlt wurden weit \u00fcber 500 Besucher, welche beispielsweise aus Pausa, Leubnitz und Werdau, sowie aus Sch\u00f6nheide und Schneeberg anreisten, um sich ein Bild von der Ellefelder Pferdewelt zu machen.<\/p>\n<\/div>\n<\/div>\n\n\n\n<figure class=\"wp-block-gallery has-nested-images columns-3 is-cropped wp-block-gallery-99 is-layout-flex\">\n<figure class=\"wp-block-image size-large\"><a href=\"https:\/\/www.reitverein-ellefeld.de\/?attachment_id=1643\"><img decoding=\"async\" data-id=\"1643\"  src=\"https:\/\/www.reitverein-ellefeld.de\/wp-content\/uploads\/TdoS-2016-2.jpg\" alt=\"\" class=\"wp-image-1643\"\/><\/a><\/figure>\n\n\n\n<figure class=\"wp-block-image size-large\"><a href=\"https:\/\/www.reitverein-ellefeld.de\/?attachment_id=1644\"><img decoding=\"async\" data-id=\"1644\"  src=\"https:\/\/www.reitverein-ellefeld.de\/wp-content\/uploads\/TdoS-2016-3.jpg\" alt=\"\" class=\"wp-image-1644\"\/><\/a><\/figure>\n\n\n\n<figure class=\"wp-block-image size-large\"><a href=\"https:\/\/www.reitverein-ellefeld.de\/?attachment_id=1645\"><img decoding=\"async\" data-id=\"1645\"  src=\"https:\/\/www.reitverein-ellefeld.de\/wp-content\/uploads\/TdoS-2016-4.jpg\" alt=\"\" class=\"wp-image-1645\"\/><\/a><\/figure>\n\n\n\n<figure class=\"wp-block-image size-large\"><a href=\"https:\/\/www.reitverein-ellefeld.de\/?attachment_id=1646\"><img decoding=\"async\" data-id=\"1646\"  src=\"https:\/\/www.reitverein-ellefeld.de\/wp-content\/uploads\/TdoS-2016-5.jpg\" alt=\"\" class=\"wp-image-1646\"\/><\/a><\/figure>\n\n\n\n<figure class=\"wp-block-image size-large\"><a href=\"https:\/\/www.reitverein-ellefeld.de\/?attachment_id=1647\"><img decoding=\"async\" data-id=\"1647\"  src=\"https:\/\/www.reitverein-ellefeld.de\/wp-content\/uploads\/TdoS-2016-6.jpg\" alt=\"\" class=\"wp-image-1647\"\/><\/a><\/figure>\n\n\n\n<figure class=\"wp-block-image size-large\"><a href=\"https:\/\/www.reitverein-ellefeld.de\/?attachment_id=1648\"><img decoding=\"async\" data-id=\"1648\"  src=\"https:\/\/www.reitverein-ellefeld.de\/wp-content\/uploads\/TdoS-2016-7.jpg\" alt=\"\" class=\"wp-image-1648\"\/><\/a><\/figure>\n\n\n\n<figure class=\"wp-block-image size-large\"><a href=\"https:\/\/www.reitverein-ellefeld.de\/?attachment_id=1649\"><img decoding=\"async\" data-id=\"1649\"  src=\"https:\/\/www.reitverein-ellefeld.de\/wp-content\/uploads\/TdoS-2016-8.jpg\" alt=\"\" class=\"wp-image-1649\"\/><\/a><\/figure>\n\n\n\n<figure class=\"wp-block-image size-large\"><a href=\"https:\/\/www.reitverein-ellefeld.de\/?attachment_id=1650\"><img decoding=\"async\" data-id=\"1650\"  src=\"https:\/\/www.reitverein-ellefeld.de\/wp-content\/uploads\/TdoS-2016-10.jpg\" alt=\"\" class=\"wp-image-1650\"\/><\/a><\/figure>\n\n\n\n<figure class=\"wp-block-image size-large\"><a href=\"https:\/\/www.reitverein-ellefeld.de\/?attachment_id=1651\"><img decoding=\"async\" data-id=\"1651\"  src=\"https:\/\/www.reitverein-ellefeld.de\/wp-content\/uploads\/TdoS-2016-11.jpg\" alt=\"\" class=\"wp-image-1651\"\/><\/a><\/figure>\n\n\n\n<figure class=\"wp-block-image size-large\"><a href=\"https:\/\/www.reitverein-ellefeld.de\/?attachment_id=1652\"><img decoding=\"async\" data-id=\"1652\"  src=\"https:\/\/www.reitverein-ellefeld.de\/wp-content\/uploads\/TdoS-2016-12.jpg\" alt=\"\" class=\"wp-image-1652\"\/><\/a><\/figure>\n\n\n\n<figure class=\"wp-block-image size-large\"><a href=\"https:\/\/www.reitverein-ellefeld.de\/?attachment_id=1653\"><img decoding=\"async\" data-id=\"1653\"  src=\"https:\/\/www.reitverein-ellefeld.de\/wp-content\/uploads\/TdoS-2016-13.jpg\" alt=\"\" class=\"wp-image-1653\"\/><\/a><\/figure>\n\n\n\n<figure class=\"wp-block-image size-large\"><a href=\"https:\/\/www.reitverein-ellefeld.de\/?attachment_id=1654\"><img decoding=\"async\" data-id=\"1654\"  src=\"https:\/\/www.reitverein-ellefeld.de\/wp-content\/uploads\/TdoS-2016-14.jpg\" alt=\"\" class=\"wp-image-1654\"\/><\/a><\/figure>\n\n\n\n<figure class=\"wp-block-image size-large\"><a href=\"https:\/\/www.reitverein-ellefeld.de\/?attachment_id=1655\"><img decoding=\"async\" data-id=\"1655\"  src=\"https:\/\/www.reitverein-ellefeld.de\/wp-content\/uploads\/TdoS-2016-15.jpg\" alt=\"\" class=\"wp-image-1655\"\/><\/a><\/figure>\n\n\n\n<figure class=\"wp-block-image size-large\"><a href=\"https:\/\/www.reitverein-ellefeld.de\/?attachment_id=1656\"><img decoding=\"async\" data-id=\"1656\"  src=\"https:\/\/www.reitverein-ellefeld.de\/wp-content\/uploads\/TdoS-2016-16.jpg\" alt=\"\" class=\"wp-image-1656\"\/><\/a><\/figure>\n\n\n\n<figure class=\"wp-block-image size-large\"><a href=\"https:\/\/www.reitverein-ellefeld.de\/?attachment_id=1657\"><img decoding=\"async\" data-id=\"1657\"  src=\"https:\/\/www.reitverein-ellefeld.de\/wp-content\/uploads\/TdoS-2016-17.jpg\" alt=\"\" class=\"wp-image-1657\"\/><\/a><\/figure>\n\n\n\n<figure class=\"wp-block-image size-large\"><a href=\"https:\/\/www.reitverein-ellefeld.de\/?attachment_id=1658\"><img decoding=\"async\" data-id=\"1658\"  src=\"https:\/\/www.reitverein-ellefeld.de\/wp-content\/uploads\/TdoS-2016-18.jpg\" alt=\"\" class=\"wp-image-1658\"\/><\/a><\/figure>\n\n\n\n<figure class=\"wp-block-image size-large\"><a href=\"https:\/\/www.reitverein-ellefeld.de\/?attachment_id=1659\"><img decoding=\"async\" data-id=\"1659\"  src=\"https:\/\/www.reitverein-ellefeld.de\/wp-content\/uploads\/TdoS-2016-19.jpg\" alt=\"\" class=\"wp-image-1659\"\/><\/a><\/figure>\n\n\n\n<figure class=\"wp-block-image size-large\"><a href=\"https:\/\/www.reitverein-ellefeld.de\/?attachment_id=1660\"><img decoding=\"async\" data-id=\"1660\"  src=\"https:\/\/www.reitverein-ellefeld.de\/wp-content\/uploads\/TdoS-2016-20.jpg\" alt=\"\" class=\"wp-image-1660\"\/><\/a><\/figure>\n\n\n\n<figure class=\"wp-block-image size-large\"><a href=\"https:\/\/www.reitverein-ellefeld.de\/?attachment_id=1642\"><img decoding=\"async\" data-id=\"1642\"  src=\"https:\/\/www.reitverein-ellefeld.de\/wp-content\/uploads\/TdoS-2016-1.jpg\" alt=\"\" class=\"wp-image-1642\"\/><\/a><\/figure>\n<\/figure>\n\n\n\n<h2 class=\"wp-block-heading text_exposed_root text_exposed\" id=\"id_5714ea805805b2567687700\"><strong>Erfolge beim S\u00e4chsisch-Th\u00fcringischen Jungz\u00fcchterwettbewerb<\/strong><\/h2>\n\n\n\n<p>Der S\u00e4chsisch-Th\u00fcringische Jungz\u00fcchterwettbewerb fand zur Messe Reiten-Jagen-Fischen in Erfurt statt. Es war das erste mal dass die beiden Zuchtbezirke einen gemeinsamen Wettbewerb ausrichteten. Genannt waren 142 Teilnehmer aus Sachsen und Th\u00fcringen in vier Altersklassen. Die jungen Pferdeleute haben sich im Vormustern und Beurteilen von Pferden, sowie in einem umfassenden Theorieteil gemessen. Die Teilnehmer unserer Pferdeseminare demonstrierten viel Wissen und K\u00f6nnen rund ums Pferd.<\/p>\n\n\n\n<p>Hier ein Auszug aus den Ergebnissen:<\/p>\n\n\n\n<ul>\n<li>Willy Seidel, 2. Platz Pferdebeurteilung (AK II, 60 Starter)<\/li>\n\n\n\n<li>Emi M\u00fcller, 5. Platz Vormustern (AK II, 60 Starter)<\/li>\n\n\n\n<li>Soleil Schmidt, 7. Platz Theorie (AK II, 60 Starter)<\/li>\n\n\n\n<li>Lisa Ernst, 4. Platz Gesamtwertung (AK III, 38 Starter)<\/li>\n\n\n\n<li>Anna Schricker, 5. Platz Gesamtwertung (AK III, 38 Starter)<\/li>\n\n\n\n<li>Tim S\u00fc\u00df, 1. Platz Vormustern (AK III, 38 Starter)<\/li>\n\n\n\n<li>Carsten Schmidt, 3. Platz Theorie (AK III, 38 Starter)<\/li>\n\n\n\n<li>Rebecca Kl\u00e4rner, 8. Platz Theorie (AK III, 38 Starter)<\/li>\n\n\n\n<li>Arno K\u00fchn, 4. Platz Pferdebeurteilung (AK IV, 22 Starter)<\/li>\n<\/ul>\n\n\n\n<h2 class=\"wp-block-heading\"><strong>6. Dezember 2015: Reitvereinsweihnachtsfeier<\/strong><\/h2>\n\n\n\n<p>Die diesj\u00e4hrige Weihnachtsfeier des RFV Ellefeld f\u00fchrte uns ins &#8222;Gest\u00fct Elstertal&#8220;, wo wir den &#8222;Zauber der Pferde&#8220; genie\u00dfen durften und anschlie\u00dfend lie\u00dfen wir den Abend bei Gl\u00fchwein gem\u00fctlich ausklingen.<\/p>\n\n\n\n<figure class=\"wp-block-gallery has-nested-images columns-3 is-cropped wp-block-gallery-101 is-layout-flex\">\n<figure class=\"wp-block-image size-large\"><a href=\"https:\/\/www.reitverein-ellefeld.de\/?attachment_id=1545\"><img decoding=\"async\" data-id=\"1545\"  src=\"https:\/\/www.reitverein-ellefeld.de\/wp-content\/uploads\/IMG_4505.jpg\" alt=\"\" class=\"wp-image-1545\"\/><\/a><\/figure>\n\n\n\n<figure class=\"wp-block-image size-large\"><a href=\"https:\/\/www.reitverein-ellefeld.de\/?attachment_id=1547\"><img decoding=\"async\" data-id=\"1547\"  src=\"https:\/\/www.reitverein-ellefeld.de\/wp-content\/uploads\/IMG_4507.jpg\" alt=\"\" class=\"wp-image-1547\"\/><\/a><\/figure>\n\n\n\n<figure class=\"wp-block-image size-large\"><a href=\"https:\/\/www.reitverein-ellefeld.de\/?attachment_id=1544\"><img decoding=\"async\" data-id=\"1544\"  src=\"https:\/\/www.reitverein-ellefeld.de\/wp-content\/uploads\/IMG_4504.jpg\" alt=\"\" class=\"wp-image-1544\"\/><\/a><\/figure>\n\n\n\n<figure class=\"wp-block-image size-large\"><a href=\"https:\/\/www.reitverein-ellefeld.de\/?attachment_id=1546\"><img decoding=\"async\" data-id=\"1546\"  src=\"https:\/\/www.reitverein-ellefeld.de\/wp-content\/uploads\/IMG_4506.jpg\" alt=\"\" class=\"wp-image-1546\"\/><\/a><\/figure>\n<\/figure>\n\n\n\n<h2 class=\"wp-block-heading\"><strong>29. November 2015: M\u00e4rchenumzug<\/strong><\/h2>\n\n\n\n<p>Am ersten Adventssonntag fand auch dieses Jahr wieder der M\u00e4rchenumzug in Auerbach statt und unsere Reitvereinsmitglieder waren nat\u00fcrlich wieder zahlreich dabei: Der Wolf und die Sieben Gei\u00dflein waren vertreten, Prinzen, Engel, J\u00e4ger und der Weihnachtsmann waren zu sehen &#8230;<\/p>\n\n\n\n<figure class=\"wp-block-gallery has-nested-images columns-3 is-cropped wp-block-gallery-103 is-layout-flex\">\n<figure class=\"wp-block-image size-large\"><a href=\"https:\/\/www.reitverein-ellefeld.de\/?attachment_id=1536\"><img decoding=\"async\" data-id=\"1536\"  src=\"https:\/\/www.reitverein-ellefeld.de\/wp-content\/uploads\/Maerchenumzug-Auerbach-5.jpg\" alt=\"\" class=\"wp-image-1536\"\/><\/a><\/figure>\n\n\n\n<figure class=\"wp-block-image size-large\"><a href=\"https:\/\/www.reitverein-ellefeld.de\/?attachment_id=1535\"><img decoding=\"async\" data-id=\"1535\"  src=\"https:\/\/www.reitverein-ellefeld.de\/wp-content\/uploads\/Maerchenumzug-Auerbach-4.jpg\" alt=\"\" class=\"wp-image-1535\"\/><\/a><\/figure>\n\n\n\n<figure class=\"wp-block-image size-large\"><a href=\"https:\/\/www.reitverein-ellefeld.de\/?attachment_id=1534\"><img decoding=\"async\" data-id=\"1534\"  src=\"https:\/\/www.reitverein-ellefeld.de\/wp-content\/uploads\/Maerchenumzug-Auerbach-3.jpg\" alt=\"\" class=\"wp-image-1534\"\/><\/a><\/figure>\n\n\n\n<figure class=\"wp-block-image size-large\"><a href=\"https:\/\/www.reitverein-ellefeld.de\/?attachment_id=1533\"><img decoding=\"async\" data-id=\"1533\"  src=\"https:\/\/www.reitverein-ellefeld.de\/wp-content\/uploads\/Maerchenumzug-Auerbach-2.jpg\" alt=\"\" class=\"wp-image-1533\"\/><\/a><\/figure>\n\n\n\n<figure class=\"wp-block-image size-large\"><a href=\"https:\/\/www.reitverein-ellefeld.de\/?attachment_id=1532\"><img decoding=\"async\" data-id=\"1532\"  src=\"https:\/\/www.reitverein-ellefeld.de\/wp-content\/uploads\/Maerchenumzug-Auerbach-1.jpg\" alt=\"\" class=\"wp-image-1532\"\/><\/a><\/figure>\n\n\n\n<figure class=\"wp-block-image size-large\"><a href=\"https:\/\/www.reitverein-ellefeld.de\/?attachment_id=1515\"><img decoding=\"async\" data-id=\"1515\"  src=\"https:\/\/www.reitverein-ellefeld.de\/wp-content\/uploads\/SAM_8442.jpg\" alt=\"\" class=\"wp-image-1515\"\/><\/a><\/figure>\n<\/figure>\n\n\n\n<h2 class=\"wp-block-heading\">Hochzeit von Gunter und Marie, Oktober 2015<\/h2>\n\n\n<div class=\"wp-block-image\">\n<figure class=\"aligncenter\"><a href=\"https:\/\/www.reitverein-ellefeld.de\/wp-content\/uploads\/Hochzeit-Gunter.jpg\"><img decoding=\"async\" src=\"https:\/\/www.reitverein-ellefeld.de\/wp-content\/uploads\/Hochzeit-Gunter-631x1024.jpg\" alt=\"Hochzeit Gunter\" class=\"wp-image-1541\"\/><\/a><\/figure><\/div>\n\n\n<h2 class=\"wp-block-heading\">Hochhzeit von Inka und Hendrik, Mai 2015<\/h2>\n\n\n\n<p>Der &#8222;Reit- und Fahrverein Ellefeld&#8220; w\u00fcnscht dem Brautpaar Inka und Hendrik alles Gute zu ihrer Hochzeit!<\/p>\n\n\n<div class=\"wp-block-image\">\n<figure class=\"aligncenter\"><a href=\"https:\/\/www.reitverein-ellefeld.de\/wp-content\/uploads\/Hochzeit-Inka.jpg\"><img decoding=\"async\" src=\"https:\/\/www.reitverein-ellefeld.de\/wp-content\/uploads\/Hochzeit-Inka-300x261.jpg\" alt=\"Hochzeit Inka\" class=\"wp-image-1498\"\/><\/a><\/figure><\/div>\n\n\n<h2 class=\"wp-block-heading\">Fohlentaufe, Tonnenreiten und Kostmsp\u00fcringen zum H\u00f6henfeuer am 30. April 2015<\/h2>\n\n\n<div class=\"wp-block-image\">\n<figure class=\"aligncenter\"><a href=\"https:\/\/www.reitverein-ellefeld.de\/wp-content\/uploads\/Artikel-Flutlichtreiten.jpg\"><img decoding=\"async\" src=\"https:\/\/www.reitverein-ellefeld.de\/wp-content\/uploads\/Artikel-Flutlichtreiten-1024x914.jpg\" alt=\"Artikel Flutlichtreiten\" class=\"wp-image-1492\"\/><\/a><\/figure><\/div>\n\n\n<figure class=\"wp-block-gallery has-nested-images columns-3 is-cropped wp-block-gallery-105 is-layout-flex\">\n<figure class=\"wp-block-image size-large\"><a href=\"https:\/\/www.reitverein-ellefeld.de\/?attachment_id=1501\"><img decoding=\"async\" data-id=\"1501\"  src=\"https:\/\/www.reitverein-ellefeld.de\/wp-content\/uploads\/Clipboard02.jpg\" alt=\"\" class=\"wp-image-1501\"\/><\/a><\/figure>\n\n\n\n<figure class=\"wp-block-image size-large\"><a href=\"https:\/\/www.reitverein-ellefeld.de\/?attachment_id=1504\"><img decoding=\"async\" data-id=\"1504\"  src=\"https:\/\/www.reitverein-ellefeld.de\/wp-content\/uploads\/Clipboard05.jpg\" alt=\"\" class=\"wp-image-1504\"\/><\/a><\/figure>\n\n\n\n<figure class=\"wp-block-image size-large\"><a href=\"https:\/\/www.reitverein-ellefeld.de\/?attachment_id=1503\"><img decoding=\"async\" data-id=\"1503\"  src=\"https:\/\/www.reitverein-ellefeld.de\/wp-content\/uploads\/Clipboard04.jpg\" alt=\"\" class=\"wp-image-1503\"\/><\/a><\/figure>\n\n\n\n<figure class=\"wp-block-image size-large\"><a href=\"https:\/\/www.reitverein-ellefeld.de\/?attachment_id=1502\"><img decoding=\"async\" data-id=\"1502\"  src=\"https:\/\/www.reitverein-ellefeld.de\/wp-content\/uploads\/Clipboard03.jpg\" alt=\"\" class=\"wp-image-1502\"\/><\/a><\/figure>\n\n\n\n<figure class=\"wp-block-image size-large\"><a href=\"https:\/\/www.reitverein-ellefeld.de\/?attachment_id=1493\"><img decoding=\"async\" data-id=\"1493\"  src=\"https:\/\/www.reitverein-ellefeld.de\/wp-content\/uploads\/Clipboard01.jpg\" alt=\"\" class=\"wp-image-1493\"\/><\/a><\/figure>\n\n\n\n<figure class=\"wp-block-image size-large\"><a href=\"https:\/\/www.reitverein-ellefeld.de\/?attachment_id=1495\"><img decoding=\"async\" data-id=\"1495\"  src=\"https:\/\/www.reitverein-ellefeld.de\/wp-content\/uploads\/IMG_2275.jpg\" alt=\"\" class=\"wp-image-1495\"\/><\/a><\/figure>\n\n\n\n<figure class=\"wp-block-image size-large\"><a href=\"https:\/\/www.reitverein-ellefeld.de\/?attachment_id=1494\"><img decoding=\"async\" data-id=\"1494\"  src=\"https:\/\/www.reitverein-ellefeld.de\/wp-content\/uploads\/IMG_2265.jpg\" alt=\"\" class=\"wp-image-1494\"\/><\/a><\/figure>\n\n\n\n<figure class=\"wp-block-image size-large\"><a href=\"https:\/\/www.reitverein-ellefeld.de\/?attachment_id=1505\"><img decoding=\"async\" data-id=\"1505\"  src=\"https:\/\/www.reitverein-ellefeld.de\/wp-content\/uploads\/Clipboard06.jpg\" alt=\"\" class=\"wp-image-1505\"\/><\/a><\/figure>\n<\/figure>\n\n\n\n<h2 class=\"wp-block-heading\">Arbeitseinsatz, April 2015<\/h2>\n\n\n\n<p>Zum Arbeitseinsatz waren wieder viele flei\u00dfige Helfer am Werk, um Reitplatz, Halle und Stall f\u00fcr das Besenbrennen schick zu machen!<\/p>\n\n\n\n<figure class=\"wp-block-gallery has-nested-images columns-3 is-cropped wp-block-gallery-107 is-layout-flex\">\n<figure class=\"wp-block-image size-large\"><a href=\"https:\/\/www.reitverein-ellefeld.de\/?attachment_id=1509\"><img decoding=\"async\" data-id=\"1509\"  src=\"https:\/\/www.reitverein-ellefeld.de\/wp-content\/uploads\/Bild4.jpg\" alt=\"\" class=\"wp-image-1509\"\/><\/a><\/figure>\n\n\n\n<figure class=\"wp-block-image size-large\"><a href=\"https:\/\/www.reitverein-ellefeld.de\/?attachment_id=1508\"><img decoding=\"async\" data-id=\"1508\"  src=\"https:\/\/www.reitverein-ellefeld.de\/wp-content\/uploads\/Bild3.jpg\" alt=\"\" class=\"wp-image-1508\"\/><\/a><\/figure>\n\n\n\n<figure class=\"wp-block-image size-large\"><a href=\"https:\/\/www.reitverein-ellefeld.de\/?attachment_id=1507\"><img decoding=\"async\" data-id=\"1507\"  src=\"https:\/\/www.reitverein-ellefeld.de\/wp-content\/uploads\/Bild2.jpg\" alt=\"\" class=\"wp-image-1507\"\/><\/a><\/figure>\n\n\n\n<figure class=\"wp-block-image size-large\"><a href=\"https:\/\/www.reitverein-ellefeld.de\/?attachment_id=1506\"><img decoding=\"async\" data-id=\"1506\"  src=\"https:\/\/www.reitverein-ellefeld.de\/wp-content\/uploads\/Bild1.jpg\" alt=\"\" class=\"wp-image-1506\"\/><\/a><\/figure>\n<\/figure>\n\n\n\n<h2 class=\"wp-block-heading\">Artikel im Ellefelder Bote, April 2015<\/h2>\n\n\n<div class=\"wp-block-image\">\n<figure class=\"aligncenter\"><a href=\"https:\/\/www.reitverein-ellefeld.de\/wp-content\/uploads\/Sporen.png\"><img decoding=\"async\" src=\"https:\/\/www.reitverein-ellefeld.de\/wp-content\/uploads\/Sporen.png\" alt=\"Sporen\" class=\"wp-image-1511\"\/><\/a><\/figure><\/div>\n\n\n<h2 class=\"wp-block-heading\">Skij\u00f6ring 2015<\/h2>\n\n\n\n<p>Die Neuauflage dieses au\u00dfergew\u00f6hnlichen Wettbewerbes war ein voller Erfolg. Unsere Reiter erlebten in Hammerbr\u00fccke einen herrlichen Wintertag und packende Wettk\u00e4mpfe. Vielen Dank an die Organisatoren vom Vogtl\u00e4ndischen Reiterbund e.V. und Familie Voigtmann!<\/p>\n\n\n<div class=\"wp-block-image\">\n<figure class=\"aligncenter\"><a href=\"https:\/\/www.reitverein-ellefeld.de\/wp-content\/uploads\/Skij\u00c3\u00b6ring-2015.jpg\"><img decoding=\"async\" src=\"https:\/\/www.reitverein-ellefeld.de\/wp-content\/uploads\/Skij\u00c3\u00b6ring-2015-300x300.jpg\" alt=\"Skij\u00c3\u00b6ring 2015\" class=\"wp-image-1491\"\/><\/a><\/figure><\/div>\n\n\n<h2 class=\"wp-block-heading\"><strong>Faschingsumzug durch Ellefeld, Feburar 2015<br><\/strong><\/h2>\n\n\n\n<p>Was haben K\u00f6ln am Rhein und Ellefeld an der G\u00f6ltzsch gemeinsam? Es ist die Faschingszeit mit ihren bunten lustvollen Umz\u00fcgen, die mehr oder weniger weltber\u00fchmt sind &#8211; der Ellefelder Zug eher weniger als mehr, aber immerhin: Im G\u00f6ltzschtal zwischen Falkenstein und Rodewisch waren es die Ellefelder alleine, die am Faschings-Sonntag 2015 in Hochstimmung unterwegs waren. Anderenorts soll es an jenem Sonntagnachmittag in manchen H\u00e4usern des G\u00f6ltzschtales in Falkenstein, Auerbach und Rodewisch nur zu ausschweifenden Gelagen mit Kaffee und Pfannkuchen gekommen sein.<\/p>\n\n\n\n<p>Der vielbeinige Umzug (62 Beine!) formierte sich am Sch\u00f6niger-Reitstall, die Pferde fein geputzt, im Sattel die Masken international. Eine russische Braunb\u00e4rin hatte sich einen Jungen aus der Familie geschnappt und vor sich aufs Pferd gesetzt, daneben ritt ein feuriger Spanier im Strohhut und Sonnenbrille frierend auf der Lindenstra\u00dfe durch das winterliche Ellefeld. Der lachende Ami-Pr\u00e4sident Obama hatte seine rothaarige langbeinige Freundin mitgebracht, die unternehmungslustig an seiner Seite ritt. Im Zug vorne und hinten tummelten sich andere geheimnisvolle Pers\u00f6nlichkeiten. Ganz vorne der Stimmungseinpeitscher in Motorrad-Klamotten, der regelm\u00e4\u00dfig den gemeinsamen 3fach-Schlachtruf &#8222;RFV Helau!&#8220; anstimmte. Das donnernde &#8222;Helau&#8220; ert\u00f6nte auch mehrmals auf dem Wei\u00dfm\u00fchlenweg, als der Zug am Ortsausgangsschild die Grenze Ellefelds zu Falkenstein hin \u00fcberschritt. Irgendwie &#8211; so der Eindruck &#8211; waren dort die Falkensteiner in ihren H\u00e4usern links und rechts der Stra\u00dfe verschreckt, als sie die lustigen Ellefelder entdeckten. Sie blieben hinter den Fenstergardinen \u00e4ngstlich in Deckung. Obama, der Politiker, meinte dazu: Nur ein kluger dynamischer Ellefelder solle einmal B\u00fcrgermeister werden, wenn in den n\u00e4chsten 100 Jahren die neue m\u00e4chtige Stadt an der G\u00f6ltzsch entsteht.<\/p>\n\n\n\n<p>Zur\u00fcck nach Ellefeld ging es dann \u00fcber die Grenz-, Turn- und S\u00fcdstra\u00dfe zu den Stallungen, wo die Pferde in den Boxen ihr Heu fressen konnten. Die Masken versammelten sich im mollig warmen Reiterst\u00fcbel. Dort waren leckere Hei\u00dfgetr\u00e4nke und frische Pfannkuchen aufgetafelt. Richtig lustig wurde es dann nochmal, als die Senf-Pfannkuchen-Esser entdeckt wurden. W\u00e4hrend der Harlekin tapfer den gezuckerten Senfkuchen bis auf kleinen kleinen Rest cool verschluckte, verzog ihre Nachbarin schon nach dem ersten Biss in den Senf das Gesicht. Das l\u00f6ste Schadenfreude aus, die wohl zur Faschingszeit erlaubt ist. &#8222;Helau RFV&#8220;<\/p>\n\n\n\n<figure class=\"wp-block-gallery has-nested-images columns-3 is-cropped wp-block-gallery-109 is-layout-flex\">\n<figure class=\"wp-block-image size-large\"><a href=\"https:\/\/www.reitverein-ellefeld.de\/?attachment_id=1482\"><img decoding=\"async\" data-id=\"1482\"  src=\"https:\/\/www.reitverein-ellefeld.de\/wp-content\/uploads\/Ellefeld-Fasching-4.jpg\" alt=\"\" class=\"wp-image-1482\"\/><\/a><\/figure>\n\n\n\n<figure class=\"wp-block-image size-large\"><a href=\"https:\/\/www.reitverein-ellefeld.de\/?attachment_id=1483\"><img decoding=\"async\" data-id=\"1483\"  src=\"https:\/\/www.reitverein-ellefeld.de\/wp-content\/uploads\/Ellefeld-Fasching-007.jpg\" alt=\"\" class=\"wp-image-1483\"\/><\/a><\/figure>\n\n\n\n<figure class=\"wp-block-image size-large\"><a href=\"https:\/\/www.reitverein-ellefeld.de\/?attachment_id=1484\"><img decoding=\"async\" data-id=\"1484\"  src=\"https:\/\/www.reitverein-ellefeld.de\/wp-content\/uploads\/Ellefeld-Fasching-010.jpg\" alt=\"\" class=\"wp-image-1484\"\/><\/a><\/figure>\n\n\n\n<figure class=\"wp-block-image size-large\"><a href=\"https:\/\/www.reitverein-ellefeld.de\/?attachment_id=1485\"><img decoding=\"async\" data-id=\"1485\"  src=\"https:\/\/www.reitverein-ellefeld.de\/wp-content\/uploads\/Ellefeld-Fasching-3.jpg\" alt=\"\" class=\"wp-image-1485\"\/><\/a><\/figure>\n\n\n\n<figure class=\"wp-block-image size-large\"><a href=\"https:\/\/www.reitverein-ellefeld.de\/?attachment_id=1486\"><img decoding=\"async\" data-id=\"1486\"  src=\"https:\/\/www.reitverein-ellefeld.de\/wp-content\/uploads\/Ellefeld-Fasching-012.jpg\" alt=\"\" class=\"wp-image-1486\"\/><\/a><\/figure>\n\n\n\n<figure class=\"wp-block-image size-large\"><a href=\"https:\/\/www.reitverein-ellefeld.de\/?attachment_id=1487\"><img decoding=\"async\" data-id=\"1487\"  src=\"https:\/\/www.reitverein-ellefeld.de\/wp-content\/uploads\/Ellefeld-Fasching-013.jpg\" alt=\"\" class=\"wp-image-1487\"\/><\/a><\/figure>\n\n\n\n<figure class=\"wp-block-image size-large\"><a href=\"https:\/\/www.reitverein-ellefeld.de\/?attachment_id=1488\"><img decoding=\"async\" data-id=\"1488\"  src=\"https:\/\/www.reitverein-ellefeld.de\/wp-content\/uploads\/Ellefeld-Fasching-014.jpg\" alt=\"\" class=\"wp-image-1488\"\/><\/a><\/figure>\n<\/figure>\n\n\n\n<h2 class=\"wp-block-heading\"><strong>Auerbacher M\u00e4rchenumzug 2014<\/strong><\/h2>\n\n\n\n<p>Alle Jahre wieder! Am 1. Advent nahmen unsere Reitverein-Mitglieder wieder zahlreich am allj\u00e4hrlichen M\u00e4rchenumzug teil. Auf der gewohnten Route vom Bahnhof bis zur Innenstadt konnten s\u00e4mtliche M\u00e4rchen und ihre Figuren, sowie Fabelwesen und Weiteres bestaunt werden. Uns hat es sehr viel Spa\u00df gemacht!<\/p>\n\n\n\n<figure class=\"wp-block-image\"><a class=\"\\&quot;shutterset_0731b9049141fb5fb9d788e9ef93baca\\&quot;\" href=\"https:\/\/www.reitverein-ellefeld.de\/wp-content\/gallery\/marchenumzug-2014\/maerchenumzug-1.jpg\"><img decoding=\"async\" src=\"https:\/\/www.reitverein-ellefeld.de\/wp-content\/gallery\/marchenumzug-2014\/thumbs\/thumbs_maerchenumzug-1.jpg\" alt=\"M\u00c3\u00a4rchenumzug 2014\"\/><\/a><\/figure>\n\n\n\n<div id=\"ngg-image-1\" class=\"ngg-gallery-thumbnail-box\">\n<div class=\"ngg-gallery-thumbnail\"><figure><a class=\"\\&quot;shutterset_0731b9049141fb5fb9d788e9ef93baca\\&quot;\" title=\"\" href=\"https:\/\/www.reitverein-ellefeld.de\/wp-content\/gallery\/marchenumzug-2014\/maerchenumzug-3.jpg\" data-thumbnail=\"https:\/\/www.reitverein-ellefeld.de\/wp-content\/gallery\/marchenumzug-2014\/thumbs\/thumbs_maerchenumzug-3.jpg\" data-description=\"\" data-src=\"https:\/\/www.reitverein-ellefeld.de\/wp-content\/gallery\/marchenumzug-2014\/maerchenumzug-3.jpg\" data-title=\"M\u00c3\u00a4rchenumzug 2014\" data-image-id=\"845\"><img decoding=\"async\" loading=\"lazy\" title=\"M\u00c3\u00a4rchenumzug 2014\" src=\"https:\/\/www.reitverein-ellefeld.de\/wp-content\/gallery\/marchenumzug-2014\/thumbs\/thumbs_maerchenumzug-3.jpg\" alt=\"M\u00c3\u00a4rchenumzug 2014\" width=\"100\" height=\"75\"><\/a><\/figure><\/div>\n<\/div>\n\n\n\n<div id=\"ngg-image-2\" class=\"ngg-gallery-thumbnail-box\">\n<div class=\"ngg-gallery-thumbnail\"><figure><a class=\"\\&quot;shutterset_0731b9049141fb5fb9d788e9ef93baca\\&quot;\" title=\"\" href=\"https:\/\/www.reitverein-ellefeld.de\/wp-content\/gallery\/marchenumzug-2014\/maerchenumzug-4.jpg\" data-thumbnail=\"https:\/\/www.reitverein-ellefeld.de\/wp-content\/gallery\/marchenumzug-2014\/thumbs\/thumbs_maerchenumzug-4.jpg\" data-description=\"\" data-src=\"https:\/\/www.reitverein-ellefeld.de\/wp-content\/gallery\/marchenumzug-2014\/maerchenumzug-4.jpg\" data-title=\"M\u00c3\u00a4rchenumzug 2014\" data-image-id=\"846\"><img decoding=\"async\" loading=\"lazy\" title=\"M\u00c3\u00a4rchenumzug 2014\" src=\"https:\/\/www.reitverein-ellefeld.de\/wp-content\/gallery\/marchenumzug-2014\/thumbs\/thumbs_maerchenumzug-4.jpg\" alt=\"M\u00c3\u00a4rchenumzug 2014\" width=\"100\" height=\"75\"><\/a><\/figure><\/div>\n<\/div>\n\n\n\n<div id=\"ngg-image-3\" class=\"ngg-gallery-thumbnail-box\">\n<div class=\"ngg-gallery-thumbnail\"><figure><a class=\"\\&quot;shutterset_0731b9049141fb5fb9d788e9ef93baca\\&quot;\" title=\"\" href=\"https:\/\/www.reitverein-ellefeld.de\/wp-content\/gallery\/marchenumzug-2014\/maerchenumzug-5.jpg\" data-thumbnail=\"https:\/\/www.reitverein-ellefeld.de\/wp-content\/gallery\/marchenumzug-2014\/thumbs\/thumbs_maerchenumzug-5.jpg\" data-description=\"\" data-src=\"https:\/\/www.reitverein-ellefeld.de\/wp-content\/gallery\/marchenumzug-2014\/maerchenumzug-5.jpg\" data-title=\"M\u00c3\u00a4rchenumzug 2014\" data-image-id=\"847\"><img decoding=\"async\" loading=\"lazy\" title=\"M\u00c3\u00a4rchenumzug 2014\" src=\"https:\/\/www.reitverein-ellefeld.de\/wp-content\/gallery\/marchenumzug-2014\/thumbs\/thumbs_maerchenumzug-5.jpg\" alt=\"M\u00c3\u00a4rchenumzug 2014\" width=\"100\" height=\"75\"><\/a><\/figure><\/div>\n<\/div>\n\n\n\n<div id=\"ngg-image-4\" class=\"ngg-gallery-thumbnail-box\">\n<div class=\"ngg-gallery-thumbnail\"><figure><a class=\"\\&quot;shutterset_0731b9049141fb5fb9d788e9ef93baca\\&quot;\" title=\"\" href=\"https:\/\/www.reitverein-ellefeld.de\/wp-content\/gallery\/marchenumzug-2014\/maerchenumzug-6.jpg\" data-thumbnail=\"https:\/\/www.reitverein-ellefeld.de\/wp-content\/gallery\/marchenumzug-2014\/thumbs\/thumbs_maerchenumzug-6.jpg\" data-description=\"\" data-src=\"https:\/\/www.reitverein-ellefeld.de\/wp-content\/gallery\/marchenumzug-2014\/maerchenumzug-6.jpg\" data-title=\"M\u00c3\u00a4rchenumzug 2014\" data-image-id=\"848\"><img decoding=\"async\" loading=\"lazy\" title=\"M\u00c3\u00a4rchenumzug 2014\" src=\"https:\/\/www.reitverein-ellefeld.de\/wp-content\/gallery\/marchenumzug-2014\/thumbs\/thumbs_maerchenumzug-6.jpg\" alt=\"M\u00c3\u00a4rchenumzug 2014\" width=\"100\" height=\"75\"><\/a><\/figure><\/div>\n<\/div>\n\n\n\n<div id=\"ngg-image-5\" class=\"ngg-gallery-thumbnail-box\">\n<div class=\"ngg-gallery-thumbnail\"><figure><a class=\"\\&quot;shutterset_0731b9049141fb5fb9d788e9ef93baca\\&quot;\" title=\"\" href=\"https:\/\/www.reitverein-ellefeld.de\/wp-content\/gallery\/marchenumzug-2014\/maerchenumzug-8.jpg\" data-thumbnail=\"https:\/\/www.reitverein-ellefeld.de\/wp-content\/gallery\/marchenumzug-2014\/thumbs\/thumbs_maerchenumzug-8.jpg\" data-description=\"\" data-src=\"https:\/\/www.reitverein-ellefeld.de\/wp-content\/gallery\/marchenumzug-2014\/maerchenumzug-8.jpg\" data-title=\"M\u00c3\u00a4rchenumzug 2014\" data-image-id=\"850\"><img decoding=\"async\" loading=\"lazy\" title=\"M\u00c3\u00a4rchenumzug 2014\" src=\"https:\/\/www.reitverein-ellefeld.de\/wp-content\/gallery\/marchenumzug-2014\/thumbs\/thumbs_maerchenumzug-8.jpg\" alt=\"M\u00c3\u00a4rchenumzug 2014\" width=\"100\" height=\"75\"><\/a><\/figure><\/div>\n<\/div>\n\n\n\n<div id=\"ngg-image-6\" class=\"ngg-gallery-thumbnail-box\">\n<div class=\"ngg-gallery-thumbnail\"><figure><a class=\"\\&quot;shutterset_0731b9049141fb5fb9d788e9ef93baca\\&quot;\" title=\"\" href=\"https:\/\/www.reitverein-ellefeld.de\/wp-content\/gallery\/marchenumzug-2014\/maerchenumzug-9.jpg\" data-thumbnail=\"https:\/\/www.reitverein-ellefeld.de\/wp-content\/gallery\/marchenumzug-2014\/thumbs\/thumbs_maerchenumzug-9.jpg\" data-description=\"\" data-src=\"https:\/\/www.reitverein-ellefeld.de\/wp-content\/gallery\/marchenumzug-2014\/maerchenumzug-9.jpg\" data-title=\"M\u00c3\u00a4rchenumzug 2014\" data-image-id=\"851\"><img decoding=\"async\" loading=\"lazy\" title=\"M\u00c3\u00a4rchenumzug 2014\" src=\"https:\/\/www.reitverein-ellefeld.de\/wp-content\/gallery\/marchenumzug-2014\/thumbs\/thumbs_maerchenumzug-9.jpg\" alt=\"M\u00c3\u00a4rchenumzug 2014\" width=\"100\" height=\"75\"><\/a><\/figure><\/div>\n<\/div>\n\n\n\n<div id=\"ngg-image-7\" class=\"ngg-gallery-thumbnail-box\">\n<div class=\"ngg-gallery-thumbnail\"><figure><a class=\"\\&quot;shutterset_0731b9049141fb5fb9d788e9ef93baca\\&quot;\" title=\"\" href=\"https:\/\/www.reitverein-ellefeld.de\/wp-content\/gallery\/marchenumzug-2014\/maerchenumzug-7_0.jpg\" data-thumbnail=\"https:\/\/www.reitverein-ellefeld.de\/wp-content\/gallery\/marchenumzug-2014\/thumbs\/thumbs_maerchenumzug-7_0.jpg\" data-description=\"\" data-src=\"https:\/\/www.reitverein-ellefeld.de\/wp-content\/gallery\/marchenumzug-2014\/maerchenumzug-7_0.jpg\" data-title=\"M\u00c3\u00a4rchenumzug 2014\" data-image-id=\"858\"><img decoding=\"async\" loading=\"lazy\" title=\"M\u00c3\u00a4rchenumzug 2014\" src=\"https:\/\/www.reitverein-ellefeld.de\/wp-content\/gallery\/marchenumzug-2014\/thumbs\/thumbs_maerchenumzug-7_0.jpg\" alt=\"M\u00c3\u00a4rchenumzug 2014\" width=\"100\" height=\"75\"><\/a><\/figure><\/div>\n<\/div>\n\n\n\n<div id=\"ngg-image-8\" class=\"ngg-gallery-thumbnail-box\">\n<div class=\"ngg-gallery-thumbnail\"><figure><a class=\"\\&quot;shutterset_0731b9049141fb5fb9d788e9ef93baca\\&quot;\" title=\"\" href=\"https:\/\/www.reitverein-ellefeld.de\/wp-content\/gallery\/marchenumzug-2014\/maerchenumzug-2.jpg\" data-thumbnail=\"https:\/\/www.reitverein-ellefeld.de\/wp-content\/gallery\/marchenumzug-2014\/thumbs\/thumbs_maerchenumzug-2.jpg\" data-description=\"\" data-src=\"https:\/\/www.reitverein-ellefeld.de\/wp-content\/gallery\/marchenumzug-2014\/maerchenumzug-2.jpg\" data-title=\"M\u00c3\u00a4rchenumzug 2014\" data-image-id=\"861\"><img decoding=\"async\" loading=\"lazy\" title=\"M\u00c3\u00a4rchenumzug 2014\" src=\"https:\/\/www.reitverein-ellefeld.de\/wp-content\/gallery\/marchenumzug-2014\/thumbs\/thumbs_maerchenumzug-2.jpg\" alt=\"M\u00c3\u00a4rchenumzug 2014\" width=\"100\" height=\"75\"><\/a><\/figure><\/div>\n<\/div>\n\n\n\n<h3 class=\"wp-block-heading\"><!-- Pagination --><\/h3>\n\n\n\n<h2 class=\"wp-block-heading\">Pferdesport-Turnier des Reit- und Fahrvereins Ellefeld am Kirmessonntag (12.10.2014)<\/h2>\n\n\n\n<p><strong>Prinzessin Lisa in Ellefeld <\/strong><em>(von Helmut Unger)<\/em><strong><br><\/strong><\/p>\n\n\n\n<p>Prinzessin Lisa hei\u00dft eigentlich Lisa Werner, wohnt in Plauen und ist die vogtl\u00e4ndische Reiter-Prinzessin 2014. Die junge Frau war nicht nur der Ehrengast des Ellefelder Breitensport-Turniers, das j\u00e4hrlich vom RFV Ellefeld e.V. ausgerichtet wird, sie ritt im Prinzessinnenkleid auch den Dressur-Wettbewerb K\u00fcr mit Kost\u00fcm und Musik und erreichte auf Wallach Ory Platz 2 dieser Pr\u00fcfung.<\/p>\n\n\n\n<p>Insgesamt gab es an diesem sonnenwarmen Kirmessonntag auf dem gro\u00dfen Reitplatz 8 Pr\u00fcfungen im Springen, Dressurreiten und Reiten an der Longe. die alle von den Mitgliedern und Freunden des Reitvereins umsichtig vorbereitet worden waren. Reiten geh\u00f6rt zur Kirmes wie die Reitschule auf dem Markt und der Kirmestanz, sagen viele Ellefelder und kommen deshalb gerne auch zum Reitplatz. Der Ellefelder Reitertag mit 158 Nennungen aus 9. Reitvereinen begann 7.00 Uhr mit der Dressur-Pr\u00fcfung Klasse E der 1. Abteilung mit den Jahrg\u00e4ngen 1940-1996 mit 24 Nennungen, die Franziska Schneemann vom RFV Ellefeld auf der Stute Gitana gewann.<\/p>\n\n\n\n<p>Reitlehrer Gunter Sch\u00f6niger kam als Longenf\u00fchrer mit fein gestiefelten Reiterkindern aus Ellefeld und der braven Stute Aspe zum Longenreiter-Wettbewerb zur Freude der vielen Zuschauer auf den Platz. Jule Heinz, Marisa Badst\u00fcber, Emi M\u00fcller und Willy Seidel ritten nacheinander Schritt, Trab und Galopp ohne Angst&nbsp; ihre Runden auf Aspe. Vom Ellefelder RFV waren an diesem Tag in anderen Pr\u00fcfungen im Sattel: Jennifer Massalsky, Tim S\u00fc\u00df, Susan Seifert, Lisa Blagnies, Lena P\u00f6hler, Charlott Kramer, Josephine Tho\u00df, Rebekka Friedrich und Pauline Lange (ungeordnet).<\/p>\n\n\n\n<p>H\u00f6hepunkt und Abschlu\u00df des Turniers, das gelungen ist, wie Zwickauer G\u00e4ste sagten,&nbsp; war am Nachmittag der Springwettbewerb mit Stechen, zu dem 34 Reiter\/Pferd\/Paare gemeldet waren. Nach dem 1. Durchlauf kamen davon 10 Paare ohne Stangenabw\u00fcrfe bei den Hindernissen und Zeit\u00fcberschreitungen&nbsp; in das Stechen (2. Durchlauf). Diesen gewann Katrin Knoll von den Pferdefreunden Gro\u00dffriesen auf dem 12-j\u00e4hrigen Wallach Marlboro mit 0 Fehlern in 24.6 Sekunden.<\/p>\n\n\n\n<p>Der Vorsitzende des RFV Ellefeld, Philipp Sch\u00f6niger, gratuliert allen Siegern&nbsp; und Platzierten und bedankt sich auf diesem Wege ausdr\u00fccklich bei allen Helfern f\u00fcr die Unterst\u00fctzung. Das gilt auch f\u00fcr die Ellefelder Fu\u00dfballer, die den Fu\u00dfball-Hartplatz zum Abstellen der Pferdeanh\u00e4nger\/Pkw ohne Murren zur Verf\u00fcgung gestellt haben. Herzlichen Dank!<\/p>\n\n\n\n<div id=\"ngg-gallery-28b13b12a198ce899cab168579d5ae23-1\" class=\"ngg-galleryoverview ngg-ajax-pagination-none\">\n<div id=\"ngg-image-1\" class=\"ngg-gallery-thumbnail-box\">\n<div class=\"ngg-gallery-thumbnail\"><figure><img decoding=\"async\" loading=\"lazy\" title=\"Breitensportveranstaltung 2014\" src=\"https:\/\/www.reitverein-ellefeld.de\/wp-content\/gallery\/turnier-2014_1\/thumbs\/thumbs_ellefeld-kirmesturnier-2014-053.jpg\" alt=\"Breitensportveranstaltung 2014\" width=\"100\" height=\"75\"><\/figure><\/div>\n<\/div>\n<div id=\"ngg-image-2\" class=\"ngg-gallery-thumbnail-box\">\n<div class=\"ngg-gallery-thumbnail\"><figure><img decoding=\"async\" loading=\"lazy\" title=\"Breitensportveranstaltung 2014\" src=\"https:\/\/www.reitverein-ellefeld.de\/wp-content\/gallery\/turnier-2014_1\/thumbs\/thumbs_ellefeld-kirmesturnier-2014-091.jpg\" alt=\"Breitensportveranstaltung 2014\" width=\"100\" height=\"75\"><\/figure><\/div>\n<\/div>\n<div id=\"ngg-image-3\" class=\"ngg-gallery-thumbnail-box\">\n<div class=\"ngg-gallery-thumbnail\"><figure><img decoding=\"async\" loading=\"lazy\" title=\"Breitensportveranstaltung 2014\" src=\"https:\/\/www.reitverein-ellefeld.de\/wp-content\/gallery\/turnier-2014_1\/thumbs\/thumbs_ellefeld-kirmesturnier-2014-082.jpg\" alt=\"Breitensportveranstaltung 2014\" width=\"100\" height=\"75\"><\/figure><\/div>\n<\/div>\n<div id=\"ngg-image-4\" class=\"ngg-gallery-thumbnail-box\">\n<div class=\"ngg-gallery-thumbnail\"><figure><img decoding=\"async\" loading=\"lazy\" class=\" alignnone\" title=\"Breitensportveranstaltung 2014\" src=\"https:\/\/www.reitverein-ellefeld.de\/wp-content\/gallery\/turnier-2014_1\/thumbs\/thumbs_ellefeld-kirmesturnier-2014-086.jpg\" alt=\"Breitensportveranstaltung 2014\" width=\"100\" height=\"75\"><\/figure><\/div>\n<\/div>\n<div id=\"ngg-image-5\" class=\"ngg-gallery-thumbnail-box\">\n<div class=\"ngg-gallery-thumbnail\"><figure><img decoding=\"async\" loading=\"lazy\" title=\"Breitensportveranstaltung 2014\" src=\"https:\/\/www.reitverein-ellefeld.de\/wp-content\/gallery\/turnier-2014_1\/thumbs\/thumbs_sam_6698_0.jpg\" alt=\"Breitensportveranstaltung 2014\" width=\"100\" height=\"75\"><\/figure><\/div>\n<\/div>\n<div id=\"ngg-image-6\" class=\"ngg-gallery-thumbnail-box\">\n<div class=\"ngg-gallery-thumbnail\"><figure><img decoding=\"async\" loading=\"lazy\" title=\"Breitensportveranstaltung 2014\" src=\"https:\/\/www.reitverein-ellefeld.de\/wp-content\/gallery\/turnier-2014_1\/thumbs\/thumbs_ellefeld-kirmesturnier-2014-141.jpg\" alt=\"Breitensportveranstaltung 2014\" width=\"100\" height=\"75\"><\/figure><\/div>\n<\/div>\n<div id=\"ngg-image-7\" class=\"ngg-gallery-thumbnail-box\">\n<div class=\"ngg-gallery-thumbnail\"><figure><img decoding=\"async\" loading=\"lazy\" title=\"Breitensportveranstaltung 2014\" src=\"https:\/\/www.reitverein-ellefeld.de\/wp-content\/gallery\/turnier-2014_1\/thumbs\/thumbs_ellefeld-kirmesturnier-2014-094.jpg\" alt=\"Breitensportveranstaltung 2014\" width=\"100\" height=\"75\"><\/figure><\/div>\n<\/div>\n<div id=\"ngg-image-8\" class=\"ngg-gallery-thumbnail-box\">\n<div class=\"ngg-gallery-thumbnail\"><figure><img decoding=\"async\" loading=\"lazy\" title=\"Breitensportveranstaltung 2014\" src=\"https:\/\/www.reitverein-ellefeld.de\/wp-content\/gallery\/turnier-2014_1\/thumbs\/thumbs_sam_6727_0.jpg\" alt=\"Breitensportveranstaltung 2014\" width=\"100\" height=\"75\"><\/figure><\/div>\n<\/div>\n<div id=\"ngg-image-9\" class=\"ngg-gallery-thumbnail-box\">\n<div class=\"ngg-gallery-thumbnail\"><figure><img decoding=\"async\" loading=\"lazy\" class=\" alignnone\" title=\"Breitensportveranstaltung 2014\" src=\"https:\/\/www.reitverein-ellefeld.de\/wp-content\/gallery\/turnier-2014_1\/thumbs\/thumbs_ellefeld-kirmesturnier-2014-311.jpg\" alt=\"Breitensportveranstaltung 2014\" width=\"100\" height=\"75\"><\/figure><\/div>\n<\/div>\n<div id=\"ngg-image-10\" class=\"ngg-gallery-thumbnail-box\">\n<div class=\"ngg-gallery-thumbnail\"><figure><img decoding=\"async\" loading=\"lazy\" class=\" alignnone\" title=\"Breitensportveranstaltung 2014\" src=\"https:\/\/www.reitverein-ellefeld.de\/wp-content\/gallery\/turnier-2014_1\/thumbs\/thumbs_ellefeld-kirmesturnier-2014-288.jpg\" alt=\"Breitensportveranstaltung 2014\" width=\"100\" height=\"75\"><\/figure><\/div>\n<h2 class=\"ngg-gallery-thumbnail\">&nbsp;<\/h2>\n<h2>Tag der offenen Stallt\u00fcr am 18. Mai 2014<\/h2>\n<\/div>\n<\/div>\n\n\n\n<p>Der Reit- und Fahrverein Ellefeld e.V. veranstaltete diesen spannenden Nachmittag mit einem ausgew\u00e4hlten Programm rund um das Thema Pferd und Reiten. F\u00fchrungen durch Stall und Anlage, Darstellung von Unterrichtsstunden, Kutschenausstellung, Pferde- und Sattelpflege, Probereiten und ein Streichelzoo f\u00fcr die Kleinen waren nur einige Programmpunkte.<\/p>\n\n\n\n<div id=\"ngg-gallery-3844e7846afea08b668cffde67a9988d-1\" class=\"ngg-galleryoverview ngg-ajax-pagination-none\">\n<div id=\"ngg-image-0\" class=\"ngg-gallery-thumbnail-box\">\n<div class=\"ngg-gallery-thumbnail\"><figure><a class=\"\\&quot;shutterset_3844e7846afea08b668cffde67a9988d\\&quot;\" title=\"\" href=\"https:\/\/www.reitverein-ellefeld.de\/wp-content\/gallery\/tag-der-offenen-stalltur-2014\/dsci1316_0.jpg\" data-thumbnail=\"https:\/\/www.reitverein-ellefeld.de\/wp-content\/gallery\/tag-der-offenen-stalltur-2014\/thumbs\/thumbs_dsci1316_0.jpg\" data-description=\"\" data-src=\"https:\/\/www.reitverein-ellefeld.de\/wp-content\/gallery\/tag-der-offenen-stalltur-2014\/dsci1316_0.jpg\" data-title=\"Tag der offenen Stallt\u00c3\u00bcr\" data-image-id=\"794\"><img decoding=\"async\" loading=\"lazy\" title=\"Tag der offenen Stallt\u00c3\u00bcr\" src=\"https:\/\/www.reitverein-ellefeld.de\/wp-content\/gallery\/tag-der-offenen-stalltur-2014\/thumbs\/thumbs_dsci1316_0.jpg\" alt=\"Tag der offenen Stallt\u00c3\u00bcr\" width=\"100\" height=\"75\"><\/a><\/figure><\/div>\n<\/div>\n<div id=\"ngg-image-1\" class=\"ngg-gallery-thumbnail-box\">\n<div class=\"ngg-gallery-thumbnail\"><figure><a class=\"\\&quot;shutterset_3844e7846afea08b668cffde67a9988d\\&quot;\" title=\"\" href=\"https:\/\/www.reitverein-ellefeld.de\/wp-content\/gallery\/tag-der-offenen-stalltur-2014\/dsci1320_0.jpg\" data-thumbnail=\"https:\/\/www.reitverein-ellefeld.de\/wp-content\/gallery\/tag-der-offenen-stalltur-2014\/thumbs\/thumbs_dsci1320_0.jpg\" data-description=\"\" data-src=\"https:\/\/www.reitverein-ellefeld.de\/wp-content\/gallery\/tag-der-offenen-stalltur-2014\/dsci1320_0.jpg\" data-title=\"Tag der offenen Stallt\u00c3\u00bcr\" data-image-id=\"795\"><img decoding=\"async\" loading=\"lazy\" title=\"Tag der offenen Stallt\u00c3\u00bcr\" src=\"https:\/\/www.reitverein-ellefeld.de\/wp-content\/gallery\/tag-der-offenen-stalltur-2014\/thumbs\/thumbs_dsci1320_0.jpg\" alt=\"Tag der offenen Stallt\u00c3\u00bcr\" width=\"100\" height=\"75\"><\/a><\/figure><\/div>\n<\/div>\n<div id=\"ngg-image-2\" class=\"ngg-gallery-thumbnail-box\">\n<div class=\"ngg-gallery-thumbnail\"><figure><a class=\"\\&quot;shutterset_3844e7846afea08b668cffde67a9988d\\&quot;\" title=\"\" href=\"https:\/\/www.reitverein-ellefeld.de\/wp-content\/gallery\/tag-der-offenen-stalltur-2014\/dsci1322_0.jpg\" data-thumbnail=\"https:\/\/www.reitverein-ellefeld.de\/wp-content\/gallery\/tag-der-offenen-stalltur-2014\/thumbs\/thumbs_dsci1322_0.jpg\" data-description=\"\" data-src=\"https:\/\/www.reitverein-ellefeld.de\/wp-content\/gallery\/tag-der-offenen-stalltur-2014\/dsci1322_0.jpg\" data-title=\"Tag der offenen Stallt\u00c3\u00bcr\" data-image-id=\"796\"><img decoding=\"async\" loading=\"lazy\" title=\"Tag der offenen Stallt\u00c3\u00bcr\" src=\"https:\/\/www.reitverein-ellefeld.de\/wp-content\/gallery\/tag-der-offenen-stalltur-2014\/thumbs\/thumbs_dsci1322_0.jpg\" alt=\"Tag der offenen Stallt\u00c3\u00bcr\" width=\"100\" height=\"75\"><\/a><\/figure><\/div>\n<\/div>\n<div id=\"ngg-image-3\" class=\"ngg-gallery-thumbnail-box\">\n<div class=\"ngg-gallery-thumbnail\"><figure><a class=\"\\&quot;shutterset_3844e7846afea08b668cffde67a9988d\\&quot;\" title=\"\" href=\"https:\/\/www.reitverein-ellefeld.de\/wp-content\/gallery\/tag-der-offenen-stalltur-2014\/dsci1339_0.jpg\" data-thumbnail=\"https:\/\/www.reitverein-ellefeld.de\/wp-content\/gallery\/tag-der-offenen-stalltur-2014\/thumbs\/thumbs_dsci1339_0.jpg\" data-description=\"\" data-src=\"https:\/\/www.reitverein-ellefeld.de\/wp-content\/gallery\/tag-der-offenen-stalltur-2014\/dsci1339_0.jpg\" data-title=\"Tag der offenen Stallt\u00c3\u00bcr\" data-image-id=\"797\"><img decoding=\"async\" loading=\"lazy\" title=\"Tag der offenen Stallt\u00c3\u00bcr\" src=\"https:\/\/www.reitverein-ellefeld.de\/wp-content\/gallery\/tag-der-offenen-stalltur-2014\/thumbs\/thumbs_dsci1339_0.jpg\" alt=\"Tag der offenen Stallt\u00c3\u00bcr\" width=\"100\" height=\"75\"><\/a><\/figure><\/div>\n<\/div>\n<div id=\"ngg-image-4\" class=\"ngg-gallery-thumbnail-box\">\n<div class=\"ngg-gallery-thumbnail\"><figure><a class=\"\\&quot;shutterset_3844e7846afea08b668cffde67a9988d\\&quot;\" title=\"\" href=\"https:\/\/www.reitverein-ellefeld.de\/wp-content\/gallery\/tag-der-offenen-stalltur-2014\/ellefeld-offene-stalltuer-001.jpg\" data-thumbnail=\"https:\/\/www.reitverein-ellefeld.de\/wp-content\/gallery\/tag-der-offenen-stalltur-2014\/thumbs\/thumbs_ellefeld-offene-stalltuer-001.jpg\" data-description=\"\" data-src=\"https:\/\/www.reitverein-ellefeld.de\/wp-content\/gallery\/tag-der-offenen-stalltur-2014\/ellefeld-offene-stalltuer-001.jpg\" data-title=\"Tag der offenen Stallt\u00c3\u00bcr\" data-image-id=\"810\"><img decoding=\"async\" loading=\"lazy\" title=\"Tag der offenen Stallt\u00c3\u00bcr\" src=\"https:\/\/www.reitverein-ellefeld.de\/wp-content\/gallery\/tag-der-offenen-stalltur-2014\/thumbs\/thumbs_ellefeld-offene-stalltuer-001.jpg\" alt=\"Tag der offenen Stallt\u00c3\u00bcr\" width=\"100\" height=\"75\"><\/a><\/figure><\/div>\n<\/div>\n<div id=\"ngg-image-5\" class=\"ngg-gallery-thumbnail-box\">\n<div class=\"ngg-gallery-thumbnail\"><figure><a class=\"\\&quot;shutterset_3844e7846afea08b668cffde67a9988d\\&quot;\" title=\"\" href=\"https:\/\/www.reitverein-ellefeld.de\/wp-content\/gallery\/tag-der-offenen-stalltur-2014\/ellefeld-offene-stalltuer-003.jpg\" data-thumbnail=\"https:\/\/www.reitverein-ellefeld.de\/wp-content\/gallery\/tag-der-offenen-stalltur-2014\/thumbs\/thumbs_ellefeld-offene-stalltuer-003.jpg\" data-description=\"\" data-src=\"https:\/\/www.reitverein-ellefeld.de\/wp-content\/gallery\/tag-der-offenen-stalltur-2014\/ellefeld-offene-stalltuer-003.jpg\" data-title=\"Tag der offenen Stallt\u00c3\u00bcr\" data-image-id=\"811\"><img decoding=\"async\" loading=\"lazy\" title=\"Tag der offenen Stallt\u00c3\u00bcr\" src=\"https:\/\/www.reitverein-ellefeld.de\/wp-content\/gallery\/tag-der-offenen-stalltur-2014\/thumbs\/thumbs_ellefeld-offene-stalltuer-003.jpg\" alt=\"Tag der offenen Stallt\u00c3\u00bcr\" width=\"100\" height=\"75\"><\/a><\/figure><\/div>\n<\/div>\n<div id=\"ngg-image-6\" class=\"ngg-gallery-thumbnail-box\">\n<div class=\"ngg-gallery-thumbnail\"><figure><a class=\"\\&quot;shutterset_3844e7846afea08b668cffde67a9988d\\&quot;\" title=\"\" href=\"https:\/\/www.reitverein-ellefeld.de\/wp-content\/gallery\/tag-der-offenen-stalltur-2014\/ellefeld-offene-stalltuer-005.jpg\" data-thumbnail=\"https:\/\/www.reitverein-ellefeld.de\/wp-content\/gallery\/tag-der-offenen-stalltur-2014\/thumbs\/thumbs_ellefeld-offene-stalltuer-005.jpg\" data-description=\"\" data-src=\"https:\/\/www.reitverein-ellefeld.de\/wp-content\/gallery\/tag-der-offenen-stalltur-2014\/ellefeld-offene-stalltuer-005.jpg\" data-title=\"Tag der offenen Stallt\u00c3\u00bcr\" data-image-id=\"812\"><img decoding=\"async\" loading=\"lazy\" title=\"Tag der offenen Stallt\u00c3\u00bcr\" src=\"https:\/\/www.reitverein-ellefeld.de\/wp-content\/gallery\/tag-der-offenen-stalltur-2014\/thumbs\/thumbs_ellefeld-offene-stalltuer-005.jpg\" alt=\"Tag der offenen Stallt\u00c3\u00bcr\" width=\"100\" height=\"75\"><\/a><\/figure><\/div>\n<\/div>\n<div id=\"ngg-image-7\" class=\"ngg-gallery-thumbnail-box\">\n<div class=\"ngg-gallery-thumbnail\"><figure><a class=\"\\&quot;shutterset_3844e7846afea08b668cffde67a9988d\\&quot;\" title=\"\" href=\"https:\/\/www.reitverein-ellefeld.de\/wp-content\/gallery\/tag-der-offenen-stalltur-2014\/ellefeld-offene-stalltuer-007.jpg\" data-thumbnail=\"https:\/\/www.reitverein-ellefeld.de\/wp-content\/gallery\/tag-der-offenen-stalltur-2014\/thumbs\/thumbs_ellefeld-offene-stalltuer-007.jpg\" data-description=\"\" data-src=\"https:\/\/www.reitverein-ellefeld.de\/wp-content\/gallery\/tag-der-offenen-stalltur-2014\/ellefeld-offene-stalltuer-007.jpg\" data-title=\"Tag der offenen Stallt\u00c3\u00bcr\" data-image-id=\"813\"><img decoding=\"async\" loading=\"lazy\" title=\"Tag der offenen Stallt\u00c3\u00bcr\" src=\"https:\/\/www.reitverein-ellefeld.de\/wp-content\/gallery\/tag-der-offenen-stalltur-2014\/thumbs\/thumbs_ellefeld-offene-stalltuer-007.jpg\" alt=\"Tag der offenen Stallt\u00c3\u00bcr\" width=\"100\" height=\"75\"><\/a><\/figure><\/div>\n<\/div>\n<div id=\"ngg-image-8\" class=\"ngg-gallery-thumbnail-box\">\n<div class=\"ngg-gallery-thumbnail\"><figure><a class=\"\\&quot;shutterset_3844e7846afea08b668cffde67a9988d\\&quot;\" title=\"\" href=\"https:\/\/www.reitverein-ellefeld.de\/wp-content\/gallery\/tag-der-offenen-stalltur-2014\/ellefeld-offene-stalltuer-010.jpg\" data-thumbnail=\"https:\/\/www.reitverein-ellefeld.de\/wp-content\/gallery\/tag-der-offenen-stalltur-2014\/thumbs\/thumbs_ellefeld-offene-stalltuer-010.jpg\" data-description=\"\" data-src=\"https:\/\/www.reitverein-ellefeld.de\/wp-content\/gallery\/tag-der-offenen-stalltur-2014\/ellefeld-offene-stalltuer-010.jpg\" data-title=\"Tag der offenen Stallt\u00c3\u00bcr\" data-image-id=\"814\"><img decoding=\"async\" loading=\"lazy\" title=\"Tag der offenen Stallt\u00c3\u00bcr\" src=\"https:\/\/www.reitverein-ellefeld.de\/wp-content\/gallery\/tag-der-offenen-stalltur-2014\/thumbs\/thumbs_ellefeld-offene-stalltuer-010.jpg\" alt=\"Tag der offenen Stallt\u00c3\u00bcr\" width=\"100\" height=\"75\"><\/a><\/figure><\/div>\n<\/div>\n<div id=\"ngg-image-9\" class=\"ngg-gallery-thumbnail-box\">\n<div class=\"ngg-gallery-thumbnail\"><figure><a class=\"\\&quot;shutterset_3844e7846afea08b668cffde67a9988d\\&quot;\" title=\"\" href=\"https:\/\/www.reitverein-ellefeld.de\/wp-content\/gallery\/tag-der-offenen-stalltur-2014\/ellefeld-offene-stalltuer-013.jpg\" data-thumbnail=\"https:\/\/www.reitverein-ellefeld.de\/wp-content\/gallery\/tag-der-offenen-stalltur-2014\/thumbs\/thumbs_ellefeld-offene-stalltuer-013.jpg\" data-description=\"\" data-src=\"https:\/\/www.reitverein-ellefeld.de\/wp-content\/gallery\/tag-der-offenen-stalltur-2014\/ellefeld-offene-stalltuer-013.jpg\" data-title=\"Tag der offenen Stallt\u00c3\u00bcr\" data-image-id=\"815\"><img decoding=\"async\" loading=\"lazy\" title=\"Tag der offenen Stallt\u00c3\u00bcr\" src=\"https:\/\/www.reitverein-ellefeld.de\/wp-content\/gallery\/tag-der-offenen-stalltur-2014\/thumbs\/thumbs_ellefeld-offene-stalltuer-013.jpg\" alt=\"Tag der offenen Stallt\u00c3\u00bcr\" width=\"100\" height=\"75\"><\/a><\/figure><\/div>\n<\/div>\n<h2><strong>Jungz\u00fcchter-Erfolg 2014<\/strong><\/h2>\n<\/div>\n\n\n\n<p>Zum S\u00e4chsischen Jungz\u00fcchterwettbewerb in Seelitz waren unsere Jungz\u00fcchter wirklich erfolgreich. Tim S\u00fc\u00df und Willy Seidel gingen jeweils als Sieger ihrer Altersklasse und Tim sogar als Gesamtsieger hervor.<\/p>\n\n\n\n<h2 class=\"wp-block-heading\"><strong>Arbeitseinsatz 2014<\/strong><\/h2>\n\n\n\n<p>Anf\u00e4ngliche heftige Regenschauer konnten die Mitglieder des Reit- und Fahrverein nicht davon abhalten, zum diesj\u00e4hrigen Arbeitseinsatz alles zu geben und nicht nur Stall und Reithalle, sondern auch Reitplatz und Richterhaus wieder auf Vordermann zu bringen. Ein Danke an alle flei\u00dfigen Helfer!!!<\/p>\n\n\n\n<div id=\"ngg-gallery-01d867a45a3a6450538c7e2710df4603-1\" class=\"ngg-galleryoverview ngg-ajax-pagination-none\">\n<p><!-- Thumbnails --><\/p>\n<div id=\"ngg-image-0\" class=\"ngg-gallery-thumbnail-box\">\n<div class=\"ngg-gallery-thumbnail\"><figure><a class=\"\\&quot;shutterset_01d867a45a3a6450538c7e2710df4603\\&quot;\" title=\"\" href=\"https:\/\/www.reitverein-ellefeld.de\/wp-content\/gallery\/arbeitseinsatz-2014\/img_0462.jpg\" data-thumbnail=\"https:\/\/www.reitverein-ellefeld.de\/wp-content\/gallery\/arbeitseinsatz-2014\/thumbs\/thumbs_img_0462.jpg\" data-description=\"\" data-src=\"https:\/\/www.reitverein-ellefeld.de\/wp-content\/gallery\/arbeitseinsatz-2014\/img_0462.jpg\" data-title=\"img_0462\" data-image-id=\"769\"><img decoding=\"async\" loading=\"lazy\" title=\"img_0462\" src=\"https:\/\/www.reitverein-ellefeld.de\/wp-content\/gallery\/arbeitseinsatz-2014\/thumbs\/thumbs_img_0462.jpg\" alt=\"img_0462\" width=\"100\" height=\"75\"><\/a><\/figure><\/div>\n<\/div>\n<div id=\"ngg-image-1\" class=\"ngg-gallery-thumbnail-box\">\n<div class=\"ngg-gallery-thumbnail\"><figure><a class=\"\\&quot;shutterset_01d867a45a3a6450538c7e2710df4603\\&quot;\" title=\"\" href=\"https:\/\/www.reitverein-ellefeld.de\/wp-content\/gallery\/arbeitseinsatz-2014\/img_0464.jpg\" data-thumbnail=\"https:\/\/www.reitverein-ellefeld.de\/wp-content\/gallery\/arbeitseinsatz-2014\/thumbs\/thumbs_img_0464.jpg\" data-description=\"\" data-src=\"https:\/\/www.reitverein-ellefeld.de\/wp-content\/gallery\/arbeitseinsatz-2014\/img_0464.jpg\" data-title=\"img_0464\" data-image-id=\"770\"><img decoding=\"async\" loading=\"lazy\" title=\"img_0464\" src=\"https:\/\/www.reitverein-ellefeld.de\/wp-content\/gallery\/arbeitseinsatz-2014\/thumbs\/thumbs_img_0464.jpg\" alt=\"img_0464\" width=\"100\" height=\"75\"><\/a><\/figure><\/div>\n<\/div>\n<div id=\"ngg-image-2\" class=\"ngg-gallery-thumbnail-box\">\n<div class=\"ngg-gallery-thumbnail\"><figure><a class=\"\\&quot;shutterset_01d867a45a3a6450538c7e2710df4603\\&quot;\" title=\"\" href=\"https:\/\/www.reitverein-ellefeld.de\/wp-content\/gallery\/arbeitseinsatz-2014\/img_0466.jpg\" data-thumbnail=\"https:\/\/www.reitverein-ellefeld.de\/wp-content\/gallery\/arbeitseinsatz-2014\/thumbs\/thumbs_img_0466.jpg\" data-description=\"\" data-src=\"https:\/\/www.reitverein-ellefeld.de\/wp-content\/gallery\/arbeitseinsatz-2014\/img_0466.jpg\" data-title=\"img_0466\" data-image-id=\"771\"><img decoding=\"async\" loading=\"lazy\" title=\"img_0466\" src=\"https:\/\/www.reitverein-ellefeld.de\/wp-content\/gallery\/arbeitseinsatz-2014\/thumbs\/thumbs_img_0466.jpg\" alt=\"img_0466\" width=\"100\" height=\"75\"><\/a><\/figure><\/div>\n<\/div>\n<div id=\"ngg-image-3\" class=\"ngg-gallery-thumbnail-box\">\n<div class=\"ngg-gallery-thumbnail\"><figure><a class=\"\\&quot;shutterset_01d867a45a3a6450538c7e2710df4603\\&quot;\" title=\"\" href=\"https:\/\/www.reitverein-ellefeld.de\/wp-content\/gallery\/arbeitseinsatz-2014\/img_0467.jpg\" data-thumbnail=\"https:\/\/www.reitverein-ellefeld.de\/wp-content\/gallery\/arbeitseinsatz-2014\/thumbs\/thumbs_img_0467.jpg\" data-description=\"\" data-src=\"https:\/\/www.reitverein-ellefeld.de\/wp-content\/gallery\/arbeitseinsatz-2014\/img_0467.jpg\" data-title=\"img_0467\" data-image-id=\"772\"><img decoding=\"async\" loading=\"lazy\" title=\"img_0467\" src=\"https:\/\/www.reitverein-ellefeld.de\/wp-content\/gallery\/arbeitseinsatz-2014\/thumbs\/thumbs_img_0467.jpg\" alt=\"img_0467\" width=\"100\" height=\"75\"><\/a><\/figure><\/div>\n<\/div>\n<div id=\"ngg-image-4\" class=\"ngg-gallery-thumbnail-box\">\n<div class=\"ngg-gallery-thumbnail\"><figure><a class=\"\\&quot;shutterset_01d867a45a3a6450538c7e2710df4603\\&quot;\" title=\"\" href=\"https:\/\/www.reitverein-ellefeld.de\/wp-content\/gallery\/arbeitseinsatz-2014\/img_0468.jpg\" data-thumbnail=\"https:\/\/www.reitverein-ellefeld.de\/wp-content\/gallery\/arbeitseinsatz-2014\/thumbs\/thumbs_img_0468.jpg\" data-description=\"\" data-src=\"https:\/\/www.reitverein-ellefeld.de\/wp-content\/gallery\/arbeitseinsatz-2014\/img_0468.jpg\" data-title=\"img_0468\" data-image-id=\"773\"><img decoding=\"async\" loading=\"lazy\" title=\"img_0468\" src=\"https:\/\/www.reitverein-ellefeld.de\/wp-content\/gallery\/arbeitseinsatz-2014\/thumbs\/thumbs_img_0468.jpg\" alt=\"img_0468\" width=\"100\" height=\"75\"><\/a><\/figure><\/div>\n<\/div>\n<div id=\"ngg-image-5\" class=\"ngg-gallery-thumbnail-box\">\n<div class=\"ngg-gallery-thumbnail\"><figure><a class=\"\\&quot;shutterset_01d867a45a3a6450538c7e2710df4603\\&quot;\" title=\"\" href=\"https:\/\/www.reitverein-ellefeld.de\/wp-content\/gallery\/arbeitseinsatz-2014\/img_0469.jpg\" data-thumbnail=\"https:\/\/www.reitverein-ellefeld.de\/wp-content\/gallery\/arbeitseinsatz-2014\/thumbs\/thumbs_img_0469.jpg\" data-description=\"\" data-src=\"https:\/\/www.reitverein-ellefeld.de\/wp-content\/gallery\/arbeitseinsatz-2014\/img_0469.jpg\" data-title=\"img_0469\" data-image-id=\"774\"><img decoding=\"async\" loading=\"lazy\" title=\"img_0469\" src=\"https:\/\/www.reitverein-ellefeld.de\/wp-content\/gallery\/arbeitseinsatz-2014\/thumbs\/thumbs_img_0469.jpg\" alt=\"img_0469\" width=\"100\" height=\"75\"><\/a><\/figure><\/div>\n<\/div>\n<div id=\"ngg-image-6\" class=\"ngg-gallery-thumbnail-box\">\n<div class=\"ngg-gallery-thumbnail\"><figure><a class=\"\\&quot;shutterset_01d867a45a3a6450538c7e2710df4603\\&quot;\" title=\"\" href=\"https:\/\/www.reitverein-ellefeld.de\/wp-content\/gallery\/arbeitseinsatz-2014\/img_0470.jpg\" data-thumbnail=\"https:\/\/www.reitverein-ellefeld.de\/wp-content\/gallery\/arbeitseinsatz-2014\/thumbs\/thumbs_img_0470.jpg\" data-description=\"\" data-src=\"https:\/\/www.reitverein-ellefeld.de\/wp-content\/gallery\/arbeitseinsatz-2014\/img_0470.jpg\" data-title=\"img_0470\" data-image-id=\"775\"><img decoding=\"async\" loading=\"lazy\" title=\"img_0470\" src=\"https:\/\/www.reitverein-ellefeld.de\/wp-content\/gallery\/arbeitseinsatz-2014\/thumbs\/thumbs_img_0470.jpg\" alt=\"img_0470\" width=\"100\" height=\"75\"><\/a><\/figure><\/div>\n<\/div>\n<div id=\"ngg-image-7\" class=\"ngg-gallery-thumbnail-box\">\n<div class=\"ngg-gallery-thumbnail\"><figure><a class=\"\\&quot;shutterset_01d867a45a3a6450538c7e2710df4603\\&quot;\" title=\"\" href=\"https:\/\/www.reitverein-ellefeld.de\/wp-content\/gallery\/arbeitseinsatz-2014\/img_0472.jpg\" data-thumbnail=\"https:\/\/www.reitverein-ellefeld.de\/wp-content\/gallery\/arbeitseinsatz-2014\/thumbs\/thumbs_img_0472.jpg\" data-description=\"\" data-src=\"https:\/\/www.reitverein-ellefeld.de\/wp-content\/gallery\/arbeitseinsatz-2014\/img_0472.jpg\" data-title=\"img_0472\" data-image-id=\"776\"><img decoding=\"async\" loading=\"lazy\" title=\"img_0472\" src=\"https:\/\/www.reitverein-ellefeld.de\/wp-content\/gallery\/arbeitseinsatz-2014\/thumbs\/thumbs_img_0472.jpg\" alt=\"img_0472\" width=\"100\" height=\"75\"><\/a><\/figure><\/div>\n<\/div>\n<div id=\"ngg-image-8\" class=\"ngg-gallery-thumbnail-box\">\n<div class=\"ngg-gallery-thumbnail\"><figure><a class=\"\\&quot;shutterset_01d867a45a3a6450538c7e2710df4603\\&quot;\" title=\"\" href=\"https:\/\/www.reitverein-ellefeld.de\/wp-content\/gallery\/arbeitseinsatz-2014\/img_0473.jpg\" data-thumbnail=\"https:\/\/www.reitverein-ellefeld.de\/wp-content\/gallery\/arbeitseinsatz-2014\/thumbs\/thumbs_img_0473.jpg\" data-description=\"\" data-src=\"https:\/\/www.reitverein-ellefeld.de\/wp-content\/gallery\/arbeitseinsatz-2014\/img_0473.jpg\" data-title=\"img_0473\" data-image-id=\"777\"><img decoding=\"async\" loading=\"lazy\" title=\"img_0473\" src=\"https:\/\/www.reitverein-ellefeld.de\/wp-content\/gallery\/arbeitseinsatz-2014\/thumbs\/thumbs_img_0473.jpg\" alt=\"img_0473\" width=\"100\" height=\"75\"><\/a><\/figure><\/div>\n<\/div>\n<div id=\"ngg-image-9\" class=\"ngg-gallery-thumbnail-box\">\n<div class=\"ngg-gallery-thumbnail\"><figure><a class=\"\\&quot;shutterset_01d867a45a3a6450538c7e2710df4603\\&quot;\" title=\"\" href=\"https:\/\/www.reitverein-ellefeld.de\/wp-content\/gallery\/arbeitseinsatz-2014\/img_0474.jpg\" data-thumbnail=\"https:\/\/www.reitverein-ellefeld.de\/wp-content\/gallery\/arbeitseinsatz-2014\/thumbs\/thumbs_img_0474.jpg\" data-description=\"\" data-src=\"https:\/\/www.reitverein-ellefeld.de\/wp-content\/gallery\/arbeitseinsatz-2014\/img_0474.jpg\" data-title=\"img_0474\" data-image-id=\"778\"><img decoding=\"async\" loading=\"lazy\" title=\"img_0474\" src=\"https:\/\/www.reitverein-ellefeld.de\/wp-content\/gallery\/arbeitseinsatz-2014\/thumbs\/thumbs_img_0474.jpg\" alt=\"img_0474\" width=\"100\" height=\"75\"><\/a><\/figure><\/div>\n<\/div>\n<div id=\"ngg-image-10\" class=\"ngg-gallery-thumbnail-box\">\n<div class=\"ngg-gallery-thumbnail\"><figure><a class=\"\\&quot;shutterset_01d867a45a3a6450538c7e2710df4603\\&quot;\" title=\"\" href=\"https:\/\/www.reitverein-ellefeld.de\/wp-content\/gallery\/arbeitseinsatz-2014\/img_0476.jpg\" data-thumbnail=\"https:\/\/www.reitverein-ellefeld.de\/wp-content\/gallery\/arbeitseinsatz-2014\/thumbs\/thumbs_img_0476.jpg\" data-description=\"\" data-src=\"https:\/\/www.reitverein-ellefeld.de\/wp-content\/gallery\/arbeitseinsatz-2014\/img_0476.jpg\" data-title=\"img_0476\" data-image-id=\"779\"><img decoding=\"async\" loading=\"lazy\" title=\"img_0476\" src=\"https:\/\/www.reitverein-ellefeld.de\/wp-content\/gallery\/arbeitseinsatz-2014\/thumbs\/thumbs_img_0476.jpg\" alt=\"img_0476\" width=\"100\" height=\"75\"><\/a><\/figure><\/div>\n<\/div>\n<div id=\"ngg-image-11\" class=\"ngg-gallery-thumbnail-box\">\n<div class=\"ngg-gallery-thumbnail\"><figure><a class=\"\\&quot;shutterset_01d867a45a3a6450538c7e2710df4603\\&quot;\" title=\"\" href=\"https:\/\/www.reitverein-ellefeld.de\/wp-content\/gallery\/arbeitseinsatz-2014\/img_0478.jpg\" data-thumbnail=\"https:\/\/www.reitverein-ellefeld.de\/wp-content\/gallery\/arbeitseinsatz-2014\/thumbs\/thumbs_img_0478.jpg\" data-description=\"\" data-src=\"https:\/\/www.reitverein-ellefeld.de\/wp-content\/gallery\/arbeitseinsatz-2014\/img_0478.jpg\" data-title=\"img_0478\" data-image-id=\"780\"><img decoding=\"async\" loading=\"lazy\" title=\"img_0478\" src=\"https:\/\/www.reitverein-ellefeld.de\/wp-content\/gallery\/arbeitseinsatz-2014\/thumbs\/thumbs_img_0478.jpg\" alt=\"img_0478\" width=\"100\" height=\"75\"><\/a><\/figure><\/div>\n<\/div>\n<div id=\"ngg-image-12\" class=\"ngg-gallery-thumbnail-box\">\n<div class=\"ngg-gallery-thumbnail\"><figure><a class=\"\\&quot;shutterset_01d867a45a3a6450538c7e2710df4603\\&quot;\" title=\"\" href=\"https:\/\/www.reitverein-ellefeld.de\/wp-content\/gallery\/arbeitseinsatz-2014\/img_0482.jpg\" data-thumbnail=\"https:\/\/www.reitverein-ellefeld.de\/wp-content\/gallery\/arbeitseinsatz-2014\/thumbs\/thumbs_img_0482.jpg\" data-description=\"\" data-src=\"https:\/\/www.reitverein-ellefeld.de\/wp-content\/gallery\/arbeitseinsatz-2014\/img_0482.jpg\" data-title=\"img_0482\" data-image-id=\"781\"><img decoding=\"async\" loading=\"lazy\" title=\"img_0482\" src=\"https:\/\/www.reitverein-ellefeld.de\/wp-content\/gallery\/arbeitseinsatz-2014\/thumbs\/thumbs_img_0482.jpg\" alt=\"img_0482\" width=\"100\" height=\"75\"><\/a><\/figure><\/div>\n<\/div>\n<div id=\"ngg-image-13\" class=\"ngg-gallery-thumbnail-box\">\n<div class=\"ngg-gallery-thumbnail\"><figure><a class=\"\\&quot;shutterset_01d867a45a3a6450538c7e2710df4603\\&quot;\" title=\"\" href=\"https:\/\/www.reitverein-ellefeld.de\/wp-content\/gallery\/arbeitseinsatz-2014\/img_0485.jpg\" data-thumbnail=\"https:\/\/www.reitverein-ellefeld.de\/wp-content\/gallery\/arbeitseinsatz-2014\/thumbs\/thumbs_img_0485.jpg\" data-description=\"\" data-src=\"https:\/\/www.reitverein-ellefeld.de\/wp-content\/gallery\/arbeitseinsatz-2014\/img_0485.jpg\" data-title=\"img_0485\" data-image-id=\"782\"><img decoding=\"async\" loading=\"lazy\" title=\"img_0485\" src=\"https:\/\/www.reitverein-ellefeld.de\/wp-content\/gallery\/arbeitseinsatz-2014\/thumbs\/thumbs_img_0485.jpg\" alt=\"img_0485\" width=\"100\" height=\"75\"><\/a><\/figure><\/div>\n<\/div>\n<div id=\"ngg-image-14\" class=\"ngg-gallery-thumbnail-box\">\n<div class=\"ngg-gallery-thumbnail\"><figure><a class=\"\\&quot;shutterset_01d867a45a3a6450538c7e2710df4603\\&quot;\" title=\"\" href=\"https:\/\/www.reitverein-ellefeld.de\/wp-content\/gallery\/arbeitseinsatz-2014\/img_0486.jpg\" data-thumbnail=\"https:\/\/www.reitverein-ellefeld.de\/wp-content\/gallery\/arbeitseinsatz-2014\/thumbs\/thumbs_img_0486.jpg\" data-description=\"\" data-src=\"https:\/\/www.reitverein-ellefeld.de\/wp-content\/gallery\/arbeitseinsatz-2014\/img_0486.jpg\" data-title=\"img_0486\" data-image-id=\"783\"><img decoding=\"async\" loading=\"lazy\" title=\"img_0486\" src=\"https:\/\/www.reitverein-ellefeld.de\/wp-content\/gallery\/arbeitseinsatz-2014\/thumbs\/thumbs_img_0486.jpg\" alt=\"img_0486\" width=\"100\" height=\"75\"><\/a><\/figure><\/div>\n<\/div>\n<p><!-- Pagination --><\/p>\n<div class=\"ngg-clear\">&nbsp;<\/div>\n<\/div>\n\n\n\n<h2 class=\"wp-block-heading\">Reitlehrgang 2014<\/h2>\n\n\n\n<p>Am Wochenende fand im Reit- und Fahrverein der F\u00f6rder-und Reitlehrgang mit Ivonne Sch\u00fctze statt. Wir danken Ivonne f\u00fcr die lehrreichen Reitstunden, die uns neue Herangehensweisen an die verschiedensten Probleme aufgezeigt hat und hoffen, diese im regelm\u00e4\u00dfigen Training auch weiterhin anwenden zu k\u00f6nnen.<\/p>\n\n\n\n<div class=\"ngg-gallery-singlepic-image \"><figure><a class=\"\\&quot;shutterset_198d76a911126731df08e7c8790047d2\\&quot;\" title=\"\" href=\"https:\/\/www.reitverein-ellefeld.de\/wp-content\/gallery\/news\/reitlehrgang.jpg\" target=\"_self\" rel=\"noopener noreferrer\" data-thumbnail=\"https:\/\/www.reitverein-ellefeld.de\/wp-content\/gallery\/news\/thumbs\/thumbs_reitlehrgang.jpg\" data-description=\"\" data-src=\"https:\/\/www.reitverein-ellefeld.de\/wp-content\/gallery\/news\/reitlehrgang.jpg\" data-title=\"reitlehrgang\" data-image-id=\"749\"><img decoding=\"async\" class=\"ngg-singlepic\" title=\"reitlehrgang\" src=\"https:\/\/www.reitverein-ellefeld.de\/wp-content\/gallery\/news\/dynamic\/reitlehrgang-nggid03749-ngg0dyn-640x480x100-00f0w010c010r110f110r010t010.jpg\" alt=\"reitlehrgang\" width=\"640\"><\/a><\/figure><\/div>\n\n\n\n<h2 class=\"wp-block-heading\">Faschingsreiten 2014<\/h2>\n\n\n\n<p>Stars des Faschingsreiten auf dem Reitplatz des Reit- und Fahrvereins Ellefeld am sonnigen 1. M\u00e4rz waren der Pony Pendo und&nbsp; Philipp Sch\u00f6niger. Er war auf dem Platz kost\u00fcmiert auf dem Pferd gut gelaunt im Kreise vieler Vereinsm\u00e4dchen unterwegs, die&nbsp; sich f\u00fcr diesen Nachmittag ein tollen Programm ausgedacht hatten. Dazu geh\u00f6rten bunte Eier auf einen L\u00f6ffel und volle Wassergl\u00e4ser&nbsp; im Sattel einh\u00e4ndig zu tragen, schnell durch einen Stangenparcour zu reiten und im Sackh\u00fcpfen nicht zu straucheln. Philipp machte \u00fcbrigens auch beim Sackh\u00fcpfen eine gute Figur, wie ein Foto zeigt.<\/p>\n\n\n\n<p>Pony Pendo hatte an diesem Nachmittag eine frische M\u00f6hre an der Angel vor Augen. Lange Zeit lief er am Halfterstrick vermutlich traurig diesem Leckerbissen hinterher, den seine Begleiterin immer wieder auf Maulabstand hielt. Nun ist aber unser kleiner Stall-Liebling auch ein Auskenner! Als die M\u00f6hre mal unbeaufsichtigt war, schnappte er zu und weg war sie.<\/p>\n\n\n\n<p>Spa\u00df hatten auch unz\u00e4hlige Zuschauer an der Barriere. Unter ihnen neben Inge und Inka Blume auch Philipps Bruder Erik Sch\u00f6niger. Er ist extra als Karnevalexperte aus seiner Rheinland-Wahlheimat nach Ellefeld gekommen, um hier lustige Vogtl\u00e4nder zu erleben.<\/p>\n\n\n\n<div id=\"ngg-gallery-88e67b8725301a116e5f36b4bf558c00-1\" class=\"ngg-galleryoverview ngg-ajax-pagination-none\">\n<p><!-- Thumbnails --><\/p>\n<div id=\"ngg-image-0\" class=\"ngg-gallery-thumbnail-box\">\n<div class=\"ngg-gallery-thumbnail\"><figure><a class=\"\\&quot;shutterset_88e67b8725301a116e5f36b4bf558c00\\&quot;\" title=\"\" href=\"https:\/\/www.reitverein-ellefeld.de\/wp-content\/gallery\/fasching-2014\/img_0212.jpg\" data-thumbnail=\"https:\/\/www.reitverein-ellefeld.de\/wp-content\/gallery\/fasching-2014\/thumbs\/thumbs_img_0212.jpg\" data-description=\"\" data-src=\"https:\/\/www.reitverein-ellefeld.de\/wp-content\/gallery\/fasching-2014\/img_0212.jpg\" data-title=\"Fasching 01\" data-image-id=\"738\"><img decoding=\"async\" loading=\"lazy\" title=\"Fasching 01\" src=\"https:\/\/www.reitverein-ellefeld.de\/wp-content\/gallery\/fasching-2014\/thumbs\/thumbs_img_0212.jpg\" alt=\"Fasching 01\" width=\"100\" height=\"75\"><\/a><\/figure><\/div>\n<\/div>\n<div id=\"ngg-image-1\" class=\"ngg-gallery-thumbnail-box\">\n<div class=\"ngg-gallery-thumbnail\"><figure><a class=\"\\&quot;shutterset_88e67b8725301a116e5f36b4bf558c00\\&quot;\" title=\"\" href=\"https:\/\/www.reitverein-ellefeld.de\/wp-content\/gallery\/fasching-2014\/img_0318.jpg\" data-thumbnail=\"https:\/\/www.reitverein-ellefeld.de\/wp-content\/gallery\/fasching-2014\/thumbs\/thumbs_img_0318.jpg\" data-description=\"\" data-src=\"https:\/\/www.reitverein-ellefeld.de\/wp-content\/gallery\/fasching-2014\/img_0318.jpg\" data-title=\"Fasching 02\" data-image-id=\"739\"><img decoding=\"async\" loading=\"lazy\" title=\"Fasching 02\" src=\"https:\/\/www.reitverein-ellefeld.de\/wp-content\/gallery\/fasching-2014\/thumbs\/thumbs_img_0318.jpg\" alt=\"Fasching 02\" width=\"100\" height=\"75\"><\/a><\/figure><\/div>\n<\/div>\n<div id=\"ngg-image-2\" class=\"ngg-gallery-thumbnail-box\">\n<div class=\"ngg-gallery-thumbnail\"><figure><a class=\"\\&quot;shutterset_88e67b8725301a116e5f36b4bf558c00\\&quot;\" title=\"\" href=\"https:\/\/www.reitverein-ellefeld.de\/wp-content\/gallery\/fasching-2014\/img_0320.jpg\" data-thumbnail=\"https:\/\/www.reitverein-ellefeld.de\/wp-content\/gallery\/fasching-2014\/thumbs\/thumbs_img_0320.jpg\" data-description=\"\" data-src=\"https:\/\/www.reitverein-ellefeld.de\/wp-content\/gallery\/fasching-2014\/img_0320.jpg\" data-title=\"Fasching 03\" data-image-id=\"740\"><img decoding=\"async\" loading=\"lazy\" title=\"Fasching 03\" src=\"https:\/\/www.reitverein-ellefeld.de\/wp-content\/gallery\/fasching-2014\/thumbs\/thumbs_img_0320.jpg\" alt=\"Fasching 03\" width=\"100\" height=\"75\"><\/a><\/figure><\/div>\n<\/div>\n<div id=\"ngg-image-3\" class=\"ngg-gallery-thumbnail-box\">\n<div class=\"ngg-gallery-thumbnail\"><figure><a class=\"\\&quot;shutterset_88e67b8725301a116e5f36b4bf558c00\\&quot;\" title=\"\" href=\"https:\/\/www.reitverein-ellefeld.de\/wp-content\/gallery\/fasching-2014\/img_0321.jpg\" data-thumbnail=\"https:\/\/www.reitverein-ellefeld.de\/wp-content\/gallery\/fasching-2014\/thumbs\/thumbs_img_0321.jpg\" data-description=\"\" data-src=\"https:\/\/www.reitverein-ellefeld.de\/wp-content\/gallery\/fasching-2014\/img_0321.jpg\" data-title=\"Fasching 04\" data-image-id=\"741\"><img decoding=\"async\" loading=\"lazy\" title=\"Fasching 04\" src=\"https:\/\/www.reitverein-ellefeld.de\/wp-content\/gallery\/fasching-2014\/thumbs\/thumbs_img_0321.jpg\" alt=\"Fasching 04\" width=\"100\" height=\"75\"><\/a><\/figure><\/div>\n<\/div>\n<div id=\"ngg-image-4\" class=\"ngg-gallery-thumbnail-box\">\n<div class=\"ngg-gallery-thumbnail\"><figure><a class=\"\\&quot;shutterset_88e67b8725301a116e5f36b4bf558c00\\&quot;\" title=\"\" href=\"https:\/\/www.reitverein-ellefeld.de\/wp-content\/gallery\/fasching-2014\/img_0325.jpg\" data-thumbnail=\"https:\/\/www.reitverein-ellefeld.de\/wp-content\/gallery\/fasching-2014\/thumbs\/thumbs_img_0325.jpg\" data-description=\"\" data-src=\"https:\/\/www.reitverein-ellefeld.de\/wp-content\/gallery\/fasching-2014\/img_0325.jpg\" data-title=\"Fasching 05\" data-image-id=\"742\"><img decoding=\"async\" loading=\"lazy\" title=\"Fasching 05\" src=\"https:\/\/www.reitverein-ellefeld.de\/wp-content\/gallery\/fasching-2014\/thumbs\/thumbs_img_0325.jpg\" alt=\"Fasching 05\" width=\"100\" height=\"75\"><\/a><\/figure><\/div>\n<\/div>\n<div id=\"ngg-image-5\" class=\"ngg-gallery-thumbnail-box\">\n<div class=\"ngg-gallery-thumbnail\"><figure><a class=\"\\&quot;shutterset_88e67b8725301a116e5f36b4bf558c00\\&quot;\" title=\"\" href=\"https:\/\/www.reitverein-ellefeld.de\/wp-content\/gallery\/fasching-2014\/img_0332.jpg\" data-thumbnail=\"https:\/\/www.reitverein-ellefeld.de\/wp-content\/gallery\/fasching-2014\/thumbs\/thumbs_img_0332.jpg\" data-description=\"\" data-src=\"https:\/\/www.reitverein-ellefeld.de\/wp-content\/gallery\/fasching-2014\/img_0332.jpg\" data-title=\"Fasching 06\" data-image-id=\"743\"><img decoding=\"async\" loading=\"lazy\" title=\"Fasching 06\" src=\"https:\/\/www.reitverein-ellefeld.de\/wp-content\/gallery\/fasching-2014\/thumbs\/thumbs_img_0332.jpg\" alt=\"Fasching 06\" width=\"100\" height=\"75\"><\/a><\/figure><\/div>\n<\/div>\n<div id=\"ngg-image-6\" class=\"ngg-gallery-thumbnail-box\">\n<div class=\"ngg-gallery-thumbnail\"><figure><a class=\"\\&quot;shutterset_88e67b8725301a116e5f36b4bf558c00\\&quot;\" title=\"\" href=\"https:\/\/www.reitverein-ellefeld.de\/wp-content\/gallery\/fasching-2014\/img_0369.jpg\" data-thumbnail=\"https:\/\/www.reitverein-ellefeld.de\/wp-content\/gallery\/fasching-2014\/thumbs\/thumbs_img_0369.jpg\" data-description=\"\" data-src=\"https:\/\/www.reitverein-ellefeld.de\/wp-content\/gallery\/fasching-2014\/img_0369.jpg\" data-title=\"Fasching 07\" data-image-id=\"744\"><img decoding=\"async\" loading=\"lazy\" title=\"Fasching 07\" src=\"https:\/\/www.reitverein-ellefeld.de\/wp-content\/gallery\/fasching-2014\/thumbs\/thumbs_img_0369.jpg\" alt=\"Fasching 07\" width=\"100\" height=\"75\"><\/a><\/figure><\/div>\n<\/div>\n<div id=\"ngg-image-7\" class=\"ngg-gallery-thumbnail-box\">\n<div class=\"ngg-gallery-thumbnail\"><figure><a class=\"\\&quot;shutterset_88e67b8725301a116e5f36b4bf558c00\\&quot;\" title=\"\" href=\"https:\/\/www.reitverein-ellefeld.de\/wp-content\/gallery\/fasching-2014\/img_0375.jpg\" data-thumbnail=\"https:\/\/www.reitverein-ellefeld.de\/wp-content\/gallery\/fasching-2014\/thumbs\/thumbs_img_0375.jpg\" data-description=\"\" data-src=\"https:\/\/www.reitverein-ellefeld.de\/wp-content\/gallery\/fasching-2014\/img_0375.jpg\" data-title=\"Fasching 08\" data-image-id=\"745\"><img decoding=\"async\" loading=\"lazy\" title=\"Fasching 08\" src=\"https:\/\/www.reitverein-ellefeld.de\/wp-content\/gallery\/fasching-2014\/thumbs\/thumbs_img_0375.jpg\" alt=\"Fasching 08\" width=\"100\" height=\"75\"><\/a><\/figure><\/div>\n<\/div>\n<div id=\"ngg-image-8\" class=\"ngg-gallery-thumbnail-box\">\n<div class=\"ngg-gallery-thumbnail\"><figure><a class=\"\\&quot;shutterset_88e67b8725301a116e5f36b4bf558c00\\&quot;\" title=\"\" href=\"https:\/\/www.reitverein-ellefeld.de\/wp-content\/gallery\/fasching-2014\/img_0378.jpg\" data-thumbnail=\"https:\/\/www.reitverein-ellefeld.de\/wp-content\/gallery\/fasching-2014\/thumbs\/thumbs_img_0378.jpg\" data-description=\"\" data-src=\"https:\/\/www.reitverein-ellefeld.de\/wp-content\/gallery\/fasching-2014\/img_0378.jpg\" data-title=\"Fasching 09\" data-image-id=\"746\"><img decoding=\"async\" loading=\"lazy\" title=\"Fasching 09\" src=\"https:\/\/www.reitverein-ellefeld.de\/wp-content\/gallery\/fasching-2014\/thumbs\/thumbs_img_0378.jpg\" alt=\"Fasching 09\" width=\"100\" height=\"75\"><\/a><\/figure><\/div>\n<\/div>\n<div id=\"ngg-image-9\" class=\"ngg-gallery-thumbnail-box\">\n<div class=\"ngg-gallery-thumbnail\"><figure><a class=\"\\&quot;shutterset_88e67b8725301a116e5f36b4bf558c00\\&quot;\" title=\"\" href=\"https:\/\/www.reitverein-ellefeld.de\/wp-content\/gallery\/fasching-2014\/img_0403.jpg\" data-thumbnail=\"https:\/\/www.reitverein-ellefeld.de\/wp-content\/gallery\/fasching-2014\/thumbs\/thumbs_img_0403.jpg\" data-description=\"\" data-src=\"https:\/\/www.reitverein-ellefeld.de\/wp-content\/gallery\/fasching-2014\/img_0403.jpg\" data-title=\"Fasching 10\" data-image-id=\"747\"><img decoding=\"async\" loading=\"lazy\" title=\"Fasching 10\" src=\"https:\/\/www.reitverein-ellefeld.de\/wp-content\/gallery\/fasching-2014\/thumbs\/thumbs_img_0403.jpg\" alt=\"Fasching 10\" width=\"100\" height=\"75\"><\/a><\/figure><\/div>\n<\/div>\n<div id=\"ngg-image-10\" class=\"ngg-gallery-thumbnail-box\">\n<div class=\"ngg-gallery-thumbnail\"><figure><a class=\"\\&quot;shutterset_88e67b8725301a116e5f36b4bf558c00\\&quot;\" title=\"\" href=\"https:\/\/www.reitverein-ellefeld.de\/wp-content\/gallery\/fasching-2014\/img_0380.jpg\" data-thumbnail=\"https:\/\/www.reitverein-ellefeld.de\/wp-content\/gallery\/fasching-2014\/thumbs\/thumbs_img_0380.jpg\" data-description=\"\" data-src=\"https:\/\/www.reitverein-ellefeld.de\/wp-content\/gallery\/fasching-2014\/img_0380.jpg\" data-title=\"Fasching 11\" data-image-id=\"748\"><img decoding=\"async\" loading=\"lazy\" title=\"Fasching 11\" src=\"https:\/\/www.reitverein-ellefeld.de\/wp-content\/gallery\/fasching-2014\/thumbs\/thumbs_img_0380.jpg\" alt=\"Fasching 11\" width=\"100\" height=\"75\"><\/a><\/figure><\/div>\n<\/div>\n<div id=\"ngg-image-11\" class=\"ngg-gallery-thumbnail-box\">\n<div class=\"ngg-gallery-thumbnail\"><figure><a class=\"\\&quot;shutterset_88e67b8725301a116e5f36b4bf558c00\\&quot;\" title=\"\" href=\"https:\/\/www.reitverein-ellefeld.de\/wp-content\/gallery\/fasching-2014\/clipboard011.jpg\" data-thumbnail=\"https:\/\/www.reitverein-ellefeld.de\/wp-content\/gallery\/fasching-2014\/thumbs\/thumbs_clipboard011.jpg\" data-description=\"\" data-src=\"https:\/\/www.reitverein-ellefeld.de\/wp-content\/gallery\/fasching-2014\/clipboard011.jpg\" data-title=\"Fasching 15\" data-image-id=\"750\"><img decoding=\"async\" loading=\"lazy\" title=\"Fasching 15\" src=\"https:\/\/www.reitverein-ellefeld.de\/wp-content\/gallery\/fasching-2014\/thumbs\/thumbs_clipboard011.jpg\" alt=\"Fasching 15\" width=\"100\" height=\"75\"><\/a><\/figure><\/div>\n<\/div>\n<div id=\"ngg-image-12\" class=\"ngg-gallery-thumbnail-box\">\n<div class=\"ngg-gallery-thumbnail\"><figure><a class=\"\\&quot;shutterset_88e67b8725301a116e5f36b4bf558c00\\&quot;\" title=\"\" href=\"https:\/\/www.reitverein-ellefeld.de\/wp-content\/gallery\/fasching-2014\/clipboard021.jpg\" data-thumbnail=\"https:\/\/www.reitverein-ellefeld.de\/wp-content\/gallery\/fasching-2014\/thumbs\/thumbs_clipboard021.jpg\" data-description=\"\" data-src=\"https:\/\/www.reitverein-ellefeld.de\/wp-content\/gallery\/fasching-2014\/clipboard021.jpg\" data-title=\"Fasching 16\" data-image-id=\"751\"><img decoding=\"async\" loading=\"lazy\" title=\"Fasching 16\" src=\"https:\/\/www.reitverein-ellefeld.de\/wp-content\/gallery\/fasching-2014\/thumbs\/thumbs_clipboard021.jpg\" alt=\"Fasching 16\" width=\"100\" height=\"75\"><\/a><\/figure><\/div>\n<\/div>\n<div id=\"ngg-image-13\" class=\"ngg-gallery-thumbnail-box\">\n<div class=\"ngg-gallery-thumbnail\"><figure><a class=\"\\&quot;shutterset_88e67b8725301a116e5f36b4bf558c00\\&quot;\" title=\"\" href=\"https:\/\/www.reitverein-ellefeld.de\/wp-content\/gallery\/fasching-2014\/clipboard031.jpg\" data-thumbnail=\"https:\/\/www.reitverein-ellefeld.de\/wp-content\/gallery\/fasching-2014\/thumbs\/thumbs_clipboard031.jpg\" data-description=\"\" data-src=\"https:\/\/www.reitverein-ellefeld.de\/wp-content\/gallery\/fasching-2014\/clipboard031.jpg\" data-title=\"Fasching 17\" data-image-id=\"752\"><img decoding=\"async\" loading=\"lazy\" title=\"Fasching 17\" src=\"https:\/\/www.reitverein-ellefeld.de\/wp-content\/gallery\/fasching-2014\/thumbs\/thumbs_clipboard031.jpg\" alt=\"Fasching 17\" width=\"100\" height=\"75\"><\/a><\/figure><\/div>\n<\/div>\n<div id=\"ngg-image-14\" class=\"ngg-gallery-thumbnail-box\">\n<div class=\"ngg-gallery-thumbnail\"><figure><a class=\"\\&quot;shutterset_88e67b8725301a116e5f36b4bf558c00\\&quot;\" title=\"\" href=\"https:\/\/www.reitverein-ellefeld.de\/wp-content\/gallery\/fasching-2014\/clipboard041.jpg\" data-thumbnail=\"https:\/\/www.reitverein-ellefeld.de\/wp-content\/gallery\/fasching-2014\/thumbs\/thumbs_clipboard041.jpg\" data-description=\"\" data-src=\"https:\/\/www.reitverein-ellefeld.de\/wp-content\/gallery\/fasching-2014\/clipboard041.jpg\" data-title=\"Fasching 14\" data-image-id=\"753\"><img decoding=\"async\" loading=\"lazy\" title=\"Fasching 14\" src=\"https:\/\/www.reitverein-ellefeld.de\/wp-content\/gallery\/fasching-2014\/thumbs\/thumbs_clipboard041.jpg\" alt=\"Fasching 14\" width=\"100\" height=\"75\"><\/a><\/figure><\/div>\n<\/div>\n<div id=\"ngg-image-15\" class=\"ngg-gallery-thumbnail-box\">\n<div class=\"ngg-gallery-thumbnail\"><figure><a class=\"\\&quot;shutterset_88e67b8725301a116e5f36b4bf558c00\\&quot;\" title=\"\" href=\"https:\/\/www.reitverein-ellefeld.de\/wp-content\/gallery\/fasching-2014\/clipboard051.jpg\" data-thumbnail=\"https:\/\/www.reitverein-ellefeld.de\/wp-content\/gallery\/fasching-2014\/thumbs\/thumbs_clipboard051.jpg\" data-description=\"\" data-src=\"https:\/\/www.reitverein-ellefeld.de\/wp-content\/gallery\/fasching-2014\/clipboard051.jpg\" data-title=\"Fasching 13\" data-image-id=\"754\"><img decoding=\"async\" loading=\"lazy\" title=\"Fasching 13\" src=\"https:\/\/www.reitverein-ellefeld.de\/wp-content\/gallery\/fasching-2014\/thumbs\/thumbs_clipboard051.jpg\" alt=\"Fasching 13\" width=\"100\" height=\"75\"><\/a><\/figure><\/div>\n<\/div>\n<div id=\"ngg-image-16\" class=\"ngg-gallery-thumbnail-box\">\n<div class=\"ngg-gallery-thumbnail\"><figure><a class=\"\\&quot;shutterset_88e67b8725301a116e5f36b4bf558c00\\&quot;\" title=\"\" href=\"https:\/\/www.reitverein-ellefeld.de\/wp-content\/gallery\/fasching-2014\/clipboard061.jpg\" data-thumbnail=\"https:\/\/www.reitverein-ellefeld.de\/wp-content\/gallery\/fasching-2014\/thumbs\/thumbs_clipboard061.jpg\" data-description=\"\" data-src=\"https:\/\/www.reitverein-ellefeld.de\/wp-content\/gallery\/fasching-2014\/clipboard061.jpg\" data-title=\"Fasching 12\" data-image-id=\"755\"><img decoding=\"async\" loading=\"lazy\" title=\"Fasching 12\" src=\"https:\/\/www.reitverein-ellefeld.de\/wp-content\/gallery\/fasching-2014\/thumbs\/thumbs_clipboard061.jpg\" alt=\"Fasching 12\" width=\"100\" height=\"75\"><\/a><\/figure><\/div>\n<\/div>\n<\/div>\n\n\n\n<h2 class=\"wp-block-heading\">Weihnachtsfeier 2013<\/h2>\n\n\n\n<p><span style=\"font-size: small;\">Unsere Weihnachtsfeier hat am 11.12.13 in der Kegelbahn in Ellefeld bei gem\u00fctlichem Beisammensein und lustigem Kegeln stattgefunden. Sch\u00f6n dass so viele dabei waren!!<\/span><\/p>\n\n\n\n<p>[singlepic id=737 w=480 h=360 float=]<\/p>\n\n\n\n<h2 class=\"wp-block-heading\">M\u00c3\u00a4rchenumzug zum Weihnachtsmarkt in Auerbach 2013<\/h2>\n\n\n\n<p><span style=\"font-size: small;\">Zur Einstimmung in die Weihnachtszeit fand am 1. Advent wieder der allj\u00e4hrliche M\u00c3\u00a4rchenumzug statt und war f\u00fcr viele Reiter wieder ein H\u00f6hepunkt. Als Prinz, Prinzessin, K\u00f6nig, J\u00e4ger und Witwe Bolte ging es auf unseren vierbeinigen Vertrauten durch die Innenstadt. Bestaunt wurden unsere liebevoll geschm\u00fcckten M\u00e4rchenwagen mit &#8222;Br\u00fcderchen und Schwesterchen&#8220; und den &#8222;Sieben Gei\u00dflein&#8220; (unsere j\u00fcngsten Reiter).<\/span><\/p>\n\n\n\n<p>[nggallery id=23]<\/p>\n\n\n\n<h2 class=\"wp-block-heading\">Herbstausritt 2013<\/h2>\n\n\n\n<p><span style=\"font-size: small;\">Am 19. Oktober der 2013er Herbstausritt bei allersch\u00f6nstem Herbstwetter stattgefunden. Die Rekordteilnehmerzahl lag bei 17 Reitern und Pferden sowie 12 Mitfahrern auf dem Kremser. Nach einem Ritt bzw. einer Fahrt durch Wald und Wiesen gab es einen Zwischenstopp mit Wienern sowie Tee und Gl\u00fchwein. Ein gelungener Herbstausritt!!<\/span><\/p>\n\n\n\n<p>[nggallery id=22]<\/p>\n\n\n\n<h2 class=\"wp-block-heading\">Kirmesturnier 2013<\/h2>\n\n\n\n<p><span style=\"font-size: small;\">Unserer Breitensportturnier zur Ellefelder Kirmes am 13. Oktober 2013 war wieder ein voller Erfolg! Die Zuschauer haben sich von dem windigen Wetter nicht abhalten lassen und sind zahlreich erschienen. Jeder konnte bei Steak und Roster, aber auch bei Kaffee und Kuchen das Turniergeschehen genie\u00dfen und es wurden einige Erfolge gefeiert!<\/span><\/p>\n\n\n\n<p>[nggallery id=21]<\/p>\n\n\n\n<h2 class=\"wp-block-heading\">Pferdeschau Gro\u00c3\u0178friesen 2013<\/h2>\n\n\n\n<p><span style=\"font-size: small;\">Am 1. September 2013 haben unsere Jungs in Gro\u00dffriesen als &#8222;Herren der Ringe&#8220; einen hervorragenden Zweiten Platz im Ringstechen erritten und waren damit eines der Highlights der Gro\u00dffriesener Pferdeschau. Ein gelungener Auftritt!<\/span><\/p>\n\n\n\n<p>[singlepic id=631 w=640 h=480 float=]<\/p>\n\n\n\n<h2 class=\"wp-block-heading\">Flutlichtreiten 2013<\/h2>\n\n\n\n<p><span style=\"font-size: small;\">Das Flutlichtreiten war dieses Jahr wetterbedingt nicht allzu stark besucht, erhielt aber wieder einmal sehr viel Lob von den hartgesottenen Zuschauern! Die Schaubilder kamen sehr gut an und kleine Pannen wurden teils nicht bemerkt oder sogar anerkennend der besonderen Anforderungen nachgesehen.<\/span><\/p>\n\n\n\n<h2 class=\"wp-block-heading\">Arbeitseinsatz 2013<\/h2>\n\n\n\n<p><span style=\"font-size: small;\">Beim Arbeitseinsatz am 28. April 2013 wurde bemerkenswert viel geschafft! VIELEN DANK AN ALLE FLEI\u00c3\u0178IGEN HELFER!!! [nggallery id=20]<\/span><\/p>\n\n\n\n<h2 class=\"wp-block-heading\">Lehrgangsreihe f\u00fcr Jungz\u00fcchter, Neuz\u00fcchter, Reiter und Pferdehalter 2013<\/h2>\n\n\n\n<p><span style=\"font-size: small;\">Bei unseren Pferdeseminaren werden wichtige Grundlagen geschult, welche im Rahmen der Reitausbildung immer zu kurz kommen. Hier ein Zeitungsartikel aus der Freien Presse:<\/span><\/p>\n\n\n\n<p>[singlepic id=606 w=640 h=480 float=]<\/p>\n\n\n\n<h2 class=\"wp-block-heading\">Vereinsfaschingsfeier am 9. Februar 2013<\/h2>\n\n\n\n<p><span style=\"font-size: small;\">Am 9. Februar hat in Zwota im Lokal Walfisch unser Vereinsfasching stattgefunden und es wurde lustig gefeiert, mit vielen kreativen Kost\u00fcmen. [nggallery id=19]<\/span><\/p>\n\n\n\n<h2 class=\"wp-block-heading\">Skij\u00f6ring und Schlittenfahren im Winter 2012\/2013<\/h2>\n\n\n\n<p><span style=\"font-size: small;\">Einige Vereinsmitglieder nutzen immer wieder den Schnee und das sch\u00f6ne Winterwetter f\u00fcr Skij\u00f6ring und Schlittenfahren mit den Pferden.<\/span><\/p>\n\n\n\n<p>[singlepic id=573 w=480 h=360 float=]<\/p>\n\n\n\n<h2 class=\"wp-block-heading\">Herbstlicher Vereinsausritt am 14.09.2012<\/h2>\n\n\n\n<p><span style=\"font-size: small;\">Zu unserem Vereinsausritt hatten wir das sch\u00c3\u00b6nste Herbstwetter &#8211; und das haben wir auf dem R\u00c3\u00bccken der Pferde noch einmal in vollsten Z\u00fcgen genossen.<\/span><\/p>\n\n\n\n<p>[singlepic id=572 w=480 h=360 float=]<\/p>\n\n\n\n<h2 class=\"wp-block-heading\">Vogtl\u00e4ndischer Jungz\u00fcchterwettbewerb am 15.04.2012<\/h2>\n\n\n\n<p><span style=\"font-size: small;\">Auch in diesem Jahr haben einige Vereinsmitglieder an der Lehrgangsreihe f\u00fcr Jungz\u00fcchter, Neuz\u00fcchter, Reiter und Pferdehalter teilgenommen. Mit einem anspruchsvollen Programm wurde den Pferdeleuten und denen die es werden wollen, das vielf\u00e4ltige Fachgebiet der Pferde n\u00e4her gebracht. Themen waren Hygiene und Krankheiten in der Pferdehaltung, Pferdehaltung und Pferdef\u00fctterung, Herausbringen von Pferden, Hufkunde, praktische Zucht und Zuchtorganisation, Durchf\u00fchrung und Beurteilung des Freispringens, Grundlagen der Pferdebeurteilung und vieles mehr.<\/span><\/p>\n\n\n\n<p><span style=\"font-size: small;\">H\u00f6hepunkt f\u00fcr alle war die Teilnahme als Vogtl\u00e4ndischer Pferdezuchtverein beim Vogtl\u00e4ndischen Jungz\u00fcchterwettbewerb am 15.04. in Ellefeld (siehe Foto) und beim S\u00e4chsischen Jungz\u00fcchterwettbewerb am 21.04. in Seelitz.<\/span><\/p>\n\n\n\n<p>[singlepic id=354 w=640 h=480 float=]<\/p>\n","protected":false},"excerpt":{"rendered":"<p>Hier k\u00f6nnt ihr euch Fotos der verschiedenen Veranstaltungen anschauen! Falls jemand mit einem Bild nicht einverstanden ist, oder zuf\u00e4llig mit auf einem Bild vorkommt, dies aber nicht m\u00f6chte, der schreibe bitte eine Email \u00fcber unser Kontaktformular oder melde sich direkt bei unserem Verein. 25. und 26. Januar 2025: Unterrichtseinheit zu Sitz und Einwirkung mit Romy [&hellip;]<\/p>\n","protected":false},"author":1,"featured_media":0,"parent":0,"menu_order":6,"comment_status":"open","ping_status":"open","template":"","meta":[],"_links":{"self":[{"href":"https:\/\/www.reitverein-ellefeld.de\/index.php?rest_route=\/wp\/v2\/pages\/10"}],"collection":[{"href":"https:\/\/www.reitverein-ellefeld.de\/index.php?rest_route=\/wp\/v2\/pages"}],"about":[{"href":"https:\/\/www.reitverein-ellefeld.de\/index.php?rest_route=\/wp\/v2\/types\/page"}],"author":[{"embeddable":true,"href":"https:\/\/www.reitverein-ellefeld.de\/index.php?rest_route=\/wp\/v2\/users\/1"}],"replies":[{"embeddable":true,"href":"https:\/\/www.reitverein-ellefeld.de\/index.php?rest_route=%2Fwp%2Fv2%2Fcomments&post=10"}],"version-history":[{"count":118,"href":"https:\/\/www.reitverein-ellefeld.de\/index.php?rest_route=\/wp\/v2\/pages\/10\/revisions"}],"predecessor-version":[{"id":63461,"href":"https:\/\/www.reitverein-ellefeld.de\/index.php?rest_route=\/wp\/v2\/pages\/10\/revisions\/63461"}],"wp:attachment":[{"href":"https:\/\/www.reitverein-ellefeld.de\/index.php?rest_route=%2Fwp%2Fv2%2Fmedia&parent=10"}],"curies":[{"name":"wp","href":"https:\/\/api.w.org\/{rel}","templated":true}]}}