{"id":8,"date":"2010-11-30T20:45:06","date_gmt":"2010-11-30T20:45:06","guid":{"rendered":"http:\/\/rfv-ellefeld.vps6852.alfahosting-vps.de\/?page_id=8"},"modified":"2024-10-07T17:57:15","modified_gmt":"2024-10-07T17:57:15","slug":"reiten-und-fahren","status":"publish","type":"page","link":"https:\/\/www.reitverein-ellefeld.de\/?page_id=8","title":{"rendered":"Reiten und Fahren"},"content":{"rendered":"\n<p><span style=\"color: #000000;\"><span style=\"font-size: large;\"><strong>Reiten<\/strong><\/span><\/span><\/p>\n\n\n\n<p><span style=\"color: #99cc00;\"><strong><span style=\"font-size: medium;\"><em>Voraussetzungen f\u00fcr das Reiten lernen<\/em><\/span><\/strong><\/span><\/p>\n\n\n\n<p><span style=\"font-size: small;\">Reiten lernen kann jeder, der geistig und k\u00f6rperlich fit ist! Es z\u00e4hlt nicht in erster Linie Muskelkraft, sondern Beweglichkeit, K\u00f6rpergef\u00fchl, Gleichgewichtssinn, Selbstdisziplin und Konzentration &#8211; und nat\u00fcrlich die Liebe zum Pferd.<\/span><\/p>\n\n\n\n<p><span style=\"font-size: small;\">Das Mindestalter bei uns liegt bei 12 Jahre (nach oben gibt es nat\u00fcrlich keine Grenze) und die Mindestgr\u00f6\u00dfe bei 1,20 Meter, da bei uns keine Ponys f\u00fcr den Reitunterricht zur Verf\u00fcgung stehen, sondern nur gro\u00dfe Pferde.<br><\/span><\/p>\n\n\n\n<p><span style=\"color: #99cc00;\"><strong><span style=\"font-size: medium;\"><em>Reitunterricht<\/em><\/span><\/strong><\/span><\/p>\n\n\n\n<p><span style=\"font-size: small;\">Begonnen wird grunds\u00e4tzlich mit Longe und Einzelunterricht, so kann ganz individuell auf den Reitsch\u00fcler eingegangen werden. Der Preis pro Einheit (30 Minuten) betr\u00e4gt jeweils 20 Euro, ohne zus\u00e4tzliche Kosten, wobei zu einer Reitstunde das Vorbereiten des Pferdes, Reiten und die Nachsorge geh\u00f6ren.<\/span><\/p>\n\n\n\n<figure class=\"wp-block-image size-full\"><a href=\"https:\/\/www.reitverein-ellefeld.de\/wp-content\/uploads\/Longe-3.jpg\"><img decoding=\"async\" loading=\"lazy\" width=\"640\" height=\"426\" src=\"https:\/\/www.reitverein-ellefeld.de\/wp-content\/uploads\/Longe-3.jpg\" alt=\"\" class=\"wp-image-63156\" srcset=\"https:\/\/www.reitverein-ellefeld.de\/wp-content\/uploads\/Longe-3.jpg 640w, https:\/\/www.reitverein-ellefeld.de\/wp-content\/uploads\/Longe-3-300x200.jpg 300w\" sizes=\"(max-width: 640px) 100vw, 640px\" \/><\/a><\/figure>\n\n\n\n<p><span style=\"font-size: small;\">Bei Fragen zu Terminen, Struktur und Aufbau der Ausbildung, Versicherung, Ausr\u00fcstung, Rabatt und so weiter, steht Ihnen unser DSB-Trainer Gunter Sch\u00f6niger zur Verf\u00fcgung. Freitag Nachmittag ab etwa 16 Uhr k\u00f6nnen Sie bei Einsteigerunterricht zuschauen und alle Fragen kl\u00e4ren &#8211; oder telefonisch unter 0176 \/ 72 15 24 48.<\/span><\/p>\n\n\n\n<p><span style=\"color: #99cc00;\"><strong><span style=\"font-size: medium;\"><em>Reitlehrer<\/em><\/span><\/strong><\/span><\/p>\n\n\n\n<p><span style=\"font-size: small;\"><strong>Gunter Sch\u00f6niger<\/strong>: Trainer-B f\u00fcr Leistungssport Dressur und Springen, Pferdewirtschaftsmeister, spezialisiert auf Jungpferdeausbildung<\/span><\/p>\n\n\n\n<figure class=\"wp-block-gallery has-nested-images columns-default is-cropped wp-block-gallery-1 is-layout-flex\">\n<figure class=\"wp-block-image size-large\"><a href=\"https:\/\/www.reitverein-ellefeld.de\/wp-content\/uploads\/459868517_806412711706593_7125995730814004329_n.jpg\"><img decoding=\"async\" loading=\"lazy\" width=\"768\" height=\"1024\" data-id=\"63351\"  src=\"https:\/\/www.reitverein-ellefeld.de\/wp-content\/uploads\/459868517_806412711706593_7125995730814004329_n-768x1024.jpg\" alt=\"\" class=\"wp-image-63351\" srcset=\"https:\/\/www.reitverein-ellefeld.de\/wp-content\/uploads\/459868517_806412711706593_7125995730814004329_n-768x1024.jpg 768w, https:\/\/www.reitverein-ellefeld.de\/wp-content\/uploads\/459868517_806412711706593_7125995730814004329_n-225x300.jpg 225w, https:\/\/www.reitverein-ellefeld.de\/wp-content\/uploads\/459868517_806412711706593_7125995730814004329_n-1152x1536.jpg 1152w, https:\/\/www.reitverein-ellefeld.de\/wp-content\/uploads\/459868517_806412711706593_7125995730814004329_n.jpg 1296w\" sizes=\"(max-width: 768px) 100vw, 768px\" \/><\/a><\/figure>\n\n\n\n<figure class=\"wp-block-image size-large\"><a href=\"https:\/\/www.reitverein-ellefeld.de\/wp-content\/uploads\/459715101_806412731706591_3211217670435753333_n.jpg\"><img decoding=\"async\" loading=\"lazy\" width=\"1024\" height=\"683\" data-id=\"63344\"  src=\"https:\/\/www.reitverein-ellefeld.de\/wp-content\/uploads\/459715101_806412731706591_3211217670435753333_n-1024x683.jpg\" alt=\"\" class=\"wp-image-63344\" srcset=\"https:\/\/www.reitverein-ellefeld.de\/wp-content\/uploads\/459715101_806412731706591_3211217670435753333_n-1024x683.jpg 1024w, https:\/\/www.reitverein-ellefeld.de\/wp-content\/uploads\/459715101_806412731706591_3211217670435753333_n-300x200.jpg 300w, https:\/\/www.reitverein-ellefeld.de\/wp-content\/uploads\/459715101_806412731706591_3211217670435753333_n-768x512.jpg 768w, https:\/\/www.reitverein-ellefeld.de\/wp-content\/uploads\/459715101_806412731706591_3211217670435753333_n-1536x1024.jpg 1536w, https:\/\/www.reitverein-ellefeld.de\/wp-content\/uploads\/459715101_806412731706591_3211217670435753333_n.jpg 2048w\" sizes=\"(max-width: 1024px) 100vw, 1024px\" \/><\/a><\/figure>\n<\/figure>\n\n\n\n<p><span style=\"font-size: small;\"><strong>Sindy Abromeit<\/strong>: Reiterfolge bis Klasse L in der Dressur, langj\u00e4hrige Reiterfahrung<\/span><\/p>\n\n\n\n<figure class=\"wp-block-gallery has-nested-images columns-default is-cropped wp-block-gallery-3 is-layout-flex\">\n<figure class=\"wp-block-image size-large\"><a href=\"https:\/\/www.reitverein-ellefeld.de\/wp-content\/uploads\/sindy-1.jpg\"><img decoding=\"async\" loading=\"lazy\" width=\"1024\" height=\"1024\" data-id=\"63348\"  src=\"https:\/\/www.reitverein-ellefeld.de\/wp-content\/uploads\/sindy-1-1024x1024.jpg\" alt=\"\" class=\"wp-image-63348\" srcset=\"https:\/\/www.reitverein-ellefeld.de\/wp-content\/uploads\/sindy-1-1024x1024.jpg 1024w, https:\/\/www.reitverein-ellefeld.de\/wp-content\/uploads\/sindy-1-300x300.jpg 300w, https:\/\/www.reitverein-ellefeld.de\/wp-content\/uploads\/sindy-1-150x150.jpg 150w, https:\/\/www.reitverein-ellefeld.de\/wp-content\/uploads\/sindy-1-768x768.jpg 768w, https:\/\/www.reitverein-ellefeld.de\/wp-content\/uploads\/sindy-1.jpg 1080w\" sizes=\"(max-width: 1024px) 100vw, 1024px\" \/><\/a><\/figure>\n\n\n\n<figure class=\"wp-block-image size-large\"><a href=\"https:\/\/www.reitverein-ellefeld.de\/wp-content\/uploads\/120016538_3220145981427754_2346510963565896135_n.jpg\"><img decoding=\"async\" loading=\"lazy\" width=\"922\" height=\"922\" data-id=\"63349\"  src=\"https:\/\/www.reitverein-ellefeld.de\/wp-content\/uploads\/120016538_3220145981427754_2346510963565896135_n.jpg\" alt=\"\" class=\"wp-image-63349\" srcset=\"https:\/\/www.reitverein-ellefeld.de\/wp-content\/uploads\/120016538_3220145981427754_2346510963565896135_n.jpg 922w, https:\/\/www.reitverein-ellefeld.de\/wp-content\/uploads\/120016538_3220145981427754_2346510963565896135_n-300x300.jpg 300w, https:\/\/www.reitverein-ellefeld.de\/wp-content\/uploads\/120016538_3220145981427754_2346510963565896135_n-150x150.jpg 150w, https:\/\/www.reitverein-ellefeld.de\/wp-content\/uploads\/120016538_3220145981427754_2346510963565896135_n-768x768.jpg 768w\" sizes=\"(max-width: 922px) 100vw, 922px\" \/><\/a><\/figure>\n<\/figure>\n\n\n\n<p><strong><span style=\"font-size: medium; color: #99cc00;\"><em>Reitanlage<\/em><\/span><\/strong><\/p>\n\n\n\n<p><span style=\"font-size: small;\">Unser ganzer Stolz ist der regional einzigartige 40&#215;80-Meter-Allwetterreitplatz mit Flutlichtanlage, Naturtrib\u00fcne, angegliedertem Parkplatz plus Kampfrichter- und Ger\u00e4tehaus. Unseren Reitern steht zudem eine Reithalle und ein weiterer Reitplatz mit 25&#215;40 Metern zur Verf\u00fcgung. <\/span><\/p>\n\n\n\n<figure class=\"wp-block-image size-full\"><a href=\"https:\/\/www.reitverein-ellefeld.de\/wp-content\/uploads\/Reitanlage.jpg\"><img decoding=\"async\" loading=\"lazy\" width=\"640\" height=\"480\" src=\"https:\/\/www.reitverein-ellefeld.de\/wp-content\/uploads\/Reitanlage.jpg\" alt=\"\" class=\"wp-image-63160\" srcset=\"https:\/\/www.reitverein-ellefeld.de\/wp-content\/uploads\/Reitanlage.jpg 640w, https:\/\/www.reitverein-ellefeld.de\/wp-content\/uploads\/Reitanlage-300x225.jpg 300w\" sizes=\"(max-width: 640px) 100vw, 640px\" \/><\/a><\/figure>\n\n\n\n<p><span style=\"font-size: small;\"><span style=\"font-size: small;\">F\u00fcr Ausritte und Kutschfahrten bietet das Vogtland um Ellefeld viele M\u00f6glichkeiten. Mindestens dreimal im Jahr finden gro\u00dfe <\/span><a href=\"www.reitverein-ellefeld.de\/veranstaltungen\/\"><span style=\"font-size: small;\">Ausritte <\/span><\/a><span style=\"font-size: small;\">statt, zu denen jeder herzlich eingeladen ist.<\/span><\/span><\/p>\n\n\n\n<p><span style=\"font-size: small;\">Da wir hervorragend an das Reitwegenetz angebunden sind, ist ein Erkunden der Natur vom Pferder\u00fccken aus bei uns ein Genuss.<\/span><\/p>\n\n\n\n<p><span style=\"color: #000000;\"><strong><span style=\"font-size: large;\">Fahren<\/span><\/strong><\/span><\/p>\n\n\n\n<p><span style=\"font-size: small;\">Das Fahren hat eine lange Tradition in unserem Reit- und Fahrverein. <\/span><\/p>\n\n\n\n<figure class=\"wp-block-image size-large\"><a href=\"https:\/\/www.reitverein-ellefeld.de\/wp-content\/uploads\/Hochzeitskutsche-1.jpg\"><img decoding=\"async\" loading=\"lazy\" width=\"1024\" height=\"731\" src=\"https:\/\/www.reitverein-ellefeld.de\/wp-content\/uploads\/Hochzeitskutsche-1-1024x731.jpg\" alt=\"\" class=\"wp-image-63161\" srcset=\"https:\/\/www.reitverein-ellefeld.de\/wp-content\/uploads\/Hochzeitskutsche-1-1024x731.jpg 1024w, https:\/\/www.reitverein-ellefeld.de\/wp-content\/uploads\/Hochzeitskutsche-1-300x214.jpg 300w, https:\/\/www.reitverein-ellefeld.de\/wp-content\/uploads\/Hochzeitskutsche-1-768x548.jpg 768w, https:\/\/www.reitverein-ellefeld.de\/wp-content\/uploads\/Hochzeitskutsche-1-1536x1097.jpg 1536w, https:\/\/www.reitverein-ellefeld.de\/wp-content\/uploads\/Hochzeitskutsche-1.jpg 1772w\" sizes=\"(max-width: 1024px) 100vw, 1024px\" \/><\/a><\/figure>\n\n\n\n<p><span style=\"font-size: small;\">Unsere aktiven Fahrer sind:<\/span><\/p>\n\n\n\n<ul>\n<li><span style=\"font-size: small;\">Arndt Sch\u00f6niger<\/span><\/li>\n\n\n\n<li><span style=\"font-size: small;\">Andreas Seidel und<\/span><\/li>\n\n\n\n<li><span style=\"font-size: small;\">Wilfried Penig<\/span><\/li>\n<\/ul>\n\n\n\n<p><\/p>\n","protected":false},"excerpt":{"rendered":"<p>Reiten Voraussetzungen f\u00fcr das Reiten lernen Reiten lernen kann jeder, der geistig und k\u00f6rperlich fit ist! Es z\u00e4hlt nicht in erster Linie Muskelkraft, sondern Beweglichkeit, K\u00f6rpergef\u00fchl, Gleichgewichtssinn, Selbstdisziplin und Konzentration &#8211; und nat\u00fcrlich die Liebe zum Pferd. Das Mindestalter bei uns liegt bei 12 Jahre (nach oben gibt es nat\u00fcrlich keine Grenze) und die Mindestgr\u00f6\u00dfe [&hellip;]<\/p>\n","protected":false},"author":1,"featured_media":0,"parent":0,"menu_order":3,"comment_status":"open","ping_status":"open","template":"","meta":[],"_links":{"self":[{"href":"https:\/\/www.reitverein-ellefeld.de\/index.php?rest_route=\/wp\/v2\/pages\/8"}],"collection":[{"href":"https:\/\/www.reitverein-ellefeld.de\/index.php?rest_route=\/wp\/v2\/pages"}],"about":[{"href":"https:\/\/www.reitverein-ellefeld.de\/index.php?rest_route=\/wp\/v2\/types\/page"}],"author":[{"embeddable":true,"href":"https:\/\/www.reitverein-ellefeld.de\/index.php?rest_route=\/wp\/v2\/users\/1"}],"replies":[{"embeddable":true,"href":"https:\/\/www.reitverein-ellefeld.de\/index.php?rest_route=%2Fwp%2Fv2%2Fcomments&post=8"}],"version-history":[{"count":146,"href":"https:\/\/www.reitverein-ellefeld.de\/index.php?rest_route=\/wp\/v2\/pages\/8\/revisions"}],"predecessor-version":[{"id":63353,"href":"https:\/\/www.reitverein-ellefeld.de\/index.php?rest_route=\/wp\/v2\/pages\/8\/revisions\/63353"}],"wp:attachment":[{"href":"https:\/\/www.reitverein-ellefeld.de\/index.php?rest_route=%2Fwp%2Fv2%2Fmedia&parent=8"}],"curies":[{"name":"wp","href":"https:\/\/api.w.org\/{rel}","templated":true}]}}